{"id":65984,"date":"2023-10-03T14:18:35","date_gmt":"2023-10-03T12:18:35","guid":{"rendered":"https:\/\/www.deinadieu.ch\/deinadieu-pour-les-organisations-a-but-non-lucratif\/"},"modified":"2025-04-22T13:17:27","modified_gmt":"2025-04-22T11:17:27","slug":"deinadieu-pour-les-organisations-a-but-non-lucratif","status":"publish","type":"page","link":"https:\/\/www.deinadieu.ch\/fr\/deinadieu-pour-les-organisations-a-but-non-lucratif\/","title":{"rendered":"DeinAdieu pour les organisations \u00e0 but non lucratif"},"content":{"rendered":"\n<div class=\"wp-block-columns is-layout-flex wp-container-core-columns-is-layout-28f84493 wp-block-columns-is-layout-flex\">\n<div class=\"wp-block-column is-layout-flow wp-block-column-is-layout-flow\">\n<figure class=\"wp-block-image size-full\"><img decoding=\"async\" src=\"https:\/\/www.deinadieu.ch\/wp-content\/uploads\/2023\/09\/Group-58.svg\" alt=\"\" class=\"wp-image-65504\" style=\"object-fit:cover\"\/><\/figure>\n\n\n\n<p class=\"has-text-align-center\">&gt; 200 organisations font confiance \u00e0 DeinAdieu et utilisent les liens sp\u00e9ciaux.<\/p>\n<\/div>\n\n\n\n<div class=\"wp-block-column is-layout-flow wp-block-column-is-layout-flow\">\n<figure class=\"wp-block-image size-full\"><img decoding=\"async\" src=\"https:\/\/www.deinadieu.ch\/wp-content\/uploads\/2023\/09\/Group-61.svg\" alt=\"\" class=\"wp-image-65512\" style=\"object-fit:cover\"\/><\/figure>\n\n\n\n<p class=\"has-text-align-center\">Des mod\u00e8les de testament sont cr\u00e9\u00e9s chaque ann\u00e9e par environ 70&#8217;000 utilisateurs et utilisatrices.<\/p>\n<\/div>\n\n\n\n<div class=\"wp-block-column is-layout-flow wp-block-column-is-layout-flow\">\n<figure class=\"wp-block-image size-full\"><img decoding=\"async\" src=\"https:\/\/www.deinadieu.ch\/wp-content\/uploads\/2023\/09\/Group-60.svg\" alt=\"\" class=\"wp-image-65516\" style=\"object-fit:cover\"\/><\/figure>\n\n\n\n<p class=\"has-text-align-center\">&gt; 1000 legs potentiels sont \u00e9tablis chaque ann\u00e9e via DeinAdieu.<\/p>\n<\/div>\n<\/div>\n\n<div class=\"wp-block-columns is-layout-flex wp-container-core-columns-is-layout-28f84493 wp-block-columns-is-layout-flex\">\n<div class=\"wp-block-column is-layout-flow wp-block-column-is-layout-flow\" style=\"flex-basis:33.33%\"><\/div>\n\n\n\n<div class=\"wp-block-column is-layout-flow wp-block-column-is-layout-flow\" style=\"flex-basis:66.66%\">\n<div class=\"wp-block-buttons is-content-justification-right is-layout-flex wp-container-core-buttons-is-layout-d445cf74 wp-block-buttons-is-layout-flex\">\n<div class=\"wp-block-button is-style-da-dark\"><a class=\"wp-block-button__link has-da-default-color has-da-blue-background-color has-text-color has-background wp-element-button\" href=\"https:\/\/www.deinadieu.ch\/fr\/la-collecte-de-fonds-successoraux-en-toute-simplicite-avec-deinadieu\/\">Vers les offres pour les organisations<\/a><\/div>\n<\/div>\n<\/div>\n<\/div>\n\n<div style=\"height:100px\" aria-hidden=\"true\" class=\"wp-block-spacer\"><\/div>\n\n<h2 class=\"wp-block-heading title text-4xl font-semibold mb-10 has-text-color\" id=\"h-warum-erbschafts-legatefundraising\" style=\"color:#4a5568\">Pourquoi collecter des <strong><strong>fonds successoraux ou des fonds issus de legs<\/strong><\/strong> ?<\/h2>\n\n<div style=\"height:25px\" aria-hidden=\"true\" class=\"wp-block-spacer\"><\/div>\n\n<div class=\"wp-block-columns is-layout-flex wp-container-core-columns-is-layout-28f84493 wp-block-columns-is-layout-flex\">\n<div class=\"wp-block-column is-layout-flow wp-block-column-is-layout-flow\" style=\"flex-basis:66.66%\">\n<p class=\"has-text-color\" style=\"color:#4a5568\">Parce que le potentiel pour les organisations suisses est important. En effet, environ 95 milliards de francs suisses <strong>sont transmis pour cause de mort chaque ann\u00e9e dans toute la Suisse (NZZ, 2019).<\/strong> On estime que les organisations \u00e0 but non lucratif en re\u00e7oivent actuellement <strong>3 \u00e0 4 pour mille<\/strong>.<\/p>\n\n\n\n<p class=\"has-text-color\" style=\"color:#4a5568\">DeinAdieu offre \u00e0 votre organisation \u00e0 but non lucratif <strong>une visibilit\u00e9 aupr\u00e8s du bon groupe cible<\/strong>, propose <strong>chaque ann\u00e9e \u00e0 des milliers de testatrices et testateurs potentiels d&#8217;inclure votre organisation dans leur testament<\/strong> et met \u00e0 votre disposition une gamme innovante et \u00e9prouv\u00e9e d&#8217;<strong>instruments de collecte de fonds en ligne<\/strong>.<\/p>\n<\/div>\n<\/div>\n\n<div style=\"height:100px\" aria-hidden=\"true\" class=\"wp-block-spacer\"><\/div>\n\n<div class=\"wp-block-group alignwide has-da-yellow-background-color has-background is-layout-constrained wp-block-group-is-layout-constrained\" style=\"border-radius:1rem\">\n<div class=\"wp-block-columns are-vertically-aligned-center is-layout-flex wp-container-core-columns-is-layout-28f84493 wp-block-columns-is-layout-flex\">\n<div class=\"wp-block-column is-vertically-aligned-center is-layout-flow wp-block-column-is-layout-flow\">\n<div class=\"wp-block-group aspect-square has-white-background-color has-background is-nowrap is-layout-flex wp-container-core-group-is-layout-6c531013 wp-block-group-is-layout-flex\" style=\"border-style:none;border-width:0px;border-radius:20rem\">\n<p class=\"has-text-align-center\" style=\"font-size:1.8rem\">150 millions de legs potentiels \u00e0 des fins d&#8217;utilit\u00e9 publique (au cours des quatre derni\u00e8res ann\u00e9es)<\/p>\n<\/div>\n<\/div>\n\n\n\n<div class=\"wp-block-column is-vertically-aligned-center is-layout-flow wp-block-column-is-layout-flow\">\n<h2 class=\"wp-block-heading has-da-default-color has-text-color\" id=\"h-wir-bedanken-uns-herzlich-bei-unseren-partner-innen-und-spender-innen-fur-das-vertrauen-und-die-grosszugigkeit\">Nous remercions chaleureusement nos partenaires et donateurs et donatrices pour leur confiance et leur g\u00e9n\u00e9rosit\u00e9 ! <\/h2>\n<\/div>\n<\/div>\n<\/div>\n\n<h2 class=\"wp-block-heading\" id=\"h-diese-organisationen-vertrauen-auf-deinadieu\">Ces organisations font confiance \u00e0 DeinAdieu :<\/h2>\n\n<div class=\"wp-block-columns is-layout-flex wp-container-core-columns-is-layout-28f84493 wp-block-columns-is-layout-flex\">\n<div class=\"wp-block-column is-layout-flow wp-block-column-is-layout-flow\">\n<figure class=\"wp-block-image size-full\"><img loading=\"lazy\" decoding=\"async\" width=\"810\" height=\"916\" src=\"https:\/\/www.deinadieu.ch\/wp-content\/uploads\/2025\/04\/vier_pfoten.png\" alt=\"\" class=\"wp-image-69069\" srcset=\"https:\/\/www.deinadieu.ch\/wp-content\/uploads\/2025\/04\/vier_pfoten.png 810w, https:\/\/www.deinadieu.ch\/wp-content\/uploads\/2025\/04\/vier_pfoten-265x300.png 265w\" sizes=\"auto, (max-width: 810px) 100vw, 810px\" \/><\/figure>\n<\/div>\n\n\n\n<div class=\"wp-block-column is-layout-flow wp-block-column-is-layout-flow\">\n<figure class=\"wp-block-image size-full\"><img loading=\"lazy\" decoding=\"async\" width=\"810\" height=\"916\" src=\"https:\/\/www.deinadieu.ch\/wp-content\/uploads\/2025\/04\/krebsliga.png\" alt=\"\" class=\"wp-image-69073\" srcset=\"https:\/\/www.deinadieu.ch\/wp-content\/uploads\/2025\/04\/krebsliga.png 810w, https:\/\/www.deinadieu.ch\/wp-content\/uploads\/2025\/04\/krebsliga-265x300.png 265w\" sizes=\"auto, (max-width: 810px) 100vw, 810px\" \/><\/figure>\n<\/div>\n\n\n\n<div class=\"wp-block-column is-layout-flow wp-block-column-is-layout-flow\">\n<figure class=\"wp-block-image size-full\"><img loading=\"lazy\" decoding=\"async\" width=\"810\" height=\"916\" src=\"https:\/\/www.deinadieu.ch\/wp-content\/uploads\/2025\/04\/pro_alps.png\" alt=\"\" class=\"wp-image-69065\" srcset=\"https:\/\/www.deinadieu.ch\/wp-content\/uploads\/2025\/04\/pro_alps.png 810w, https:\/\/www.deinadieu.ch\/wp-content\/uploads\/2025\/04\/pro_alps-265x300.png 265w\" sizes=\"auto, (max-width: 810px) 100vw, 810px\" \/><\/figure>\n<\/div>\n<\/div>\n\n<div class=\"wp-block-buttons is-content-justification-right is-layout-flex wp-container-core-buttons-is-layout-d445cf74 wp-block-buttons-is-layout-flex\">\n<div class=\"wp-block-button is-style-da-dark\"><a class=\"wp-block-button__link has-da-default-color has-da-blue-background-color has-text-color has-background wp-element-button\" href=\"https:\/\/www.deinadieu.ch\/fr\/oeuvres-de-bienfaisance\/\">Vers toutes les organisations partenaires<\/a><\/div>\n<\/div>\n\n<div style=\"height:100px\" aria-hidden=\"true\" class=\"wp-block-spacer\"><\/div>\n\n<div class=\"wp-block-group alignwide has-white-color has-da-default-background-color has-text-color has-background is-layout-constrained wp-block-group-is-layout-constrained\" style=\"border-radius:1rem\">\n<div class=\"wp-block-columns are-vertically-aligned-center is-layout-flex wp-container-core-columns-is-layout-28f84493 wp-block-columns-is-layout-flex\">\n<div class=\"wp-block-column is-vertically-aligned-center is-layout-flow wp-block-column-is-layout-flow\">\n<h2 class=\"wp-block-heading has-white-color has-text-color\" id=\"h-werden-sie-jetzt-partnerorganisation-von-deinadieu\">Devenez maintenant une organisation partenaire de DeinAdieu<\/h2>\n\n\n\n<p>Veuillez remplir le formulaire de contact pour les organisations partenaires. Apr\u00e8s un premier examen, nous vous inviterons volontiers \u00e0 une pr\u00e9sentation en ligne sans engagement, o\u00f9 nous vous expliquerons en d\u00e9tail l&#8217;ensemble de notre <a href=\"https:\/\/www.deinadieu.ch\/fr\/la-collecte-de-fonds-successoraux-en-toute-simplicite-avec-deinadieu\/\" target=\"_blank\" rel=\"noreferrer noopener\">offre<\/a>.<\/p>\n\n\n\n<div class=\"wp-block-buttons is-layout-flex wp-block-buttons-is-layout-flex\">\n<div class=\"wp-block-button is-style-da-dark\"><a class=\"wp-block-button__link has-da-default-color has-da-blue-background-color has-text-color has-background wp-element-button\" href=\"https:\/\/www.deinadieu.ch\/fr\/demande-partenariat-avec-deinadieu\/\">Vers le formulaire de contact<\/a><\/div>\n<\/div>\n<\/div>\n<\/div>\n<\/div>\n\n<div style=\"height:100px\" aria-hidden=\"true\" class=\"wp-block-spacer\"><\/div>\n\n<h2 class=\"wp-block-heading\" id=\"h-jahresruckblick-news-blogartikel-und-weitere-spannende-ressourcen\">R\u00e9trospective annuelle, actualit\u00e9s, articles de blog et autres ressources passionnantes<\/h2>\n\n<div class=\"wp-block-group is-layout-constrained wp-block-group-is-layout-constrained\">\n<h3 class=\"wp-block-heading\" id=\"h-jahresruckblick-2023\">R\u00e9trospective de l&#8217;ann\u00e9e 2023<\/h3>\n\n\n\n<p>Les points forts de l&#8217;ann\u00e9e \u00e9coul\u00e9e et un aper\u00e7u de l&#8217;ann\u00e9e prochaine vous sont pr\u00e9sent\u00e9s dans notre r\u00e9trospective annuelle.<\/p>\n\n\n\n<div class=\"wp-block-buttons is-content-justification-right is-layout-flex wp-container-core-buttons-is-layout-d445cf74 wp-block-buttons-is-layout-flex\">\n<div class=\"wp-block-button is-style-da-dark\"><a class=\"wp-block-button__link has-da-default-color has-da-blue-background-color has-text-color has-background wp-element-button\" href=\"https:\/\/www.deinadieu.ch\/jahresrueckblick-2023-und-ausblick-2024\/\" target=\"_blank\" rel=\"noreferrer noopener\">Vers la r\u00e9trospective annuelle actuelle<\/a><\/div>\n<\/div>\n<\/div>\n\n<div class=\"wp-block-group is-layout-constrained wp-block-group-is-layout-constrained\">\n<h3 class=\"wp-block-heading\" id=\"h-jahresruckblick-2022\">R\u00e9trospective de l&#8217;ann\u00e9e 2022<\/h3>\n\n\n\n<p>Vous trouverez tous les temps forts de l&#8217;ann\u00e9e 2022 dans la r\u00e9trospective.<\/p>\n\n\n\n<div class=\"wp-block-buttons is-content-justification-right is-layout-flex wp-container-core-buttons-is-layout-d445cf74 wp-block-buttons-is-layout-flex\">\n<div class=\"wp-block-button is-style-da-dark\"><a class=\"wp-block-button__link has-da-default-color has-da-blue-background-color has-text-color has-background wp-element-button\" href=\"https:\/\/www.deinadieu.ch\/fr\/retrospective-de-lannee-2022-et-perspectives-pour-2023\/\">Vers la r\u00e9trospective de l&#8217;ann\u00e9e 2022<\/a><\/div>\n<\/div>\n<\/div>\n\n<div class=\"wp-block-group is-layout-constrained wp-block-group-is-layout-constrained\">\n<h3 class=\"wp-block-heading\" id=\"h-news\">Actualit\u00e9s<\/h3>\n\n\n\n<p>Aper\u00e7u des d\u00e9veloppements importants au sein de DeinAdieu \u2013 nos actualit\u00e9s. <\/p>\n\n\n\n<div class=\"wp-block-buttons is-content-justification-right is-layout-flex wp-container-core-buttons-is-layout-d445cf74 wp-block-buttons-is-layout-flex\">\n<div class=\"wp-block-button is-style-da-dark\"><a class=\"wp-block-button__link has-da-default-color has-da-blue-background-color has-text-color has-background wp-element-button\" href=\"https:\/\/www.deinadieu.ch\/news\/\">Vers les articles d&#8217;actualit\u00e9<\/a><\/div>\n<\/div>\n<\/div>\n\n<div class=\"wp-block-group is-layout-constrained wp-block-group-is-layout-constrained\">\n<h3 class=\"wp-block-heading\" id=\"h-vergleichsartikel-fundraising-magazin\">Article comparatif de Fundraising Magazine<\/h3>\n\n\n\n<p>Dans l&#8217;article comparatif \u00ab Marketing successoral : voici les portails en ligne les plus utiles \u00bb, Fundraising Magazine compare en ligne les portails les plus connus. Lisez ici comment DeinAdieu s&#8217;en sort.<\/p>\n\n\n\n<div class=\"wp-block-buttons is-content-justification-right is-layout-flex wp-container-core-buttons-is-layout-d445cf74 wp-block-buttons-is-layout-flex\">\n<div class=\"wp-block-button is-style-da-dark\"><a class=\"wp-block-button__link has-da-default-color has-da-blue-background-color has-text-color has-background wp-element-button\" href=\"https:\/\/www.deinadieu.ch\/wp-content\/uploads\/2023\/03\/230316_Erbschafts-Marketing%E2%80%93Online-Portale_im_Ueberblick_Fundraiser_Download.pdf\">Vers l&#8217;article comparatif<\/a><\/div>\n<\/div>\n<\/div>\n\n<div class=\"wp-block-group is-layout-constrained wp-block-group-is-layout-constrained\">\n<h3 class=\"wp-block-heading\" id=\"h-vergleichsartikel-fundcom\">Article comparatif de FundCom<\/h3>\n\n\n\n<p>A la demande de DeinAdieu, FundCom a compar\u00e9 les trois portails suisses de collecte de fonds successoraux les plus connus. Lisez l&#8217;article &#8220;DeinAdieu compar\u00e9 \u00e0 moribono SA et \u00e0 l&#8217;Alliance pour le bien commun&#8221; ici.<\/p>\n\n\n\n<div class=\"wp-block-buttons is-content-justification-right is-layout-flex wp-container-core-buttons-is-layout-d445cf74 wp-block-buttons-is-layout-flex\">\n<div class=\"wp-block-button is-style-da-dark\"><a class=\"wp-block-button__link has-da-default-color has-da-blue-background-color has-text-color has-background wp-element-button\" href=\"https:\/\/www.deinadieu.ch\/fr\/guide-ong\/collecte-de-fonds-successoraux-deinadieu-compare-a-moribono-ag-et-a-alliance-pour-le-bien-commun\/\">Vers l&#8217;article comparatif<\/a><\/div>\n<\/div>\n<\/div>\n\n<div class=\"wp-block-group is-layout-constrained wp-block-group-is-layout-constrained\">\n<h3 class=\"wp-block-heading\" id=\"h-faqs-fur-ngos\">FAQ pour les ONG<\/h3>\n\n\n\n<p>Dans notre FAQ, nous r\u00e9pondons aux questions les plus importantes et les plus fr\u00e9quemment pos\u00e9es concernant les offres et le fonctionnement de DeinAdieu pour les organisations \u00e0 but non lucratif.<\/p>\n\n\n\n<div class=\"wp-block-buttons is-content-justification-right is-layout-flex wp-container-core-buttons-is-layout-d445cf74 wp-block-buttons-is-layout-flex\">\n<div class=\"wp-block-button is-style-da-dark\"><a class=\"wp-block-button__link has-da-default-color has-da-blue-background-color has-text-color has-background wp-element-button\" href=\"https:\/\/www.deinadieu.ch\/fr\/foire-aux-questions-faq\/\">Vers la FAQ pour les organisations<\/a><\/div>\n<\/div>\n<\/div>\n\n<p><\/p>\n\n<div class=\"wp-block-group is-layout-constrained wp-block-group-is-layout-constrained\">\n<h3 class=\"wp-block-heading\" id=\"h-ratgeberbeitrage-fur-ngos\">Articles de conseil pour les ONG<\/h3>\n\n\n\n<p>Vous trouverez des informations et des conseils importants pour les organisations dans nos articles de conseil pour les ONG.<\/p>\n\n\n\n<div class=\"wp-block-buttons is-content-justification-right is-layout-flex wp-container-core-buttons-is-layout-d445cf74 wp-block-buttons-is-layout-flex\">\n<div class=\"wp-block-button is-style-da-dark\"><a class=\"wp-block-button__link has-da-default-color has-da-blue-background-color has-text-color has-background wp-element-button\" href=\"https:\/\/www.deinadieu.ch\/ngo-ratgeber\/\">Vers les articles de conseil<\/a><\/div>\n<\/div>\n<\/div>\n\n<div class=\"wp-block-group is-layout-constrained wp-block-group-is-layout-constrained\">\n<h3 class=\"wp-block-heading\" id=\"h-facebook-und-linkedin\">Facebook et LinkedIn<\/h3>\n\n\n\n<p>Suivez-nous sur nos r\u00e9seaux sociaux et restez inform\u00e9(e)s en tout temps.<\/p>\n\n\n\n<div class=\"wp-block-columns is-layout-flex wp-container-core-columns-is-layout-28f84493 wp-block-columns-is-layout-flex\">\n<div class=\"wp-block-column is-layout-flow wp-block-column-is-layout-flow\">\n<figure class=\"wp-block-image size-large is-style-default\"><a href=\"https:\/\/www.facebook.com\/deinadieu\"><img loading=\"lazy\" decoding=\"async\" width=\"982\" height=\"1024\" src=\"https:\/\/www.deinadieu.ch\/wp-content\/uploads\/2023\/09\/Frame-64-982x1024.png\" alt=\"\" class=\"wp-image-65486\" srcset=\"https:\/\/www.deinadieu.ch\/wp-content\/uploads\/2023\/09\/Frame-64-982x1024.png 982w, https:\/\/www.deinadieu.ch\/wp-content\/uploads\/2023\/09\/Frame-64-288x300.png 288w, https:\/\/www.deinadieu.ch\/wp-content\/uploads\/2023\/09\/Frame-64.png 1236w\" sizes=\"auto, (max-width: 982px) 100vw, 982px\" \/><\/a><\/figure>\n\n\n\n<div class=\"wp-block-buttons is-content-justification-right is-layout-flex wp-container-core-buttons-is-layout-d445cf74 wp-block-buttons-is-layout-flex\">\n<div class=\"wp-block-button is-style-da-dark\"><a class=\"wp-block-button__link has-da-default-color has-da-blue-background-color has-text-color has-background wp-element-button\" href=\"https:\/\/www.facebook.com\/deinadieu\">Vers la page Facebook<\/a><\/div>\n<\/div>\n<\/div>\n\n\n\n<div class=\"wp-block-column is-layout-flow wp-block-column-is-layout-flow\">\n<figure class=\"wp-block-image size-large\"><a href=\"https:\/\/www.linkedin.com\/company\/10548409\/admin\/feed\/posts\/\"><img loading=\"lazy\" decoding=\"async\" width=\"982\" height=\"1024\" src=\"https:\/\/www.deinadieu.ch\/wp-content\/uploads\/2023\/09\/Frame-65-982x1024.png\" alt=\"\" class=\"wp-image-65490\" srcset=\"https:\/\/www.deinadieu.ch\/wp-content\/uploads\/2023\/09\/Frame-65-982x1024.png 982w, https:\/\/www.deinadieu.ch\/wp-content\/uploads\/2023\/09\/Frame-65-288x300.png 288w, https:\/\/www.deinadieu.ch\/wp-content\/uploads\/2023\/09\/Frame-65.png 1236w\" sizes=\"auto, (max-width: 982px) 100vw, 982px\" \/><\/a><\/figure>\n\n\n\n<div class=\"wp-block-buttons is-content-justification-right is-layout-flex wp-container-core-buttons-is-layout-d445cf74 wp-block-buttons-is-layout-flex\">\n<div class=\"wp-block-button is-style-da-dark\"><a class=\"wp-block-button__link has-da-default-color has-da-blue-background-color has-text-color has-background wp-element-button\" href=\"https:\/\/www.linkedin.com\/company\/deinadieu\/\">Vers la page LinkedIn<\/a><\/div>\n<\/div>\n<\/div>\n<\/div>\n<\/div>\n\n<div style=\"height:100px\" aria-hidden=\"true\" class=\"wp-block-spacer\"><\/div>\n\n<h2 class=\"wp-block-heading\">Faites la connaissance de l&#8217;\u00e9quipe de DeinAdieu<\/h2>\n\n<div class=\"wp-block-columns is-layout-flex wp-container-core-columns-is-layout-28f84493 wp-block-columns-is-layout-flex\">\n<div class=\"wp-block-column is-layout-flow wp-block-column-is-layout-flow\">\n<figure class=\"wp-block-image size-large\"><img loading=\"lazy\" decoding=\"async\" width=\"768\" height=\"1024\" src=\"https:\/\/www.deinadieu.ch\/wp-content\/uploads\/2023\/09\/DA-Team-768x1024.jpeg\" alt=\"\" class=\"wp-image-65428\" style=\"aspect-ratio:1;object-fit:cover\" srcset=\"https:\/\/www.deinadieu.ch\/wp-content\/uploads\/2023\/09\/DA-Team-768x1024.jpeg 768w, https:\/\/www.deinadieu.ch\/wp-content\/uploads\/2023\/09\/DA-Team-225x300.jpeg 225w, https:\/\/www.deinadieu.ch\/wp-content\/uploads\/2023\/09\/DA-Team-1152x1536.jpeg 1152w, https:\/\/www.deinadieu.ch\/wp-content\/uploads\/2023\/09\/DA-Team.jpeg 1536w\" sizes=\"auto, (max-width: 768px) 100vw, 768px\" \/><\/figure>\n<\/div>\n\n\n\n<div class=\"wp-block-column is-layout-flow wp-block-column-is-layout-flow\">\n<p>Service \u00e0 la client\u00e8le, articles juridiques, reportages, traductions, r\u00e9seaux sociaux \u2013 l&#8217;\u00e9quipe de DeinAdieu est aussi diversifi\u00e9e que les organisations que nous accompagnons. Chaque membre de l&#8217;\u00e9quipe met ses forces au service de notre cause commune \u2013 ce qui non seulement rend heureux, mais garantit \u00e9galement la meilleure qualit\u00e9 possible.<\/p>\n\n\n\n<div class=\"wp-block-buttons is-content-justification-right is-layout-flex wp-container-core-buttons-is-layout-d445cf74 wp-block-buttons-is-layout-flex\">\n<div class=\"wp-block-button is-style-da-dark\"><a class=\"wp-block-button__link has-da-default-color has-da-blue-background-color has-text-color has-background wp-element-button\" href=\"https:\/\/www.deinadieu.ch\/fr\/quest-ce-que-deinadieu\/lequipe-et-le-reseau\/\">Faire la connaissance de l&#8217;\u00e9quipe et du r\u00e9seau de DeinAdieu maintenant<\/a><\/div>\n<\/div>\n<\/div>\n<\/div>\n\n<div style=\"height:100px\" aria-hidden=\"true\" class=\"wp-block-spacer\"><\/div>\n\n<div class=\"wp-block-create-block-deinadieu-ngo-teaser\"><div id=\"ngo-teaser\" data-title=\"\" data-slug=\"\"><\/div><\/div>\n","protected":false},"excerpt":{"rendered":"<p>&gt; 200 organisations font confiance \u00e0 DeinAdieu et utilisent les liens sp\u00e9ciaux. Des mod\u00e8les de testament sont cr\u00e9\u00e9s chaque ann\u00e9e par environ 70&#8217;000 utilisateurs et utilisatrices. &gt; 1000 legs potentiels sont \u00e9tablis chaque ann\u00e9e via DeinAdieu. Pourquoi collecter des fonds successoraux ou des fonds issus de legs ? Parce que le potentiel pour les organisations [&hellip;]<\/p>\n","protected":false},"author":6041,"featured_media":25586,"parent":0,"menu_order":0,"comment_status":"closed","ping_status":"closed","template":"","meta":{"_acf_changed":false,"footnotes":""},"class_list":["post-65984","page","type-page","status-publish","has-post-thumbnail","hentry"],"acf":[],"yoast_head":"<title>Les organisations \u00e0 but non lucratif : Collecte de fonds et legs | DeinAdieu<\/title>\n<meta name=\"description\" content=\"DeinAdieu aspire \u00e0 un \u00e9change constructif avec tous les acteurs concern\u00e9s et coordonne ainsi ses activit\u00e9s apr\u00e8s avoir consult\u00e9 ses partenaires.\" \/>\n<meta name=\"robots\" content=\"index, follow, max-snippet:-1, max-image-preview:large, max-video-preview:-1\" \/>\n<link rel=\"canonical\" href=\"https:\/\/www.deinadieu.ch\/fr\/deinadieu-pour-les-organisations-a-but-non-lucratif\/\" \/>\n<meta property=\"og:locale\" content=\"fr_FR\" \/>\n<meta property=\"og:type\" content=\"article\" \/>\n<meta property=\"og:title\" content=\"DeinAdieu pour les organisations \u00e0 but non lucratif\" \/>\n<meta property=\"og:description\" content=\"&gt; 200 organisations font confiance \u00e0 DeinAdieu et utilisent les liens sp\u00e9ciaux. Des mod\u00e8les de testament sont cr\u00e9\u00e9s chaque ann\u00e9e par environ 70&#039;000\" \/>\n<meta property=\"og:url\" content=\"https:\/\/www.deinadieu.ch\/fr\/deinadieu-pour-les-organisations-a-but-non-lucratif\/\" \/>\n<meta property=\"og:site_name\" content=\"DeinAdieu.ch\" \/>\n<meta property=\"article:publisher\" content=\"https:\/\/www.facebook.com\/deinadieu\" \/>\n<meta property=\"article:modified_time\" content=\"2025-04-22T11:17:27+00:00\" \/>\n<meta property=\"og:image\" content=\"https:\/\/static.deinadieu.ch\/uploads\/2020\/07\/iStock-813460430-e1600435231398.jpg\" \/>\n\t<meta property=\"og:image:width\" content=\"1280\" \/>\n\t<meta property=\"og:image:height\" content=\"482\" \/>\n\t<meta property=\"og:image:type\" content=\"image\/jpeg\" \/>\n<meta name=\"twitter:card\" content=\"summary_large_image\" \/>\n<meta name=\"twitter:site\" content=\"@DeinAdieu\" \/>\n<meta name=\"twitter:label1\" content=\"Est. reading time\" \/>\n\t<meta name=\"twitter:data1\" content=\"6 minutes\" \/>\n<script type=\"application\/ld+json\" class=\"yoast-schema-graph\">{\"@context\":\"https:\\\/\\\/schema.org\",\"@graph\":[{\"@type\":\"WebPage\",\"@id\":\"https:\\\/\\\/www.deinadieu.ch\\\/fr\\\/deinadieu-pour-les-organisations-a-but-non-lucratif\\\/\",\"url\":\"https:\\\/\\\/www.deinadieu.ch\\\/fr\\\/deinadieu-pour-les-organisations-a-but-non-lucratif\\\/\",\"name\":\"Les organisations \u00e0 but non lucratif : Collecte de fonds et legs | DeinAdieu\",\"isPartOf\":{\"@id\":\"https:\\\/\\\/www.deinadieu.ch\\\/fr\\\/#website\"},\"primaryImageOfPage\":{\"@id\":\"https:\\\/\\\/www.deinadieu.ch\\\/fr\\\/deinadieu-pour-les-organisations-a-but-non-lucratif\\\/#primaryimage\"},\"image\":{\"@id\":\"https:\\\/\\\/www.deinadieu.ch\\\/fr\\\/deinadieu-pour-les-organisations-a-but-non-lucratif\\\/#primaryimage\"},\"thumbnailUrl\":\"https:\\\/\\\/www.deinadieu.ch\\\/wp-content\\\/uploads\\\/2020\\\/07\\\/iStock-813460430-e1600435231398.jpg\",\"datePublished\":\"2023-10-03T12:18:35+00:00\",\"dateModified\":\"2025-04-22T11:17:27+00:00\",\"description\":\"DeinAdieu aspire \u00e0 un \u00e9change constructif avec tous les acteurs concern\u00e9s et coordonne ainsi ses activit\u00e9s apr\u00e8s avoir consult\u00e9 ses partenaires.\",\"breadcrumb\":{\"@id\":\"https:\\\/\\\/www.deinadieu.ch\\\/fr\\\/deinadieu-pour-les-organisations-a-but-non-lucratif\\\/#breadcrumb\"},\"inLanguage\":\"fr-FR\",\"potentialAction\":[{\"@type\":\"ReadAction\",\"target\":[\"https:\\\/\\\/www.deinadieu.ch\\\/fr\\\/deinadieu-pour-les-organisations-a-but-non-lucratif\\\/\"]}]},{\"@type\":\"ImageObject\",\"inLanguage\":\"fr-FR\",\"@id\":\"https:\\\/\\\/www.deinadieu.ch\\\/fr\\\/deinadieu-pour-les-organisations-a-but-non-lucratif\\\/#primaryimage\",\"url\":\"https:\\\/\\\/www.deinadieu.ch\\\/wp-content\\\/uploads\\\/2020\\\/07\\\/iStock-813460430-e1600435231398.jpg\",\"contentUrl\":\"https:\\\/\\\/www.deinadieu.ch\\\/wp-content\\\/uploads\\\/2020\\\/07\\\/iStock-813460430-e1600435231398.jpg\",\"width\":1280,\"height\":482,\"caption\":\"Exon\u00e9ration fiscale d'une ONG - Qu'est-ce que cela signifie ? (Image : iStock)\"},{\"@type\":\"BreadcrumbList\",\"@id\":\"https:\\\/\\\/www.deinadieu.ch\\\/fr\\\/deinadieu-pour-les-organisations-a-but-non-lucratif\\\/#breadcrumb\",\"itemListElement\":[{\"@type\":\"ListItem\",\"position\":1,\"name\":\"Home\",\"item\":\"https:\\\/\\\/www.deinadieu.ch\\\/fr\\\/deinadieu-dialog-und-serviceportal-zum-lebensende\\\/\"},{\"@type\":\"ListItem\",\"position\":2,\"name\":\"DeinAdieu pour les organisations \u00e0 but non lucratif\"}]},{\"@type\":\"WebSite\",\"@id\":\"https:\\\/\\\/www.deinadieu.ch\\\/fr\\\/#website\",\"url\":\"https:\\\/\\\/www.deinadieu.ch\\\/fr\\\/\",\"name\":\"DeinAdieu.ch\",\"description\":\"Testament, Patientenverf\u00fcgung und Vorsorgeauftrag\",\"publisher\":{\"@id\":\"https:\\\/\\\/www.deinadieu.ch\\\/fr\\\/#organization\"},\"potentialAction\":[{\"@type\":\"SearchAction\",\"target\":{\"@type\":\"EntryPoint\",\"urlTemplate\":\"https:\\\/\\\/www.deinadieu.ch\\\/fr\\\/?s={search_term_string}\"},\"query-input\":{\"@type\":\"PropertyValueSpecification\",\"valueRequired\":true,\"valueName\":\"search_term_string\"}}],\"inLanguage\":\"fr-FR\"},{\"@type\":\"Organization\",\"@id\":\"https:\\\/\\\/www.deinadieu.ch\\\/fr\\\/#organization\",\"name\":\"EMNA Web GmbH\",\"url\":\"https:\\\/\\\/www.deinadieu.ch\\\/fr\\\/\",\"logo\":{\"@type\":\"ImageObject\",\"inLanguage\":\"fr-FR\",\"@id\":\"https:\\\/\\\/www.deinadieu.ch\\\/fr\\\/#\\\/schema\\\/logo\\\/image\\\/\",\"url\":\"https:\\\/\\\/www.deinadieu.ch\\\/wp-content\\\/uploads\\\/2016\\\/01\\\/DeinAdieu_Logo.png\",\"contentUrl\":\"https:\\\/\\\/www.deinadieu.ch\\\/wp-content\\\/uploads\\\/2016\\\/01\\\/DeinAdieu_Logo.png\",\"width\":300,\"height\":117,\"caption\":\"EMNA Web GmbH\"},\"image\":{\"@id\":\"https:\\\/\\\/www.deinadieu.ch\\\/fr\\\/#\\\/schema\\\/logo\\\/image\\\/\"},\"sameAs\":[\"https:\\\/\\\/www.facebook.com\\\/deinadieu\",\"https:\\\/\\\/x.com\\\/DeinAdieu\",\"https:\\\/\\\/www.instagram.com\\\/deinadieu\\\/\",\"https:\\\/\\\/www.linkedin.com\\\/company\\\/deinadieu.ch\"]}]}<\/script>","yoast_head_json":{"title":"Les organisations \u00e0 but non lucratif : Collecte de fonds et legs | DeinAdieu","description":"DeinAdieu aspire \u00e0 un \u00e9change constructif avec tous les acteurs concern\u00e9s et coordonne ainsi ses activit\u00e9s apr\u00e8s avoir consult\u00e9 ses partenaires.","robots":{"index":"index","follow":"follow","max-snippet":"max-snippet:-1","max-image-preview":"max-image-preview:large","max-video-preview":"max-video-preview:-1"},"canonical":"https:\/\/www.deinadieu.ch\/fr\/deinadieu-pour-les-organisations-a-but-non-lucratif\/","og_locale":"fr_FR","og_type":"article","og_title":"DeinAdieu pour les organisations \u00e0 but non lucratif","og_description":"&gt; 200 organisations font confiance \u00e0 DeinAdieu et utilisent les liens sp\u00e9ciaux. Des mod\u00e8les de testament sont cr\u00e9\u00e9s chaque ann\u00e9e par environ 70'000","og_url":"https:\/\/www.deinadieu.ch\/fr\/deinadieu-pour-les-organisations-a-but-non-lucratif\/","og_site_name":"DeinAdieu.ch","article_publisher":"https:\/\/www.facebook.com\/deinadieu","article_modified_time":"2025-04-22T11:17:27+00:00","og_image":[{"width":1280,"height":482,"url":"https:\/\/static.deinadieu.ch\/uploads\/2020\/07\/iStock-813460430-e1600435231398.jpg","type":"image\/jpeg"}],"twitter_card":"summary_large_image","twitter_site":"@DeinAdieu","twitter_misc":{"Est. reading time":"6 minutes"},"schema":{"@context":"https:\/\/schema.org","@graph":[{"@type":"WebPage","@id":"https:\/\/www.deinadieu.ch\/fr\/deinadieu-pour-les-organisations-a-but-non-lucratif\/","url":"https:\/\/www.deinadieu.ch\/fr\/deinadieu-pour-les-organisations-a-but-non-lucratif\/","name":"Les organisations \u00e0 but non lucratif : Collecte de fonds et legs | DeinAdieu","isPartOf":{"@id":"https:\/\/www.deinadieu.ch\/fr\/#website"},"primaryImageOfPage":{"@id":"https:\/\/www.deinadieu.ch\/fr\/deinadieu-pour-les-organisations-a-but-non-lucratif\/#primaryimage"},"image":{"@id":"https:\/\/www.deinadieu.ch\/fr\/deinadieu-pour-les-organisations-a-but-non-lucratif\/#primaryimage"},"thumbnailUrl":"https:\/\/www.deinadieu.ch\/wp-content\/uploads\/2020\/07\/iStock-813460430-e1600435231398.jpg","datePublished":"2023-10-03T12:18:35+00:00","dateModified":"2025-04-22T11:17:27+00:00","description":"DeinAdieu aspire \u00e0 un \u00e9change constructif avec tous les acteurs concern\u00e9s et coordonne ainsi ses activit\u00e9s apr\u00e8s avoir consult\u00e9 ses partenaires.","breadcrumb":{"@id":"https:\/\/www.deinadieu.ch\/fr\/deinadieu-pour-les-organisations-a-but-non-lucratif\/#breadcrumb"},"inLanguage":"fr-FR","potentialAction":[{"@type":"ReadAction","target":["https:\/\/www.deinadieu.ch\/fr\/deinadieu-pour-les-organisations-a-but-non-lucratif\/"]}]},{"@type":"ImageObject","inLanguage":"fr-FR","@id":"https:\/\/www.deinadieu.ch\/fr\/deinadieu-pour-les-organisations-a-but-non-lucratif\/#primaryimage","url":"https:\/\/www.deinadieu.ch\/wp-content\/uploads\/2020\/07\/iStock-813460430-e1600435231398.jpg","contentUrl":"https:\/\/www.deinadieu.ch\/wp-content\/uploads\/2020\/07\/iStock-813460430-e1600435231398.jpg","width":1280,"height":482,"caption":"Exon\u00e9ration fiscale d'une ONG - Qu'est-ce que cela signifie ? (Image : iStock)"},{"@type":"BreadcrumbList","@id":"https:\/\/www.deinadieu.ch\/fr\/deinadieu-pour-les-organisations-a-but-non-lucratif\/#breadcrumb","itemListElement":[{"@type":"ListItem","position":1,"name":"Home","item":"https:\/\/www.deinadieu.ch\/fr\/deinadieu-dialog-und-serviceportal-zum-lebensende\/"},{"@type":"ListItem","position":2,"name":"DeinAdieu pour les organisations \u00e0 but non lucratif"}]},{"@type":"WebSite","@id":"https:\/\/www.deinadieu.ch\/fr\/#website","url":"https:\/\/www.deinadieu.ch\/fr\/","name":"DeinAdieu.ch","description":"Testament, Patientenverf\u00fcgung und Vorsorgeauftrag","publisher":{"@id":"https:\/\/www.deinadieu.ch\/fr\/#organization"},"potentialAction":[{"@type":"SearchAction","target":{"@type":"EntryPoint","urlTemplate":"https:\/\/www.deinadieu.ch\/fr\/?s={search_term_string}"},"query-input":{"@type":"PropertyValueSpecification","valueRequired":true,"valueName":"search_term_string"}}],"inLanguage":"fr-FR"},{"@type":"Organization","@id":"https:\/\/www.deinadieu.ch\/fr\/#organization","name":"EMNA Web GmbH","url":"https:\/\/www.deinadieu.ch\/fr\/","logo":{"@type":"ImageObject","inLanguage":"fr-FR","@id":"https:\/\/www.deinadieu.ch\/fr\/#\/schema\/logo\/image\/","url":"https:\/\/www.deinadieu.ch\/wp-content\/uploads\/2016\/01\/DeinAdieu_Logo.png","contentUrl":"https:\/\/www.deinadieu.ch\/wp-content\/uploads\/2016\/01\/DeinAdieu_Logo.png","width":300,"height":117,"caption":"EMNA Web GmbH"},"image":{"@id":"https:\/\/www.deinadieu.ch\/fr\/#\/schema\/logo\/image\/"},"sameAs":["https:\/\/www.facebook.com\/deinadieu","https:\/\/x.com\/DeinAdieu","https:\/\/www.instagram.com\/deinadieu\/","https:\/\/www.linkedin.com\/company\/deinadieu.ch"]}]}},"_links":{"self":[{"href":"https:\/\/www.deinadieu.ch\/fr\/wp-json\/wp\/v2\/pages\/65984","targetHints":{"allow":["GET"]}}],"collection":[{"href":"https:\/\/www.deinadieu.ch\/fr\/wp-json\/wp\/v2\/pages"}],"about":[{"href":"https:\/\/www.deinadieu.ch\/fr\/wp-json\/wp\/v2\/types\/page"}],"author":[{"embeddable":true,"href":"https:\/\/www.deinadieu.ch\/fr\/wp-json\/wp\/v2\/users\/6041"}],"replies":[{"embeddable":true,"href":"https:\/\/www.deinadieu.ch\/fr\/wp-json\/wp\/v2\/comments?post=65984"}],"version-history":[{"count":13,"href":"https:\/\/www.deinadieu.ch\/fr\/wp-json\/wp\/v2\/pages\/65984\/revisions"}],"predecessor-version":[{"id":69079,"href":"https:\/\/www.deinadieu.ch\/fr\/wp-json\/wp\/v2\/pages\/65984\/revisions\/69079"}],"wp:featuredmedia":[{"embeddable":true,"href":"https:\/\/www.deinadieu.ch\/fr\/wp-json\/wp\/v2\/media\/25586"}],"wp:attachment":[{"href":"https:\/\/www.deinadieu.ch\/fr\/wp-json\/wp\/v2\/media?parent=65984"}],"curies":[{"name":"wp","href":"https:\/\/api.w.org\/{rel}","templated":true}]}}