{"id":64690,"date":"2023-06-21T15:00:57","date_gmt":"2023-06-21T13:00:57","guid":{"rendered":"https:\/\/www.deinadieu.ch\/la-collecte-de-fonds-successoraux-en-toute-simplicite-avec-deinadieu\/"},"modified":"2024-11-20T11:57:36","modified_gmt":"2024-11-20T10:57:36","slug":"la-collecte-de-fonds-successoraux-en-toute-simplicite-avec-deinadieu","status":"publish","type":"page","link":"https:\/\/www.deinadieu.ch\/fr\/la-collecte-de-fonds-successoraux-en-toute-simplicite-avec-deinadieu\/","title":{"rendered":"La collecte de fonds successoraux en toute simplicit\u00e9 \u2013 avec DeinAdieu"},"content":{"rendered":"\n<div class=\"wp-block-columns alignwide are-vertically-aligned-center has-darkgrey-color has-da-blue-background-color has-text-color has-background is-layout-flex wp-container-core-columns-is-layout-28f84493 wp-block-columns-is-layout-flex\" style=\"border-radius:1rem\">\n<div class=\"wp-block-column is-vertically-aligned-center is-layout-flow wp-block-column-is-layout-flow\" style=\"padding-top:var(--wp--preset--spacing--50);padding-bottom:var(--wp--preset--spacing--50);flex-basis:50%\">\n<h1 class=\"wp-block-heading da-md-text-2xl\" id=\"h-collecte-numerique-de-fonds-successoraux-pour-les-organisations-d-utilite-publique\" style=\"font-size:45px;font-style:normal;font-weight:700;line-height:1.3\">Collecte num\u00e9rique de fonds successoraux<br>pour les organisations d\u2019utilit\u00e9 publique<\/h1>\n\n\n\n<div class=\"wp-block-buttons is-layout-flex wp-block-buttons-is-layout-flex\">\n<div class=\"wp-block-button is-style-fill\"><a class=\"wp-block-button__link wp-element-button\" href=\"https:\/\/www.deinadieu.ch\/fr\/demande-partenariat-avec-deinadieu\/\">Demander maintenant une consultation<\/a><\/div>\n<\/div>\n<\/div>\n\n\n\n<div class=\"wp-block-column is-vertically-aligned-center is-layout-flow wp-block-column-is-layout-flow\" style=\"flex-basis:50%\">\n<figure class=\"wp-block-embed is-type-video is-provider-youtube wp-block-embed-youtube wp-embed-aspect-16-9 wp-has-aspect-ratio\"><div class=\"wp-block-embed__wrapper\">\n<iframe loading=\"lazy\" title=\"Was wir tun \u2013 Erkla\u0308rvideo DeinAdieu und Testamentservice\" width=\"500\" height=\"281\" src=\"https:\/\/www.youtube.com\/embed\/Snc621xRZIM?feature=oembed\" frameborder=\"0\" allow=\"accelerometer; autoplay; clipboard-write; encrypted-media; gyroscope; picture-in-picture; web-share\" referrerpolicy=\"strict-origin-when-cross-origin\" allowfullscreen><\/iframe>\n<\/div><\/figure>\n<\/div>\n<\/div>\n\n\n\n<div style=\"height:60px\" aria-hidden=\"true\" class=\"wp-block-spacer\"><\/div>\n\n\n\n<div class=\"wp-block-group alignwide is-layout-flex wp-block-group-is-layout-flex\">\n<div class=\"wp-block-columns sm-w-full-reverse is-layout-flex wp-container-core-columns-is-layout-28f84493 wp-block-columns-is-layout-flex\">\n<div class=\"wp-block-column da-md-px-0 is-layout-flow wp-block-column-is-layout-flow\" style=\"padding-right:6%;flex-basis:58%\">\n<p id=\"h-warum-erbschafts-und-legatefundraising\" style=\"font-size:30px;font-style:normal;font-weight:600\">Pourquoi collecter des fonds successoraux ?<\/p>\n\n\n\n<p>Dans toute la Suisse, plus de 500 ONG se battent pour un volume de dons de 2,1 milliards de francs. Dans le contexte d&#8217;une concurrence de plus en plus rude pour la r\u00e9colte de dons et de subventions \u00e9tatiques de plus en plus faibles, la collecte de fonds de nombreuses ONG est fortement sollicit\u00e9e. <\/p>\n\n\n\n<p>Dans le m\u00eame temps, plus de 95 milliards de francs sont transmis chaque ann\u00e9e pour cause de mort<sup>1<\/sup>. Dans aucun autre pays europ\u00e9en, autant d&#8217;argent par habitant n&#8217;est transmis pour cause de mort. Lorsqu&#8217;une ONG est incluse dans un testament, c&#8217;est en principe pour des montants compris entre 50&#8217;000 et 80&#8217;000 francs.<\/p>\n\n\n\n<p>La collecte de fonds issus d&#8217;h\u00e9ritages ou de legs est donc la source de financement la plus attrayante pour les \u0153uvres d&#8217;entraide, les milieux culturels d&#8217;utilit\u00e9 publique et toutes les ONG op\u00e9rationnelles disposant d&#8217;une base de donatrices ou donateurs, de membres ou de m\u00e9c\u00e8nes. Il est d\u00e9sormais temps de se lancer sur ce march\u00e9 en pleine croissance.<\/p>\n<\/div>\n\n\n\n<div class=\"wp-block-column is-layout-flow wp-block-column-is-layout-flow\" style=\"flex-basis:42%\">\n<div class=\"wp-block-cover is-light\"><span aria-hidden=\"true\" class=\"wp-block-cover__background has-da-default-background-color has-background-dim\"><\/span><img loading=\"lazy\" decoding=\"async\" width=\"1024\" height=\"604\" class=\"wp-block-cover__image-background wp-image-63246\" alt=\"\" src=\"https:\/\/www.deinadieu.ch\/wp-content\/uploads\/2023\/04\/Frame-36-1024x604.png\" style=\"object-position:62% 32%\" data-object-fit=\"cover\" data-object-position=\"62% 32%\" srcset=\"https:\/\/www.deinadieu.ch\/wp-content\/uploads\/2023\/04\/Frame-36-1024x604.png 1024w, https:\/\/www.deinadieu.ch\/wp-content\/uploads\/2023\/04\/Frame-36-300x177.png 300w, https:\/\/www.deinadieu.ch\/wp-content\/uploads\/2023\/04\/Frame-36.png 1093w\" sizes=\"auto, (max-width: 1024px) 100vw, 1024px\" \/><div class=\"wp-block-cover__inner-container is-layout-flow wp-block-cover-is-layout-flow\">\n<p class=\"has-text-align-left has-small-font-size\"><\/p>\n\n\n\n<div class=\"wp-block-columns is-layout-flex wp-container-core-columns-is-layout-28f84493 wp-block-columns-is-layout-flex\">\n<div class=\"wp-block-column has-white-color has-text-color is-layout-flow wp-block-column-is-layout-flow\">\n<p>Chaque ann\u00e9e, <strong>95 milliards<\/strong> de francs suisses sont <strong>transmis pour cause de mort<\/strong> en Suisse.<\/p>\n<\/div>\n\n\n\n<div class=\"wp-block-column has-white-color has-text-color is-layout-flow wp-block-column-is-layout-flow\">\n<p>Chaque ann\u00e9e, <strong>2,1 milliards<\/strong> de francs sont <strong>donn\u00e9s<\/strong> \u00e0 des ONG.<\/p>\n<\/div>\n\n\n\n<div class=\"wp-block-column has-white-color has-text-color is-layout-flow wp-block-column-is-layout-flow\">\n<p><strong>Seuls 300 millions<\/strong> de francs suisses sont <strong>transmis<\/strong> pour cause de mort \u00e0 des ONG.<\/p>\n<\/div>\n<\/div>\n<\/div><\/div>\n<\/div>\n<\/div>\n<\/div>\n\n\n\n<div style=\"height:60px\" aria-hidden=\"true\" class=\"wp-block-spacer\"><\/div>\n\n\n\n<div class=\"wp-block-create-block-deinadieu-info-block-grid alignwide\"><\/div>\n\n\n\n<div style=\"height:120px\" aria-hidden=\"true\" class=\"wp-block-spacer\"><\/div>\n\n\n\n<div class=\"wp-block-group alignwide is-layout-flex wp-block-group-is-layout-flex\">\n<div class=\"wp-block-columns is-not-stacked-on-mobile sm-w-full is-layout-flex wp-container-core-columns-is-layout-28f84493 wp-block-columns-is-layout-flex\">\n<div class=\"wp-block-column is-layout-flow wp-block-column-is-layout-flow\">\n<p id=\"h-wie-legate-erbschaften-akquirieren\" style=\"font-size:30px;font-style:normal;font-weight:600\">Comment acqu\u00e9rir des legs et des h\u00e9ritages ?<\/p>\n\n\n\n<p>Les h\u00e9ritages et les legs ne tombent pas \u00ab du ciel \u00bb par hasard. La plupart du temps, il existe d\u00e9j\u00e0 une relation \u00e9motionnelle entre une personne et l&#8217;organisation b\u00e9n\u00e9ficiaire. Il est important d&#8217;identifier ces personnes et de leur demander de l&#8217;aide \u00e0 l&#8217;aide d&#8217;outils appropri\u00e9s.<\/p>\n\n\n\n<p>Autrefois, les organisations misaient surtout sur l\u2019envoi co\u00fbteux, par courrier postal, de brochures sur les successions. Le taux de r\u00e9ponse \u00e0 ce type de brochures est g\u00e9n\u00e9ralement faible et il est difficile de le mesurer.<\/p>\n\n\n\n<p>Un site internet propre et les portails num\u00e9riques de collecte de fonds comme DeinAdieu.ch sont aujourd&#8217;hui les <a href=\"https:\/\/zewo.ch\/wp-content\/uploads\/2021\/08\/Zewo-Studie-digitale-Spenden.pdf\" target=\"_blank\" rel=\"noreferrer noopener\">principaux instruments de travail des organisations non gouvernementales pour la collecte de fonds (voir l&#8217;\u00e9tude de ZEWO, p. 6)<\/a>.<\/p>\n<\/div>\n\n\n\n<div class=\"wp-block-column is-layout-flow wp-block-column-is-layout-flow\"><\/div>\n<\/div>\n<\/div>\n\n\n\n<div style=\"height:80px\" aria-hidden=\"true\" class=\"wp-block-spacer\"><\/div>\n\n\n\n<div class=\"wp-block-group alignwide is-layout-flex wp-block-group-is-layout-flex\">\n<div class=\"wp-block-columns sm-w-full-reverse is-layout-flex wp-container-core-columns-is-layout-28f84493 wp-block-columns-is-layout-flex\">\n<div class=\"wp-block-column is-layout-flow wp-block-column-is-layout-flow\" style=\"flex-basis:9%\"><\/div>\n\n\n\n<div class=\"wp-block-column is-layout-flow wp-block-column-is-layout-flow\" style=\"flex-basis:82%\">\n<div class=\"wp-block-columns is-not-stacked-on-mobile stone-border-400 sm-w-full-reverse has-da-blue-light-background-color has-background is-layout-flex wp-container-core-columns-is-layout-c6bc58be wp-block-columns-is-layout-flex\" style=\"padding-top:0px;padding-right:0px;padding-bottom:0px;padding-left:0px\">\n<div class=\"wp-block-column is-vertically-aligned-center has-white-background-color has-background is-layout-flow wp-block-column-is-layout-flow\" style=\"flex-basis:43%\">\n<figure class=\"wp-block-image aligncenter size-full\"><img decoding=\"async\" src=\"https:\/\/www.deinadieu.de\/wp-content\/uploads\/2022\/10\/image-2.jpg\" alt=\"\" class=\"wp-image-160\"\/><\/figure>\n<\/div>\n\n\n\n<div class=\"wp-block-column p-5-pl-0-mb-5 mb-p-2-5 is-layout-flow wp-block-column-is-layout-flow\" style=\"padding-top:0px;padding-right:0px;padding-bottom:0px;padding-left:0px;flex-basis:57%\">\n<p id=\"h-das-kinderspital-zurich-erhalt-uber-den-testamentservice-von-deinadieu-jahrlich-mehrere-dutzend-potentielle-legate-dies-ohne-personellen-einsatz-von-unserer-seite\" style=\"font-size:25px;font-style:normal;font-weight:600;line-height:1.3\">L&#8217;h\u00f4pital p\u00e9diatrique de Zurich re\u00e7oit chaque ann\u00e9e plusieurs dizaines de legs potentiels par le biais du service testamentaire de DeinAdieu et ce, sans engagement personnel de notre part.<\/p>\n\n\n\n<p style=\"font-size:14px\">Wanda Arnet, responsable des h\u00e9ritages, des legs et de la philanthropie<\/p>\n<\/div>\n<\/div>\n<\/div>\n\n\n\n<div class=\"wp-block-column is-layout-flow wp-block-column-is-layout-flow\" style=\"flex-basis:9%\"><\/div>\n<\/div>\n<\/div>\n\n\n\n<div style=\"height:120px\" aria-hidden=\"true\" class=\"wp-block-spacer\"><\/div>\n\n\n\n<div class=\"wp-block-group alignfull is-layout-flex wp-block-group-is-layout-flex\">\n<div class=\"wp-block-group container da-mx-auto is-nowrap is-layout-flex wp-container-core-group-is-layout-6c531013 wp-block-group-is-layout-flex\">\n<p id=\"h-was-bietet-deinadieu\" style=\"font-size:30px;font-style:normal;font-weight:600\">Que propose DeinAdieu ?<\/p>\n<\/div>\n<\/div>\n\n\n\n<div style=\"height:40px\" aria-hidden=\"true\" class=\"wp-block-spacer\"><\/div>\n\n\n\n<div class=\"wp-block-group alignwide is-layout-flex wp-block-group-is-layout-flex\">\n<div class=\"wp-block-columns sm-w-full-reverse da-gap-0 is-layout-flex wp-container-core-columns-is-layout-28f84493 wp-block-columns-is-layout-flex\">\n<div class=\"wp-block-column is-vertically-aligned-center mb-p-2-5 is-layout-flow wp-block-column-is-layout-flow\" style=\"padding-top:0px;padding-right:110px;padding-bottom:0px;padding-left:110px;flex-basis:50%\">\n<h2 class=\"wp-block-heading\" id=\"h-assistant-testamentaire-en-ligne-redaction-interactive-de-testaments-sur-votre-page\">Assistant testamentaire en ligne \u2013 R\u00e9daction interactive de testaments sur votre page<\/h2>\n\n\n\n<p>Avec l&#8217;assistant testamentaire en ligne, les donatrices et donateurs, les m\u00e9c\u00e8nes, les membres et les autres visiteuses et visiteurs de votre site internet peuvent \u00e9tablir gratuitement un mod\u00e8le de testament personnalis\u00e9<\/p>\n\n\n\n<ul class=\"wp-block-list is-style-check-circle\">\n<li>Votre organisation est automatiquement propos\u00e9e pour \u00eatre incluse dans le mod\u00e8le de testament<\/li>\n\n\n\n<li>Contact avec la personne responsable de la collecte de fonds<\/li>\n\n\n\n<li>Facile \u00e0 int\u00e9grer sur votre site internet<\/li>\n\n\n\n<li>Multilingue (DE, EN, FR, IT)<\/li>\n\n\n\n<li>100% conforme \u00e0 la protection des donn\u00e9es et juridiquement s\u00fbr<\/li>\n\n\n\n<li>Autres outils : directives anticip\u00e9es du patient &amp; mandat pour cause d&#8217;inaptitude<\/li>\n<\/ul>\n<\/div>\n\n\n\n<div class=\"wp-block-column is-vertically-aligned-center da-ml-0 has-da-default-background-color has-background is-layout-flow wp-block-column-is-layout-flow\" style=\"padding-top:20px;padding-right:20px;padding-bottom:20px;padding-left:20px;flex-basis:50%\">\n<figure class=\"wp-block-image aligncenter size-large\"><img decoding=\"async\" src=\"https:\/\/www.deinadieu.ch\/wp-content\/uploads\/2023\/07\/Screenshot-testamentgenerator-FR-1024x754.png\" alt=\"Screenshot testamentgenerator\" class=\"wp-image-64743\"\/><\/figure>\n<\/div>\n<\/div>\n<\/div>\n\n\n\n<div class=\"wp-block-group alignwide is-layout-flex wp-block-group-is-layout-flex\">\n<div class=\"wp-block-columns w-full sm-w-full da-gap-0 is-layout-flex wp-container-core-columns-is-layout-28f84493 wp-block-columns-is-layout-flex\">\n<div class=\"wp-block-column is-vertically-aligned-center has-da-default-background-color has-background is-layout-flow wp-block-column-is-layout-flow\" style=\"padding-top:20px;padding-right:20px;padding-bottom:20px;padding-left:20px;flex-basis:50%\">\n<figure class=\"wp-block-image aligncenter size-large\"><img decoding=\"async\" src=\"https:\/\/www.deinadieu.ch\/wp-content\/uploads\/2023\/07\/screenshot-statistik-FR-1024x554.png\" alt=\"screenshot statistik\" class=\"wp-image-64753\"\/><\/figure>\n<\/div>\n\n\n\n<div class=\"wp-block-column is-vertically-aligned-center da-ml-0 mb-p-2-5 is-layout-flow wp-block-column-is-layout-flow\" style=\"padding-top:0px;padding-right:110px;padding-bottom:0px;padding-left:110px;flex-basis:50%\">\n<h2 class=\"wp-block-heading\" id=\"h-fonctions-supplementaires-amp-outils-pour-une-collecte-globale-de-fonds-successoraux\">Fonctions suppl\u00e9mentaires &amp; outils \u2013 pour une collecte globale de fonds successoraux<\/h2>\n\n\n\n<p>Pour une collecte de fonds successoraux globale, nous vous soutenons avec des outils et des mod\u00e8les suppl\u00e9mentaires dans votre login partenaire. <\/p>\n\n\n\n<ul class=\"wp-block-list is-style-check-circle\">\n<li>Premi\u00e8re consultation gratuite aupr\u00e8s d&#8217;un sp\u00e9cialiste du droit des successions pour vos donatrices et donateurs<\/li>\n\n\n\n<li>Divers outils de communication et mod\u00e8les \u00e0 t\u00e9l\u00e9charger<\/li>\n\n\n\n<li>Login partenaire pour la gestion de votre organisation<\/li>\n<\/ul>\n<\/div>\n<\/div>\n<\/div>\n\n\n\n<div class=\"wp-block-group alignwide is-layout-flex wp-block-group-is-layout-flex\">\n<div class=\"wp-block-columns w-full sm-w-full-reverse da-gap-0 is-layout-flex wp-container-core-columns-is-layout-28f84493 wp-block-columns-is-layout-flex\">\n<div class=\"wp-block-column is-vertically-aligned-center mb-p-2-5 is-layout-flow wp-block-column-is-layout-flow\" style=\"padding-top:0px;padding-right:110px;padding-bottom:0px;padding-left:110px;flex-basis:50%\">\n<h2 class=\"wp-block-heading\" id=\"h-succes-mesurable-grace-au-reporting\">Succ\u00e8s mesurable gr\u00e2ce au reporting<\/h2>\n\n\n\n<p>Gr\u00e2ce \u00e0 votre login partenaire, vous avez acc\u00e8s \u00e0 des donn\u00e9es de mesure en temps r\u00e9el telles que les clics, les acc\u00e8s, les documents \u00e9tablis ainsi que les leads g\u00e9n\u00e9r\u00e9s par l&#8217;assistant testamentaire en ligne. En outre, nous vous offrons un \u00e9ventail d\u2019autres ressources pour votre travail<\/p>\n\n\n\n<ul class=\"wp-block-list is-style-check-circle\">\n<li>Suivi en temps r\u00e9el<\/li>\n\n\n\n<li>G\u00e9n\u00e9ration de leads (coordonn\u00e9es)<\/li>\n\n\n\n<li>Base pour l&#8217;entretien ult\u00e9rieur des relations<\/li>\n\n\n\n<li>Exemples de remerciements<\/li>\n\n\n\n<li>Classement comparatif pour votre propre site internet<\/li>\n<\/ul>\n<\/div>\n\n\n\n<div class=\"wp-block-column is-vertically-aligned-center da-ml-0 has-da-default-background-color has-background is-layout-flow wp-block-column-is-layout-flow\" style=\"padding-top:20px;padding-right:20px;padding-bottom:20px;padding-left:20px;flex-basis:50%\">\n<figure class=\"wp-block-image aligncenter size-large\"><img decoding=\"async\" src=\"https:\/\/www.deinadieu.de\/wp-content\/uploads\/2022\/11\/graphic_2-1024x721.webp\" alt=\"\" class=\"wp-image-717\"\/><\/figure>\n<\/div>\n<\/div>\n<\/div>\n\n\n\n<div class=\"wp-block-group alignwide is-layout-flex wp-block-group-is-layout-flex\">\n<div class=\"wp-block-columns w-full sm-w-full da-gap-0 is-layout-flex wp-container-core-columns-is-layout-28f84493 wp-block-columns-is-layout-flex\">\n<div class=\"wp-block-column is-vertically-aligned-center has-da-default-background-color has-background is-layout-flow wp-block-column-is-layout-flow\" style=\"padding-top:20px;padding-right:20px;padding-bottom:20px;padding-left:20px;flex-basis:50%\">\n<figure class=\"wp-block-image aligncenter size-large\"><img decoding=\"async\" src=\"https:\/\/www.deinadieu.ch\/wp-content\/uploads\/2023\/07\/screenshot-organisationen-FR-1024x774.png\" alt=\"screenshot organisationen\" class=\"wp-image-64748\"\/><\/figure>\n<\/div>\n\n\n\n<div class=\"wp-block-column is-vertically-aligned-center da-ml-0 mb-p-2-5 is-layout-flow wp-block-column-is-layout-flow\" style=\"padding-top:0px;padding-right:110px;padding-bottom:0px;padding-left:110px;flex-basis:50%\">\n<div style=\"height:26px\" aria-hidden=\"true\" class=\"wp-block-spacer\"><\/div>\n\n\n\n<h2 class=\"wp-block-heading\" id=\"h-visibilite-sur-deinadieu-ch\">Visibilit\u00e9 sur DeinAdieu.ch<\/h2>\n\n\n\n<p>Nous pr\u00e9sentons votre organisation avec son propre profil et des d\u00e9tails concernant vos projets. La personne responsable de la collecte de fonds successoraux est \u00e9galement pr\u00e9sent\u00e9e. Vous trouverez <a href=\"https:\/\/www.deinadieu.ch\/fr\/oeuvres-de-bienfaisance\/\" target=\"_blank\" rel=\"noreferrer noopener\">ici<\/a> le r\u00e9pertoire avec les profils : <a href=\"https:\/\/www.deinadieu.ch\/fr\/oeuvres-de-bienfaisance\/\" target=\"_blank\" rel=\"noreferrer noopener\">vers le r\u00e9pertoire des organisations<\/a> <\/p>\n\n\n\n<p>En outre, vous \u00eates pr\u00e9sents sur nos canaux de communication.<\/p>\n\n\n\n<ul class=\"wp-block-list is-style-check-circle\">\n<li>Inscription dans le r\u00e9pertoire des organisations<\/li>\n\n\n\n<li>Profil propre avec les donn\u00e9es essentielles de votre organisation<\/li>\n\n\n\n<li>Contact avec la collectrice ou le collecteur de fonds<\/li>\n\n\n\n<li><a href=\"https:\/\/www.deinadieu.ch\/fr\/blog\/\" target=\"_blank\" rel=\"noreferrer noopener\">Reportage sur votre organisation et\/ou avec des testateurs potentiels<\/a> (payant)<\/li>\n<\/ul>\n<\/div>\n<\/div>\n<\/div>\n\n\n\n<div style=\"height:100px\" aria-hidden=\"true\" class=\"wp-block-spacer\"><\/div>\n\n\n\n<div class=\"wp-block-group alignwide is-layout-flex wp-block-group-is-layout-flex\">\n<div class=\"wp-block-columns sm-w-full-reverse is-layout-flex wp-container-core-columns-is-layout-28f84493 wp-block-columns-is-layout-flex\">\n<div class=\"wp-block-column is-layout-flow wp-block-column-is-layout-flow\" style=\"flex-basis:9%\"><\/div>\n\n\n\n<div class=\"wp-block-column is-layout-flow wp-block-column-is-layout-flow\" style=\"flex-basis:82%\">\n<div class=\"wp-block-columns is-not-stacked-on-mobile stone-border-400 sm-w-full-reverse has-da-blue-light-background-color has-background is-layout-flex wp-container-core-columns-is-layout-c6bc58be wp-block-columns-is-layout-flex\" style=\"padding-top:0px;padding-right:0px;padding-bottom:0px;padding-left:0px\">\n<div class=\"wp-block-column is-vertically-aligned-center has-white-background-color has-background is-layout-flow wp-block-column-is-layout-flow\" style=\"flex-basis:43%\">\n<figure class=\"wp-block-image aligncenter size-full\"><img loading=\"lazy\" decoding=\"async\" width=\"388\" height=\"329\" src=\"https:\/\/www.deinadieu.ch\/wp-content\/uploads\/2024\/10\/can-deniz.jpg\" alt=\"can deniz\" class=\"wp-image-68530\" srcset=\"https:\/\/www.deinadieu.ch\/wp-content\/uploads\/2024\/10\/can-deniz.jpg 388w, https:\/\/www.deinadieu.ch\/wp-content\/uploads\/2024\/10\/can-deniz-300x254.jpg 300w\" sizes=\"auto, (max-width: 388px) 100vw, 388px\" \/><\/figure>\n<\/div>\n\n\n\n<div class=\"wp-block-column p-5-pl-0-mb-5 mb-p-2-5 is-layout-flow wp-block-column-is-layout-flow\" style=\"padding-top:0px;padding-right:0px;padding-bottom:0px;padding-left:0px;flex-basis:57%\">\n<p class=\"has-text-align-left\" id=\"h-das-kinderspital-zurich-erhalt-uber-den-testamentservice-von-deinadieu-jahrlich-mehrere-dutzend-potentielle-legate-dies-ohne-personellen-einsatz-von-unserer-seite\" style=\"font-size:25px;font-style:normal;font-weight:600;line-height:1.3\">Les solutions num\u00e9riques et les conseils juridiques de Ton Adieu offrent \u00e0 nos donateurs* un soutien facile d&#8217;acc\u00e8s et pr\u00e9cieux pour leur engagement philanthropique au-del\u00e0 de leur propre vie. Merci pour cette formidable collaboration. <\/p>\n\n\n\n<p class=\"has-text-align-left\" style=\"font-size:14px\">Can Deniz, responsable des partenariats et de la philanthropie chez Biovision<\/p>\n<\/div>\n<\/div>\n<\/div>\n\n\n\n<div class=\"wp-block-column is-layout-flow wp-block-column-is-layout-flow\" style=\"flex-basis:9%\"><\/div>\n<\/div>\n<\/div>\n\n\n\n<div style=\"height:120px\" aria-hidden=\"true\" class=\"wp-block-spacer\"><\/div>\n\n\n\n<div class=\"wp-block-group alignwide is-layout-flex wp-block-group-is-layout-flex\">\n<p id=\"h-was-sind-die-erfolgsfaktoren\" style=\"font-size:30px;font-style:normal;font-weight:600\">Quels sont les facteurs de r\u00e9ussite ?<\/p>\n\n\n\n<p>Les conditions pr\u00e9alables \u00e0 la r\u00e9ussite d&#8217;une collecte digitale de fonds successoraux sont la pr\u00e9sence de donatrices ou donateurs, de membres, de parties prenantes, de m\u00e9c\u00e8nes ou de clientes et clients. Il est \u00e9galement avantageux de disposer d\u2019une marque connue, qui pr\u00e9sente un lien \u00e9lev\u00e9 avec le groupe cible, ainsi que d\u2019un site internet propre, par le biais duquel le groupe cible peut \u00eatre contact\u00e9 :<\/p>\n\n\n\n<div class=\"wp-block-columns sm-w-full is-layout-flex wp-container-core-columns-is-layout-28f84493 wp-block-columns-is-layout-flex\">\n<div class=\"wp-block-column is-layout-flow wp-block-column-is-layout-flow\">\n<div class=\"wp-block-cover aligncenter is-light\" style=\"min-height:242px;aspect-ratio:unset;\"><span aria-hidden=\"true\" class=\"wp-block-cover__background has-lightgrey-background-color has-background-dim-100 has-background-dim\"><\/span><div class=\"wp-block-cover__inner-container is-layout-flow wp-block-cover-is-layout-flow\">\n<figure class=\"wp-block-image aligncenter size-full da-mx-auto\"><img decoding=\"async\" src=\"https:\/\/www.deinadieu.de\/wp-content\/uploads\/2022\/10\/icon-1.svg\" alt=\"\" class=\"wp-image-166\"\/><\/figure>\n<\/div><\/div>\n\n\n\n<div style=\"height:15px\" aria-hidden=\"true\" class=\"wp-block-spacer\"><\/div>\n\n\n\n<p id=\"h-zielgruppe\" style=\"font-size:24px;font-style:normal;font-weight:600\">Le groupe cible \u2013 li\u00e9 \u00e9motionnellement<\/p>\n\n\n\n<p>Id\u00e9alement, vous devriez disposer d\u2019une base de donn\u00e9es des donatrices et donateurs avec au moins quelques milliers de contacts que vous pouvez informer de la possibilit\u00e9 de faire un don testamentaire. Les membres, les m\u00e9c\u00e8nes, les clientes et les clients ou toutes autres personnes ayant un lien \u00e9motionnel avec votre organisation peuvent \u00e9galement \u00eatre des testatrices ou testateurs potentiels. Ce qui importe ici, ce n&#8217;est pas un don particuli\u00e8rement g\u00e9n\u00e9reux dans le pass\u00e9, mais le lien \u00e9motionnel ou, le cas \u00e9ch\u00e9ant, la fr\u00e9quence ou la fid\u00e9lit\u00e9 des dons. Avec l&#8217;assistant testamentaire en ligne, nous ciblons les personnes \u00e2g\u00e9es de 60 \u00e0 75 ans.<\/p>\n<\/div>\n\n\n\n<div class=\"wp-block-column is-layout-flow wp-block-column-is-layout-flow\">\n<div class=\"wp-block-cover aligncenter is-light\" style=\"min-height:242px;aspect-ratio:unset;\"><span aria-hidden=\"true\" class=\"wp-block-cover__background has-lightgrey-background-color has-background-dim-100 has-background-dim\"><\/span><div class=\"wp-block-cover__inner-container is-layout-flow wp-block-cover-is-layout-flow\">\n<figure class=\"wp-block-image aligncenter size-full da-mx-auto\"><img decoding=\"async\" src=\"https:\/\/www.deinadieu.de\/wp-content\/uploads\/2022\/10\/icon-2.svg\" alt=\"\" class=\"wp-image-168\"\/><\/figure>\n<\/div><\/div>\n\n\n\n<div style=\"height:15px\" aria-hidden=\"true\" class=\"wp-block-spacer\"><\/div>\n\n\n\n<p id=\"h-page\" style=\"font-size:24px;font-style:normal;font-weight:600\">Le site internet \u2013 facile \u00e0 trouver et clairement d\u00e9crit<\/p>\n\n\n\n<p>Votre page de marketing successoral, sur laquelle vous attirez l&#8217;attention sur les possibilit\u00e9s de soutenir votre organisation, doit \u00eatre facile \u00e0 trouver. Le th\u00e8me des legs\/sucessions doit \u00eatre d\u00e9crit de mani\u00e8re visible et l&#8217;assistant testamentaire en ligne doit \u00eatre facilement accessible. Voici un exemple : <a href=\"https:\/\/www.werkheim-uster.ch\/werkheim\/unterstuetzen\/erbschaft\/\" target=\"_blank\" rel=\"noreferrer noopener\">Werkheim Uster<\/a>.<\/p>\n<\/div>\n\n\n\n<div class=\"wp-block-column is-layout-flow wp-block-column-is-layout-flow\">\n<div class=\"wp-block-cover aligncenter is-light\" style=\"min-height:242px;aspect-ratio:unset;\"><span aria-hidden=\"true\" class=\"wp-block-cover__background has-lightgrey-background-color has-background-dim-100 has-background-dim\"><\/span><div class=\"wp-block-cover__inner-container is-layout-flow wp-block-cover-is-layout-flow\">\n<figure class=\"wp-block-image aligncenter size-full da-mx-auto\"><img decoding=\"async\" src=\"https:\/\/www.deinadieu.de\/wp-content\/uploads\/2022\/10\/icon-3.svg\" alt=\"\" class=\"wp-image-170\"\/><\/figure>\n<\/div><\/div>\n\n\n\n<div style=\"height:15px\" aria-hidden=\"true\" class=\"wp-block-spacer\"><\/div>\n\n\n\n<p id=\"h-traffic\" style=\"font-size:24px;font-style:normal;font-weight:600\">Le nombre de visiteurs \u2013 Utilisez vos canaux de communication<\/p>\n\n\n\n<p>Seules les grandes organisations disposent d&#8217;un nombre suffisant de visites organiques de leur site internet sur le th\u00e8me des h\u00e9ritages et des legs. Utilisez ainsi vos canaux de communication existants pour diriger votre groupe cible vers la page de renvoi correspondante. Entrent en ligne de compte les mailings physiques, les campagnes de courriels ou les newsletters, les r\u00e9seaux sociaux, les brochures, les rapports annuels, les webinaires, etc. Vous trouverez des exemples de campagnes r\u00e9ussies dans votre login partenaire.<\/p>\n<\/div>\n<\/div>\n<\/div>\n\n\n\n<div style=\"height:100px\" aria-hidden=\"true\" class=\"wp-block-spacer\"><\/div>\n\n\n\n<h2 class=\"wp-block-heading alignwide\" id=\"h-nos-abonnements-de-base-top-listings-et-solutions-de-marque-blanche\">Nos abonnements de base, top-listings et solutions de marque blanche<\/h2>\n\n\n\n<div class=\"wp-block-columns alignwide is-layout-flex wp-container-core-columns-is-layout-28f84493 wp-block-columns-is-layout-flex\">\n<div class=\"wp-block-column is-layout-flow wp-block-column-is-layout-flow\">\n<h3 class=\"wp-block-heading\" id=\"h-l-abonnement-de-base\">L&#8217;abonnement de base <\/h3>\n\n\n\n<p>B\u00e9n\u00e9ficiez de tous les services* de DeinAdieu gr\u00e2ce \u00e0 un mod\u00e8le d\u2019abonnement confortable.<\/p>\n\n\n\n<p>\n          <strong>L\u2019abonnement de DeinAdieu comprend :<\/strong>\n        <\/p>\n\n\n\n<ul class=\"wp-block-list\">\n<li>L&#8217;assistant testamentaire en ligne pour votre page<\/li>\n\n\n\n<li>D&#8217;autres outils de pr\u00e9voyance en ligne pour votre page (directives anticip\u00e9es, mandat pour cause d&#8217;inaptitude)<\/li>\n\n\n\n<li>Une pr\u00e9sence sur DeinAdieu.ch dans le r\u00e9pertoire avec votre propre profil<\/li>\n\n\n\n<li>L\u2019acc\u00e8s au login partenaire avec tracking, leads et d\u2019autres ressources<\/li>\n\n\n\n<li>Assistance et conseils gratuits (1 heure par ann\u00e9e)<\/li>\n\n\n\n<li>Option de r\u00e9siliation annuelle jusqu\u2019\u00e0 3 mois avant l\u2019expiration de l\u2019abonnement<\/li>\n\n\n\n<li>Date de d\u00e9but flexible<\/li>\n<\/ul>\n\n\n\n<p>*Les reportages ne sont pas compris dans le prix de l\u2019abonnement et sont factur\u00e9s s\u00e9par\u00e9ment.<\/p>\n<\/div>\n\n\n\n<div class=\"wp-block-column is-layout-flow wp-block-column-is-layout-flow\">\n<h3 class=\"wp-block-heading\" id=\"h-des-top-listings-pour-davantage-de-visibilite\">Des top-listings pour davantage de visibilit\u00e9<\/h3>\n\n\n\n<ul class=\"wp-block-list\">\n<li>Les top-listings donnent \u00e0 votre organisation davantage de visibilit\u00e9 sur le portail DeinAdieu.ch pour les visiteuses et visiteurs qui se rendent directement sur notre portail : votre organisation sera list\u00e9e en haut de l&#8217;<a href=\"https:\/\/app.deinadieu.ch\/testament\" target=\"_blank\" rel=\"noreferrer noopener\">assistant testamentaire en ligne<\/a> et du <a href=\"https:\/\/www.deinadieu.ch\/fr\/oeuvres-de-bienfaisance\/\" target=\"_blank\" rel=\"noreferrer noopener\">r\u00e9pertoire<\/a>. <br><strong>Important : Cela ne concerne pas les outils de collecte de fonds sur votre page (o\u00f9 seule votre organisation est toujours propos\u00e9e en exclusivit\u00e9). <br><\/strong><\/li>\n\n\n\n<li>Les co\u00fbts d&#8217;investissement annuels pour les top-listings sont \u00e9galement calcul\u00e9s en fonction du volume total des recettes de votre organisation (voir le tableau ci-dessous).<\/li>\n<\/ul>\n\n\n\n<h3 class=\"wp-block-heading\" id=\"h-webinaires\">Webinaires :<\/h3>\n\n\n\n<ul class=\"wp-block-list\">\n<li>Groupe cible : vos donatrices et donateurs<\/li>\n\n\n\n<li>Contenu : pr\u00e9sentation juridique, d\u00e9monstration de l&#8217;assistant testamentaire en ligne, questions-r\u00e9ponses avec les donatrices et donateurs en direct dans le chat.<\/li>\n\n\n\n<li>Mesure du succ\u00e8s : suivi d\u00e9taill\u00e9 des inscrit.e.s, donn\u00e9es d&#8217;interaction y compris souhait d&#8217;inclure une organisation dans son testament<\/li>\n\n\n\n<li>Dur\u00e9e : 50 minutes<\/li>\n\n\n\n<li>\u00c9v\u00e8nements par ann\u00e9e : 3x en allemand ; 2x en fran\u00e7ais<\/li>\n<\/ul>\n<\/div>\n\n\n\n<div class=\"wp-block-column is-layout-flow wp-block-column-is-layout-flow\">\n<h3 class=\"wp-block-heading\" id=\"h-solution-white-label-pour-plus-de-singularite\">Solution white-label pour plus de singularit\u00e9<\/h3>\n\n\n\n<p>La solution white-label requiert un partenariat actif avec DeinAdieu dans le cadre d\u2019un abonnement de base.<\/p>\n\n\n\n<p>\n          <strong>\u00c9tendue des services de la solution :<\/strong>\n        <\/p>\n\n\n\n<ul class=\"wp-block-list\">\n<li>Aucun logo, ni aucune donn\u00e9e de contact de <a href=\"http:\/\/DeinAdieu.ch\">DeinAdieu.ch<\/a> ;<\/li>\n\n\n\n<li>Domaine propre en 4 langues<\/li>\n\n\n\n<li>Courriers \u00e9lectroniques associ\u00e9s \u00e0 votre marque aux utilisatrices et aux utilisateurs \u00e0 partir du domaine de messagerie <a href=\"mailto:info@testamentservice.ch\">info@testamentservice.ch<\/a><\/li>\n\n\n\n<li>Design personnalisable et page d&#8217;accueil personnalis\u00e9e<\/li>\n\n\n\n<li>Option page de cl\u00f4ture avec un lien vers l\u2019organisation au lieu d\u2019une premi\u00e8re consultation gratuite<\/li>\n<\/ul>\n\n\n\n<p>\n          <strong>\u00c9tendue de la configuration :<\/strong>\n        <\/p>\n\n\n\n<ul class=\"wp-block-list\">\n<li>Mise en place de l\u2019option white-label<\/li>\n\n\n\n<li>Cr\u00e9ation d&#8217;un abonnement<\/li>\n\n\n\n<li>Configuration d\u2019un nom de domaine individuel<\/li>\n\n\n\n<li>Test avec l\u2019organisation partenaire et une heure d\u2019assistance technique par un d\u00e9veloppeur ou une d\u00e9veloppeuse de logiciels senior<\/li>\n<\/ul>\n\n\n\n<p><\/p>\n<\/div>\n<\/div>\n\n\n\n<figure class=\"wp-block-table alignwide is-style-regular has-medium-font-size\"><table class=\"has-da-blue-light-background-color has-background\"><thead><tr><td class=\"has-text-align-left\" data-align=\"left\" rowspan=\"2\">\n          <strong>Revenu des ONG en CHF<\/strong>\n        <\/td><th class=\"has-text-align-center\" data-align=\"center\">\n          <strong>Tr\u00e8s petite ONG <\/strong>\n        <\/th><th class=\"has-text-align-center\" data-align=\"center\">\n          <strong>Petite ONG<\/strong>\n        <\/th><th class=\"has-text-align-center\" data-align=\"center\">\n          <strong>ONG moyenne<\/strong>\n        <\/th><th class=\"has-text-align-center\" data-align=\"center\">\n          <strong>Grande ONG<\/strong>\n        <\/th><\/tr><tr><td class=\"has-text-align-center\" data-align=\"center\">\n          <strong>&lt; 2 millions<\/strong>\n        <\/td><td class=\"has-text-align-center\" data-align=\"center\">\n          <strong>2 \u00e0 6 millions<\/strong>\n        <\/td><td class=\"has-text-align-center\" data-align=\"center\">\n          <strong>6 \u00e0 30 millions<\/strong>\n        <\/td><td class=\"has-text-align-center\" data-align=\"center\">\n          <strong>&gt; 30 millions<\/strong>\n        <\/td><\/tr><\/thead><tbody><tr><td class=\"has-text-align-left\" data-align=\"left\"><strong>Abonnement de base<\/strong><br>(en CHF par an, hors TVA)  <\/td><td class=\"has-text-align-center\" data-align=\"center\"><strong>CHF<\/strong> <strong>1&#8217;900<\/strong><\/td><td class=\"has-text-align-center\" data-align=\"center\"><strong>CHF<\/strong> <strong>2&#8217;700<\/strong><\/td><td class=\"has-text-align-center\" data-align=\"center\"><strong>CHF<\/strong> <strong>3&#8217;900<\/strong><\/td><td class=\"has-text-align-center\" data-align=\"center\"><strong>CHF<\/strong> <strong>5&#8217;400<\/strong><\/td><\/tr><tr><td class=\"has-text-align-left\" data-align=\"left\"><strong>Solution white-label<\/strong><br>y compris configuration unique (en CHF, hors TVA) <\/td><td class=\"has-text-align-center\" data-align=\"center\" colspan=\"4\"><strong>+ <strong>CHF<\/strong><\/strong> <strong>5900<\/strong> (solution white-label par ann\u00e9e)<br><strong>+ <strong>CHF<\/strong><\/strong> <strong>1900<\/strong> (configuration unique)<\/td><\/tr><tr><td class=\"has-text-align-left\" data-align=\"left\">Top-listing :<br><strong>Assistant testamentaire en ligne<\/strong><br>(en CHF par an, hors TVA)<\/td><td class=\"has-text-align-center\" data-align=\"center\"><strong>+ <strong>CHF<\/strong><\/strong><strong>2400<\/strong><\/td><td class=\"has-text-align-center\" data-align=\"center\"><strong>+ <strong>CHF <\/strong><\/strong><strong>3400<\/strong><\/td><td class=\"has-text-align-center\" data-align=\"center\"><strong>+ <strong>CHF<\/strong><\/strong><strong>4900<\/strong><\/td><td class=\"has-text-align-center\" data-align=\"center\"><strong>+ <strong>CHF<\/strong><\/strong><strong>5400<\/strong><\/td><\/tr><tr><td class=\"has-text-align-left\" data-align=\"left\">Top-listing :<br><strong>R\u00e9pertoire<\/strong><br>(en CHF par an, hors TVA)<\/td><td class=\"has-text-align-center\" data-align=\"center\"><strong>+ <strong>CHF<\/strong><\/strong><strong>1400<\/strong><\/td><td class=\"has-text-align-center\" data-align=\"center\"><strong>+ <strong>CHF<\/strong><\/strong><strong>1900<\/strong><\/td><td class=\"has-text-align-center\" data-align=\"center\"><strong>+ <strong>CHF<\/strong><\/strong><strong>2900<\/strong><\/td><td class=\"has-text-align-center\" data-align=\"center\"><strong>+ <strong>CHF <\/strong><\/strong><strong>3400<\/strong><\/td><\/tr><tr><td class=\"has-text-align-left\" data-align=\"left\">Webinaires<br>(en CHF par an, hors TVA)<\/td><td class=\"has-text-align-center\" data-align=\"center\" colspan=\"4\"><strong>+ <strong>CHF<\/strong><\/strong> <strong>600 <\/strong> <\/td><\/tr><\/tbody><\/table><\/figure>\n\n\n\n<div style=\"height:50px\" aria-hidden=\"true\" class=\"wp-block-spacer\"><\/div>\n\n\n\n<div class=\"wp-block-group alignwide is-layout-flex wp-block-group-is-layout-flex\"><\/div>\n\n\n\n<div style=\"height:20px\" aria-hidden=\"true\" class=\"wp-block-spacer\"><\/div>\n\n\n\n<div style=\"height:120px\" aria-hidden=\"true\" class=\"wp-block-spacer\"><\/div>\n\n\n\n<div class=\"wp-block-group alignwide is-layout-flex wp-block-group-is-layout-flex\">\n<div class=\"wp-block-columns full-width sm-w-full is-layout-flex wp-container-core-columns-is-layout-28f84493 wp-block-columns-is-layout-flex\">\n<div class=\"wp-block-column is-layout-flow wp-block-column-is-layout-flow\" style=\"flex-basis:9%\"><\/div>\n\n\n\n<div class=\"wp-block-column is-layout-flow wp-block-column-is-layout-flow\" style=\"flex-basis:82%\">\n<div class=\"wp-block-cover mb-p-2-5\" style=\"padding-top:28px;padding-right:88px;padding-bottom:28px;padding-left:88px;min-height:316px;aspect-ratio:unset;\"><span aria-hidden=\"true\" class=\"wp-block-cover__background has-da-default-background-color has-background-dim-100 has-background-dim\"><\/span><div class=\"wp-block-cover__inner-container is-layout-flow wp-block-cover-is-layout-flow\">\n<p class=\"mb-0\" id=\"h-jetzt-partner-in-von-deinadieu-de-werden\" style=\"font-size:48px;font-style:normal;font-weight:600;line-height:1\">Devenir partenaire de DeinAdieu.ch<\/p>\n\n\n\n<p id=\"h-jetzt-partner-in-von-deinadieu-de-werden\" style=\"font-size:48px;font-style:normal;font-weight:600;line-height:1\">maintenant<\/p>\n\n\n\n<p>Nous nous ferons un plaisir de vous faire une d\u00e9monstration de toutes les fonctions de notre plateforme et de l&#8217;assistant testamentaire en ligne dans le cadre d&#8217;une r\u00e9union en ligne. Profitez de nos sept ann\u00e9es d&#8217;exp\u00e9rience dans le domaine de la collecte num\u00e9rique de fonds successoraux pour attirer des testatrices et testateurs potentiels.<\/p>\n\n\n\n<div style=\"height:20px\" aria-hidden=\"true\" class=\"wp-block-spacer\"><\/div>\n\n\n\n<div class=\"wp-block-buttons is-layout-flex wp-block-buttons-is-layout-flex\">\n<div class=\"wp-block-button is-style-outline-white\"><a class=\"wp-block-button__link wp-element-button\" href=\"https:\/\/www.deinadieu.ch\/fr\/demande-partenariat-avec-deinadieu\/\">Demander une consultation<\/a><\/div>\n<\/div>\n<\/div><\/div>\n<\/div>\n\n\n\n<div class=\"wp-block-column is-layout-flow wp-block-column-is-layout-flow\" style=\"flex-basis:9%\"><\/div>\n<\/div>\n\n\n\n<p><\/p>\n<\/div>\n\n\n\n<p><\/p>\n\n\n\n<h2 class=\"wp-block-heading\" id=\"h-\"><\/h2>\n\n\n\n<div class=\"wp-block-columns is-layout-flex wp-container-core-columns-is-layout-28f84493 wp-block-columns-is-layout-flex\"><\/div>\n\n\n\n<div style=\"height:6rem\" aria-hidden=\"true\" class=\"wp-block-spacer\"><\/div>\n\n\n\n<div class=\"wp-block-group is-content-justification-center is-nowrap is-layout-flex wp-container-core-group-is-layout-23441af8 wp-block-group-is-layout-flex\">\n<h4 class=\"wp-block-heading\">Ce que d&#8217;autres collecteurs\/-trices de fonds disent de nous : <\/h4>\n<\/div>\n\n\n\n<div style=\"height:140px\" aria-hidden=\"true\" class=\"wp-block-spacer\"><\/div>\n\n\n\n<hr class=\"wp-block-separator has-css-opacity alignwide is-style-wide\"\/>\n\n\n\n<div style=\"height:30px\" aria-hidden=\"true\" class=\"wp-block-spacer\"><\/div>\n\n\n\n<div class=\"wp-block-group alignwide is-layout-flex wp-block-group-is-layout-flex\">\n<p id=\"h-quellen\" style=\"font-size:30px;font-style:normal;font-weight:600\">Sources<\/p>\n<\/div>\n\n\n\n<p><\/p>\n\n\n\n<div class=\"wp-block-group alignwide is-layout-flex wp-block-group-is-layout-flex\">\n<p>1. \u00ab En Suisse, on h\u00e9rite plus que jamais auparavant : 95 milliards de francs suisses presque exon\u00e9r\u00e9s d&#8217;imp\u00f4ts \u00bb, NZZ\/Marius Br\u00fclhart, 10.12.2019<\/p>\n\n\n\n<p>2. Rapport sur les dons en Suisse, Swissfundraising et Fondation Zewo, 1\u00e8re \u00e9dition, d\u00e9cembre 2019 2019<\/p>\n\n\n\n<p><\/p>\n\n\n\n<p>3. Message du 29 ao\u00fbt 2018 concernant la r\u00e9vision du code civil suisse (Droit des successions), <a href=\"https:\/\/www.admin.ch\/opc\/de\/federal-gazette\/2018\/5813.pdf\">https:\/\/www.admin.ch\/opc\/de\/federal-gazette\/2018\/5813.pdf<\/a><\/p>\n\n\n\n<p>4. Des milliards suppl\u00e9mentaires attendus pour les ONG suisses \u2013 Entretien avec le Dr Br\u00fclhart (HEC Lausanne), DeinAdieu, 7.10.2020, <a href=\"https:\/\/www.deinadieu.ch\/fr\/des-milliards-supplementaires-attendus-pour-les-ong-suisses-entretien-avec-le-dr-bruelhart-hec-lausanne\/\">https:\/\/www.deinadieu.ch\/zusaetzliche-milliarden-fuer-schweizer-ngos\/<\/a><\/p>\n\n\n\n<p>5. Rapport sur l\u2019enqu\u00eate \u00ab Outils de marketing en mati\u00e8re de successions et de legs \u00bb de DeinAdieu.ch, Zurich, septembre 2020, \u00e0 consulter <a href=\"https:\/\/survey.deinadieu.ch\/zs\/36B8GY\">ici<\/a><\/p>\n\n\n\n<p><\/p>\n\n\n\n<p><\/p>\n<\/div>\n\n\n\n<div style=\"height:80px\" aria-hidden=\"true\" class=\"wp-block-spacer\"><\/div>\n","protected":false},"excerpt":{"rendered":"<p>Collecte num\u00e9rique de fonds successorauxpour les organisations d\u2019utilit\u00e9 publique Pourquoi collecter des fonds successoraux ? Dans toute la Suisse, plus de 500 ONG se battent pour un volume de dons de 2,1 milliards de francs. Dans le contexte d&#8217;une concurrence de plus en plus rude pour la r\u00e9colte de dons et de subventions \u00e9tatiques de [&hellip;]<\/p>\n","protected":false},"author":4998,"featured_media":0,"parent":0,"menu_order":0,"comment_status":"closed","ping_status":"closed","template":"","meta":{"_acf_changed":false,"footnotes":""},"class_list":["post-64690","page","type-page","status-publish","hentry"],"acf":[],"yoast_head":"<title>La collecte de fonds successoraux en toute simplicit\u00e9 \u2013 avec DeinAdieu | DeinAdieu.ch<\/title>\n<meta name=\"description\" content=\"DeinAdieu hilft rund um die Themen Vorsorge, Testament, Patientenverf\u00fcgung, Vorsorgeauftrag und testamentarische Ber\u00fccksichtigung eines Schweizer Hilfswerks.\" \/>\n<meta name=\"robots\" content=\"index, follow, max-snippet:-1, max-image-preview:large, max-video-preview:-1\" \/>\n<link rel=\"canonical\" href=\"https:\/\/www.deinadieu.ch\/fr\/la-collecte-de-fonds-successoraux-en-toute-simplicite-avec-deinadieu\/\" \/>\n<meta property=\"og:locale\" content=\"fr_FR\" \/>\n<meta property=\"og:type\" content=\"article\" \/>\n<meta property=\"og:title\" content=\"La collecte de fonds successoraux en toute simplicit\u00e9 \u2013 avec DeinAdieu\" \/>\n<meta property=\"og:description\" content=\"Collecte num\u00e9rique de fonds successorauxpour les organisations d\u2019utilit\u00e9 publique Demander maintenant une consultation\" \/>\n<meta property=\"og:url\" content=\"https:\/\/www.deinadieu.ch\/fr\/la-collecte-de-fonds-successoraux-en-toute-simplicite-avec-deinadieu\/\" \/>\n<meta property=\"og:site_name\" content=\"DeinAdieu.ch\" \/>\n<meta property=\"article:publisher\" content=\"https:\/\/www.facebook.com\/deinadieu\" \/>\n<meta property=\"article:modified_time\" content=\"2024-11-20T10:57:36+00:00\" \/>\n<meta property=\"og:image\" content=\"https:\/\/www.deinadieu.ch\/wp-content\/uploads\/2023\/04\/Frame-36.png\" \/>\n\t<meta property=\"og:image:width\" content=\"1093\" \/>\n\t<meta property=\"og:image:height\" content=\"645\" \/>\n\t<meta property=\"og:image:type\" content=\"image\/png\" \/>\n<meta name=\"twitter:card\" content=\"summary_large_image\" \/>\n<meta name=\"twitter:site\" content=\"@DeinAdieu\" \/>\n<meta name=\"twitter:label1\" content=\"Est. reading time\" \/>\n\t<meta name=\"twitter:data1\" content=\"12 minutes\" \/>\n<script type=\"application\/ld+json\" class=\"yoast-schema-graph\">{\"@context\":\"https:\\\/\\\/schema.org\",\"@graph\":[{\"@type\":\"WebPage\",\"@id\":\"https:\\\/\\\/www.deinadieu.ch\\\/fr\\\/la-collecte-de-fonds-successoraux-en-toute-simplicite-avec-deinadieu\\\/\",\"url\":\"https:\\\/\\\/www.deinadieu.ch\\\/fr\\\/la-collecte-de-fonds-successoraux-en-toute-simplicite-avec-deinadieu\\\/\",\"name\":\"La collecte de fonds successoraux en toute simplicit\u00e9 \u2013 avec DeinAdieu | DeinAdieu.ch\",\"isPartOf\":{\"@id\":\"https:\\\/\\\/www.deinadieu.ch\\\/fr\\\/#website\"},\"primaryImageOfPage\":{\"@id\":\"https:\\\/\\\/www.deinadieu.ch\\\/fr\\\/la-collecte-de-fonds-successoraux-en-toute-simplicite-avec-deinadieu\\\/#primaryimage\"},\"image\":{\"@id\":\"https:\\\/\\\/www.deinadieu.ch\\\/fr\\\/la-collecte-de-fonds-successoraux-en-toute-simplicite-avec-deinadieu\\\/#primaryimage\"},\"thumbnailUrl\":\"https:\\\/\\\/www.deinadieu.ch\\\/wp-content\\\/uploads\\\/2023\\\/04\\\/Frame-36-1024x604.png\",\"datePublished\":\"2023-06-21T13:00:57+00:00\",\"dateModified\":\"2024-11-20T10:57:36+00:00\",\"description\":\"DeinAdieu hilft rund um die Themen Vorsorge, Testament, Patientenverf\u00fcgung, Vorsorgeauftrag und testamentarische Ber\u00fccksichtigung eines Schweizer Hilfswerks.\",\"breadcrumb\":{\"@id\":\"https:\\\/\\\/www.deinadieu.ch\\\/fr\\\/la-collecte-de-fonds-successoraux-en-toute-simplicite-avec-deinadieu\\\/#breadcrumb\"},\"inLanguage\":\"fr-FR\",\"potentialAction\":[{\"@type\":\"ReadAction\",\"target\":[\"https:\\\/\\\/www.deinadieu.ch\\\/fr\\\/la-collecte-de-fonds-successoraux-en-toute-simplicite-avec-deinadieu\\\/\"]}]},{\"@type\":\"ImageObject\",\"inLanguage\":\"fr-FR\",\"@id\":\"https:\\\/\\\/www.deinadieu.ch\\\/fr\\\/la-collecte-de-fonds-successoraux-en-toute-simplicite-avec-deinadieu\\\/#primaryimage\",\"url\":\"https:\\\/\\\/www.deinadieu.ch\\\/wp-content\\\/uploads\\\/2023\\\/04\\\/Frame-36-1024x604.png\",\"contentUrl\":\"https:\\\/\\\/www.deinadieu.ch\\\/wp-content\\\/uploads\\\/2023\\\/04\\\/Frame-36-1024x604.png\"},{\"@type\":\"BreadcrumbList\",\"@id\":\"https:\\\/\\\/www.deinadieu.ch\\\/fr\\\/la-collecte-de-fonds-successoraux-en-toute-simplicite-avec-deinadieu\\\/#breadcrumb\",\"itemListElement\":[{\"@type\":\"ListItem\",\"position\":1,\"name\":\"Home\",\"item\":\"https:\\\/\\\/www.deinadieu.ch\\\/fr\\\/deinadieu-dialog-und-serviceportal-zum-lebensende\\\/\"},{\"@type\":\"ListItem\",\"position\":2,\"name\":\"La collecte de fonds successoraux en toute simplicit\u00e9 \u2013 avec DeinAdieu\"}]},{\"@type\":\"WebSite\",\"@id\":\"https:\\\/\\\/www.deinadieu.ch\\\/fr\\\/#website\",\"url\":\"https:\\\/\\\/www.deinadieu.ch\\\/fr\\\/\",\"name\":\"DeinAdieu.ch\",\"description\":\"Testament, Patientenverf\u00fcgung und Vorsorgeauftrag\",\"publisher\":{\"@id\":\"https:\\\/\\\/www.deinadieu.ch\\\/fr\\\/#organization\"},\"potentialAction\":[{\"@type\":\"SearchAction\",\"target\":{\"@type\":\"EntryPoint\",\"urlTemplate\":\"https:\\\/\\\/www.deinadieu.ch\\\/fr\\\/?s={search_term_string}\"},\"query-input\":{\"@type\":\"PropertyValueSpecification\",\"valueRequired\":true,\"valueName\":\"search_term_string\"}}],\"inLanguage\":\"fr-FR\"},{\"@type\":\"Organization\",\"@id\":\"https:\\\/\\\/www.deinadieu.ch\\\/fr\\\/#organization\",\"name\":\"EMNA Web GmbH\",\"url\":\"https:\\\/\\\/www.deinadieu.ch\\\/fr\\\/\",\"logo\":{\"@type\":\"ImageObject\",\"inLanguage\":\"fr-FR\",\"@id\":\"https:\\\/\\\/www.deinadieu.ch\\\/fr\\\/#\\\/schema\\\/logo\\\/image\\\/\",\"url\":\"https:\\\/\\\/www.deinadieu.ch\\\/wp-content\\\/uploads\\\/2016\\\/01\\\/DeinAdieu_Logo.png\",\"contentUrl\":\"https:\\\/\\\/www.deinadieu.ch\\\/wp-content\\\/uploads\\\/2016\\\/01\\\/DeinAdieu_Logo.png\",\"width\":300,\"height\":117,\"caption\":\"EMNA Web GmbH\"},\"image\":{\"@id\":\"https:\\\/\\\/www.deinadieu.ch\\\/fr\\\/#\\\/schema\\\/logo\\\/image\\\/\"},\"sameAs\":[\"https:\\\/\\\/www.facebook.com\\\/deinadieu\",\"https:\\\/\\\/x.com\\\/DeinAdieu\",\"https:\\\/\\\/www.instagram.com\\\/deinadieu\\\/\",\"https:\\\/\\\/www.linkedin.com\\\/company\\\/deinadieu.ch\"]}]}<\/script>","yoast_head_json":{"title":"La collecte de fonds successoraux en toute simplicit\u00e9 \u2013 avec DeinAdieu | DeinAdieu.ch","description":"DeinAdieu hilft rund um die Themen Vorsorge, Testament, Patientenverf\u00fcgung, Vorsorgeauftrag und testamentarische Ber\u00fccksichtigung eines Schweizer Hilfswerks.","robots":{"index":"index","follow":"follow","max-snippet":"max-snippet:-1","max-image-preview":"max-image-preview:large","max-video-preview":"max-video-preview:-1"},"canonical":"https:\/\/www.deinadieu.ch\/fr\/la-collecte-de-fonds-successoraux-en-toute-simplicite-avec-deinadieu\/","og_locale":"fr_FR","og_type":"article","og_title":"La collecte de fonds successoraux en toute simplicit\u00e9 \u2013 avec DeinAdieu","og_description":"Collecte num\u00e9rique de fonds successorauxpour les organisations d\u2019utilit\u00e9 publique Demander maintenant une consultation","og_url":"https:\/\/www.deinadieu.ch\/fr\/la-collecte-de-fonds-successoraux-en-toute-simplicite-avec-deinadieu\/","og_site_name":"DeinAdieu.ch","article_publisher":"https:\/\/www.facebook.com\/deinadieu","article_modified_time":"2024-11-20T10:57:36+00:00","og_image":[{"width":1093,"height":645,"url":"https:\/\/www.deinadieu.ch\/wp-content\/uploads\/2023\/04\/Frame-36.png","type":"image\/png"}],"twitter_card":"summary_large_image","twitter_site":"@DeinAdieu","twitter_misc":{"Est. reading time":"12 minutes"},"schema":{"@context":"https:\/\/schema.org","@graph":[{"@type":"WebPage","@id":"https:\/\/www.deinadieu.ch\/fr\/la-collecte-de-fonds-successoraux-en-toute-simplicite-avec-deinadieu\/","url":"https:\/\/www.deinadieu.ch\/fr\/la-collecte-de-fonds-successoraux-en-toute-simplicite-avec-deinadieu\/","name":"La collecte de fonds successoraux en toute simplicit\u00e9 \u2013 avec DeinAdieu | DeinAdieu.ch","isPartOf":{"@id":"https:\/\/www.deinadieu.ch\/fr\/#website"},"primaryImageOfPage":{"@id":"https:\/\/www.deinadieu.ch\/fr\/la-collecte-de-fonds-successoraux-en-toute-simplicite-avec-deinadieu\/#primaryimage"},"image":{"@id":"https:\/\/www.deinadieu.ch\/fr\/la-collecte-de-fonds-successoraux-en-toute-simplicite-avec-deinadieu\/#primaryimage"},"thumbnailUrl":"https:\/\/www.deinadieu.ch\/wp-content\/uploads\/2023\/04\/Frame-36-1024x604.png","datePublished":"2023-06-21T13:00:57+00:00","dateModified":"2024-11-20T10:57:36+00:00","description":"DeinAdieu hilft rund um die Themen Vorsorge, Testament, Patientenverf\u00fcgung, Vorsorgeauftrag und testamentarische Ber\u00fccksichtigung eines Schweizer Hilfswerks.","breadcrumb":{"@id":"https:\/\/www.deinadieu.ch\/fr\/la-collecte-de-fonds-successoraux-en-toute-simplicite-avec-deinadieu\/#breadcrumb"},"inLanguage":"fr-FR","potentialAction":[{"@type":"ReadAction","target":["https:\/\/www.deinadieu.ch\/fr\/la-collecte-de-fonds-successoraux-en-toute-simplicite-avec-deinadieu\/"]}]},{"@type":"ImageObject","inLanguage":"fr-FR","@id":"https:\/\/www.deinadieu.ch\/fr\/la-collecte-de-fonds-successoraux-en-toute-simplicite-avec-deinadieu\/#primaryimage","url":"https:\/\/www.deinadieu.ch\/wp-content\/uploads\/2023\/04\/Frame-36-1024x604.png","contentUrl":"https:\/\/www.deinadieu.ch\/wp-content\/uploads\/2023\/04\/Frame-36-1024x604.png"},{"@type":"BreadcrumbList","@id":"https:\/\/www.deinadieu.ch\/fr\/la-collecte-de-fonds-successoraux-en-toute-simplicite-avec-deinadieu\/#breadcrumb","itemListElement":[{"@type":"ListItem","position":1,"name":"Home","item":"https:\/\/www.deinadieu.ch\/fr\/deinadieu-dialog-und-serviceportal-zum-lebensende\/"},{"@type":"ListItem","position":2,"name":"La collecte de fonds successoraux en toute simplicit\u00e9 \u2013 avec DeinAdieu"}]},{"@type":"WebSite","@id":"https:\/\/www.deinadieu.ch\/fr\/#website","url":"https:\/\/www.deinadieu.ch\/fr\/","name":"DeinAdieu.ch","description":"Testament, Patientenverf\u00fcgung und Vorsorgeauftrag","publisher":{"@id":"https:\/\/www.deinadieu.ch\/fr\/#organization"},"potentialAction":[{"@type":"SearchAction","target":{"@type":"EntryPoint","urlTemplate":"https:\/\/www.deinadieu.ch\/fr\/?s={search_term_string}"},"query-input":{"@type":"PropertyValueSpecification","valueRequired":true,"valueName":"search_term_string"}}],"inLanguage":"fr-FR"},{"@type":"Organization","@id":"https:\/\/www.deinadieu.ch\/fr\/#organization","name":"EMNA Web GmbH","url":"https:\/\/www.deinadieu.ch\/fr\/","logo":{"@type":"ImageObject","inLanguage":"fr-FR","@id":"https:\/\/www.deinadieu.ch\/fr\/#\/schema\/logo\/image\/","url":"https:\/\/www.deinadieu.ch\/wp-content\/uploads\/2016\/01\/DeinAdieu_Logo.png","contentUrl":"https:\/\/www.deinadieu.ch\/wp-content\/uploads\/2016\/01\/DeinAdieu_Logo.png","width":300,"height":117,"caption":"EMNA Web GmbH"},"image":{"@id":"https:\/\/www.deinadieu.ch\/fr\/#\/schema\/logo\/image\/"},"sameAs":["https:\/\/www.facebook.com\/deinadieu","https:\/\/x.com\/DeinAdieu","https:\/\/www.instagram.com\/deinadieu\/","https:\/\/www.linkedin.com\/company\/deinadieu.ch"]}]}},"_links":{"self":[{"href":"https:\/\/www.deinadieu.ch\/fr\/wp-json\/wp\/v2\/pages\/64690","targetHints":{"allow":["GET"]}}],"collection":[{"href":"https:\/\/www.deinadieu.ch\/fr\/wp-json\/wp\/v2\/pages"}],"about":[{"href":"https:\/\/www.deinadieu.ch\/fr\/wp-json\/wp\/v2\/types\/page"}],"author":[{"embeddable":true,"href":"https:\/\/www.deinadieu.ch\/fr\/wp-json\/wp\/v2\/users\/4998"}],"replies":[{"embeddable":true,"href":"https:\/\/www.deinadieu.ch\/fr\/wp-json\/wp\/v2\/comments?post=64690"}],"version-history":[{"count":21,"href":"https:\/\/www.deinadieu.ch\/fr\/wp-json\/wp\/v2\/pages\/64690\/revisions"}],"predecessor-version":[{"id":68779,"href":"https:\/\/www.deinadieu.ch\/fr\/wp-json\/wp\/v2\/pages\/64690\/revisions\/68779"}],"wp:attachment":[{"href":"https:\/\/www.deinadieu.ch\/fr\/wp-json\/wp\/v2\/media?parent=64690"}],"curies":[{"name":"wp","href":"https:\/\/api.w.org\/{rel}","templated":true}]}}