{"id":62921,"date":"2023-03-22T08:48:23","date_gmt":"2023-03-22T07:48:23","guid":{"rendered":"https:\/\/www.deinadieu.ch\/foire-aux-questions-faq\/"},"modified":"2024-09-25T08:53:40","modified_gmt":"2024-09-25T06:53:40","slug":"foire-aux-questions-faq","status":"publish","type":"page","link":"https:\/\/www.deinadieu.ch\/fr\/foire-aux-questions-faq\/","title":{"rendered":"Foire aux questions \u2013 FAQ"},"content":{"rendered":"\n<div class=\"wp-block-cover is-light\" style=\"padding-top:0;padding-right:0;padding-bottom:0;padding-left:0;min-height:200px;aspect-ratio:unset;\"><span aria-hidden=\"true\" class=\"wp-block-cover__background has-white-background-color has-background-dim-0 has-background-dim\"><\/span><img loading=\"lazy\" decoding=\"async\" width=\"1396\" height=\"200\" class=\"wp-block-cover__image-background wp-image-62684\" alt=\"\" src=\"https:\/\/www.deinadieu.ch\/wp-content\/uploads\/2023\/03\/purple-background.png\" style=\"object-position:60% 59%\" data-object-fit=\"cover\" data-object-position=\"60% 59%\" srcset=\"https:\/\/www.deinadieu.ch\/wp-content\/uploads\/2023\/03\/purple-background.png 1396w, https:\/\/www.deinadieu.ch\/wp-content\/uploads\/2023\/03\/purple-background-300x43.png 300w, https:\/\/www.deinadieu.ch\/wp-content\/uploads\/2023\/03\/purple-background-1024x147.png 1024w\" sizes=\"auto, (max-width: 1396px) 100vw, 1396px\" \/><div class=\"wp-block-cover__inner-container is-layout-flow wp-block-cover-is-layout-flow\">\n<p class=\"has-text-align-center has-white-color has-text-color has-large-font-size\">Objectifs et approche de DeinAdieu<\/p>\n<\/div><\/div>\n\n<div class=\"wp-block-columns is-layout-flex wp-container-core-columns-is-layout-28f84493 wp-block-columns-is-layout-flex\">\n<div class=\"wp-block-column is-layout-flow wp-block-column-is-layout-flow\">\n<h2 class=\"wp-block-heading\" id=\"h-was-ist-das-ziel-von-deinadieu\">Quel est l&#8217;<strong>objectif<\/strong> de DeinAdieu ?<\/h2>\n\n\n\n<p>En Suisse, seule une tr\u00e8s petite partie du volume des successions est l\u00e9gu\u00e9e \u00e0 des fins d&#8217;utilit\u00e9 publique. DeinAdieu souhaite augmenter la part du patrimoine l\u00e9gu\u00e9 \u00e0 des fins d&#8217;utilit\u00e9 publique par rapport au total des biens transmis pour cause de mort, estim\u00e9e actuellement \u00e0 3 pour mille.<\/p>\n<\/div>\n\n\n\n<div class=\"wp-block-column is-layout-flow wp-block-column-is-layout-flow\">\n<h2 class=\"wp-block-heading\" id=\"h-welche-ansatze-verfolgt-deinadieu\">Quelle est l&#8217;<strong>approche<\/strong> de DeinAdieu ?<\/h2>\n\n\n\n<p>D&#8217;une part, le taux de testaments, actuellement de 25%, doit \u00eatre augment\u00e9 car, sans testament, la prise en compte d&#8217;une ONG n&#8217;est pas possible. D&#8217;autre part, le taux d&#8217;inclusion des ONG dans les testaments doit \u00eatre augment\u00e9.<\/p>\n<\/div>\n<\/div>\n\n<p><\/p>\n\n<div class=\"wp-block-columns is-layout-flex wp-container-core-columns-is-layout-28f84493 wp-block-columns-is-layout-flex\">\n<div class=\"wp-block-column is-layout-flow wp-block-column-is-layout-flow\">\n<div style=\"height:100px\" aria-hidden=\"true\" class=\"wp-block-spacer\"><\/div>\n\n\n\n<div class=\"wp-block-cover is-light\" style=\"min-height:200px;aspect-ratio:unset;\"><span aria-hidden=\"true\" class=\"wp-block-cover__background has-background-dim-0 has-background-dim\"><\/span><img loading=\"lazy\" decoding=\"async\" width=\"1396\" height=\"200\" class=\"wp-block-cover__image-background wp-image-62678\" alt=\"\" src=\"https:\/\/www.deinadieu.ch\/wp-content\/uploads\/2023\/03\/bluebackground.png\" style=\"object-position:60% 59%\" data-object-fit=\"cover\" data-object-position=\"60% 59%\" srcset=\"https:\/\/www.deinadieu.ch\/wp-content\/uploads\/2023\/03\/bluebackground.png 1396w, https:\/\/www.deinadieu.ch\/wp-content\/uploads\/2023\/03\/bluebackground-300x43.png 300w, https:\/\/www.deinadieu.ch\/wp-content\/uploads\/2023\/03\/bluebackground-1024x147.png 1024w\" sizes=\"auto, (max-width: 1396px) 100vw, 1396px\" \/><div class=\"wp-block-cover__inner-container is-layout-flow wp-block-cover-is-layout-flow\">\n<p class=\"has-text-align-center has-white-color has-text-color has-large-font-size\">Taux de testaments et taux d&#8217;inclusion dans les testaments <\/p>\n<\/div><\/div>\n<\/div>\n<\/div>\n\n<div class=\"wp-block-columns is-layout-flex wp-container-core-columns-is-layout-28f84493 wp-block-columns-is-layout-flex\">\n<div class=\"wp-block-column is-layout-flow wp-block-column-is-layout-flow\">\n<h3 class=\"wp-block-heading\" id=\"h-warum-ist-die-testierquote-so-tief\">Pourquoi le <strong>taux de testaments<\/strong> est-il si bas ?<\/h3>\n\n\n\n<p>Les instructions et les guides pour la r\u00e9daction d&#8217;un testament sont trop compliqu\u00e9s pour la plupart des testatrices et testateurs. Le recours \u00e0 un avocat d\u00e9courage de nombreuses testatrices et de nombreux testateurs.  Ils et elles craignent des co\u00fbts \u00e9lev\u00e9s ou la divulgation de leurs finances priv\u00e9es ou de conflits familiaux. Enfin, le fait de savoir que l&#8217;on est \u00e9ph\u00e9m\u00e8re et donc de r\u00e9diger un testament s&#8217;accompagne de sentiments d\u00e9sagr\u00e9ables. Cependant, il existe aussi un groupe de testatrices et testateurs potentiels pour qui la d\u00e9volution successorale l\u00e9gale donne des r\u00e9sultats satisfaisants.<\/p>\n<\/div>\n\n\n\n<div class=\"wp-block-column is-layout-flow wp-block-column-is-layout-flow\">\n<h3 class=\"wp-block-heading\" id=\"h-wie-steigert-deinadieu-die-testierquote\">Comment DeinAdieu <strong>augmente-t-il<\/strong> le <strong>taux de testaments <\/strong>?<\/h3>\n\n\n\n<p>L&#8217;assistant testamentaire en ligne de DeinAdieu l\u00e8ve de nombreuses craintes :<\/p>\n\n\n\n<ul class=\"wp-block-list\">\n<li>Il est 100% gratuit.<\/li>\n\n\n\n<li>Le mod\u00e8le de testament est r\u00e9dig\u00e9 en quelques minutes.<\/li>\n\n\n\n<li>Il n&#8217;est pas n\u00e9cessaire de se rendre chez un conseiller, mais cela reste possible.<\/li>\n<\/ul>\n\n\n\n<p>Pour toutes ces raisons, l&#8217;outil est utilis\u00e9 plusieurs milliers de fois par an.<\/p>\n<\/div>\n<\/div>\n\n<div class=\"wp-block-columns is-layout-flex wp-container-core-columns-is-layout-28f84493 wp-block-columns-is-layout-flex\">\n<div class=\"wp-block-column is-layout-flow wp-block-column-is-layout-flow\">\n<h3 class=\"wp-block-heading\" id=\"h-wie-steigert-deinadieu-ch-die-berucksichtigungsquote\">Comment DeinAdieu.ch augmente-t-il le <strong>taux d&#8217;inclusion dans les testaments<\/strong>?<\/h3>\n\n\n\n<p>Lors de la cr\u00e9ation d&#8217;un mod\u00e8le de testament ou lors d&#8217;une consultation gratuite, l&#8217;organisation source (en cas d&#8217;acc\u00e8s via le site internet de l&#8217;organisation) ou toutes les organisations (en cas d&#8217;acc\u00e8s via DeinAdieu.ch) sont propos\u00e9es pour \u00eatre incluses dans le testament. Cela permet de montrer aux personnes qui r\u00e9digent un testament qu&#8217;elles peuvent inclure une ONG dans leur testament sans effort suppl\u00e9mentaire.<\/p>\n<\/div>\n\n\n\n<div class=\"wp-block-column is-layout-flow wp-block-column-is-layout-flow\">\n<h3 class=\"wp-block-heading\" id=\"h-mussen-die-leute-denn-nicht-zusatzlich-noch-gepusht-werden\">Les gens n&#8217;ont-ils pas besoin d&#8217;\u00eatre \u00ab <strong>pouss\u00e9s<\/strong> \u00bb davantage ?<\/h3>\n\n\n\n<p>Non. S&#8217;il y a une bonne relation entre l&#8217;ONG, d&#8217;une part, et les donateurs, les donatrices et les membres, d&#8217;autre part, et si le rapport de confiance est bon, la base pour une inclusion de l&#8217;ONG dans le testament existe. En facilitant, pour les testatrices et les testateurs, le processus de r\u00e9daction d&#8217;un testament et d&#8217;inclusion des ONG dans celui-ci, de nombreux obstacles sont d\u00e9j\u00e0 supprim\u00e9s. <\/p>\n<\/div>\n<\/div>\n\n<div class=\"wp-block-columns is-layout-flex wp-container-core-columns-is-layout-28f84493 wp-block-columns-is-layout-flex\">\n<div class=\"wp-block-column is-layout-flow wp-block-column-is-layout-flow\">\n<h3 class=\"wp-block-heading\" id=\"h-was-konnen-organisationen-tun-um-die-berucksichtigung-auf-der-eigenen-page-zu-steigern\">Que peuvent faire les organisations pour <strong>augmenter le taux d&#8217;inclusion dans les testaments \u00e0 partir de leur propre page<\/strong> ?<\/h3>\n\n\n\n<p>Chaque ONG devrait attirer l&#8217;attention sur le fait qu&#8217;il est l\u00e9gitime de penser \u00e0 l&#8217;organisation en question dans le cadre de la r\u00e9daction de son testament. En outre, elle devrait indiquer qu&#8217;elle propose sur sa propre page une assistance au r\u00e8glement de la succession (assistant testamentaire en ligne et consultation gratuite). Il est recommand\u00e9 d&#8217;utiliser tous les canaux de communication : courriel, r\u00e9seaux sociaux, mailings, rapports annuels, newsletters, flyers et \u00e9galement, de mani\u00e8re cibl\u00e9e, adwords.<\/p>\n\n\n\n<p>Nous d\u00e9conseillons de lancer de vastes campagnes d&#8217;adwords sur le th\u00e8me des testaments. En effet, afin de minimiser la perte de diffusion, il faudrait id\u00e9alement faire de la publicit\u00e9 cibl\u00e9e pour le soutien de l&#8217;organisation par testament.<\/p>\n<\/div>\n\n\n\n<div class=\"wp-block-column is-layout-flow wp-block-column-is-layout-flow\"><\/div>\n<\/div>\n\n<div style=\"height:100px\" aria-hidden=\"true\" class=\"wp-block-spacer\"><\/div>\n\n<div class=\"wp-block-cover is-light\" style=\"min-height:200px;aspect-ratio:unset;\"><span aria-hidden=\"true\" class=\"wp-block-cover__background has-background-dim-0 has-background-dim\"><\/span><img loading=\"lazy\" decoding=\"async\" width=\"1396\" height=\"200\" class=\"wp-block-cover__image-background wp-image-62688\" alt=\"\" src=\"https:\/\/www.deinadieu.ch\/wp-content\/uploads\/2023\/03\/yellow-background.png\" style=\"object-position:60% 59%\" data-object-fit=\"cover\" data-object-position=\"60% 59%\" srcset=\"https:\/\/www.deinadieu.ch\/wp-content\/uploads\/2023\/03\/yellow-background.png 1396w, https:\/\/www.deinadieu.ch\/wp-content\/uploads\/2023\/03\/yellow-background-300x43.png 300w, https:\/\/www.deinadieu.ch\/wp-content\/uploads\/2023\/03\/yellow-background-1024x147.png 1024w\" sizes=\"auto, (max-width: 1396px) 100vw, 1396px\" \/><div class=\"wp-block-cover__inner-container is-layout-flow wp-block-cover-is-layout-flow\">\n<p class=\"has-text-align-center has-white-color has-text-color has-large-font-size\">Groupe cible et port\u00e9e<\/p>\n<\/div><\/div>\n\n<div class=\"wp-block-columns is-layout-flex wp-container-core-columns-is-layout-28f84493 wp-block-columns-is-layout-flex\">\n<div class=\"wp-block-column is-layout-flow wp-block-column-is-layout-flow\">\n<h3 class=\"wp-block-heading\" id=\"h-welche-zielgruppe-ist-ideal\">Quel est le <strong>groupe cible<\/strong> id\u00e9al ?<\/h3>\n\n\n\n<p>De mani\u00e8re g\u00e9n\u00e9rale, nous vous recommandons de soumettre ce sujet \u00e0 vos donateurs, donatrices, membres, clients, clientes, m\u00e9c\u00e8nes, etc. \u00e0 partir de l&#8217;\u00e2ge de 55 ans. Les outils en ligne permettent d&#8217;atteindre les personnes jusqu&#8217;\u00e0 70 ans environ. L&#8217;accent est mis sur les donatrices et donateurs au sens large qui ont id\u00e9alement une fr\u00e9quence de don \u00e9lev\u00e9e et un lien consolid\u00e9 avec l&#8217;organisation. <\/p>\n\n\n\n<p>Les donatrices et donateurs principaux (Major Donors) ne font pas partie du groupe cible principal pour deux raisons : d&#8217;une part, ce groupe cible dispose g\u00e9n\u00e9ralement d\u00e9j\u00e0 d&#8217;un conseil juridique et, d&#8217;autre part, il ne se distingue pas statistiquement par le fait qu&#8217;il transmet davantage de legs\/d&#8217;h\u00e9ritages \u00e0 des fins d&#8217;utilit\u00e9 publique.<\/p>\n<\/div>\n\n\n\n<div class=\"wp-block-column is-layout-flow wp-block-column-is-layout-flow\">\n<h3 class=\"wp-block-heading\" id=\"h-wie-bewirbt-deinadieu-der-online-testament-assistent\">Comment DeinAdieu fait-il la promotion de l&#8217;assistant testamentaire en ligne ?<\/h3>\n\n\n\n<p>DeinAdieu fait de la publicit\u00e9 avec toute la gamme des outils marketing en ligne possibles : campagnes de courriels, SEO, SEA, r\u00e9seaux sociaux et strat\u00e9gies de liens.<\/p>\n<\/div>\n<\/div>\n\n<div class=\"wp-block-columns is-layout-flex wp-container-core-columns-is-layout-28f84493 wp-block-columns-is-layout-flex\">\n<div class=\"wp-block-column is-layout-flow wp-block-column-is-layout-flow\">\n<h3 class=\"wp-block-heading\" id=\"h-wie-viele-besucher-innen-verzeichnet-deinadieu-ch-pro-jahr\"><strong>Combien de visiteuses et visiteurs<\/strong> par an DeinAdieu.ch recense-t-il ?<\/h3>\n\n\n\n<p>En 2022, plus d&#8217;un million d&#8217;utilisatrices et d&#8217;utilisateurs uniques ont consult\u00e9 DeinAdieu.ch.<\/p>\n<\/div>\n\n\n\n<div class=\"wp-block-column is-layout-flow wp-block-column-is-layout-flow\">\n<p><\/p>\n<\/div>\n<\/div>\n\n<div style=\"height:100px\" aria-hidden=\"true\" class=\"wp-block-spacer\"><\/div>\n\n<div class=\"wp-block-cover is-light\" style=\"min-height:200px;aspect-ratio:unset;\"><span aria-hidden=\"true\" class=\"wp-block-cover__background has-background-dim-0 has-background-dim\"><\/span><img loading=\"lazy\" decoding=\"async\" width=\"1396\" height=\"200\" class=\"wp-block-cover__image-background wp-image-62684\" alt=\"\" src=\"https:\/\/www.deinadieu.ch\/wp-content\/uploads\/2023\/03\/purple-background.png\" style=\"object-position:60% 59%\" data-object-fit=\"cover\" data-object-position=\"60% 59%\" srcset=\"https:\/\/www.deinadieu.ch\/wp-content\/uploads\/2023\/03\/purple-background.png 1396w, https:\/\/www.deinadieu.ch\/wp-content\/uploads\/2023\/03\/purple-background-300x43.png 300w, https:\/\/www.deinadieu.ch\/wp-content\/uploads\/2023\/03\/purple-background-1024x147.png 1024w\" sizes=\"auto, (max-width: 1396px) 100vw, 1396px\" \/><div class=\"wp-block-cover__inner-container is-layout-flow wp-block-cover-is-layout-flow\">\n<p class=\"has-text-align-center has-white-color has-text-color has-large-font-size\">Mesure du succ\u00e8s, pledgers et leads<\/p>\n<\/div><\/div>\n\n<div class=\"wp-block-columns is-layout-flex wp-container-core-columns-is-layout-28f84493 wp-block-columns-is-layout-flex\">\n<div class=\"wp-block-column is-layout-flow wp-block-column-is-layout-flow\">\n<h3 class=\"wp-block-heading\" id=\"h-wie-wird-der-erfolg-gemessen\">Comment le <strong>succ\u00e8s<\/strong> est-il mesur\u00e9 ?<\/h3>\n\n\n\n<ul class=\"wp-block-list\">\n<li>Quantitativement : dans le login partenaire, vous trouverez en temps r\u00e9el des donn\u00e9es de mesure sur la port\u00e9e, les clics, les testaments ou pactes successoraux \u00e9tablis et des d\u00e9tails sur la source du trafic.<\/li>\n\n\n\n<li>Qualitativement : dans le login partenaire, vous trouvez les leads g\u00e9n\u00e9r\u00e9s au moyen des outils.<\/li>\n<\/ul>\n<\/div>\n\n\n\n<div class=\"wp-block-column is-layout-flow wp-block-column-is-layout-flow\">\n<h3 class=\"wp-block-heading\" id=\"h-was-sind-pledger\">Que sont les <strong>pledgers<\/strong> ?<\/h3>\n\n\n\n<p>Les pledgers sont des personnes qui envisagent de faire un legs. Ces personnes ont l&#8217;intention d&#8217;inclure une organisation dans leur testament. Des leads issus de tous les outils (testament, consultation gratuite, directives anticip\u00e9es, mandat pour cause d&#8217;inaptitude, don de condol\u00e9ances) sont affich\u00e9s dans le login partenaire. Seuls les leads des deux premiers outils mentionn\u00e9s g\u00e9n\u00e8rent des pledgers directs, soit \u00e0 chaque fois qu&#8217;une part sup\u00e9rieure \u00e0 0% a \u00e9t\u00e9 attribu\u00e9e \u00e0 l&#8217;organisation dans le mod\u00e8le de testament. Cette information est indiqu\u00e9e au niveau des leads.<\/p>\n<\/div>\n<\/div>\n\n<div style=\"height:100px\" aria-hidden=\"true\" class=\"wp-block-spacer\"><\/div>\n\n<div class=\"wp-block-cover is-light\" style=\"min-height:200px;aspect-ratio:unset;\"><span aria-hidden=\"true\" class=\"wp-block-cover__background has-background-dim-0 has-background-dim\"><\/span><img loading=\"lazy\" decoding=\"async\" width=\"1396\" height=\"200\" class=\"wp-block-cover__image-background wp-image-62678\" alt=\"\" src=\"https:\/\/www.deinadieu.ch\/wp-content\/uploads\/2023\/03\/bluebackground.png\" style=\"object-position:60% 59%\" data-object-fit=\"cover\" data-object-position=\"60% 59%\" srcset=\"https:\/\/www.deinadieu.ch\/wp-content\/uploads\/2023\/03\/bluebackground.png 1396w, https:\/\/www.deinadieu.ch\/wp-content\/uploads\/2023\/03\/bluebackground-300x43.png 300w, https:\/\/www.deinadieu.ch\/wp-content\/uploads\/2023\/03\/bluebackground-1024x147.png 1024w\" sizes=\"auto, (max-width: 1396px) 100vw, 1396px\" \/><div class=\"wp-block-cover__inner-container is-layout-flow wp-block-cover-is-layout-flow\">\n<p class=\"has-text-align-center has-white-color has-text-color has-large-font-size\">Abonnements et d\u00e9lais de r\u00e9siliation<\/p>\n<\/div><\/div>\n\n<div class=\"wp-block-columns is-layout-flex wp-container-core-columns-is-layout-28f84493 wp-block-columns-is-layout-flex\">\n<div class=\"wp-block-column is-layout-flow wp-block-column-is-layout-flow\">\n<h3 class=\"wp-block-heading\" id=\"h-funktioniert-deinadieu-fur-grosse-und-kleine-organisationen\">Est-ce que DeinAdieu fonctionne pour les grandes comme pour les <strong>petites<\/strong> organisations ?<\/h3>\n\n\n\n<p>L&#8217;\u00e9l\u00e9ment d\u00e9terminant pour le succ\u00e8s est d&#8217;avoir le plus grand nombre possible de donateurs ou donatrices, respectivement le plus grand groupe cible possible, qui pourraient inclure l&#8217;organisation dans leurs testaments. Tel peut \u00eatre le cas tant des grandes que des petites organisations. Si le groupe cible peut \u00eatre activ\u00e9, le succ\u00e8s est imm\u00e9diatement mesurable (voir aussi \u00ab Comment le succ\u00e8s est-il mesur\u00e9 ? \u00bb).<\/p>\n<\/div>\n\n\n\n<div class=\"wp-block-column is-layout-flow wp-block-column-is-layout-flow\">\n<h3 class=\"wp-block-heading\" id=\"h-welche-abos-bietet-deinadieu-ch-an\">Quels <strong>abonnements<\/strong> propose DeinAdieu.ch ?<\/h3>\n\n\n\n<p>L&#8217;abonnement de base inclut un acc\u00e8s au syst\u00e8me pour la page personnelle et une entr\u00e9e de base de l&#8217;organisation sur le portail. Gr\u00e2ce aux toplistings, chaque organisation peut acqu\u00e9rir une port\u00e9e suppl\u00e9mentaire sur le portail DeinAdieu.ch.<\/p>\n<\/div>\n<\/div>\n\n<div class=\"wp-block-columns is-layout-flex wp-container-core-columns-is-layout-28f84493 wp-block-columns-is-layout-flex\">\n<div class=\"wp-block-column is-layout-flow wp-block-column-is-layout-flow\">\n<h3 class=\"wp-block-heading\" id=\"h-fur-wen-empfiehlt-sich-welches-abo\"><strong>Quel abonnement est recommand\u00e9 pour qui<\/strong> ?<\/h3>\n\n\n\n<p>Un toplisting est int\u00e9ressant si l&#8217;organisation dispose d&#8217;une marque connue et peut atteindre ses propres donatrices et donateurs via DeinAdieu.ch ou alors lorsque la mission d&#8217;une organisation peu connue atteint de nombreuses personnes concern\u00e9es par le biais de DeinAdieu.ch (p. ex. cancer, th\u00e8mes de sant\u00e9, etc.).<\/p>\n<\/div>\n\n\n\n<div class=\"wp-block-column is-layout-flow wp-block-column-is-layout-flow\">\n<h3 class=\"wp-block-heading\" id=\"h-welches-sind-die-kundigungsfristen-der-abos\">Quels sont les <strong>d\u00e9lais de r\u00e9siliation<\/strong> des abonnements ?<\/h3>\n\n\n\n<p>Chaque abonnement peut \u00eatre r\u00e9sili\u00e9 pour chaque \u00e9ch\u00e9ance moyennant le respect d&#8217;un d\u00e9lai de pr\u00e9avis de 3 mois.<\/p>\n<\/div>\n<\/div>\n\n<div style=\"height:100px\" aria-hidden=\"true\" class=\"wp-block-spacer\"><\/div>\n\n<div class=\"wp-block-cover is-light\" style=\"min-height:200px;aspect-ratio:unset;\"><span aria-hidden=\"true\" class=\"wp-block-cover__background has-background-dim-0 has-background-dim\"><\/span><img loading=\"lazy\" decoding=\"async\" width=\"1396\" height=\"200\" class=\"wp-block-cover__image-background wp-image-62688\" alt=\"\" src=\"https:\/\/www.deinadieu.ch\/wp-content\/uploads\/2023\/03\/yellow-background.png\" style=\"object-position:60% 59%\" data-object-fit=\"cover\" data-object-position=\"60% 59%\" srcset=\"https:\/\/www.deinadieu.ch\/wp-content\/uploads\/2023\/03\/yellow-background.png 1396w, https:\/\/www.deinadieu.ch\/wp-content\/uploads\/2023\/03\/yellow-background-300x43.png 300w, https:\/\/www.deinadieu.ch\/wp-content\/uploads\/2023\/03\/yellow-background-1024x147.png 1024w\" sizes=\"auto, (max-width: 1396px) 100vw, 1396px\" \/><div class=\"wp-block-cover__inner-container is-layout-flow wp-block-cover-is-layout-flow\">\n<p class=\"has-text-align-center has-white-color has-text-color has-large-font-size\">Pourquoi choisir DeinAdieu ?<\/p>\n<\/div><\/div>\n\n<div class=\"wp-block-columns is-layout-flex wp-container-core-columns-is-layout-28f84493 wp-block-columns-is-layout-flex\">\n<div class=\"wp-block-column is-layout-flow wp-block-column-is-layout-flow\">\n<h3 class=\"wp-block-heading\" id=\"h-was-sind-die-alleinstellungsmerkmale-von-deinadieu-ch\">Quelles sont les <strong>caract\u00e9ristiques distinctives<\/strong> de DeinAdieu.ch ?<\/h3>\n\n\n\n<p>Contrairement \u00e0 d&#8217;autres initiatives dans le domaine de la collecte de fonds successoraux, DeinAdieu.ch se distingue par les caract\u00e9ristiques suivantes :<\/p>\n\n\n\n<ul class=\"wp-block-list\">\n<li>Trafic : Plus d&#8217;un million de visiteuses et de visiteurs par an s&#8217;int\u00e9ressent aux th\u00e8mes de la pr\u00e9voyance et de la succession sur DeinAdieu.ch. Aucun autre portail en ligne n&#8217;enregistre un nombre de visites aussi \u00e9lev\u00e9 et la visibilit\u00e9 qui en d\u00e9coule pour les organisations.<\/li>\n\n\n\n<li>Outils en ligne : L&#8217;\u00e9tablissement gratuit de mod\u00e8les de testaments \u00e0 l&#8217;aide de l&#8217;assistant testamentaire en ligne, combin\u00e9 \u00e0 la premi\u00e8re consultation gratuite, permet chaque ann\u00e9e \u00e0 des milliers de testatrices et de testateurs de r\u00e9gler leur succession. Aucun autre canal n&#8217;atteint une telle efficacit\u00e9 en mati\u00e8re d&#8217;assistance \u00e0 ses propres donatrices et donateurs ainsi qu&#8217;en mati\u00e8re de nouveaux contacts pour la g\u00e9n\u00e9ration de leads.<\/li>\n\n\n\n<li>Mesurabilit\u00e9 : Dans le login partenaire, chaque organisation re\u00e7oit en temps r\u00e9el des informations d\u00e9taill\u00e9es sur le succ\u00e8s des mesures de marketing successoral. Aucun autre prestataire ne propose une g\u00e9n\u00e9ration de leads et une mesure quantitative \u00e9quivalentes. <\/li>\n<\/ul>\n<\/div>\n\n\n\n<div class=\"wp-block-column is-layout-flow wp-block-column-is-layout-flow\">\n<h3 class=\"wp-block-heading\" id=\"h-besteht-die-gefahr-nicht-dass-unsere-spender-innen-zu-anderen-organisationen-abwandern\">Nos donatrices et donateurs ne risquent-ils pas de <strong>se tourner<\/strong> vers d&#8217;autres organisations ?<\/h3>\n\n\n\n<p>Ce risque est quasiment inexistant. En effet, d&#8217;une part, il existe un lien avec vos donatrices et donateurs. D&#8217;autre part, les outils de DeinAdieu sont configur\u00e9s de telle sorte que, lorsqu&#8217;ils sont utilis\u00e9s via le site internet de l&#8217;organisation, ils ne mentionnent que l&#8217;organisation source et masquent les autres organisations.<\/p>\n<\/div>\n<\/div>\n\n<div class=\"wp-block-columns is-layout-flex wp-container-core-columns-is-layout-28f84493 wp-block-columns-is-layout-flex\">\n<div class=\"wp-block-column is-layout-flow wp-block-column-is-layout-flow\">\n<h3 class=\"wp-block-heading\" id=\"h-welche-konkreten-unterschiede-gibt-es-zu-anderen-anbietern\">Quelles sont les diff\u00e9rences concr\u00e8tes par rapport aux autres prestataires ?<\/h3>\n\n\n\n<ul class=\"wp-block-list\">\n<li>Le magazine Fundraiser a compar\u00e9 les portails les plus utiles. <br\/><a href=\"https:\/\/www.deinadieu.ch\/wp-content\/uploads\/2023\/03\/230316_Erbschafts-Marketing%E2%80%93Online-Portale_im_Ueberblick_Fundraiser_Download.pdf\">Vous pouvez lire le rapport ici.<\/a><\/li>\n\n\n\n<li>Sur mandat de DeinAdieu, FundCom a compar\u00e9 les trois portails suisses de collecte de fonds successoraux les plus connus. <a href=\"https:\/\/www.deinadieu.ch\/organizations\/erbschaftsfundraising-vergleich-2023\/\">Vous pouvez lire l&#8217;article comparatif ici.<\/a><\/li>\n<\/ul>\n<\/div>\n\n\n\n<div class=\"wp-block-column is-layout-flow wp-block-column-is-layout-flow\"><\/div>\n<\/div>\n","protected":false},"excerpt":{"rendered":"<p>Quel est l&#8217;objectif de DeinAdieu ? En Suisse, seule une tr\u00e8s petite partie du volume des successions est l\u00e9gu\u00e9e \u00e0 des fins d&#8217;utilit\u00e9 publique. DeinAdieu souhaite augmenter la part du patrimoine l\u00e9gu\u00e9 \u00e0 des fins d&#8217;utilit\u00e9 publique par rapport au total des biens transmis pour cause de mort, estim\u00e9e actuellement \u00e0 3 pour mille. Quelle [&hellip;]<\/p>\n","protected":false},"author":6041,"featured_media":0,"parent":0,"menu_order":0,"comment_status":"closed","ping_status":"closed","template":"","meta":{"_acf_changed":false,"footnotes":""},"class_list":["post-62921","page","type-page","status-publish","hentry"],"acf":[],"yoast_head":"<title>Foire aux questions \u2013 FAQ | DeinAdieu.ch<\/title>\n<meta name=\"description\" content=\"DeinAdieu hilft rund um die Themen Vorsorge, Testament, Patientenverf\u00fcgung, Vorsorgeauftrag und testamentarische Ber\u00fccksichtigung eines Schweizer Hilfswerks.\" \/>\n<meta name=\"robots\" content=\"index, follow, max-snippet:-1, max-image-preview:large, max-video-preview:-1\" \/>\n<link rel=\"canonical\" href=\"https:\/\/www.deinadieu.ch\/fr\/foire-aux-questions-faq\/\" \/>\n<meta property=\"og:locale\" content=\"fr_FR\" \/>\n<meta property=\"og:type\" content=\"article\" \/>\n<meta property=\"og:title\" content=\"Foire aux questions \u2013 FAQ\" \/>\n<meta property=\"og:description\" content=\"Objectifs et approche de DeinAdieu Quel est l&#039;objectif de DeinAdieu ? En Suisse, seule une tr\u00e8s petite partie du volume des successions est l\u00e9gu\u00e9e \u00e0 des\" \/>\n<meta property=\"og:url\" content=\"https:\/\/www.deinadieu.ch\/fr\/foire-aux-questions-faq\/\" \/>\n<meta property=\"og:site_name\" content=\"DeinAdieu.ch\" \/>\n<meta property=\"article:publisher\" content=\"https:\/\/www.facebook.com\/deinadieu\" \/>\n<meta property=\"article:modified_time\" content=\"2024-09-25T06:53:40+00:00\" \/>\n<meta property=\"og:image\" content=\"https:\/\/static.deinadieu.ch\/uploads\/2023\/03\/purple-background.png\" \/>\n<meta name=\"twitter:card\" content=\"summary_large_image\" \/>\n<meta name=\"twitter:site\" content=\"@DeinAdieu\" \/>\n<meta name=\"twitter:label1\" content=\"Est. reading time\" \/>\n\t<meta name=\"twitter:data1\" content=\"7 minutes\" \/>\n<script type=\"application\/ld+json\" class=\"yoast-schema-graph\">{\"@context\":\"https:\\\/\\\/schema.org\",\"@graph\":[{\"@type\":\"WebPage\",\"@id\":\"https:\\\/\\\/www.deinadieu.ch\\\/fr\\\/foire-aux-questions-faq\\\/\",\"url\":\"https:\\\/\\\/www.deinadieu.ch\\\/fr\\\/foire-aux-questions-faq\\\/\",\"name\":\"Foire aux questions \u2013 FAQ | DeinAdieu.ch\",\"isPartOf\":{\"@id\":\"https:\\\/\\\/www.deinadieu.ch\\\/fr\\\/#website\"},\"primaryImageOfPage\":{\"@id\":\"https:\\\/\\\/www.deinadieu.ch\\\/fr\\\/foire-aux-questions-faq\\\/#primaryimage\"},\"image\":{\"@id\":\"https:\\\/\\\/www.deinadieu.ch\\\/fr\\\/foire-aux-questions-faq\\\/#primaryimage\"},\"thumbnailUrl\":\"https:\\\/\\\/www.deinadieu.ch\\\/wp-content\\\/uploads\\\/2023\\\/03\\\/purple-background.png\",\"datePublished\":\"2023-03-22T07:48:23+00:00\",\"dateModified\":\"2024-09-25T06:53:40+00:00\",\"description\":\"DeinAdieu hilft rund um die Themen Vorsorge, Testament, Patientenverf\u00fcgung, Vorsorgeauftrag und testamentarische Ber\u00fccksichtigung eines Schweizer Hilfswerks.\",\"breadcrumb\":{\"@id\":\"https:\\\/\\\/www.deinadieu.ch\\\/fr\\\/foire-aux-questions-faq\\\/#breadcrumb\"},\"inLanguage\":\"fr-FR\",\"potentialAction\":[{\"@type\":\"ReadAction\",\"target\":[\"https:\\\/\\\/www.deinadieu.ch\\\/fr\\\/foire-aux-questions-faq\\\/\"]}]},{\"@type\":\"ImageObject\",\"inLanguage\":\"fr-FR\",\"@id\":\"https:\\\/\\\/www.deinadieu.ch\\\/fr\\\/foire-aux-questions-faq\\\/#primaryimage\",\"url\":\"https:\\\/\\\/www.deinadieu.ch\\\/wp-content\\\/uploads\\\/2023\\\/03\\\/purple-background.png\",\"contentUrl\":\"https:\\\/\\\/www.deinadieu.ch\\\/wp-content\\\/uploads\\\/2023\\\/03\\\/purple-background.png\"},{\"@type\":\"BreadcrumbList\",\"@id\":\"https:\\\/\\\/www.deinadieu.ch\\\/fr\\\/foire-aux-questions-faq\\\/#breadcrumb\",\"itemListElement\":[{\"@type\":\"ListItem\",\"position\":1,\"name\":\"Home\",\"item\":\"https:\\\/\\\/www.deinadieu.ch\\\/fr\\\/deinadieu-dialog-und-serviceportal-zum-lebensende\\\/\"},{\"@type\":\"ListItem\",\"position\":2,\"name\":\"Foire aux questions \u2013 FAQ\"}]},{\"@type\":\"WebSite\",\"@id\":\"https:\\\/\\\/www.deinadieu.ch\\\/fr\\\/#website\",\"url\":\"https:\\\/\\\/www.deinadieu.ch\\\/fr\\\/\",\"name\":\"DeinAdieu.ch\",\"description\":\"Testament, Patientenverf\u00fcgung und Vorsorgeauftrag\",\"publisher\":{\"@id\":\"https:\\\/\\\/www.deinadieu.ch\\\/fr\\\/#organization\"},\"potentialAction\":[{\"@type\":\"SearchAction\",\"target\":{\"@type\":\"EntryPoint\",\"urlTemplate\":\"https:\\\/\\\/www.deinadieu.ch\\\/fr\\\/?s={search_term_string}\"},\"query-input\":{\"@type\":\"PropertyValueSpecification\",\"valueRequired\":true,\"valueName\":\"search_term_string\"}}],\"inLanguage\":\"fr-FR\"},{\"@type\":\"Organization\",\"@id\":\"https:\\\/\\\/www.deinadieu.ch\\\/fr\\\/#organization\",\"name\":\"EMNA Web GmbH\",\"url\":\"https:\\\/\\\/www.deinadieu.ch\\\/fr\\\/\",\"logo\":{\"@type\":\"ImageObject\",\"inLanguage\":\"fr-FR\",\"@id\":\"https:\\\/\\\/www.deinadieu.ch\\\/fr\\\/#\\\/schema\\\/logo\\\/image\\\/\",\"url\":\"https:\\\/\\\/www.deinadieu.ch\\\/wp-content\\\/uploads\\\/2016\\\/01\\\/DeinAdieu_Logo.png\",\"contentUrl\":\"https:\\\/\\\/www.deinadieu.ch\\\/wp-content\\\/uploads\\\/2016\\\/01\\\/DeinAdieu_Logo.png\",\"width\":300,\"height\":117,\"caption\":\"EMNA Web GmbH\"},\"image\":{\"@id\":\"https:\\\/\\\/www.deinadieu.ch\\\/fr\\\/#\\\/schema\\\/logo\\\/image\\\/\"},\"sameAs\":[\"https:\\\/\\\/www.facebook.com\\\/deinadieu\",\"https:\\\/\\\/x.com\\\/DeinAdieu\",\"https:\\\/\\\/www.instagram.com\\\/deinadieu\\\/\",\"https:\\\/\\\/www.linkedin.com\\\/company\\\/deinadieu.ch\"]}]}<\/script>","yoast_head_json":{"title":"Foire aux questions \u2013 FAQ | DeinAdieu.ch","description":"DeinAdieu hilft rund um die Themen Vorsorge, Testament, Patientenverf\u00fcgung, Vorsorgeauftrag und testamentarische Ber\u00fccksichtigung eines Schweizer Hilfswerks.","robots":{"index":"index","follow":"follow","max-snippet":"max-snippet:-1","max-image-preview":"max-image-preview:large","max-video-preview":"max-video-preview:-1"},"canonical":"https:\/\/www.deinadieu.ch\/fr\/foire-aux-questions-faq\/","og_locale":"fr_FR","og_type":"article","og_title":"Foire aux questions \u2013 FAQ","og_description":"Objectifs et approche de DeinAdieu Quel est l'objectif de DeinAdieu ? En Suisse, seule une tr\u00e8s petite partie du volume des successions est l\u00e9gu\u00e9e \u00e0 des","og_url":"https:\/\/www.deinadieu.ch\/fr\/foire-aux-questions-faq\/","og_site_name":"DeinAdieu.ch","article_publisher":"https:\/\/www.facebook.com\/deinadieu","article_modified_time":"2024-09-25T06:53:40+00:00","og_image":[{"url":"https:\/\/static.deinadieu.ch\/uploads\/2023\/03\/purple-background.png","type":"","width":"","height":""}],"twitter_card":"summary_large_image","twitter_site":"@DeinAdieu","twitter_misc":{"Est. reading time":"7 minutes"},"schema":{"@context":"https:\/\/schema.org","@graph":[{"@type":"WebPage","@id":"https:\/\/www.deinadieu.ch\/fr\/foire-aux-questions-faq\/","url":"https:\/\/www.deinadieu.ch\/fr\/foire-aux-questions-faq\/","name":"Foire aux questions \u2013 FAQ | DeinAdieu.ch","isPartOf":{"@id":"https:\/\/www.deinadieu.ch\/fr\/#website"},"primaryImageOfPage":{"@id":"https:\/\/www.deinadieu.ch\/fr\/foire-aux-questions-faq\/#primaryimage"},"image":{"@id":"https:\/\/www.deinadieu.ch\/fr\/foire-aux-questions-faq\/#primaryimage"},"thumbnailUrl":"https:\/\/www.deinadieu.ch\/wp-content\/uploads\/2023\/03\/purple-background.png","datePublished":"2023-03-22T07:48:23+00:00","dateModified":"2024-09-25T06:53:40+00:00","description":"DeinAdieu hilft rund um die Themen Vorsorge, Testament, Patientenverf\u00fcgung, Vorsorgeauftrag und testamentarische Ber\u00fccksichtigung eines Schweizer Hilfswerks.","breadcrumb":{"@id":"https:\/\/www.deinadieu.ch\/fr\/foire-aux-questions-faq\/#breadcrumb"},"inLanguage":"fr-FR","potentialAction":[{"@type":"ReadAction","target":["https:\/\/www.deinadieu.ch\/fr\/foire-aux-questions-faq\/"]}]},{"@type":"ImageObject","inLanguage":"fr-FR","@id":"https:\/\/www.deinadieu.ch\/fr\/foire-aux-questions-faq\/#primaryimage","url":"https:\/\/www.deinadieu.ch\/wp-content\/uploads\/2023\/03\/purple-background.png","contentUrl":"https:\/\/www.deinadieu.ch\/wp-content\/uploads\/2023\/03\/purple-background.png"},{"@type":"BreadcrumbList","@id":"https:\/\/www.deinadieu.ch\/fr\/foire-aux-questions-faq\/#breadcrumb","itemListElement":[{"@type":"ListItem","position":1,"name":"Home","item":"https:\/\/www.deinadieu.ch\/fr\/deinadieu-dialog-und-serviceportal-zum-lebensende\/"},{"@type":"ListItem","position":2,"name":"Foire aux questions \u2013 FAQ"}]},{"@type":"WebSite","@id":"https:\/\/www.deinadieu.ch\/fr\/#website","url":"https:\/\/www.deinadieu.ch\/fr\/","name":"DeinAdieu.ch","description":"Testament, Patientenverf\u00fcgung und Vorsorgeauftrag","publisher":{"@id":"https:\/\/www.deinadieu.ch\/fr\/#organization"},"potentialAction":[{"@type":"SearchAction","target":{"@type":"EntryPoint","urlTemplate":"https:\/\/www.deinadieu.ch\/fr\/?s={search_term_string}"},"query-input":{"@type":"PropertyValueSpecification","valueRequired":true,"valueName":"search_term_string"}}],"inLanguage":"fr-FR"},{"@type":"Organization","@id":"https:\/\/www.deinadieu.ch\/fr\/#organization","name":"EMNA Web GmbH","url":"https:\/\/www.deinadieu.ch\/fr\/","logo":{"@type":"ImageObject","inLanguage":"fr-FR","@id":"https:\/\/www.deinadieu.ch\/fr\/#\/schema\/logo\/image\/","url":"https:\/\/www.deinadieu.ch\/wp-content\/uploads\/2016\/01\/DeinAdieu_Logo.png","contentUrl":"https:\/\/www.deinadieu.ch\/wp-content\/uploads\/2016\/01\/DeinAdieu_Logo.png","width":300,"height":117,"caption":"EMNA Web GmbH"},"image":{"@id":"https:\/\/www.deinadieu.ch\/fr\/#\/schema\/logo\/image\/"},"sameAs":["https:\/\/www.facebook.com\/deinadieu","https:\/\/x.com\/DeinAdieu","https:\/\/www.instagram.com\/deinadieu\/","https:\/\/www.linkedin.com\/company\/deinadieu.ch"]}]}},"_links":{"self":[{"href":"https:\/\/www.deinadieu.ch\/fr\/wp-json\/wp\/v2\/pages\/62921","targetHints":{"allow":["GET"]}}],"collection":[{"href":"https:\/\/www.deinadieu.ch\/fr\/wp-json\/wp\/v2\/pages"}],"about":[{"href":"https:\/\/www.deinadieu.ch\/fr\/wp-json\/wp\/v2\/types\/page"}],"author":[{"embeddable":true,"href":"https:\/\/www.deinadieu.ch\/fr\/wp-json\/wp\/v2\/users\/6041"}],"replies":[{"embeddable":true,"href":"https:\/\/www.deinadieu.ch\/fr\/wp-json\/wp\/v2\/comments?post=62921"}],"version-history":[{"count":8,"href":"https:\/\/www.deinadieu.ch\/fr\/wp-json\/wp\/v2\/pages\/62921\/revisions"}],"predecessor-version":[{"id":68518,"href":"https:\/\/www.deinadieu.ch\/fr\/wp-json\/wp\/v2\/pages\/62921\/revisions\/68518"}],"wp:attachment":[{"href":"https:\/\/www.deinadieu.ch\/fr\/wp-json\/wp\/v2\/media?parent=62921"}],"curies":[{"name":"wp","href":"https:\/\/api.w.org\/{rel}","templated":true}]}}