{"id":62092,"date":"2023-02-08T16:51:45","date_gmt":"2023-02-08T15:51:45","guid":{"rendered":"https:\/\/www.deinadieu.ch\/retrospective-de-lannee-2022-et-perspectives-pour-2023\/"},"modified":"2023-02-28T12:30:07","modified_gmt":"2023-02-28T11:30:07","slug":"retrospective-de-lannee-2022-et-perspectives-pour-2023","status":"publish","type":"page","link":"https:\/\/www.deinadieu.ch\/fr\/retrospective-de-lannee-2022-et-perspectives-pour-2023\/","title":{"rendered":"R\u00e9trospective de l&#8217;ann\u00e9e 2022 et perspectives pour 2023"},"content":{"rendered":"\n<figure class=\"wp-block-image alignwide size-large\"><img loading=\"lazy\" decoding=\"async\" width=\"1024\" height=\"422\" src=\"https:\/\/www.deinadieu.ch\/wp-content\/uploads\/2023\/01\/Rectangle-9-1024x422.png\" alt=\"\" class=\"wp-image-61425\" srcset=\"https:\/\/www.deinadieu.ch\/wp-content\/uploads\/2023\/01\/Rectangle-9-1024x422.png 1024w, https:\/\/www.deinadieu.ch\/wp-content\/uploads\/2023\/01\/Rectangle-9-300x124.png 300w, https:\/\/www.deinadieu.ch\/wp-content\/uploads\/2023\/01\/Rectangle-9.png 1440w\" sizes=\"auto, (max-width: 1024px) 100vw, 1024px\" \/><figcaption class=\"wp-element-caption\">Image : Lukas Blazek, Unsplash<\/figcaption><\/figure>\n\n<p><\/p>\n\n<div class=\"wp-block-columns is-layout-flex wp-container-core-columns-is-layout-28f84493 wp-block-columns-is-layout-flex\">\n<div class=\"wp-block-column is-layout-flow wp-block-column-is-layout-flow\">\n<figure class=\"wp-block-image size-full\"><img loading=\"lazy\" decoding=\"async\" width=\"518\" height=\"217\" src=\"https:\/\/www.deinadieu.ch\/wp-content\/uploads\/2023\/02\/ngo-1.png\" alt=\"\" class=\"wp-image-61820\" srcset=\"https:\/\/www.deinadieu.ch\/wp-content\/uploads\/2023\/02\/ngo-1.png 518w, https:\/\/www.deinadieu.ch\/wp-content\/uploads\/2023\/02\/ngo-1-300x126.png 300w\" sizes=\"auto, (max-width: 518px) 100vw, 518px\" \/><\/figure>\n\n\n\n<h2 class=\"has-text-align-center wp-block-heading\" id=\"h-13-mehr-berucksichtigungen\">13%  <br\/>de prises en compte en plus<\/h2>\n\n\n\n<p class=\"has-text-align-center\">En 2022, les ONG ont \u00e9t\u00e9 incluses 780 fois dans des testaments. C&#8217;est <br\/>80 fois de plus qu&#8217;en 2021<\/p>\n\n\n\n<div style=\"height:94px\" aria-hidden=\"true\" class=\"wp-block-spacer\"><\/div>\n<\/div>\n\n\n\n<div class=\"wp-block-column is-layout-flow wp-block-column-is-layout-flow\">\n<figure class=\"wp-block-image size-full\"><img loading=\"lazy\" decoding=\"async\" width=\"518\" height=\"217\" src=\"https:\/\/www.deinadieu.ch\/wp-content\/uploads\/2023\/02\/testaments-1.png\" alt=\"\" class=\"wp-image-61824\" srcset=\"https:\/\/www.deinadieu.ch\/wp-content\/uploads\/2023\/02\/testaments-1.png 518w, https:\/\/www.deinadieu.ch\/wp-content\/uploads\/2023\/02\/testaments-1-300x126.png 300w\" sizes=\"auto, (max-width: 518px) 100vw, 518px\" \/><\/figure>\n\n\n\n<h2 class=\"has-text-align-center wp-block-heading\" id=\"h-3600-testamentvorlagen-wurden-erstellt\">3600 testaments ont \u00e9t\u00e9 cr\u00e9\u00e9s<\/h2>\n\n\n\n<p class=\"has-text-align-center\">et ce depuis l&#8217;introduction de l&#8217;adresse \u00e9lectronique comme champ obligatoire.<br\/>En 2021, il y avait environ 7000 projets de testaments.<\/p>\n<\/div>\n\n\n\n<div class=\"wp-block-column is-layout-flow wp-block-column-is-layout-flow\">\n<figure class=\"wp-block-image size-full\"><img loading=\"lazy\" decoding=\"async\" width=\"518\" height=\"217\" src=\"https:\/\/www.deinadieu.ch\/wp-content\/uploads\/2023\/02\/users-1.png\" alt=\"\" class=\"wp-image-61828\" srcset=\"https:\/\/www.deinadieu.ch\/wp-content\/uploads\/2023\/02\/users-1.png 518w, https:\/\/www.deinadieu.ch\/wp-content\/uploads\/2023\/02\/users-1-300x126.png 300w\" sizes=\"auto, (max-width: 518px) 100vw, 518px\" \/><\/figure>\n\n\n\n<h2 class=\"has-text-align-center wp-block-heading\" id=\"h-1-007-451unique-user-auf-der-plattform\">1&#8217;007&#8217;451<br\/>unique users <br\/>sur la plateforme<\/h2>\n\n\n\n<p class=\"has-text-align-center\">En comparaison, <br\/>541 700 utilisateurs ont visit\u00e9 la plateforme en 2021. L&#8217;ann\u00e9e derni\u00e8re, DeinAdieu a donc atteint deux fois plus de personnes.<\/p>\n<\/div>\n<\/div>\n\n<figure class=\"wp-block-image alignwide size-large\"><img loading=\"lazy\" decoding=\"async\" width=\"1024\" height=\"325\" src=\"https:\/\/www.deinadieu.ch\/wp-content\/uploads\/2023\/01\/Rectangle-13-1024x325.png\" alt=\"\" class=\"wp-image-61429\" srcset=\"https:\/\/www.deinadieu.ch\/wp-content\/uploads\/2023\/01\/Rectangle-13-1024x325.png 1024w, https:\/\/www.deinadieu.ch\/wp-content\/uploads\/2023\/01\/Rectangle-13-300x95.png 300w, https:\/\/www.deinadieu.ch\/wp-content\/uploads\/2023\/01\/Rectangle-13.png 1348w\" sizes=\"auto, (max-width: 1024px) 100vw, 1024px\" \/><figcaption class=\"wp-element-caption\">Image : Geojango Maps, Unsplash<\/figcaption><\/figure>\n\n<div class=\"wp-block-columns is-layout-flex wp-container-core-columns-is-layout-28f84493 wp-block-columns-is-layout-flex\">\n<div class=\"wp-block-column is-layout-flow wp-block-column-is-layout-flow\" style=\"flex-basis:66.66%\">\n<h2 class=\"has-text-align-center wp-block-heading\" id=\"h-woran-wir-2022-gearbeitet-haben-unsere-meilensteine\">Ce sur quoi nous avons travaill\u00e9 en 2022 \u2013 nos \u00e9tapes cl\u00e9s<\/h2>\n\n\n\n<div style=\"height:40px\" aria-hidden=\"true\" class=\"wp-block-spacer\"><\/div>\n<\/div>\n<\/div>\n\n<div class=\"wp-block-columns is-layout-flex wp-container-core-columns-is-layout-28f84493 wp-block-columns-is-layout-flex\">\n<div class=\"wp-block-column is-layout-flow wp-block-column-is-layout-flow\">\n<div class=\"wp-block-columns is-layout-flex wp-container-core-columns-is-layout-28f84493 wp-block-columns-is-layout-flex\">\n<div class=\"wp-block-column is-layout-flow wp-block-column-is-layout-flow\">\n<figure class=\"wp-block-image size-full\"><img loading=\"lazy\" decoding=\"async\" width=\"188\" height=\"217\" src=\"https:\/\/www.deinadieu.ch\/wp-content\/uploads\/2023\/02\/Frame-28.png\" alt=\"\" class=\"wp-image-61796\"\/><\/figure>\n<\/div>\n\n\n\n<div class=\"wp-block-column is-layout-flow wp-block-column-is-layout-flow\"><\/div>\n\n\n\n<div class=\"wp-block-column is-layout-flow wp-block-column-is-layout-flow\"><\/div>\n<\/div>\n\n\n\n<h3 class=\"wp-block-heading\" id=\"h-qualitativ-hohe-leads-dank-obligatorischer-e-mail-abfrage\">Des leads de qualit\u00e9 gr\u00e2ce \u00e0 la demande obligatoire des adresses \u00e9lectroniques<\/h3>\n\n\n\n<p>Depuis 2022, lorsqu&#8217;un projet de testament est cr\u00e9\u00e9, les utilisateurs doivent indiquer leur adresse \u00e9lectronique pour v\u00e9rification. Cela permet de s&#8217;assurer que le projet de testament peut \u00eatre attribu\u00e9 \u00e0 une personne r\u00e9elle, ce qui augmente la qualit\u00e9 des leads.<\/p>\n<\/div>\n\n\n\n<div class=\"wp-block-column is-layout-flow wp-block-column-is-layout-flow\">\n<div class=\"wp-block-columns is-layout-flex wp-container-core-columns-is-layout-28f84493 wp-block-columns-is-layout-flex\">\n<div class=\"wp-block-column is-layout-flow wp-block-column-is-layout-flow\">\n<figure class=\"wp-block-image size-full\"><img loading=\"lazy\" decoding=\"async\" width=\"188\" height=\"217\" src=\"https:\/\/www.deinadieu.ch\/wp-content\/uploads\/2023\/02\/vorlagen.png\" alt=\"\" class=\"wp-image-61776\"\/><\/figure>\n<\/div>\n\n\n\n<div class=\"wp-block-column is-layout-flow wp-block-column-is-layout-flow\"><\/div>\n\n\n\n<div class=\"wp-block-column is-layout-flow wp-block-column-is-layout-flow\"><\/div>\n<\/div>\n\n\n\n<h3 class=\"wp-block-heading\" id=\"h-thema-erbschaft-und-legate-einfacher-aufnehmen-vorlagen-bieten-unterstutzung\">Aborder facilement le th\u00e8me des h\u00e9ritages et des legs \u2013 Les mod\u00e8les offrent un soutien<\/h3>\n\n\n\n<p>Pour aider les organisations partenaires \u00e0 communiquer avec leurs donateurs et donatrices sur le th\u00e8me des h\u00e9ritages et des legs, DeinAdieu a cr\u00e9\u00e9 diff\u00e9rents mod\u00e8les. Ceux-ci peuvent \u00eatre facilement t\u00e9l\u00e9charg\u00e9s dans le login partenaire et utilis\u00e9s par les organisations.<\/p>\n<\/div>\n<\/div>\n\n<div class=\"wp-block-columns is-layout-flex wp-container-core-columns-is-layout-28f84493 wp-block-columns-is-layout-flex\">\n<div class=\"wp-block-column is-layout-flow wp-block-column-is-layout-flow\">\n<div class=\"wp-block-columns is-layout-flex wp-container-core-columns-is-layout-28f84493 wp-block-columns-is-layout-flex\">\n<div class=\"wp-block-column is-layout-flow wp-block-column-is-layout-flow\">\n<figure class=\"wp-block-image size-full\"><img loading=\"lazy\" decoding=\"async\" width=\"188\" height=\"217\" src=\"https:\/\/www.deinadieu.ch\/wp-content\/uploads\/2023\/02\/Frame-26-1.png\" alt=\"\" class=\"wp-image-61784\"\/><\/figure>\n<\/div>\n\n\n\n<div class=\"wp-block-column is-layout-flow wp-block-column-is-layout-flow\"><\/div>\n\n\n\n<div class=\"wp-block-column is-layout-flow wp-block-column-is-layout-flow\"><\/div>\n<\/div>\n\n\n\n<h3 class=\"wp-block-heading\" id=\"h-vielversprechende-ergebnisse-bei-crm-anbindung\">Des r\u00e9sultats prometteurs pour la connexion CRM<\/h3>\n\n\n\n<p>A l&#8217;avenir, les testateurs et testatrices devront \u00eatre identifi\u00e9s dans les syst\u00e8mes CRM des ONG. Pour ce faire, l&#8217;interface entre la plateforme DeinAdieu et le syst\u00e8me CRM de certaines organisations a \u00e9t\u00e9 adapt\u00e9e en cons\u00e9quence et test\u00e9e dans le cadre d&#8217;un projet pilote. Les r\u00e9sultats sont prometteurs, de sorte que la connexion aux syst\u00e8mes CRM des organisations sera possible cette ann\u00e9e encore.<\/p>\n<\/div>\n\n\n\n<div class=\"wp-block-column is-layout-flow wp-block-column-is-layout-flow\">\n<div class=\"wp-block-columns is-layout-flex wp-container-core-columns-is-layout-28f84493 wp-block-columns-is-layout-flex\">\n<div class=\"wp-block-column is-layout-flow wp-block-column-is-layout-flow\">\n<div class=\"wp-block-columns is-layout-flex wp-container-core-columns-is-layout-28f84493 wp-block-columns-is-layout-flex\">\n<div class=\"wp-block-column is-layout-flow wp-block-column-is-layout-flow\">\n<figure class=\"wp-block-image size-full\"><img loading=\"lazy\" decoding=\"async\" width=\"188\" height=\"217\" src=\"https:\/\/www.deinadieu.ch\/wp-content\/uploads\/2023\/02\/Frame-27-1.png\" alt=\"\" class=\"wp-image-61924\"\/><\/figure>\n<\/div>\n\n\n\n<div class=\"wp-block-column is-layout-flow wp-block-column-is-layout-flow\"><\/div>\n\n\n\n<div class=\"wp-block-column is-layout-flow wp-block-column-is-layout-flow\"><\/div>\n<\/div>\n<\/div>\n<\/div>\n\n\n\n<h3 class=\"wp-block-heading\" id=\"h-unser-partnernetzwerk-wachst-weiter\">Notre r\u00e9seau de partenaires s&#8217;agrandit<\/h3>\n\n\n\n<p>En 2022, notre r\u00e9seau de partenaires s&#8217;est agrandi de 41 organisations, passant de 148 \u00e0 189, ce dont nous nous r\u00e9jouissons.<br\/><br\/>Nous tenons \u00e0 vous remercier pour cette confiance et nous nous r\u00e9jouissons de poursuivre notre collaboration en 2023.<\/p>\n\n\n\n<div class=\"wp-block-columns is-layout-flex wp-container-core-columns-is-layout-28f84493 wp-block-columns-is-layout-flex\">\n<div class=\"wp-block-column is-layout-flow wp-block-column-is-layout-flow\"><\/div>\n<\/div>\n<\/div>\n<\/div>\n\n<div class=\"wp-block-columns is-layout-flex wp-container-core-columns-is-layout-28f84493 wp-block-columns-is-layout-flex\">\n<div class=\"wp-block-column is-layout-flow wp-block-column-is-layout-flow\">\n<div style=\"height:12px\" aria-hidden=\"true\" class=\"wp-block-spacer\"><\/div>\n\n\n\n<div class=\"wp-block-columns is-layout-flex wp-container-core-columns-is-layout-28f84493 wp-block-columns-is-layout-flex\">\n<div class=\"wp-block-column is-layout-flow wp-block-column-is-layout-flow\">\n<figure class=\"wp-block-image size-full\"><img loading=\"lazy\" decoding=\"async\" width=\"188\" height=\"217\" src=\"https:\/\/www.deinadieu.ch\/wp-content\/uploads\/2023\/02\/leads-2.png\" alt=\"\" class=\"wp-image-61792\"\/><\/figure>\n<\/div>\n\n\n\n<div class=\"wp-block-column is-layout-flow wp-block-column-is-layout-flow\"><\/div>\n\n\n\n<div class=\"wp-block-column is-layout-flow wp-block-column-is-layout-flow\"><\/div>\n<\/div>\n\n\n\n<h3 class=\"wp-block-heading\" id=\"h-kostenlose-erstberatung-bringt-spannende-leads\">Une premi\u00e8re consultation gratuite apporte des leads int\u00e9ressants<\/h3>\n\n\n\n<p>Depuis mai 2022, les utilisateurs\/-trices peuvent b\u00e9n\u00e9ficier d&#8217;une premi\u00e8re consultation gratuite via les organisations partenaires ou directement via DeinAdieu.ch. Depuis le lancement, environ 80 personnes ont b\u00e9n\u00e9fici\u00e9 d&#8217;une premi\u00e8re consultation gratuite. Cela repr\u00e9sente environ 10 leads par mois, avec une tendance \u00e0 la hausse.<br\/><br\/>Certaines organisations font d\u00e9j\u00e0 la promotion de la premi\u00e8re consultation gratuite et on s&#8217;attend \u00e0 ce que les leads augmentent encore, notamment en raison de l&#8217;actualit\u00e9 li\u00e9e \u00e0 l&#8217;entr\u00e9e en vigueur du nouveau droit des successions.<\/p>\n<\/div>\n\n\n\n<div class=\"wp-block-column is-layout-flow wp-block-column-is-layout-flow\">\n<div style=\"height:40px\" aria-hidden=\"true\" class=\"wp-block-spacer\"><\/div>\n\n\n\n<div style=\"height:21px\" aria-hidden=\"true\" class=\"wp-block-spacer\"><\/div>\n<\/div>\n<\/div>\n\n<div style=\"height:100px\" aria-hidden=\"true\" class=\"wp-block-spacer\"><\/div>\n\n<figure class=\"wp-block-image alignwide size-large\"><img loading=\"lazy\" decoding=\"async\" width=\"1024\" height=\"325\" src=\"https:\/\/www.deinadieu.ch\/wp-content\/uploads\/2023\/01\/Rectangle-15-1024x325.png\" alt=\"\" class=\"wp-image-61437\" srcset=\"https:\/\/www.deinadieu.ch\/wp-content\/uploads\/2023\/01\/Rectangle-15-1024x325.png 1024w, https:\/\/www.deinadieu.ch\/wp-content\/uploads\/2023\/01\/Rectangle-15-300x95.png 300w, https:\/\/www.deinadieu.ch\/wp-content\/uploads\/2023\/01\/Rectangle-15.png 1348w\" sizes=\"auto, (max-width: 1024px) 100vw, 1024px\" \/><figcaption class=\"wp-element-caption\">Image : Javier Allegue Barros, Unsplash<\/figcaption><\/figure>\n\n<div style=\"height:49px\" aria-hidden=\"true\" class=\"wp-block-spacer\"><\/div>\n\n<h2 class=\"has-text-align-center wp-block-heading\" id=\"h-spannender-start-ins-2023\">Un d\u00e9but d&#8217;ann\u00e9e 2023 passionnant<\/h2>\n\n<div style=\"height:21px\" aria-hidden=\"true\" class=\"wp-block-spacer\"><\/div>\n\n<div class=\"wp-block-media-text is-stacked-on-mobile\"><figure class=\"wp-block-media-text__media\"><img loading=\"lazy\" decoding=\"async\" width=\"926\" height=\"593\" src=\"https:\/\/www.deinadieu.ch\/wp-content\/uploads\/2023\/02\/Frame-24-1.png\" alt=\"\" class=\"wp-image-61932 size-full\" srcset=\"https:\/\/www.deinadieu.ch\/wp-content\/uploads\/2023\/02\/Frame-24-1.png 926w, https:\/\/www.deinadieu.ch\/wp-content\/uploads\/2023\/02\/Frame-24-1-300x192.png 300w\" sizes=\"auto, (max-width: 926px) 100vw, 926px\" \/><\/figure><div class=\"wp-block-media-text__content\">\n<div class=\"wp-block-columns is-layout-flex wp-container-core-columns-is-layout-28f84493 wp-block-columns-is-layout-flex\">\n<div class=\"wp-block-column is-layout-flow wp-block-column-is-layout-flow\">\n<figure class=\"wp-block-image size-full\"><img loading=\"lazy\" decoding=\"async\" width=\"188\" height=\"217\" src=\"https:\/\/www.deinadieu.ch\/wp-content\/uploads\/2023\/02\/rocket_-1.png\" alt=\"\" class=\"wp-image-61928\"\/><\/figure>\n<\/div>\n\n\n\n<div class=\"wp-block-column is-layout-flow wp-block-column-is-layout-flow\"><\/div>\n\n\n\n<div class=\"wp-block-column is-layout-flow wp-block-column-is-layout-flow\"><\/div>\n<\/div>\n\n\n\n<h2 class=\"wp-block-heading\" id=\"h-das-neue-erbrecht-ein-fulminanter-start-ins-2023\">Le nouveau droit des successions \u2013 un d\u00e9part en fanfare pour 2023<\/h2>\n\n\n\n<p>Le nouveau droit des successions est en vigueur depuis le 1er janvier 2023 et ouvre aux donateurs et donatrices de nouvelles possibilit\u00e9s en mati\u00e8re de planification successorale.<br\/><br\/>Profitez de la modification de la loi et de sa forte m\u00e9diatisation actuelle pour communiquer avec vos donateurs et donatrices sur le th\u00e8me des h\u00e9ritages et des legs. En effet, rien qu&#8217;au cours des 30 derniers jours, notre plateforme a enregistr\u00e9 trois fois plus de pages consult\u00e9es que l&#8217;ann\u00e9e derni\u00e8re \u00e0 la m\u00eame p\u00e9riode et plus de 130 ONG ont \u00e9t\u00e9 incluses dans les projets de testament nouvellement cr\u00e9\u00e9s.<br\/>(P\u00e9riode du 25.12.2022 au 24.01.2023)<\/p>\n<\/div><\/div>\n\n<div class=\"wp-block-columns is-layout-flex wp-container-core-columns-is-layout-28f84493 wp-block-columns-is-layout-flex\">\n<div class=\"wp-block-column is-layout-flow wp-block-column-is-layout-flow\">\n<div class=\"wp-block-columns is-layout-flex wp-container-core-columns-is-layout-28f84493 wp-block-columns-is-layout-flex\">\n<div class=\"wp-block-column is-layout-flow wp-block-column-is-layout-flow\">\n<figure class=\"wp-block-image size-full\"><img loading=\"lazy\" decoding=\"async\" width=\"188\" height=\"217\" src=\"https:\/\/www.deinadieu.ch\/wp-content\/uploads\/2023\/02\/goal_-2.png\" alt=\"\" class=\"wp-image-61936\"\/><\/figure>\n<\/div>\n\n\n\n<div class=\"wp-block-column is-layout-flow wp-block-column-is-layout-flow\"><\/div>\n\n\n\n<div class=\"wp-block-column is-layout-flow wp-block-column-is-layout-flow\"><\/div>\n<\/div>\n\n\n\n<h3 class=\"wp-block-heading\" id=\"h-rollout-von-deinadieu-de-geplant\">D\u00e9ploiement de DeinAdieu.de pr\u00e9vu<\/h3>\n\n\n\n<p>En Allemagne \u00e9galement, la masse successorale potentielle qui pourrait \u00eatre l\u00e9gu\u00e9e \u00e0 des organisations d&#8217;utilit\u00e9 publique est importante. C&#8217;est pourquoi, \u00e0 partir de mars 2023, DeinAdieu offrira \u00e9galement aux collecteurs\/-trices de fonds allemands la possibilit\u00e9 d&#8217;int\u00e9grer des liens sp\u00e9ciaux sur leurs pages et d&#8217;attirer plus facilement l&#8217;attention sur le th\u00e8me des h\u00e9ritages et des legs. Les travaux sur DeinAdieu.de sont en cours de finalisation.<\/p>\n\n\n\n<div class=\"wp-block-columns is-layout-flex wp-container-core-columns-is-layout-28f84493 wp-block-columns-is-layout-flex\">\n<div class=\"wp-block-column is-layout-flow wp-block-column-is-layout-flow\"><\/div>\n<\/div>\n<\/div>\n\n\n\n<div class=\"wp-block-column is-layout-flow wp-block-column-is-layout-flow\">\n<div class=\"wp-block-columns is-layout-flex wp-container-core-columns-is-layout-28f84493 wp-block-columns-is-layout-flex\">\n<div class=\"wp-block-column is-layout-flow wp-block-column-is-layout-flow\">\n<figure class=\"wp-block-image size-full is-style-default\"><img loading=\"lazy\" decoding=\"async\" width=\"188\" height=\"217\" src=\"https:\/\/www.deinadieu.ch\/wp-content\/uploads\/2023\/02\/news_-1.png\" alt=\"\" class=\"wp-image-61940\"\/><\/figure>\n<\/div>\n\n\n\n<div class=\"wp-block-column is-layout-flow wp-block-column-is-layout-flow\"><\/div>\n\n\n\n<div class=\"wp-block-column is-layout-flow wp-block-column-is-layout-flow\"><\/div>\n<\/div>\n\n\n\n<h3 class=\"wp-block-heading\" id=\"h-vergleichsartikel-uber-die-nutzlichsten-online-portale-im-erbschaftsmarketing\">Article comparatif sur les portails en ligne les plus utiles dans le marketing successoral<\/h3>\n\n\n\n<p>Le magazine en ligne Fundraiser a publi\u00e9 un article comparatif dans lequel neuf portails de marketing successoral ont \u00e9t\u00e9 pass\u00e9s \u00e0 la loupe. Chez DeinAdieu, le reporting r\u00e9gulier et les divers outils et widgets, qui sont \u00e9galement destin\u00e9s aux organisations \u00e0 petit budget, ont \u00e9t\u00e9 jug\u00e9s tr\u00e8s pr\u00e9cieux.<br\/><br\/>Lisez l&#8217;article complet ici : <a href=\"https:\/\/web.fundraiser-magazin.de\/erbschafts-marketing-das-sind-die-nuetzlichsten-online-portale\" target=\"_blank\" rel=\"noreferrer noopener\">https:\/\/web.fundraiser-magazin.de\/erbschafts-marketing-das-sind-die-nuetzlichsten-online-portale<\/a><\/p>\n<\/div>\n<\/div>\n\n<div style=\"height:40px\" aria-hidden=\"true\" class=\"wp-block-spacer\"><\/div>\n\n<div class=\"wp-block-columns is-layout-flex wp-container-core-columns-is-layout-28f84493 wp-block-columns-is-layout-flex\">\n<div class=\"wp-block-column is-layout-flow wp-block-column-is-layout-flow\">\n<div class=\"wp-block-columns is-layout-flex wp-container-core-columns-is-layout-28f84493 wp-block-columns-is-layout-flex\">\n<div class=\"wp-block-column is-layout-flow wp-block-column-is-layout-flow\">\n<figure class=\"wp-block-image size-full\"><img loading=\"lazy\" decoding=\"async\" width=\"188\" height=\"217\" src=\"https:\/\/www.deinadieu.ch\/wp-content\/uploads\/2023\/02\/goal_-3.png\" alt=\"\" class=\"wp-image-61944\"\/><\/figure>\n<\/div>\n\n\n\n<div class=\"wp-block-column is-layout-flow wp-block-column-is-layout-flow\"><\/div>\n\n\n\n<div class=\"wp-block-column is-layout-flow wp-block-column-is-layout-flow\"><\/div>\n<\/div>\n\n\n\n<h3 class=\"wp-block-heading\" id=\"h-white-label-losung-der-deinadieu-app-schon-bald-verfugbar\">La solution marque blanche de l&#8217;application DeinAdieu bient\u00f4t disponible<\/h3>\n\n\n\n<p>\u00c0 partir de mai 2023, les organisations pourront utiliser l&#8217;application DeinAdieu avec un mod\u00e8le de testament, des directives anticip\u00e9es, etc. comme solution marque blanche. Dans ce cadre, le CI\/CD de DeinAdieu sera remplac\u00e9 par celui des organisations concern\u00e9es. L&#8217;URL est \u00e9galement adapt\u00e9e sp\u00e9cifiquement \u00e0 l&#8217;organisation et les courriels du syst\u00e8me sont envoy\u00e9s aux utilisateurs\/-trices \u00e0 partir d&#8217;une adresse \u00e9lectronique g\u00e9n\u00e9rique. Dans le mod\u00e8le de testament, les autres organisations sont en outre compl\u00e8tement masqu\u00e9es.<\/p>\n\n\n\n<p>La solution marque blanche peut \u00eatre r\u00e9serv\u00e9e comme extension \u00e0 la qualit\u00e9 de membre actif. <\/p>\n\n\n\n<p><\/p>\n\n\n\n<p><\/p>\n<\/div>\n\n\n\n<div class=\"wp-block-column is-layout-flow wp-block-column-is-layout-flow\">\n<div class=\"wp-block-columns is-layout-flex wp-container-core-columns-is-layout-28f84493 wp-block-columns-is-layout-flex\">\n<div class=\"wp-block-column is-layout-flow wp-block-column-is-layout-flow\"><\/div>\n<\/div>\n<\/div>\n<\/div>\n\n<div class=\"wp-block-columns is-layout-flex wp-container-core-columns-is-layout-28f84493 wp-block-columns-is-layout-flex\">\n<div class=\"wp-block-column is-layout-flow wp-block-column-is-layout-flow\">\n<p><\/p>\n<\/div>\n\n\n\n<div class=\"wp-block-column is-layout-flow wp-block-column-is-layout-flow\"><\/div>\n<\/div>\n\n<div style=\"height:33px\" aria-hidden=\"true\" class=\"wp-block-spacer\"><\/div>\n\n<div class=\"wp-block-media-text is-stacked-on-mobile\"><figure class=\"wp-block-media-text__media\"><img loading=\"lazy\" decoding=\"async\" width=\"768\" height=\"1024\" src=\"https:\/\/www.deinadieu.ch\/wp-content\/uploads\/2023\/01\/WhatsApp-Image-2022-12-03-at-14.28.56-768x1024.jpeg\" alt=\"\" class=\"wp-image-61414 size-full\" srcset=\"https:\/\/www.deinadieu.ch\/wp-content\/uploads\/2023\/01\/WhatsApp-Image-2022-12-03-at-14.28.56-768x1024.jpeg 768w, https:\/\/www.deinadieu.ch\/wp-content\/uploads\/2023\/01\/WhatsApp-Image-2022-12-03-at-14.28.56-225x300.jpeg 225w, https:\/\/www.deinadieu.ch\/wp-content\/uploads\/2023\/01\/WhatsApp-Image-2022-12-03-at-14.28.56-1152x1536.jpeg 1152w, https:\/\/www.deinadieu.ch\/wp-content\/uploads\/2023\/01\/WhatsApp-Image-2022-12-03-at-14.28.56.jpeg 1536w\" sizes=\"auto, (max-width: 768px) 100vw, 768px\" \/><\/figure><div class=\"wp-block-media-text__content\">\n<div class=\"wp-block-columns is-layout-flex wp-container-core-columns-is-layout-28f84493 wp-block-columns-is-layout-flex\">\n<div class=\"wp-block-column is-layout-flow wp-block-column-is-layout-flow\">\n<figure class=\"wp-block-image size-full\"><img loading=\"lazy\" decoding=\"async\" width=\"188\" height=\"217\" src=\"https:\/\/www.deinadieu.ch\/wp-content\/uploads\/2023\/02\/support_-1.png\" alt=\"\" class=\"wp-image-61862\"\/><\/figure>\n<\/div>\n\n\n\n<div class=\"wp-block-column is-layout-flow wp-block-column-is-layout-flow\"><\/div>\n\n\n\n<div class=\"wp-block-column is-layout-flow wp-block-column-is-layout-flow\"><\/div>\n<\/div>\n\n\n\n<h2 class=\"wp-block-heading\" id=\"h-verschiedene-fachkompetenzen-kommen-zusammen-ihr-deinadieu-team\">Diff\u00e9rentes comp\u00e9tences professionnelles se r\u00e9unissent \u2013 Votre \u00e9quipe DeinAdieu<\/h2>\n\n\n\n<p>Service \u00e0 la client\u00e8le, articles juridiques, reportages, traductions, m\u00e9dias sociaux, l&#8217;\u00e9quipe de DeinAdieu est aussi diversifi\u00e9e que les organisations que nous accompagnons. Chaque membre de l&#8217;\u00e9quipe met ses forces au service de l&#8217;objectif commun, ce qui non seulement fait plaisir, mais garantit aussi la meilleure qualit\u00e9 possible. <br\/><br\/>Nous nous r\u00e9jouissons \u00e9galement de faire le bien avec vous cette ann\u00e9e encore et nous nous tenons \u00e0 votre disposition pour toute question ou demande.<\/p>\n\n\n\n<div class=\"wp-block-buttons is-layout-flex wp-block-buttons-is-layout-flex\">\n<div class=\"wp-block-button\"><a class=\"wp-block-button__link wp-element-button\" href=\"https:\/\/www.deinadieu.ch\/fr\/quest-ce-que-deinadieu\/lequipe-et-le-reseau\/\">Faites connaissance avec notre \u00e9quipe<\/a><\/div>\n<\/div>\n<\/div><\/div>\n\n<div style=\"height:100px\" aria-hidden=\"true\" class=\"wp-block-spacer\"><\/div>\n\n<p><\/p>\n\n<p>Ic\u00f4nes : Flaticon<\/p>\n","protected":false},"excerpt":{"rendered":"<p>13% de prises en compte en plus En 2022, les ONG ont \u00e9t\u00e9 incluses 780 fois dans des testaments. C&#8217;est 80 fois de plus qu&#8217;en 2021 3600 testaments ont \u00e9t\u00e9 cr\u00e9\u00e9s et ce depuis l&#8217;introduction de l&#8217;adresse \u00e9lectronique comme champ obligatoire.En 2021, il y avait environ 7000 projets de testaments. 1&#8217;007&#8217;451unique users sur la plateforme [&hellip;]<\/p>\n","protected":false},"author":6041,"featured_media":0,"parent":0,"menu_order":0,"comment_status":"closed","ping_status":"closed","template":"","meta":{"_acf_changed":false,"footnotes":""},"class_list":["post-62092","page","type-page","status-publish","hentry"],"acf":[],"yoast_head":"<title>R\u00e9trospective de l&#039;ann\u00e9e 2022 et perspectives pour 2023 | DeinAdieu.ch<\/title>\n<meta name=\"description\" content=\"DeinAdieu hilft rund um die Themen Vorsorge, Testament, Patientenverf\u00fcgung, Vorsorgeauftrag und testamentarische Ber\u00fccksichtigung eines Schweizer Hilfswerks.\" \/>\n<meta name=\"robots\" content=\"index, follow, max-snippet:-1, max-image-preview:large, max-video-preview:-1\" \/>\n<link rel=\"canonical\" href=\"https:\/\/www.deinadieu.ch\/fr\/retrospective-de-lannee-2022-et-perspectives-pour-2023\/\" \/>\n<meta property=\"og:locale\" content=\"fr_FR\" \/>\n<meta property=\"og:type\" content=\"article\" \/>\n<meta property=\"og:title\" content=\"R\u00e9trospective de l&#039;ann\u00e9e 2022 et perspectives pour 2023\" \/>\n<meta property=\"og:description\" content=\"Image : Lukas Blazek, Unsplash 13% de prises en compte en plus En 2022, les ONG ont \u00e9t\u00e9 incluses 780 fois dans des testaments. C&#039;est 80 fois de plus qu&#039;en\" \/>\n<meta property=\"og:url\" content=\"https:\/\/www.deinadieu.ch\/fr\/retrospective-de-lannee-2022-et-perspectives-pour-2023\/\" \/>\n<meta property=\"og:site_name\" content=\"DeinAdieu.ch\" \/>\n<meta property=\"article:publisher\" content=\"https:\/\/www.facebook.com\/deinadieu\" \/>\n<meta property=\"article:modified_time\" content=\"2023-02-28T11:30:07+00:00\" \/>\n<meta property=\"og:image\" content=\"https:\/\/static.deinadieu.ch\/uploads\/2023\/01\/Rectangle-9-1024x422.png\" \/>\n<meta name=\"twitter:card\" content=\"summary_large_image\" \/>\n<meta name=\"twitter:site\" content=\"@DeinAdieu\" \/>\n<meta name=\"twitter:label1\" content=\"Est. reading time\" \/>\n\t<meta name=\"twitter:data1\" content=\"9 minutes\" \/>\n<script type=\"application\/ld+json\" class=\"yoast-schema-graph\">{\"@context\":\"https:\\\/\\\/schema.org\",\"@graph\":[{\"@type\":\"WebPage\",\"@id\":\"https:\\\/\\\/www.deinadieu.ch\\\/fr\\\/retrospective-de-lannee-2022-et-perspectives-pour-2023\\\/\",\"url\":\"https:\\\/\\\/www.deinadieu.ch\\\/fr\\\/retrospective-de-lannee-2022-et-perspectives-pour-2023\\\/\",\"name\":\"R\u00e9trospective de l'ann\u00e9e 2022 et perspectives pour 2023 | DeinAdieu.ch\",\"isPartOf\":{\"@id\":\"https:\\\/\\\/www.deinadieu.ch\\\/fr\\\/#website\"},\"primaryImageOfPage\":{\"@id\":\"https:\\\/\\\/www.deinadieu.ch\\\/fr\\\/retrospective-de-lannee-2022-et-perspectives-pour-2023\\\/#primaryimage\"},\"image\":{\"@id\":\"https:\\\/\\\/www.deinadieu.ch\\\/fr\\\/retrospective-de-lannee-2022-et-perspectives-pour-2023\\\/#primaryimage\"},\"thumbnailUrl\":\"https:\\\/\\\/www.deinadieu.ch\\\/wp-content\\\/uploads\\\/2023\\\/01\\\/Rectangle-9-1024x422.png\",\"datePublished\":\"2023-02-08T15:51:45+00:00\",\"dateModified\":\"2023-02-28T11:30:07+00:00\",\"description\":\"DeinAdieu hilft rund um die Themen Vorsorge, Testament, Patientenverf\u00fcgung, Vorsorgeauftrag und testamentarische Ber\u00fccksichtigung eines Schweizer Hilfswerks.\",\"breadcrumb\":{\"@id\":\"https:\\\/\\\/www.deinadieu.ch\\\/fr\\\/retrospective-de-lannee-2022-et-perspectives-pour-2023\\\/#breadcrumb\"},\"inLanguage\":\"fr-FR\",\"potentialAction\":[{\"@type\":\"ReadAction\",\"target\":[\"https:\\\/\\\/www.deinadieu.ch\\\/fr\\\/retrospective-de-lannee-2022-et-perspectives-pour-2023\\\/\"]}]},{\"@type\":\"ImageObject\",\"inLanguage\":\"fr-FR\",\"@id\":\"https:\\\/\\\/www.deinadieu.ch\\\/fr\\\/retrospective-de-lannee-2022-et-perspectives-pour-2023\\\/#primaryimage\",\"url\":\"https:\\\/\\\/www.deinadieu.ch\\\/wp-content\\\/uploads\\\/2023\\\/01\\\/Rectangle-9-1024x422.png\",\"contentUrl\":\"https:\\\/\\\/www.deinadieu.ch\\\/wp-content\\\/uploads\\\/2023\\\/01\\\/Rectangle-9-1024x422.png\"},{\"@type\":\"BreadcrumbList\",\"@id\":\"https:\\\/\\\/www.deinadieu.ch\\\/fr\\\/retrospective-de-lannee-2022-et-perspectives-pour-2023\\\/#breadcrumb\",\"itemListElement\":[{\"@type\":\"ListItem\",\"position\":1,\"name\":\"Home\",\"item\":\"https:\\\/\\\/www.deinadieu.ch\\\/fr\\\/deinadieu-dialog-und-serviceportal-zum-lebensende\\\/\"},{\"@type\":\"ListItem\",\"position\":2,\"name\":\"R\u00e9trospective de l&#8217;ann\u00e9e 2022 et perspectives pour 2023\"}]},{\"@type\":\"WebSite\",\"@id\":\"https:\\\/\\\/www.deinadieu.ch\\\/fr\\\/#website\",\"url\":\"https:\\\/\\\/www.deinadieu.ch\\\/fr\\\/\",\"name\":\"DeinAdieu.ch\",\"description\":\"Testament, Patientenverf\u00fcgung und Vorsorgeauftrag\",\"publisher\":{\"@id\":\"https:\\\/\\\/www.deinadieu.ch\\\/fr\\\/#organization\"},\"potentialAction\":[{\"@type\":\"SearchAction\",\"target\":{\"@type\":\"EntryPoint\",\"urlTemplate\":\"https:\\\/\\\/www.deinadieu.ch\\\/fr\\\/?s={search_term_string}\"},\"query-input\":{\"@type\":\"PropertyValueSpecification\",\"valueRequired\":true,\"valueName\":\"search_term_string\"}}],\"inLanguage\":\"fr-FR\"},{\"@type\":\"Organization\",\"@id\":\"https:\\\/\\\/www.deinadieu.ch\\\/fr\\\/#organization\",\"name\":\"EMNA Web GmbH\",\"url\":\"https:\\\/\\\/www.deinadieu.ch\\\/fr\\\/\",\"logo\":{\"@type\":\"ImageObject\",\"inLanguage\":\"fr-FR\",\"@id\":\"https:\\\/\\\/www.deinadieu.ch\\\/fr\\\/#\\\/schema\\\/logo\\\/image\\\/\",\"url\":\"https:\\\/\\\/www.deinadieu.ch\\\/wp-content\\\/uploads\\\/2016\\\/01\\\/DeinAdieu_Logo.png\",\"contentUrl\":\"https:\\\/\\\/www.deinadieu.ch\\\/wp-content\\\/uploads\\\/2016\\\/01\\\/DeinAdieu_Logo.png\",\"width\":300,\"height\":117,\"caption\":\"EMNA Web GmbH\"},\"image\":{\"@id\":\"https:\\\/\\\/www.deinadieu.ch\\\/fr\\\/#\\\/schema\\\/logo\\\/image\\\/\"},\"sameAs\":[\"https:\\\/\\\/www.facebook.com\\\/deinadieu\",\"https:\\\/\\\/x.com\\\/DeinAdieu\",\"https:\\\/\\\/www.instagram.com\\\/deinadieu\\\/\",\"https:\\\/\\\/www.linkedin.com\\\/company\\\/deinadieu.ch\"]}]}<\/script>","yoast_head_json":{"title":"R\u00e9trospective de l'ann\u00e9e 2022 et perspectives pour 2023 | DeinAdieu.ch","description":"DeinAdieu hilft rund um die Themen Vorsorge, Testament, Patientenverf\u00fcgung, Vorsorgeauftrag und testamentarische Ber\u00fccksichtigung eines Schweizer Hilfswerks.","robots":{"index":"index","follow":"follow","max-snippet":"max-snippet:-1","max-image-preview":"max-image-preview:large","max-video-preview":"max-video-preview:-1"},"canonical":"https:\/\/www.deinadieu.ch\/fr\/retrospective-de-lannee-2022-et-perspectives-pour-2023\/","og_locale":"fr_FR","og_type":"article","og_title":"R\u00e9trospective de l'ann\u00e9e 2022 et perspectives pour 2023","og_description":"Image : Lukas Blazek, Unsplash 13% de prises en compte en plus En 2022, les ONG ont \u00e9t\u00e9 incluses 780 fois dans des testaments. C'est 80 fois de plus qu'en","og_url":"https:\/\/www.deinadieu.ch\/fr\/retrospective-de-lannee-2022-et-perspectives-pour-2023\/","og_site_name":"DeinAdieu.ch","article_publisher":"https:\/\/www.facebook.com\/deinadieu","article_modified_time":"2023-02-28T11:30:07+00:00","og_image":[{"url":"https:\/\/static.deinadieu.ch\/uploads\/2023\/01\/Rectangle-9-1024x422.png","type":"","width":"","height":""}],"twitter_card":"summary_large_image","twitter_site":"@DeinAdieu","twitter_misc":{"Est. reading time":"9 minutes"},"schema":{"@context":"https:\/\/schema.org","@graph":[{"@type":"WebPage","@id":"https:\/\/www.deinadieu.ch\/fr\/retrospective-de-lannee-2022-et-perspectives-pour-2023\/","url":"https:\/\/www.deinadieu.ch\/fr\/retrospective-de-lannee-2022-et-perspectives-pour-2023\/","name":"R\u00e9trospective de l'ann\u00e9e 2022 et perspectives pour 2023 | DeinAdieu.ch","isPartOf":{"@id":"https:\/\/www.deinadieu.ch\/fr\/#website"},"primaryImageOfPage":{"@id":"https:\/\/www.deinadieu.ch\/fr\/retrospective-de-lannee-2022-et-perspectives-pour-2023\/#primaryimage"},"image":{"@id":"https:\/\/www.deinadieu.ch\/fr\/retrospective-de-lannee-2022-et-perspectives-pour-2023\/#primaryimage"},"thumbnailUrl":"https:\/\/www.deinadieu.ch\/wp-content\/uploads\/2023\/01\/Rectangle-9-1024x422.png","datePublished":"2023-02-08T15:51:45+00:00","dateModified":"2023-02-28T11:30:07+00:00","description":"DeinAdieu hilft rund um die Themen Vorsorge, Testament, Patientenverf\u00fcgung, Vorsorgeauftrag und testamentarische Ber\u00fccksichtigung eines Schweizer Hilfswerks.","breadcrumb":{"@id":"https:\/\/www.deinadieu.ch\/fr\/retrospective-de-lannee-2022-et-perspectives-pour-2023\/#breadcrumb"},"inLanguage":"fr-FR","potentialAction":[{"@type":"ReadAction","target":["https:\/\/www.deinadieu.ch\/fr\/retrospective-de-lannee-2022-et-perspectives-pour-2023\/"]}]},{"@type":"ImageObject","inLanguage":"fr-FR","@id":"https:\/\/www.deinadieu.ch\/fr\/retrospective-de-lannee-2022-et-perspectives-pour-2023\/#primaryimage","url":"https:\/\/www.deinadieu.ch\/wp-content\/uploads\/2023\/01\/Rectangle-9-1024x422.png","contentUrl":"https:\/\/www.deinadieu.ch\/wp-content\/uploads\/2023\/01\/Rectangle-9-1024x422.png"},{"@type":"BreadcrumbList","@id":"https:\/\/www.deinadieu.ch\/fr\/retrospective-de-lannee-2022-et-perspectives-pour-2023\/#breadcrumb","itemListElement":[{"@type":"ListItem","position":1,"name":"Home","item":"https:\/\/www.deinadieu.ch\/fr\/deinadieu-dialog-und-serviceportal-zum-lebensende\/"},{"@type":"ListItem","position":2,"name":"R\u00e9trospective de l&#8217;ann\u00e9e 2022 et perspectives pour 2023"}]},{"@type":"WebSite","@id":"https:\/\/www.deinadieu.ch\/fr\/#website","url":"https:\/\/www.deinadieu.ch\/fr\/","name":"DeinAdieu.ch","description":"Testament, Patientenverf\u00fcgung und Vorsorgeauftrag","publisher":{"@id":"https:\/\/www.deinadieu.ch\/fr\/#organization"},"potentialAction":[{"@type":"SearchAction","target":{"@type":"EntryPoint","urlTemplate":"https:\/\/www.deinadieu.ch\/fr\/?s={search_term_string}"},"query-input":{"@type":"PropertyValueSpecification","valueRequired":true,"valueName":"search_term_string"}}],"inLanguage":"fr-FR"},{"@type":"Organization","@id":"https:\/\/www.deinadieu.ch\/fr\/#organization","name":"EMNA Web GmbH","url":"https:\/\/www.deinadieu.ch\/fr\/","logo":{"@type":"ImageObject","inLanguage":"fr-FR","@id":"https:\/\/www.deinadieu.ch\/fr\/#\/schema\/logo\/image\/","url":"https:\/\/www.deinadieu.ch\/wp-content\/uploads\/2016\/01\/DeinAdieu_Logo.png","contentUrl":"https:\/\/www.deinadieu.ch\/wp-content\/uploads\/2016\/01\/DeinAdieu_Logo.png","width":300,"height":117,"caption":"EMNA Web GmbH"},"image":{"@id":"https:\/\/www.deinadieu.ch\/fr\/#\/schema\/logo\/image\/"},"sameAs":["https:\/\/www.facebook.com\/deinadieu","https:\/\/x.com\/DeinAdieu","https:\/\/www.instagram.com\/deinadieu\/","https:\/\/www.linkedin.com\/company\/deinadieu.ch"]}]}},"_links":{"self":[{"href":"https:\/\/www.deinadieu.ch\/fr\/wp-json\/wp\/v2\/pages\/62092","targetHints":{"allow":["GET"]}}],"collection":[{"href":"https:\/\/www.deinadieu.ch\/fr\/wp-json\/wp\/v2\/pages"}],"about":[{"href":"https:\/\/www.deinadieu.ch\/fr\/wp-json\/wp\/v2\/types\/page"}],"author":[{"embeddable":true,"href":"https:\/\/www.deinadieu.ch\/fr\/wp-json\/wp\/v2\/users\/6041"}],"replies":[{"embeddable":true,"href":"https:\/\/www.deinadieu.ch\/fr\/wp-json\/wp\/v2\/comments?post=62092"}],"version-history":[{"count":5,"href":"https:\/\/www.deinadieu.ch\/fr\/wp-json\/wp\/v2\/pages\/62092\/revisions"}],"predecessor-version":[{"id":62160,"href":"https:\/\/www.deinadieu.ch\/fr\/wp-json\/wp\/v2\/pages\/62092\/revisions\/62160"}],"wp:attachment":[{"href":"https:\/\/www.deinadieu.ch\/fr\/wp-json\/wp\/v2\/media?parent=62092"}],"curies":[{"name":"wp","href":"https:\/\/api.w.org\/{rel}","templated":true}]}}