{"id":56410,"date":"2022-04-17T07:58:41","date_gmt":"2022-04-17T05:58:41","guid":{"rendered":"https:\/\/deinadieu.ch\/bien-immobilier-succession-nous-vous-aidons-a-y-voir-plus-clair\/"},"modified":"2024-09-25T16:07:52","modified_gmt":"2024-09-25T14:07:52","slug":"bien-immobilier-succession-nous-vous-aidons-a-y-voir-plus-clair","status":"publish","type":"page","link":"https:\/\/www.deinadieu.ch\/fr\/bien-immobilier-succession-nous-vous-aidons-a-y-voir-plus-clair\/","title":{"rendered":"Biens immobiliers et succession"},"content":{"rendered":"\n<h1 class=\"wp-block-heading alignwide has-text-align-center\">Biens immobiliers et succession : nous vous aidons \u00e0 y voir plus clair<\/h1>\n\n<div class=\"wp-block-columns alignwide is-layout-flex wp-container-core-columns-is-layout-28f84493 wp-block-columns-is-layout-flex\">\n<div class=\"wp-block-column is-layout-flow wp-block-column-is-layout-flow\">\n<h2 class=\"wp-block-heading\" id=\"h-nachlass-regeln-und-immobilie-vererben\">R\u00e9gler sa succession et transmettre un bien immobilier pour cause de mort<\/h2>\n\n\n\n<p>R\u00e9digez un testament pour vous assurer que votre succession et vos biens immobiliers seront transmis aux h\u00e9ritiers que vous aurez d\u00e9finis, conform\u00e9ment \u00e0 vos souhaits.<\/p>\n\n\n\n<div class=\"wp-block-buttons is-layout-flex wp-block-buttons-is-layout-flex\">\n<div class=\"wp-block-button\"><a class=\"wp-block-button__link wp-element-button\" href=\"https:\/\/app.deinadieu.ch\/testamentgenerator\/ngo\/7558\" target=\"_blank\" rel=\"noreferrer noopener\">Vers l&#8217;assistant testamentaire en ligne<\/a><\/div>\n<\/div>\n<\/div>\n\n\n\n<div class=\"wp-block-column is-layout-flow wp-block-column-is-layout-flow\">\n<h2 class=\"wp-block-heading\" id=\"h-vorsorgeauftrag-zur-gewahrleistung\">Un mandat pour cause d&#8217;inaptitude \u00e0 des fins de garantie<\/h2>\n\n\n\n<p>\u00c9tablissez un mandat pour cause d&#8217;inaptitude interactif afin de vous assurer qu&#8217;en cas d&#8217;incapacit\u00e9 de discernement, la vente d&#8217;un bien immobilier ne puisse pas \u00eatre bloqu\u00e9e par les autorit\u00e9s.<\/p>\n\n\n\n<div class=\"wp-block-buttons is-layout-flex wp-block-buttons-is-layout-flex\">\n<div class=\"wp-block-button\"><a class=\"wp-block-button__link wp-element-button\" href=\"https:\/\/app.deinadieu.ch\/advance-care-directive\/ngo\/7558\" target=\"_blank\" rel=\"noreferrer noopener\">Mandat pour cause d&#8217;inaptitude<\/a><\/div>\n<\/div>\n<\/div>\n<\/div>\n\n<div class=\"wp-block-media-text alignwide has-media-on-the-right is-stacked-on-mobile is-image-fill mx-4 lg:mx-32 my-12 lg:my-32 border border-gray-400 has-background\" style=\"background-color:#f7fafc\"><div class=\"wp-block-media-text__content\">\n<p class=\"pt-8 has-medium-font-size\">Planification successorale pour vos biens immobiliers<\/p>\n\n\n\n<p>Contactez nos sp\u00e9cialistes en droit des successions.<\/p>\n\n\n\n<div class=\"wp-block-buttons mb-8 is-layout-flex wp-block-buttons-is-layout-flex\">\n<div class=\"wp-block-button\"><a class=\"wp-block-button__link wp-element-button\" href=\"https:\/\/deinadieu.ch\/juristen\/\" target=\"_blank\" rel=\"noreferrer noopener\">Vers les sp\u00e9cialistes en droit des successions<\/a><\/div>\n<\/div>\n<\/div><figure class=\"wp-block-media-text__media\" style=\"background-image:url(https:\/\/www.deinadieu.ch\/wp-content\/uploads\/2022\/04\/helvetia_banner.jpg);background-position:50% 50%\"><img loading=\"lazy\" decoding=\"async\" width=\"640\" height=\"427\" src=\"https:\/\/www.deinadieu.ch\/wp-content\/uploads\/2022\/04\/helvetia_banner.jpg\" alt=\"\" class=\"wp-image-56285 size-full\" srcset=\"https:\/\/www.deinadieu.ch\/wp-content\/uploads\/2022\/04\/helvetia_banner.jpg 640w, https:\/\/www.deinadieu.ch\/wp-content\/uploads\/2022\/04\/helvetia_banner-300x200.jpg 300w\" sizes=\"auto, (max-width: 640px) 100vw, 640px\" \/><\/figure><\/div>\n\n<div class=\"wp-block-columns is-layout-flex wp-container-core-columns-is-layout-28f84493 wp-block-columns-is-layout-flex\">\n<div class=\"wp-block-column is-layout-flow wp-block-column-is-layout-flow\">\n<h2 class=\"wp-block-heading mb-4\" id=\"h-icon-name-file-pdf-prefix-fas-class-rounded-full-bg-da-dark-px-4-py-3-text-white-mr-4-vorlagen-und-checklisten\"><i class=\"fas fa-file-pdf rounded-full bg-da-dark px-4 py-3 text-white mr-4\"><\/i> Mod\u00e8les et check-lists<\/h2>\n\n\n\n<p class=\"pl-4 pt-2\"><a href=\"https:\/\/www.deinadieu.ch\/fr\/contrats-modeles-de-lettres\/\">Droit d&#8217;habitation<\/a><\/p>\n\n\n\n<hr class=\"wp-block-separator has-text-color has-css-opacity has-background is-style-wide\" style=\"background-color:#cfd7e6;color:#cfd7e6\"\/>\n\n\n\n<p class=\"pl-4 pt-2\"><a href=\"https:\/\/www.deinadieu.ch\/fr\/contrats-modeles-de-lettres\/\">Usufruit<\/a><\/p>\n\n\n\n<hr class=\"wp-block-separator has-text-color has-css-opacity has-background is-style-wide\" style=\"background-color:#cfd7e6;color:#cfd7e6\"\/>\n<\/div>\n\n\n\n<div class=\"wp-block-column is-layout-flow wp-block-column-is-layout-flow\">\n<h2 class=\"wp-block-heading mb-4\" id=\"h-icon-name-book-open-prefix-fas-class-rounded-full-bg-da-dark-px-2-py-3-text-white-mr-4-ratgeber\"><i class=\"fas fa-book-open rounded-full bg-da-dark px-2 py-3 text-white mr-4\"><\/i>Articles de conseil<\/h2>\n\n\n\n<p class=\"pl-4 pt-2\"><a href=\"https:\/\/www.deinadieu.ch\/ratgeber\/immobilien-im-nachlass-was-sollte-der-erblasser-regeln\/\">Que devrait r\u00e9gler le de cujus en ce qui concerne les biens immobiliers dans la succession ?<\/a><\/p>\n\n\n\n<hr class=\"wp-block-separator has-text-color has-css-opacity has-background is-style-wide\" style=\"background-color:#cfd7e6;color:#cfd7e6\"\/>\n\n\n\n<p class=\"pl-4 pt-2\"><a href=\"https:\/\/www.deinadieu.ch\/ratgeber\/kann-ich-verhindern-dass-mein-ehepartner-das-eigenheim-aufgeben-muss\/\">Puis-je emp\u00eacher que mon conjoint doive quitter la maison ?<\/a><\/p>\n\n\n\n<hr class=\"wp-block-separator has-text-color has-css-opacity has-background is-style-wide\" style=\"background-color:#cfd7e6;color:#cfd7e6\"\/>\n\n\n\n<p class=\"pl-4 pt-2\"><a href=\"https:\/\/www.deinadieu.ch\/ratgeber\/das-wichtigste-zu-erbschafts-und-schenkungssteuern\/\">Imp\u00f4t sur les successions et les donations &#8211; A quoi faut-il pr\u00eater attention en ce qui concerne les biens immobiliers ?<\/a><\/p>\n\n\n\n<hr class=\"wp-block-separator has-text-color has-css-opacity has-background is-style-wide\" style=\"background-color:#cfd7e6;color:#cfd7e6\"\/>\n<\/div>\n<\/div>\n\n<div style=\"height:100px\" aria-hidden=\"true\" class=\"wp-block-spacer\"><\/div>\n","protected":false},"excerpt":{"rendered":"<p>Biens immobiliers et succession : nous vous aidons \u00e0 y voir plus clair R\u00e9gler sa succession et transmettre un bien immobilier pour cause de mort R\u00e9digez un testament pour vous assurer que votre succession et vos biens immobiliers seront transmis aux h\u00e9ritiers que vous aurez d\u00e9finis, conform\u00e9ment \u00e0 vos souhaits. Un mandat pour cause d&#8217;inaptitude [&hellip;]<\/p>\n","protected":false},"author":4939,"featured_media":56255,"parent":0,"menu_order":0,"comment_status":"closed","ping_status":"closed","template":"","meta":{"_acf_changed":false,"footnotes":""},"class_list":["post-56410","page","type-page","status-publish","has-post-thumbnail","hentry"],"acf":[],"yoast_head":"<title>Succession et biens immobiliers : testament et mandat pour cause d&#039;inaptitude | DeinAdieu<\/title>\n<meta name=\"description\" content=\"Assurez la succession de votre bien immobilier : r\u00e9digez votre testament et votre mandat pour cause d&#039;inaptitude et s\u00e9curisez les biens immobiliers dans votre succession.\" \/>\n<meta name=\"robots\" content=\"index, follow, max-snippet:-1, max-image-preview:large, max-video-preview:-1\" \/>\n<link rel=\"canonical\" href=\"https:\/\/www.deinadieu.ch\/fr\/bien-immobilier-succession-nous-vous-aidons-a-y-voir-plus-clair\/\" \/>\n<meta property=\"og:locale\" content=\"fr_FR\" \/>\n<meta property=\"og:type\" content=\"article\" \/>\n<meta property=\"og:title\" content=\"Biens immobiliers et succession\" \/>\n<meta property=\"og:description\" content=\"Biens immobiliers et succession : nous vous aidons \u00e0 y voir plus clair R\u00e9gler sa succession et transmettre un bien immobilier pour cause de mort R\u00e9digez\" \/>\n<meta property=\"og:url\" content=\"https:\/\/www.deinadieu.ch\/fr\/bien-immobilier-succession-nous-vous-aidons-a-y-voir-plus-clair\/\" \/>\n<meta property=\"og:site_name\" content=\"DeinAdieu.ch\" \/>\n<meta property=\"article:publisher\" content=\"https:\/\/www.facebook.com\/deinadieu\" \/>\n<meta property=\"article:modified_time\" content=\"2024-09-25T14:07:52+00:00\" \/>\n<meta property=\"og:image\" content=\"https:\/\/static.deinadieu.ch\/uploads\/2022\/04\/helvetia_immo.jpg\" \/>\n\t<meta property=\"og:image:width\" content=\"1280\" \/>\n\t<meta property=\"og:image:height\" content=\"275\" \/>\n\t<meta property=\"og:image:type\" content=\"image\/jpeg\" \/>\n<meta name=\"twitter:card\" content=\"summary_large_image\" \/>\n<meta name=\"twitter:site\" content=\"@DeinAdieu\" \/>\n<meta name=\"twitter:label1\" content=\"Est. reading time\" \/>\n\t<meta name=\"twitter:data1\" content=\"2 minutes\" \/>\n<script type=\"application\/ld+json\" class=\"yoast-schema-graph\">{\"@context\":\"https:\\\/\\\/schema.org\",\"@graph\":[{\"@type\":\"WebPage\",\"@id\":\"https:\\\/\\\/www.deinadieu.ch\\\/fr\\\/bien-immobilier-succession-nous-vous-aidons-a-y-voir-plus-clair\\\/\",\"url\":\"https:\\\/\\\/www.deinadieu.ch\\\/fr\\\/bien-immobilier-succession-nous-vous-aidons-a-y-voir-plus-clair\\\/\",\"name\":\"Succession et biens immobiliers : testament et mandat pour cause d'inaptitude | DeinAdieu\",\"isPartOf\":{\"@id\":\"https:\\\/\\\/www.deinadieu.ch\\\/fr\\\/#website\"},\"primaryImageOfPage\":{\"@id\":\"https:\\\/\\\/www.deinadieu.ch\\\/fr\\\/bien-immobilier-succession-nous-vous-aidons-a-y-voir-plus-clair\\\/#primaryimage\"},\"image\":{\"@id\":\"https:\\\/\\\/www.deinadieu.ch\\\/fr\\\/bien-immobilier-succession-nous-vous-aidons-a-y-voir-plus-clair\\\/#primaryimage\"},\"thumbnailUrl\":\"https:\\\/\\\/www.deinadieu.ch\\\/wp-content\\\/uploads\\\/2022\\\/04\\\/helvetia_immo.jpg\",\"datePublished\":\"2022-04-17T05:58:41+00:00\",\"dateModified\":\"2024-09-25T14:07:52+00:00\",\"description\":\"Assurez la succession de votre bien immobilier : r\u00e9digez votre testament et votre mandat pour cause d'inaptitude et s\u00e9curisez les biens immobiliers dans votre succession.\",\"breadcrumb\":{\"@id\":\"https:\\\/\\\/www.deinadieu.ch\\\/fr\\\/bien-immobilier-succession-nous-vous-aidons-a-y-voir-plus-clair\\\/#breadcrumb\"},\"inLanguage\":\"fr-FR\",\"potentialAction\":[{\"@type\":\"ReadAction\",\"target\":[\"https:\\\/\\\/www.deinadieu.ch\\\/fr\\\/bien-immobilier-succession-nous-vous-aidons-a-y-voir-plus-clair\\\/\"]}]},{\"@type\":\"ImageObject\",\"inLanguage\":\"fr-FR\",\"@id\":\"https:\\\/\\\/www.deinadieu.ch\\\/fr\\\/bien-immobilier-succession-nous-vous-aidons-a-y-voir-plus-clair\\\/#primaryimage\",\"url\":\"https:\\\/\\\/www.deinadieu.ch\\\/wp-content\\\/uploads\\\/2022\\\/04\\\/helvetia_immo.jpg\",\"contentUrl\":\"https:\\\/\\\/www.deinadieu.ch\\\/wp-content\\\/uploads\\\/2022\\\/04\\\/helvetia_immo.jpg\",\"width\":1280,\"height\":275},{\"@type\":\"BreadcrumbList\",\"@id\":\"https:\\\/\\\/www.deinadieu.ch\\\/fr\\\/bien-immobilier-succession-nous-vous-aidons-a-y-voir-plus-clair\\\/#breadcrumb\",\"itemListElement\":[{\"@type\":\"ListItem\",\"position\":1,\"name\":\"Home\",\"item\":\"https:\\\/\\\/www.deinadieu.ch\\\/fr\\\/deinadieu-dialog-und-serviceportal-zum-lebensende\\\/\"},{\"@type\":\"ListItem\",\"position\":2,\"name\":\"Biens immobiliers et succession\"}]},{\"@type\":\"WebSite\",\"@id\":\"https:\\\/\\\/www.deinadieu.ch\\\/fr\\\/#website\",\"url\":\"https:\\\/\\\/www.deinadieu.ch\\\/fr\\\/\",\"name\":\"DeinAdieu.ch\",\"description\":\"Testament, Patientenverf\u00fcgung und Vorsorgeauftrag\",\"publisher\":{\"@id\":\"https:\\\/\\\/www.deinadieu.ch\\\/fr\\\/#organization\"},\"potentialAction\":[{\"@type\":\"SearchAction\",\"target\":{\"@type\":\"EntryPoint\",\"urlTemplate\":\"https:\\\/\\\/www.deinadieu.ch\\\/fr\\\/?s={search_term_string}\"},\"query-input\":{\"@type\":\"PropertyValueSpecification\",\"valueRequired\":true,\"valueName\":\"search_term_string\"}}],\"inLanguage\":\"fr-FR\"},{\"@type\":\"Organization\",\"@id\":\"https:\\\/\\\/www.deinadieu.ch\\\/fr\\\/#organization\",\"name\":\"EMNA Web GmbH\",\"url\":\"https:\\\/\\\/www.deinadieu.ch\\\/fr\\\/\",\"logo\":{\"@type\":\"ImageObject\",\"inLanguage\":\"fr-FR\",\"@id\":\"https:\\\/\\\/www.deinadieu.ch\\\/fr\\\/#\\\/schema\\\/logo\\\/image\\\/\",\"url\":\"https:\\\/\\\/www.deinadieu.ch\\\/wp-content\\\/uploads\\\/2016\\\/01\\\/DeinAdieu_Logo.png\",\"contentUrl\":\"https:\\\/\\\/www.deinadieu.ch\\\/wp-content\\\/uploads\\\/2016\\\/01\\\/DeinAdieu_Logo.png\",\"width\":300,\"height\":117,\"caption\":\"EMNA Web GmbH\"},\"image\":{\"@id\":\"https:\\\/\\\/www.deinadieu.ch\\\/fr\\\/#\\\/schema\\\/logo\\\/image\\\/\"},\"sameAs\":[\"https:\\\/\\\/www.facebook.com\\\/deinadieu\",\"https:\\\/\\\/x.com\\\/DeinAdieu\",\"https:\\\/\\\/www.instagram.com\\\/deinadieu\\\/\",\"https:\\\/\\\/www.linkedin.com\\\/company\\\/deinadieu.ch\"]}]}<\/script>","yoast_head_json":{"title":"Succession et biens immobiliers : testament et mandat pour cause d'inaptitude | DeinAdieu","description":"Assurez la succession de votre bien immobilier : r\u00e9digez votre testament et votre mandat pour cause d'inaptitude et s\u00e9curisez les biens immobiliers dans votre succession.","robots":{"index":"index","follow":"follow","max-snippet":"max-snippet:-1","max-image-preview":"max-image-preview:large","max-video-preview":"max-video-preview:-1"},"canonical":"https:\/\/www.deinadieu.ch\/fr\/bien-immobilier-succession-nous-vous-aidons-a-y-voir-plus-clair\/","og_locale":"fr_FR","og_type":"article","og_title":"Biens immobiliers et succession","og_description":"Biens immobiliers et succession : nous vous aidons \u00e0 y voir plus clair R\u00e9gler sa succession et transmettre un bien immobilier pour cause de mort R\u00e9digez","og_url":"https:\/\/www.deinadieu.ch\/fr\/bien-immobilier-succession-nous-vous-aidons-a-y-voir-plus-clair\/","og_site_name":"DeinAdieu.ch","article_publisher":"https:\/\/www.facebook.com\/deinadieu","article_modified_time":"2024-09-25T14:07:52+00:00","og_image":[{"width":1280,"height":275,"url":"https:\/\/static.deinadieu.ch\/uploads\/2022\/04\/helvetia_immo.jpg","type":"image\/jpeg"}],"twitter_card":"summary_large_image","twitter_site":"@DeinAdieu","twitter_misc":{"Est. reading time":"2 minutes"},"schema":{"@context":"https:\/\/schema.org","@graph":[{"@type":"WebPage","@id":"https:\/\/www.deinadieu.ch\/fr\/bien-immobilier-succession-nous-vous-aidons-a-y-voir-plus-clair\/","url":"https:\/\/www.deinadieu.ch\/fr\/bien-immobilier-succession-nous-vous-aidons-a-y-voir-plus-clair\/","name":"Succession et biens immobiliers : testament et mandat pour cause d'inaptitude | DeinAdieu","isPartOf":{"@id":"https:\/\/www.deinadieu.ch\/fr\/#website"},"primaryImageOfPage":{"@id":"https:\/\/www.deinadieu.ch\/fr\/bien-immobilier-succession-nous-vous-aidons-a-y-voir-plus-clair\/#primaryimage"},"image":{"@id":"https:\/\/www.deinadieu.ch\/fr\/bien-immobilier-succession-nous-vous-aidons-a-y-voir-plus-clair\/#primaryimage"},"thumbnailUrl":"https:\/\/www.deinadieu.ch\/wp-content\/uploads\/2022\/04\/helvetia_immo.jpg","datePublished":"2022-04-17T05:58:41+00:00","dateModified":"2024-09-25T14:07:52+00:00","description":"Assurez la succession de votre bien immobilier : r\u00e9digez votre testament et votre mandat pour cause d'inaptitude et s\u00e9curisez les biens immobiliers dans votre succession.","breadcrumb":{"@id":"https:\/\/www.deinadieu.ch\/fr\/bien-immobilier-succession-nous-vous-aidons-a-y-voir-plus-clair\/#breadcrumb"},"inLanguage":"fr-FR","potentialAction":[{"@type":"ReadAction","target":["https:\/\/www.deinadieu.ch\/fr\/bien-immobilier-succession-nous-vous-aidons-a-y-voir-plus-clair\/"]}]},{"@type":"ImageObject","inLanguage":"fr-FR","@id":"https:\/\/www.deinadieu.ch\/fr\/bien-immobilier-succession-nous-vous-aidons-a-y-voir-plus-clair\/#primaryimage","url":"https:\/\/www.deinadieu.ch\/wp-content\/uploads\/2022\/04\/helvetia_immo.jpg","contentUrl":"https:\/\/www.deinadieu.ch\/wp-content\/uploads\/2022\/04\/helvetia_immo.jpg","width":1280,"height":275},{"@type":"BreadcrumbList","@id":"https:\/\/www.deinadieu.ch\/fr\/bien-immobilier-succession-nous-vous-aidons-a-y-voir-plus-clair\/#breadcrumb","itemListElement":[{"@type":"ListItem","position":1,"name":"Home","item":"https:\/\/www.deinadieu.ch\/fr\/deinadieu-dialog-und-serviceportal-zum-lebensende\/"},{"@type":"ListItem","position":2,"name":"Biens immobiliers et succession"}]},{"@type":"WebSite","@id":"https:\/\/www.deinadieu.ch\/fr\/#website","url":"https:\/\/www.deinadieu.ch\/fr\/","name":"DeinAdieu.ch","description":"Testament, Patientenverf\u00fcgung und Vorsorgeauftrag","publisher":{"@id":"https:\/\/www.deinadieu.ch\/fr\/#organization"},"potentialAction":[{"@type":"SearchAction","target":{"@type":"EntryPoint","urlTemplate":"https:\/\/www.deinadieu.ch\/fr\/?s={search_term_string}"},"query-input":{"@type":"PropertyValueSpecification","valueRequired":true,"valueName":"search_term_string"}}],"inLanguage":"fr-FR"},{"@type":"Organization","@id":"https:\/\/www.deinadieu.ch\/fr\/#organization","name":"EMNA Web GmbH","url":"https:\/\/www.deinadieu.ch\/fr\/","logo":{"@type":"ImageObject","inLanguage":"fr-FR","@id":"https:\/\/www.deinadieu.ch\/fr\/#\/schema\/logo\/image\/","url":"https:\/\/www.deinadieu.ch\/wp-content\/uploads\/2016\/01\/DeinAdieu_Logo.png","contentUrl":"https:\/\/www.deinadieu.ch\/wp-content\/uploads\/2016\/01\/DeinAdieu_Logo.png","width":300,"height":117,"caption":"EMNA Web GmbH"},"image":{"@id":"https:\/\/www.deinadieu.ch\/fr\/#\/schema\/logo\/image\/"},"sameAs":["https:\/\/www.facebook.com\/deinadieu","https:\/\/x.com\/DeinAdieu","https:\/\/www.instagram.com\/deinadieu\/","https:\/\/www.linkedin.com\/company\/deinadieu.ch"]}]}},"_links":{"self":[{"href":"https:\/\/www.deinadieu.ch\/fr\/wp-json\/wp\/v2\/pages\/56410","targetHints":{"allow":["GET"]}}],"collection":[{"href":"https:\/\/www.deinadieu.ch\/fr\/wp-json\/wp\/v2\/pages"}],"about":[{"href":"https:\/\/www.deinadieu.ch\/fr\/wp-json\/wp\/v2\/types\/page"}],"author":[{"embeddable":true,"href":"https:\/\/www.deinadieu.ch\/fr\/wp-json\/wp\/v2\/users\/4939"}],"replies":[{"embeddable":true,"href":"https:\/\/www.deinadieu.ch\/fr\/wp-json\/wp\/v2\/comments?post=56410"}],"version-history":[{"count":9,"href":"https:\/\/www.deinadieu.ch\/fr\/wp-json\/wp\/v2\/pages\/56410\/revisions"}],"predecessor-version":[{"id":68520,"href":"https:\/\/www.deinadieu.ch\/fr\/wp-json\/wp\/v2\/pages\/56410\/revisions\/68520"}],"wp:featuredmedia":[{"embeddable":true,"href":"https:\/\/www.deinadieu.ch\/fr\/wp-json\/wp\/v2\/media\/56255"}],"wp:attachment":[{"href":"https:\/\/www.deinadieu.ch\/fr\/wp-json\/wp\/v2\/media?parent=56410"}],"curies":[{"name":"wp","href":"https:\/\/api.w.org\/{rel}","templated":true}]}}