{"id":47875,"date":"2021-02-10T13:19:27","date_gmt":"2021-02-10T12:19:27","guid":{"rendered":"https:\/\/www.deinadieu.ch\/faire-le-bien-au-dela-de-la-fin-de-la-vie\/"},"modified":"2023-10-23T11:53:01","modified_gmt":"2023-10-23T09:53:01","slug":"faire-le-bien-au-dela-de-la-fin-de-la-vie","status":"publish","type":"page","link":"https:\/\/www.deinadieu.ch\/fr\/faire-le-bien-au-dela-de-la-fin-de-la-vie\/","title":{"rendered":"Faire le bien \u2013 au-del\u00e0 de la fin de vie"},"content":{"rendered":"\n<div class=\"wp-block-columns alignwide is-layout-flex wp-container-core-columns-is-layout-28f84493 wp-block-columns-is-layout-flex\">\n<div class=\"wp-block-column is-layout-flow wp-block-column-is-layout-flow\">            <da-featured-tool\n                more=\"En savoir plus\"\n                direct=\"\"\n                text=\"Apprenez-en davantage sur les voeux les plus chers de nos donateurs testamentaires\"\n                title=\"Quel effet peuvent avoir mes derni\u00e8res volont\u00e9s ?\"\n                tool=\"\"\n                href=\"#mein-wille\"\n                icon=\"heart\"\n            ><\/da-featured-tool>\n<\/div>\n\n\n\n<div class=\"wp-block-column is-layout-flow wp-block-column-is-layout-flow\">            <da-featured-tool\n                more=\"En savoir plus\"\n                direct=\"\"\n                text=\"Nos organisations partenaires expliquent comment vous pouvez changer le monde avec votre argent\"\n                title=\"Votre contribution fait une \u00e9norme diff\u00e9rence\"\n                tool=\"\"\n                href=\"#organisation\"\n                icon=\"nonprofit\"\n            ><\/da-featured-tool>\n<\/div>\n\n\n\n<div class=\"wp-block-column is-layout-flow wp-block-column-is-layout-flow\">            <da-featured-tool\n                more=\"En savoir plus\"\n                direct=\"\"\n                text=\"Nos avocates et avocats sp\u00e9cialistes vous montrent ce \u00e0 quoi vous devez faire attention dans le cadre de la r\u00e9glementation successorale\"\n                title=\"Faire le bien - mais correctement\"\n                tool=\"\"\n                href=\"#wichtiges\"\n                icon=\"information\"\n            ><\/da-featured-tool>\n<\/div>\n<\/div>\n\n<div class=\"wp-block-group alignfull has-background is-layout-flow wp-block-group-is-layout-flow\" style=\"background-color:#f3f7fa\">\n<p class=\"has-text-align-center py-12 has-large-font-size\"><em>\u00ab Je peux regarder en arri\u00e8re sur une vie heureuse et j&#8217;aimerais<br\/>transmettre quelque chose \u00bb<\/em><\/p>\n<\/div>\n\n<h2 class=\"wp-block-heading px-2 md:px-64 md:mt-16\">Faire le bien rend heureux<\/h2>\n\n<p class=\"px-2 md:px-64 mb-12\">Des \u00e9tudes le montrent encore et encore : donner de l&#8217;argent et du temps pour une bonne cause rend les gens heureux. Vous aussi, vous pouvez faire du bien aux autres au-del\u00e0 de la fin de votre vie \u2013 et cela sans trop d&#8217;efforts. Sur ce site web, nous vous expliquons comment. <br\/><br\/>Ce que vous devez savoir : en Suisse, la population <a href=\"https:\/\/www.deinadieu.ch\/fr\/des-milliards-supplementaires-attendus-pour-les-ong-suisses-entretien-avec-le-dr-bruelhart-hec-lausanne\/\" target=\"_blank\" rel=\"noreferrer noopener\">l\u00e8gue environ 95 milliards de francs par an<\/a> \u00e0 ses proches. Cependant, moins d&#8217;un demi pour cent de cette somme \u00e9norme va \u00e0 des oeuvres de bienfaisance.<\/p>\n\n<h3 class=\"wp-block-heading px-2 md:px-64 md:mt-16\" id=\"h-mit-erbschaft-legat-und-trauerspende-gutes-tun\">Faites le bien avec un h\u00e9ritage, un leg et des dons fun\u00e9raires <\/h3>\n\n<p class=\"px-2 md:px-64 mb-12\">Souhaitez-vous rendre quelque chose \u00e0 la soci\u00e9t\u00e9 apr\u00e8s votre d\u00e9c\u00e8s avec l&#8217;aide d&#8217;organisations professionnelles et cr\u00e9er quelque chose de durable ? Ici, en quelques clics et indications, vous pouvez inclure des organisations \u00e0 but non lucratif dans votre <a href=\"https:\/\/www.deinadieu.ch\/fr\/testament\/\" target=\"_blank\" rel=\"noreferrer noopener\">testament<\/a> aux c\u00f4t\u00e9s de vos proches ou les faire b\u00e9n\u00e9ficier d&#8217;un appel \u00e0 un <a href=\"https:\/\/www.deinadieu.ch\/todesanzeige\/\" target=\"_blank\" rel=\"noreferrer noopener\">don fun\u00e9raire<\/a>. Nos aides num\u00e9riques sont gratuites et vous conduisent pas \u00e0 pas vers votre objectif : faire le bien au-del\u00e0 de la fin de votre vie.<br\/><\/p>\n\n<h3 class=\"wp-block-heading px-2 md:px-64 md:mt-16\" id=\"h-grosse-auswahl-an-verlasslichen-hilfswerken\">Grand choix d&#8217;organisations humanitaires fiables <\/h3>\n\n<p class=\"px-2 md:px-64 mb-12\"><a href=\"https:\/\/app.deinadieu.ch\/testamentgenerator\" target=\"_blank\" rel=\"noreferrer noopener\">Dans le cadre de la r\u00e9daction de votre testament<\/a>, s\u00e9lectionnez les oeuvres de bienfaisance appropri\u00e9es pour les choses qui vous tiennent \u00e0 c\u0153ur. Vous avez le choix entre plus de <a href=\"https:\/\/www.deinadieu.ch\/hilfswerke\/\" target=\"_blank\" rel=\"noreferrer noopener\">100 oeuvres de bienfaisance certifi\u00e9es<\/a>. Nos organisations partenaires utilisent votre argent de mani\u00e8re responsable et efficace selon votre volont\u00e9 au profit des personnes, des animaux ou de l&#8217;environnement. Aidez maintenant pour l&#8217;\u00e9ternit\u00e9 !<\/p>\n\n<div class=\"wp-block-group alignwide px-2 md:px-56 is-layout-flow wp-block-group-is-layout-flow\">\n        <div class=\"relative shadow-lg -mx-12 mb-4 overflow-hidden\" style=\"background-image: url('https:\/\/www.deinadieu.ch\/wp-content\/themes\/da-v4\/assets\/v4\/banner\/gutestun.jpg'); background-size: cover; background-position: center\">\n            <div class=\"banner-white-box md:w-3\/5 text-black -ml-16 pl-16\" style=\"background-color: rgba(255,255,255,0.75)\">\n                <div class=\"inner\">\n                    <div class=\"text-2xl p-12\">Faire le bien au-del\u00e0 de la fin de sa vie<\/div>\n                    <div class=\"px-12 md:mr-16\">\n                        <a href=\"https:\/\/www.deinadieu.ch\/gemeinnuetzige-organisationen\/\" target=\"_blank\" class=\"btn btn-da block mb-2 text-center\">Voir les organisations<\/a>\n                        <a href=\"https:\/\/www.deinadieu.ch\/testament\/\" target=\"_blank\" class=\"btn btn-da block mb-2 text-center\">Inclure une organisation dans son testament<\/a>\n                        <a href=\"\" target=\"_blank\" class=\"btn btn-da block mb-2 text-center\">Appeler \u00e0 faire un don fun\u00e9raire en faveur d'une organisation<\/a>\n                    <\/div>\n                    <div class=\"px-12 py-8\">\n                        <img decoding=\"async\" src=\"https:\/\/www.deinadieu.ch\/wp-content\/themes\/da-v4\/assets\/v4\/deinadieu_logo_dark.svg\" class=\"h-12\">\n                    <\/div>\n                <\/div>\n            <\/div>\n        <\/div>\n        \n<\/div>\n\n<h2 class=\"wp-block-heading px-2 md:px-64 md:mt-16\" id=\"mein-wille\">Vos d\u00e9sirs les plus chers se r\u00e9aliseront <\/h2>\n\n<p class=\"px-2 md:px-64 mb-12\">De plus en plus de gens veulent transmettre au-del\u00e0 de leur d\u00e9c\u00e8s des valeurs et des pr\u00e9occupations qui leur tiennent \u00e0 c\u0153ur dans la vie. Cela est facilement r\u00e9alisable sur DeinAdieu avec l&#8217;aide d&#8217;<a href=\"https:\/\/www.deinadieu.ch\/fr\/conseiller\/prise-en-compte-dune-organisation-dutilite-publique-dans-un-testament-donation-testamentaire\/\" target=\"_blank\" rel=\"noreferrer noopener\">organisations partenaires \u00e0 but non lucratif<\/a>. Les organisations qui sont list\u00e9es chez nous sont des oeuvres de bienfaisance reconnues et certifi\u00e9es. Certaines d&#8217;entre elles apportent depuis des d\u00e9cennies une contribution importante pour une soci\u00e9t\u00e9 vivable. Elles s&#8217;occupent des personnes ou des animaux malades et n\u00e9cessiteux, aident en cas de catastrophe, promeuvent le d\u00e9veloppement durable dans les pays pauvres ou luttent pour la pr\u00e9servation de notre environnement. En bref : elles s&#8217;engagent \u00e9galement de mani\u00e8re durable en faveur de vos souhaits les plus chers. Sur DeinAdieu vous trouverez des <a href=\"https:\/\/www.deinadieu.ch\/hilfswerke\/\" target=\"_blank\" rel=\"noreferrer noopener\">oeuvres de bienfaisance<\/a> actives dans des domaines tels que l&#8217;enfance, la culture, les animaux, le social, l&#8217;environnement et bien d&#8217;autres. Nous en sommes s\u00fbrs : il y a \u00e9galement une organisation pour votre voeu le plus cher.<\/p>\n\n<div class=\"wp-block-group alignwide pt-4 has-background is-layout-flow wp-block-group-is-layout-flow\" id=\"letzter-wille\" style=\"background-color:#f3f7fa\">\n<p class=\"has-text-align-center has-large-font-size\">Quel effet peuvent avoir mes derni\u00e8res volont\u00e9s ?<\/p>\n\n\n            <da-posts-slider\n                lang=\"fr\"\n                more-text=\"En savoir plus\"\n                title=\"entretien avec des donateurs\"\n                tags=\"2337\"\n            ><\/da-posts-slider>\n\n\n\n<p><\/p>\n<\/div>\n\n<h2 class=\"wp-block-heading px-2 md:px-64 md:mt-16\" id=\"organisation\"><strong>Votre contribution fait une \u00e9norme diff\u00e9rence<\/strong><\/h2>\n\n<p class=\"px-2 md:px-64 mb-12\">De nombreux probl\u00e8mes sur notre plan\u00e8te peuvent \u00eatre r\u00e9solus ou du moins combattus plus efficacement avec suffisamment d&#8217;argent. Le d\u00e9veloppement r\u00e9ussi de vaccins efficaces contre le coronavirus en un temps record le d\u00e9montre. La pauvret\u00e9, la souffrance des enfants ou des animaux, le changement climatique ou encore les maladies mortelles comme le cancer sont des sujets qui peuvent \u00eatre abord\u00e9s encore plus efficacement avec votre bienveillance.<\/p>\n\n<p class=\"px-2 md:px-64 mb-12\">Gr\u00e2ce \u00e0 leurs nombreuses ann\u00e9es d&#8217;exp\u00e9rience et \u00e0 leurs faibles co\u00fbts administratifs, nos organisations partenaires ont un impact durable m\u00eame avec peu de ressources. Avec votre legs, vous soutenez leur travail et contribuez de mani\u00e8re tr\u00e8s concr\u00e8te \u00e0 rendre le monde un peu meilleur. Chaque contribution, aussi petite soit-elle, fait une grande diff\u00e9rence.<\/p>\n\n<p><\/p>\n\n<div class=\"wp-block-group alignwide has-background is-layout-flow wp-block-group-is-layout-flow\" id=\"letzter-wille\" style=\"background-color:#f3f7fa\">\n<p class=\"has-text-align-center pt-4 has-large-font-size\">Ce que nos oeuvres de bienfaisance r\u00e9alisent avec votre contribution<\/p>\n\n\n            <da-posts-slider\n                lang=\"fr\"\n                more-text=\"En savoir plus\"\n                title=\"organisation\"\n                tags=\"2338\"\n            ><\/da-posts-slider>\n<\/div>\n\n<h2 class=\"wp-block-heading px-2 md:px-64 mt-16\"><strong>Les questions que vous devriez clarifier<\/strong><\/h2>\n\n<p class=\"px-2 md:px-64 mb-12\">Une planification successorale en temps utile est n\u00e9cessaire pour garantir que votre patrimoine sera g\u00e9r\u00e9 avec soin et utilis\u00e9 selon votre d\u00e9sir le plus cher. En effet, votre argent doit faire le bien et ne pas \u00eatre une source conflits entre vos proches. Si vous souhaitez inclure une organisation \u00e0 but non lucratif dans votre<a href=\"https:\/\/www.deinadieu.ch\/fr\/testament\/\" target=\"_blank\" rel=\"noreferrer noopener\"> testament<\/a> ou dans un <a href=\"https:\/\/www.deinadieu.ch\/fr\/heritage-legs\/\" target=\"_blank\" rel=\"noreferrer noopener\">pacte successoral<\/a>, certaines questions devraient \u00eatre clarifi\u00e9es, notamment les suivantes :<\/p>\n\n<ul class=\"px-2 md:px-64 mb-12 wp-block-list\">\n<li>Quel sera le montant approximatif de mon patrimoine \u00e0 la fin de ma vie ?<\/li>\n\n\n\n<li>Mon patrimoine aura-t-il tendance \u00e0 augmenter ou \u00e0 diminuer pendant ma vieillesse ?<\/li>\n\n\n\n<li>Qui a un <a href=\"https:\/\/www.deinadieu.ch\/ratgeber\/erbteil-pflichtteile-und-verfuegbare-quote\/\" target=\"_blank\" rel=\"noreferrer noopener\">droit<\/a> sur mon h\u00e9ritage ?<\/li>\n\n\n\n<li>Devrais-je favoriser une organisation en qualit\u00e9 de membre de la communaut\u00e9 h\u00e9r\u00e9ditaire ?<\/li>\n\n\n\n<li>Devrais-je simplement faire un <a href=\"https:\/\/www.deinadieu.ch\/fr\/heritage-legs\/\" target=\"_blank\" rel=\"noreferrer noopener\">legs<\/a> \u00e0 une organisation ?<\/li>\n<\/ul>\n\n<h3 class=\"wp-block-heading px-2 md:px-64 md:mt-16\" id=\"h-das-gesprach-suchen\"><strong>Chercher le dialogue<\/strong><\/h3>\n\n<p class=\"px-2 md:px-64 mb-12\">En fonction de votre situation financi\u00e8re et familiale, il peut \u00eatre judicieux de <a href=\"https:\/\/www.deinadieu.ch\/ratgeber\/schenkung\/\" target=\"_blank\" rel=\"noreferrer noopener\">faire des dons d\u00e9j\u00e0 de votre vivant<\/a> \u00e0 vos proches. Les dons \u00e0 des organisations caritatives sont d\u00e9ductibles fiscalement et constituent \u00e9galement un moyen judicieux de faire beaucoup de bien sans trop de frais. Sur DeinAdieu, vous trouvez des r\u00e9ponses aux questions fr\u00e9quemment pos\u00e9es au sujet de l&#8217;h\u00e9ritage. Il est pr\u00e9f\u00e9rable d&#8217;en parler assez t\u00f4t \u00e0 vos proches ou \u00e0 une organisation humanitaire qui vous convient.<\/p>\n\n<div class=\"wp-block-group alignwide px-2 md:px-56 is-layout-flow wp-block-group-is-layout-flow\">\n        <div class=\"relative shadow-lg -mx-12 mb-4 overflow-hidden\" style=\"background-image: url('https:\/\/www.deinadieu.ch\/wp-content\/themes\/da-v4\/assets\/v4\/banner\/gutestun.jpg'); background-size: cover; background-position: center\">\n            <div class=\"banner-white-box md:w-3\/5 text-black -ml-16 pl-16\" style=\"background-color: rgba(255,255,255,0.75)\">\n                <div class=\"inner\">\n                    <div class=\"text-2xl p-12\">Faire le bien au-del\u00e0 de la fin de sa vie<\/div>\n                    <div class=\"px-12 md:mr-16\">\n                        <a href=\"https:\/\/www.deinadieu.ch\/gemeinnuetzige-organisationen\/\" target=\"_blank\" class=\"btn btn-da block mb-2 text-center\">Voir les organisations<\/a>\n                        <a href=\"https:\/\/www.deinadieu.ch\/testament\/\" target=\"_blank\" class=\"btn btn-da block mb-2 text-center\">Inclure une organisation dans son testament<\/a>\n                        <a href=\"\" target=\"_blank\" class=\"btn btn-da block mb-2 text-center\">Appeler \u00e0 faire un don fun\u00e9raire en faveur d'une organisation<\/a>\n                    <\/div>\n                    <div class=\"px-12 py-8\">\n                        <img decoding=\"async\" src=\"https:\/\/www.deinadieu.ch\/wp-content\/themes\/da-v4\/assets\/v4\/deinadieu_logo_dark.svg\" class=\"h-12\">\n                    <\/div>\n                <\/div>\n            <\/div>\n        <\/div>\n        \n<\/div>\n\n<h2 class=\"wp-block-heading px-2 md:px-64 md:mt-16\" id=\"wichtiges\">Faire le bien <strong>\u2013<\/strong> mais correctement<\/h2>\n\n<p class=\"px-2 md:px-64 mb-12\">La disposition pour cause de mort la plus simple et la moins ch\u00e8re est le <a href=\"https:\/\/www.deinadieu.ch\/fr\/testament\/\" target=\"_blank\" rel=\"noreferrer noopener\">testament<\/a> autonome et librement r\u00e9vocable. Il doit \u00eatre enti\u00e8rement r\u00e9dig\u00e9 \u00e0 la main. Si vous ne r\u00e9digez pas de testament ou de pacte successoral de votre vivant, votre succession sera r\u00e9partie selon l&#8217;ordre de succession pr\u00e9vu par la loi. Dans certaines circonstances, une partie peut revenir \u00e0 l&#8217;\u00c9tat. Avec un testament ou un <a href=\"https:\/\/www.deinadieu.ch\/fr\/contrats-modeles-de-lettres\/\" target=\"_blank\" rel=\"noreferrer noopener\">pacte successoral<\/a> r\u00e9dig\u00e9 conform\u00e9ment aux prescriptions l\u00e9gales, vous pouvez organiser votre succession en fonction de vos id\u00e9es et \u00e9galement favoriser des organisations \u00e0 but non lucratif. En principe, il est possible de d\u00e9signer une organisation caritative comme membre de la communaut\u00e9 h\u00e9r\u00e9ditaire. Vous devez alors r\u00e9gler la part \u00e0 raison de laquelle cette organisation participe \u00e0 l&#8217;h\u00e9ritage, respectivement \u00e0 votre succession. Il est important de savoir que les h\u00e9ritiers r\u00e9pondent \u00e9galement des dettes du d\u00e9funt.<\/p>\n\n<h3 class=\"wp-block-heading px-2 md:px-64 md:mt-16\" id=\"h-vermachtnis-per-testament-oder-erbvertrag-ausrichten\"><strong>Faire un legs au moyen d&#8217;un testament ou d&#8217;un pacte successoral<\/strong><\/h3>\n\n<p class=\"px-2 md:px-64 mb-12\">Un <a href=\"https:\/\/www.deinadieu.ch\/fr\/heritage-legs\/\" target=\"_blank\" rel=\"noreferrer noopener\">legs<\/a> est un moyen de faire le bien de mani\u00e8re simple. Cela vous permet, dans un testament ou un pacte successoral, de favoriser avec de l&#8217;argent, un objet de valeur ou un bien-fonds quelqu&#8217;un qui ne serait pas h\u00e9ritier de par la loi, comme une organisation caritative par exemple. Un l\u00e9gataire ne devient pas membre de la communaut\u00e9 h\u00e9r\u00e9ditaire et ne r\u00e9pond donc pas des \u00e9ventuelles dettes du d\u00e9funt.<\/p>\n\n<div class=\"wp-block-group alignwide has-background is-layout-flow wp-block-group-is-layout-flow\" id=\"letzter-wille\" style=\"background-color:#f3f7fa\">\n<p class=\"has-text-align-center pt-4 has-large-font-size\">Un sp\u00e9cialiste comp\u00e9tent garantit une certaine s\u00e9curit\u00e9.<\/p>\n\n\n            <da-posts-slider\n                lang=\"fr\"\n                more-text=\"En savoir plus\"\n                title=\"Avocate\"\n                tags=\"3567\"\n            ><\/da-posts-slider>\n\n\n\n<p><\/p>\n<\/div>\n\n<h3 class=\"wp-block-heading px-2 md:px-64 md:mt-16\" id=\"h-mit-rechtlich-korrekten-losungen-konflikte-vermeiden\"><strong>\u00c9viter les conflits gr\u00e2ce \u00e0 des solutions juridiquement correctes<\/strong><\/h3>\n\n<p class=\"px-2 md:px-64 mb-12\">Afin d&#8217;\u00e9viter les conflits successoraux, vous devriez vous faire conseiller juridiquement en cas de rapports familiaux et de situation fianci\u00e8re compliqu\u00e9s. L&#8217;authentification des contrats par-devant le notaire cr\u00e9e une certaine s\u00e9curit\u00e9 juridique et vous donne, ainsi qu&#8217;aux h\u00e9ritiers l\u00e9gaux, un bon sentiment. Sur DeinAdieu, vous trouvez des <a href=\"https:\/\/www.deinadieu.ch\/fr\/repertoire-des-prestataires-de-services\/?partner_type=18\" target=\"_blank\" rel=\"noreferrer noopener\">prestataires de services<\/a> de confiance qui vous aideront \u00e0 r\u00e9pondre \u00e0 vos questions juridiques.<\/p>\n\n<div class=\"wp-block-group alignwide px-2 md:px-56 is-layout-flow wp-block-group-is-layout-flow\">\n        <div class=\"relative shadow-lg -mx-12 mb-4 overflow-hidden\" style=\"background-image: url('https:\/\/www.deinadieu.ch\/wp-content\/themes\/da-v4\/assets\/v4\/banner\/gutestun.jpg'); background-size: cover; background-position: center\">\n            <div class=\"banner-white-box md:w-3\/5 text-black -ml-16 pl-16\" style=\"background-color: rgba(255,255,255,0.75)\">\n                <div class=\"inner\">\n                    <div class=\"text-2xl p-12\">Faire le bien au-del\u00e0 de la fin de sa vie<\/div>\n                    <div class=\"px-12 md:mr-16\">\n                        <a href=\"https:\/\/www.deinadieu.ch\/gemeinnuetzige-organisationen\/\" target=\"_blank\" class=\"btn btn-da block mb-2 text-center\">Voir les organisations<\/a>\n                        <a href=\"https:\/\/www.deinadieu.ch\/testament\/\" target=\"_blank\" class=\"btn btn-da block mb-2 text-center\">Inclure une organisation dans son testament<\/a>\n                        <a href=\"\" target=\"_blank\" class=\"btn btn-da block mb-2 text-center\">Appeler \u00e0 faire un don fun\u00e9raire en faveur d'une organisation<\/a>\n                    <\/div>\n                    <div class=\"px-12 py-8\">\n                        <img decoding=\"async\" src=\"https:\/\/www.deinadieu.ch\/wp-content\/themes\/da-v4\/assets\/v4\/deinadieu_logo_dark.svg\" class=\"h-12\">\n                    <\/div>\n                <\/div>\n            <\/div>\n        <\/div>\n        \n<\/div>\n\n<div style=\"height:100px\" aria-hidden=\"true\" class=\"wp-block-spacer\"><\/div>\n\n<div class=\"wp-block-group alignfull py-8 has-background is-layout-flow wp-block-group-is-layout-flow\" style=\"background-color:#f3f7fa\">\n<p class=\"has-text-align-center has-large-font-size\">Ces organisations permettent \u00e0 DeinAdieu d&#8217;exister<\/p>\n\n\n\n<div class=\"wp-block-columns container mx-auto is-layout-flex wp-container-core-columns-is-layout-28f84493 wp-block-columns-is-layout-flex\">\n<div class=\"wp-block-column bg-white rounded-t-lg is-layout-flow wp-block-column-is-layout-flow\">\n<img decoding=\"async\" class=\"object-cover h-48 w-full rounded-t-lg\" src=\"\/wp-content\/uploads\/2020\/12\/500x300_Matthias-von-Allmen.jpg\"\/>\n            <div class=\"bg-white py-2\">\n                <img decoding=\"async\" class=\"object-fill mx-auto h-16\" src=\"\/wp-content\/uploads\/2020\/12\/sws_schrift_blau-300x145.jpg\"\/>\n            <\/div>\n            <div class=\"pb-4 pt-6 bg-da-dark text-white text-center rounded-b-lg\">\n                <strong>Oeuvre sociale du Pasteur Sieber<\/strong>\n                <p>Matthias von Allmen<\/p>\n            <\/div>\n<\/div>\n\n\n\n<div class=\"wp-block-column bg-white rounded-t-lg is-layout-flow wp-block-column-is-layout-flow\">\n<img decoding=\"async\" class=\"object-cover h-48 w-full rounded-t-lg\" src=\"https:\/\/app.deinadieu.ch\/storage\/profiles\/7424\/images\/Foto%20Brigitte%20Schmid%20.jpg\"\/>\n            <div class=\"bg-white py-2\">\n                <img decoding=\"async\" class=\"object-fill mx-auto h-16\" src=\"https:\/\/app.deinadieu.ch\/storage\/profiles\/7424\/images\/h_r_w_logo-_copy._j_p_g\"\/>\n            <\/div>\n            <div class=\"pb-4 pt-6 bg-da-dark text-white text-center rounded-b-lg\">\n                <strong>Human Rights Watch<\/strong>\n                <p>Brigitte Schmid<\/p>\n            <\/div>\n<\/div>\n\n\n\n<div class=\"wp-block-column bg-white rounded-t-lg is-layout-flow wp-block-column-is-layout-flow\">\n<img decoding=\"async\" class=\"object-cover h-48 w-full rounded-t-lg\" src=\"https:\/\/app.deinadieu.ch\/storage\/profiles\/7141\/images\/Muralt_Regula.jpg\"\/>\n            <div class=\"bg-white py-2\">\n                <img decoding=\"async\" class=\"object-fill mx-auto h-16\" src=\"https:\/\/app.deinadieu.ch\/storage\/profiles\/7141\/images\/logo_plusport_de-1.png\"\/>\n            <\/div>\n            <div class=\"pb-4 pt-6 bg-da-dark text-white text-center rounded-b-lg\">\n                <strong>PluSport Sport Handicap<\/strong>\n                <p>Regula Muralt<\/p>\n            <\/div>\n<\/div>\n\n\n\n<div class=\"wp-block-column bg-white rounded-t-lg is-layout-flow wp-block-column-is-layout-flow\">\n<img decoding=\"async\" class=\"object-cover h-48 w-full rounded-t-lg\" src=\"https:\/\/www.deinadieu.ch\/wp-content\/uploads\/2023\/02\/stiftung_synapsis_eva_helene_roese_ilardi.png\"\/>\n            <div class=\"bg-white p-2\">\n                <img decoding=\"async\" class=\"object-fill mx-auto h-16\" src=\"https:\/\/app.deinadieu.ch\/storage\/profiles\/7363\/images\/WmztCwueSJikSeBNJeG4Vg8Y9vpNyd6io8aygDRx.jpg\"\/>\n            <\/div>\n            <div class=\"pb-4 pt-6 bg-da-dark text-white text-center rounded-b-lg\">\n                <strong>Fondation Synapsis<\/strong>\n                <p>Eva Helene R\u00f6se Ilardi<\/p>\n            <\/div>\n<\/div>\n<\/div>\n\n\n\n<div class=\"wp-block-columns container mx-auto is-layout-flex wp-container-core-columns-is-layout-28f84493 wp-block-columns-is-layout-flex\">\n<div class=\"wp-block-column bg-white rounded-t-lg is-layout-flow wp-block-column-is-layout-flow\">\n<img decoding=\"async\" class=\"object-cover h-48 w-full rounded-t-lg\" src=\"https:\/\/app.deinadieu.ch\/storage\/profiles\/7440\/images\/ahiltbrunner.jpg\"\/>\n            <div class=\"bg-white p-2\">\n                <img decoding=\"async\" class=\"object-fill mx-auto h-16\" src=\"https:\/\/app.deinadieu.ch\/storage\/profiles\/7440\/images\/ibcsg%20etop%20gross.jpg\"\/>\n            <\/div>\n            <div class=\"pb-4 pt-6 bg-da-dark text-white text-center rounded-b-lg\">\n                <strong>IBCSG et ETOP<\/strong>\n                <p>Anita Hiltbrunner<\/p>\n            <\/div>\n<\/div>\n\n\n\n<div class=\"wp-block-column bg-white rounded-t-lg is-layout-flow wp-block-column-is-layout-flow\">\n<img decoding=\"async\" class=\"object-cover h-48 w-full rounded-t-lg\" src=\"https:\/\/app.deinadieu.ch\/storage\/profiles\/7485\/images\/AGr.jpg\"\/>\n            <div class=\"bg-white p-2\">\n                <img decoding=\"async\" class=\"object-fill mx-auto h-16\" src=\"https:\/\/app.deinadieu.ch\/storage\/profiles\/7485\/images\/Logo_4f_340x130.jpg\"\/>\n            <\/div>\n            <div class=\"pb-4 pt-6 bg-da-dark text-white text-center rounded-b-lg\">\n                <strong>Fondation Vivendra<\/strong>\n                <p>Angela Grossmann<\/p>\n            <\/div>\n<\/div>\n\n\n\n<div class=\"wp-block-column bg-white rounded-t-lg is-layout-flow wp-block-column-is-layout-flow\">\n<img decoding=\"async\" class=\"object-cover h-48 w-full rounded-t-lg\" src=\"https:\/\/app.deinadieu.ch\/storage\/OcGjHJBmW6LiNtI60qOZQFW5LMxAmON7QGZ4lHtH.jpeg\"\/>\n            <div class=\"bg-white p-2\">\n                <img decoding=\"async\" class=\"object-fill mx-auto h-16\" src=\"https:\/\/app.deinadieu.ch\/storage\/profiles\/7396\/images\/pro-natura-schweizerischer-bund-fuer-naturschutz_logo_big_de-1.png\"\/>\n            <\/div>\n            <div class=\"pb-4 pt-6 bg-da-dark text-white text-center rounded-b-lg\">\n                <strong>Pro Natura<\/strong>\n                <p>Nathalie Schaufelberger<\/p>\n            <\/div>\n<\/div>\n\n\n\n<div class=\"wp-block-column bg-white rounded-t-lg is-layout-flow wp-block-column-is-layout-flow\">\n<img decoding=\"async\" class=\"object-cover h-48 w-full rounded-t-lg\" src=\"https:\/\/app.deinadieu.ch\/storage\/profiles\/7127\/images\/KarinWecke%20.jpg\"\/>\n            <div class=\"bg-white p-2\">\n                <img decoding=\"async\" class=\"object-fill mx-auto h-16\" src=\"https:\/\/app.deinadieu.ch\/storage\/profiles\/7127\/images\/RS25887_Helvetas_logo_rotating_small-scr-1.jpg\"\/>\n            <\/div>\n            <div class=\"pb-4 pt-6 bg-da-dark text-white text-center rounded-b-lg\">\n                <strong>Helvetas<\/strong>\n                <p>Karin Wecke<\/p>\n            <\/div>\n<\/div>\n<\/div>\n\n\n\n<div class=\"wp-block-group container mx-auto text-center is-layout-flow wp-block-group-is-layout-flow\">\n<a class=\"btn btn-da mx-auto\" href=\"\/hilfswerke\" target=\"_blank\" rel=\"noopener noreferrer\">Autres oeuvres de bienfaisance<\/a>\n<\/div>\n\n\n\n<p><\/p>\n<\/div>\n\n<p><\/p>\n","protected":false},"excerpt":{"rendered":"<p>\u00ab Je peux regarder en arri\u00e8re sur une vie heureuse et j&#8217;aimeraistransmettre quelque chose \u00bb Faire le bien rend heureux Des \u00e9tudes le montrent encore et encore : donner de l&#8217;argent et du temps pour une bonne cause rend les gens heureux. Vous aussi, vous pouvez faire du bien aux autres au-del\u00e0 de la fin [&hellip;]<\/p>\n","protected":false},"author":4939,"featured_media":27814,"parent":0,"menu_order":0,"comment_status":"closed","ping_status":"closed","template":"","meta":{"_acf_changed":false,"footnotes":""},"class_list":["post-47875","page","type-page","status-publish","has-post-thumbnail","hentry"],"acf":[],"yoast_head":"<title>Faire le bien \u2013 au-del\u00e0 de la fin de vie | DeinAdieu.ch<\/title>\n<meta name=\"description\" content=\"Faire le bien rend heureux. De plus en plus de personnes incluent une oeuvre de bienfaisance dans leur testament \u00e0 la fin de leur vie.\" \/>\n<meta name=\"robots\" content=\"index, follow, max-snippet:-1, max-image-preview:large, max-video-preview:-1\" \/>\n<link rel=\"canonical\" href=\"https:\/\/www.deinadieu.ch\/fr\/faire-le-bien-au-dela-de-la-fin-de-la-vie\/\" \/>\n<meta property=\"og:locale\" content=\"fr_FR\" \/>\n<meta property=\"og:type\" content=\"article\" \/>\n<meta property=\"og:title\" content=\"Faire le bien \u2013 au-del\u00e0 de la fin de vie\" \/>\n<meta property=\"og:description\" content=\"\u00ab Je peux regarder en arri\u00e8re sur une vie heureuse et j&#039;aimeraistransmettre quelque chose \u00bb Faire le bien rend heureux Des \u00e9tudes le montrent encore et\" \/>\n<meta property=\"og:url\" content=\"https:\/\/www.deinadieu.ch\/fr\/faire-le-bien-au-dela-de-la-fin-de-la-vie\/\" \/>\n<meta property=\"og:site_name\" content=\"DeinAdieu.ch\" \/>\n<meta property=\"article:publisher\" content=\"https:\/\/www.facebook.com\/deinadieu\" \/>\n<meta property=\"article:modified_time\" content=\"2023-10-23T09:53:01+00:00\" \/>\n<meta property=\"og:image\" content=\"https:\/\/static.deinadieu.ch\/uploads\/2020\/12\/gutes_tun_teaser.jpg\" \/>\n\t<meta property=\"og:image:width\" content=\"1280\" \/>\n\t<meta property=\"og:image:height\" content=\"530\" \/>\n\t<meta property=\"og:image:type\" content=\"image\/jpeg\" \/>\n<meta name=\"twitter:card\" content=\"summary_large_image\" \/>\n<meta name=\"twitter:site\" content=\"@DeinAdieu\" \/>\n<meta name=\"twitter:label1\" content=\"Est. reading time\" \/>\n\t<meta name=\"twitter:data1\" content=\"11 minutes\" \/>\n<script type=\"application\/ld+json\" class=\"yoast-schema-graph\">{\"@context\":\"https:\\\/\\\/schema.org\",\"@graph\":[{\"@type\":\"WebPage\",\"@id\":\"https:\\\/\\\/www.deinadieu.ch\\\/fr\\\/faire-le-bien-au-dela-de-la-fin-de-la-vie\\\/\",\"url\":\"https:\\\/\\\/www.deinadieu.ch\\\/fr\\\/faire-le-bien-au-dela-de-la-fin-de-la-vie\\\/\",\"name\":\"Faire le bien \u2013 au-del\u00e0 de la fin de vie | DeinAdieu.ch\",\"isPartOf\":{\"@id\":\"https:\\\/\\\/www.deinadieu.ch\\\/fr\\\/#website\"},\"primaryImageOfPage\":{\"@id\":\"https:\\\/\\\/www.deinadieu.ch\\\/fr\\\/faire-le-bien-au-dela-de-la-fin-de-la-vie\\\/#primaryimage\"},\"image\":{\"@id\":\"https:\\\/\\\/www.deinadieu.ch\\\/fr\\\/faire-le-bien-au-dela-de-la-fin-de-la-vie\\\/#primaryimage\"},\"thumbnailUrl\":\"https:\\\/\\\/www.deinadieu.ch\\\/wp-content\\\/uploads\\\/2020\\\/12\\\/gutes_tun_teaser.jpg\",\"datePublished\":\"2021-02-10T12:19:27+00:00\",\"dateModified\":\"2023-10-23T09:53:01+00:00\",\"description\":\"Faire le bien rend heureux. De plus en plus de personnes incluent une oeuvre de bienfaisance dans leur testament \u00e0 la fin de leur vie.\",\"breadcrumb\":{\"@id\":\"https:\\\/\\\/www.deinadieu.ch\\\/fr\\\/faire-le-bien-au-dela-de-la-fin-de-la-vie\\\/#breadcrumb\"},\"inLanguage\":\"fr-FR\",\"potentialAction\":[{\"@type\":\"ReadAction\",\"target\":[\"https:\\\/\\\/www.deinadieu.ch\\\/fr\\\/faire-le-bien-au-dela-de-la-fin-de-la-vie\\\/\"]}]},{\"@type\":\"ImageObject\",\"inLanguage\":\"fr-FR\",\"@id\":\"https:\\\/\\\/www.deinadieu.ch\\\/fr\\\/faire-le-bien-au-dela-de-la-fin-de-la-vie\\\/#primaryimage\",\"url\":\"https:\\\/\\\/www.deinadieu.ch\\\/wp-content\\\/uploads\\\/2020\\\/12\\\/gutes_tun_teaser.jpg\",\"contentUrl\":\"https:\\\/\\\/www.deinadieu.ch\\\/wp-content\\\/uploads\\\/2020\\\/12\\\/gutes_tun_teaser.jpg\",\"width\":1280,\"height\":530},{\"@type\":\"BreadcrumbList\",\"@id\":\"https:\\\/\\\/www.deinadieu.ch\\\/fr\\\/faire-le-bien-au-dela-de-la-fin-de-la-vie\\\/#breadcrumb\",\"itemListElement\":[{\"@type\":\"ListItem\",\"position\":1,\"name\":\"Home\",\"item\":\"https:\\\/\\\/www.deinadieu.ch\\\/fr\\\/deinadieu-dialog-und-serviceportal-zum-lebensende\\\/\"},{\"@type\":\"ListItem\",\"position\":2,\"name\":\"Faire le bien \u2013 au-del\u00e0 de la fin de vie\"}]},{\"@type\":\"WebSite\",\"@id\":\"https:\\\/\\\/www.deinadieu.ch\\\/fr\\\/#website\",\"url\":\"https:\\\/\\\/www.deinadieu.ch\\\/fr\\\/\",\"name\":\"DeinAdieu.ch\",\"description\":\"Testament, Patientenverf\u00fcgung und Vorsorgeauftrag\",\"publisher\":{\"@id\":\"https:\\\/\\\/www.deinadieu.ch\\\/fr\\\/#organization\"},\"potentialAction\":[{\"@type\":\"SearchAction\",\"target\":{\"@type\":\"EntryPoint\",\"urlTemplate\":\"https:\\\/\\\/www.deinadieu.ch\\\/fr\\\/?s={search_term_string}\"},\"query-input\":{\"@type\":\"PropertyValueSpecification\",\"valueRequired\":true,\"valueName\":\"search_term_string\"}}],\"inLanguage\":\"fr-FR\"},{\"@type\":\"Organization\",\"@id\":\"https:\\\/\\\/www.deinadieu.ch\\\/fr\\\/#organization\",\"name\":\"EMNA Web GmbH\",\"url\":\"https:\\\/\\\/www.deinadieu.ch\\\/fr\\\/\",\"logo\":{\"@type\":\"ImageObject\",\"inLanguage\":\"fr-FR\",\"@id\":\"https:\\\/\\\/www.deinadieu.ch\\\/fr\\\/#\\\/schema\\\/logo\\\/image\\\/\",\"url\":\"https:\\\/\\\/www.deinadieu.ch\\\/wp-content\\\/uploads\\\/2016\\\/01\\\/DeinAdieu_Logo.png\",\"contentUrl\":\"https:\\\/\\\/www.deinadieu.ch\\\/wp-content\\\/uploads\\\/2016\\\/01\\\/DeinAdieu_Logo.png\",\"width\":300,\"height\":117,\"caption\":\"EMNA Web GmbH\"},\"image\":{\"@id\":\"https:\\\/\\\/www.deinadieu.ch\\\/fr\\\/#\\\/schema\\\/logo\\\/image\\\/\"},\"sameAs\":[\"https:\\\/\\\/www.facebook.com\\\/deinadieu\",\"https:\\\/\\\/x.com\\\/DeinAdieu\",\"https:\\\/\\\/www.instagram.com\\\/deinadieu\\\/\",\"https:\\\/\\\/www.linkedin.com\\\/company\\\/deinadieu.ch\"]}]}<\/script>","yoast_head_json":{"title":"Faire le bien \u2013 au-del\u00e0 de la fin de vie | DeinAdieu.ch","description":"Faire le bien rend heureux. De plus en plus de personnes incluent une oeuvre de bienfaisance dans leur testament \u00e0 la fin de leur vie.","robots":{"index":"index","follow":"follow","max-snippet":"max-snippet:-1","max-image-preview":"max-image-preview:large","max-video-preview":"max-video-preview:-1"},"canonical":"https:\/\/www.deinadieu.ch\/fr\/faire-le-bien-au-dela-de-la-fin-de-la-vie\/","og_locale":"fr_FR","og_type":"article","og_title":"Faire le bien \u2013 au-del\u00e0 de la fin de vie","og_description":"\u00ab Je peux regarder en arri\u00e8re sur une vie heureuse et j'aimeraistransmettre quelque chose \u00bb Faire le bien rend heureux Des \u00e9tudes le montrent encore et","og_url":"https:\/\/www.deinadieu.ch\/fr\/faire-le-bien-au-dela-de-la-fin-de-la-vie\/","og_site_name":"DeinAdieu.ch","article_publisher":"https:\/\/www.facebook.com\/deinadieu","article_modified_time":"2023-10-23T09:53:01+00:00","og_image":[{"width":1280,"height":530,"url":"https:\/\/static.deinadieu.ch\/uploads\/2020\/12\/gutes_tun_teaser.jpg","type":"image\/jpeg"}],"twitter_card":"summary_large_image","twitter_site":"@DeinAdieu","twitter_misc":{"Est. reading time":"11 minutes"},"schema":{"@context":"https:\/\/schema.org","@graph":[{"@type":"WebPage","@id":"https:\/\/www.deinadieu.ch\/fr\/faire-le-bien-au-dela-de-la-fin-de-la-vie\/","url":"https:\/\/www.deinadieu.ch\/fr\/faire-le-bien-au-dela-de-la-fin-de-la-vie\/","name":"Faire le bien \u2013 au-del\u00e0 de la fin de vie | DeinAdieu.ch","isPartOf":{"@id":"https:\/\/www.deinadieu.ch\/fr\/#website"},"primaryImageOfPage":{"@id":"https:\/\/www.deinadieu.ch\/fr\/faire-le-bien-au-dela-de-la-fin-de-la-vie\/#primaryimage"},"image":{"@id":"https:\/\/www.deinadieu.ch\/fr\/faire-le-bien-au-dela-de-la-fin-de-la-vie\/#primaryimage"},"thumbnailUrl":"https:\/\/www.deinadieu.ch\/wp-content\/uploads\/2020\/12\/gutes_tun_teaser.jpg","datePublished":"2021-02-10T12:19:27+00:00","dateModified":"2023-10-23T09:53:01+00:00","description":"Faire le bien rend heureux. De plus en plus de personnes incluent une oeuvre de bienfaisance dans leur testament \u00e0 la fin de leur vie.","breadcrumb":{"@id":"https:\/\/www.deinadieu.ch\/fr\/faire-le-bien-au-dela-de-la-fin-de-la-vie\/#breadcrumb"},"inLanguage":"fr-FR","potentialAction":[{"@type":"ReadAction","target":["https:\/\/www.deinadieu.ch\/fr\/faire-le-bien-au-dela-de-la-fin-de-la-vie\/"]}]},{"@type":"ImageObject","inLanguage":"fr-FR","@id":"https:\/\/www.deinadieu.ch\/fr\/faire-le-bien-au-dela-de-la-fin-de-la-vie\/#primaryimage","url":"https:\/\/www.deinadieu.ch\/wp-content\/uploads\/2020\/12\/gutes_tun_teaser.jpg","contentUrl":"https:\/\/www.deinadieu.ch\/wp-content\/uploads\/2020\/12\/gutes_tun_teaser.jpg","width":1280,"height":530},{"@type":"BreadcrumbList","@id":"https:\/\/www.deinadieu.ch\/fr\/faire-le-bien-au-dela-de-la-fin-de-la-vie\/#breadcrumb","itemListElement":[{"@type":"ListItem","position":1,"name":"Home","item":"https:\/\/www.deinadieu.ch\/fr\/deinadieu-dialog-und-serviceportal-zum-lebensende\/"},{"@type":"ListItem","position":2,"name":"Faire le bien \u2013 au-del\u00e0 de la fin de vie"}]},{"@type":"WebSite","@id":"https:\/\/www.deinadieu.ch\/fr\/#website","url":"https:\/\/www.deinadieu.ch\/fr\/","name":"DeinAdieu.ch","description":"Testament, Patientenverf\u00fcgung und Vorsorgeauftrag","publisher":{"@id":"https:\/\/www.deinadieu.ch\/fr\/#organization"},"potentialAction":[{"@type":"SearchAction","target":{"@type":"EntryPoint","urlTemplate":"https:\/\/www.deinadieu.ch\/fr\/?s={search_term_string}"},"query-input":{"@type":"PropertyValueSpecification","valueRequired":true,"valueName":"search_term_string"}}],"inLanguage":"fr-FR"},{"@type":"Organization","@id":"https:\/\/www.deinadieu.ch\/fr\/#organization","name":"EMNA Web GmbH","url":"https:\/\/www.deinadieu.ch\/fr\/","logo":{"@type":"ImageObject","inLanguage":"fr-FR","@id":"https:\/\/www.deinadieu.ch\/fr\/#\/schema\/logo\/image\/","url":"https:\/\/www.deinadieu.ch\/wp-content\/uploads\/2016\/01\/DeinAdieu_Logo.png","contentUrl":"https:\/\/www.deinadieu.ch\/wp-content\/uploads\/2016\/01\/DeinAdieu_Logo.png","width":300,"height":117,"caption":"EMNA Web GmbH"},"image":{"@id":"https:\/\/www.deinadieu.ch\/fr\/#\/schema\/logo\/image\/"},"sameAs":["https:\/\/www.facebook.com\/deinadieu","https:\/\/x.com\/DeinAdieu","https:\/\/www.instagram.com\/deinadieu\/","https:\/\/www.linkedin.com\/company\/deinadieu.ch"]}]}},"_links":{"self":[{"href":"https:\/\/www.deinadieu.ch\/fr\/wp-json\/wp\/v2\/pages\/47875","targetHints":{"allow":["GET"]}}],"collection":[{"href":"https:\/\/www.deinadieu.ch\/fr\/wp-json\/wp\/v2\/pages"}],"about":[{"href":"https:\/\/www.deinadieu.ch\/fr\/wp-json\/wp\/v2\/types\/page"}],"author":[{"embeddable":true,"href":"https:\/\/www.deinadieu.ch\/fr\/wp-json\/wp\/v2\/users\/4939"}],"replies":[{"embeddable":true,"href":"https:\/\/www.deinadieu.ch\/fr\/wp-json\/wp\/v2\/comments?post=47875"}],"version-history":[{"count":34,"href":"https:\/\/www.deinadieu.ch\/fr\/wp-json\/wp\/v2\/pages\/47875\/revisions"}],"predecessor-version":[{"id":65791,"href":"https:\/\/www.deinadieu.ch\/fr\/wp-json\/wp\/v2\/pages\/47875\/revisions\/65791"}],"wp:featuredmedia":[{"embeddable":true,"href":"https:\/\/www.deinadieu.ch\/fr\/wp-json\/wp\/v2\/media\/27814"}],"wp:attachment":[{"href":"https:\/\/www.deinadieu.ch\/fr\/wp-json\/wp\/v2\/media?parent=47875"}],"curies":[{"name":"wp","href":"https:\/\/api.w.org\/{rel}","templated":true}]}}