{"id":25768,"date":"2020-09-28T18:19:28","date_gmt":"2020-09-28T16:19:28","guid":{"rendered":"http:\/\/www.deinadieu.ch\/exemples-davis-de-deces\/"},"modified":"2023-05-08T12:18:35","modified_gmt":"2023-05-08T10:18:35","slug":"exemples-davis-de-deces","status":"publish","type":"page","link":"https:\/\/www.deinadieu.ch\/fr\/exemples-davis-de-deces\/","title":{"rendered":"Exemples d\u2019avis de d\u00e9c\u00e8s"},"content":{"rendered":"\n<p>Vous trouverez ici des exemples et mod\u00e8les pour la r\u00e9daction d&#8217;un faire-part de d\u00e9c\u00e8s<\/p>\n\n<div class=\"wp-block-columns is-layout-flex wp-container-core-columns-is-layout-28f84493 wp-block-columns-is-layout-flex\">\n<div class=\"wp-block-column is-layout-flow wp-block-column-is-layout-flow\">\n<h2 class=\"title text-4xl font-semibold mb-10 wp-block-heading\" id=\"h-unfall-mitarbeitende\">Coll\u00e8gues de travail \u2013 accident<\/h2>\n\n\n\n<div class=\"wp-block-group is-layout-flow wp-block-group-is-layout-flow\">\n<div class=\"wp-block-cover aligncenter is-light has-parallax box_info p-10 rounded-lg\"><span aria-hidden=\"true\" class=\"wp-block-cover__background has-background-dim-0 has-background-dim\"><\/span><div role=\"img\" class=\"wp-block-cover__image-background wp-image-24639 has-parallax\" style=\"background-position:50% 50%;background-image:url(http:\/\/www.deinadieu.ch\/wp-content\/uploads\/2020\/09\/hannah-bruckner-GlfXOy04DLk-unsplash-square3.jpg)\"><\/div><div class=\"wp-block-cover__inner-container is-layout-flow wp-block-cover-is-layout-flow\">\n<p class=\"has-black-color has-text-color\">Nous avons la douloureuse t\u00e2che de vous informer que notre estim\u00e9e coll\u00e8gue, Mme<\/p>\n\n\n\n<p class=\"title text-lg font-semibold has-black-color has-text-color\"><strong><strong>Anja M\u00fcller, 15.10.1970 \u2013 13. avril 2014<\/strong><\/strong><\/p>\n\n\n\n<p class=\"has-black-color has-text-color\">est d\u00e9c\u00e9d\u00e9e des suites d&#8217;un tragique accident.<\/p>\n\n\n\n<p class=\"has-black-color has-text-color\">Nous tenons \u00e0 remercier chaleureusement Mme M\u00fcller pour son travail toujours extr\u00eamement bon et pr\u00e9cis dans notre entreprise graphique.<\/p>\n\n\n\n<p class=\"has-black-color has-text-color\">Avec Mme M\u00fcller, nous perdons une employ\u00e9e de valeur et une bonne coll\u00e8gue. Sa fa\u00e7on d&#8217;\u00eatre chaleureuse restera grav\u00e9e dans notre m\u00e9moire.<\/p>\n\n\n\n<p class=\"has-black-color has-text-color\">Nous tenons \u00e0 exprimer nos sinc\u00e8res condol\u00e9ances \u00e0 ses proches<\/p>\n\n\n\n<p class=\"has-black-color has-text-color\"><strong>ArtDeco Graphic Designs<br\/>Ivo Eggenberger (directeur g\u00e9n\u00e9ral) et l\u2019ensemble du personne<\/strong><\/p>\n<\/div><\/div>\n<\/div>\n<\/div>\n\n\n\n<div class=\"wp-block-column is-layout-flow wp-block-column-is-layout-flow\">\n<div class=\"wp-block-group is-layout-flow wp-block-group-is-layout-flow\">\n<h2 class=\"title text-4xl font-semibold mb-10 wp-block-heading\" id=\"h-krankheit-mitarbeitende\">Coll\u00e8gue de travail \u2013 maladie<\/h2>\n\n\n\n<div class=\"wp-block-group is-layout-flow wp-block-group-is-layout-flow\">\n<div class=\"wp-block-cover aligncenter is-light has-parallax box_info p-10 rounded-lg\"><span aria-hidden=\"true\" class=\"wp-block-cover__background has-background-dim-0 has-background-dim\"><\/span><div role=\"img\" class=\"wp-block-cover__image-background wp-image-24639 has-parallax\" style=\"background-position:50% 50%;background-image:url(http:\/\/www.deinadieu.ch\/wp-content\/uploads\/2020\/09\/hannah-bruckner-GlfXOy04DLk-unsplash-square3.jpg)\"><\/div><div class=\"wp-block-cover__inner-container is-layout-flow wp-block-cover-is-layout-flow\">\n<p class=\"has-black-color has-text-color\">Le 7 mai 2015, notre employ\u00e9 de longue date, M.<\/p>\n\n\n\n<p class=\"title text-lg font-semibold has-black-color has-text-color\"><strong><strong><strong>Stefan Martin, 26.11.1965<\/strong><\/strong><\/strong><\/p>\n\n\n\n<p class=\"has-black-color has-text-color\">est d\u00e9c\u00e9d\u00e9 des suites d&#8217;une longue maladie.<\/p>\n\n\n\n<p class=\"has-black-color has-text-color\">Nous tenons \u00e0 remercier chaleureusement M. Martin pour son travail constant et de qualit\u00e9 dans notre entreprise. M. Martin \u00e9tait un peintre passionn\u00e9 et \u00e9tait heureux de s&#8217;occuper de tout son coeur des apprentis.<\/p>\n\n\n\n<p class=\"has-black-color has-text-color\">Avec M. Martin, nous perdons un employ\u00e9 de valeur et un bon coll\u00e8gue.<\/p>\n\n\n\n<p class=\"has-black-color has-text-color\">Nous exprimons nos plus sinc\u00e8res condol\u00e9ances aux proches.<\/p>\n\n\n\n<p class=\"has-black-color has-text-color\"><strong><strong>Gauthier &amp; Co. Ma\u00eetre peintre<br\/>Ren\u00e9 Gauthier (directeur g\u00e9n\u00e9ral) et l\u2019\u00e9quipe<\/strong><\/strong><\/p>\n<\/div><\/div>\n<\/div>\n<\/div>\n<\/div>\n<\/div>\n\n<div style=\"height:70px\" aria-hidden=\"true\" class=\"wp-block-spacer\"><\/div>\n\n<div style=\"height:70px\" aria-hidden=\"true\" class=\"wp-block-spacer\"><\/div>\n\n<div class=\"wp-block-columns is-layout-flex wp-container-core-columns-is-layout-28f84493 wp-block-columns-is-layout-flex\">\n<div class=\"wp-block-column is-layout-flow wp-block-column-is-layout-flow\">\n<h2 class=\"title text-4xl font-semibold mb-10 wp-block-heading\" id=\"h-todesfall-grossmutter\">D\u00e9c\u00e8s d&#8217;une grand-m\u00e8re<\/h2>\n\n\n\n<div class=\"wp-block-group is-layout-flow wp-block-group-is-layout-flow\">\n<div class=\"wp-block-cover aligncenter is-light has-parallax box_info p-10 rounded-lg\"><span aria-hidden=\"true\" class=\"wp-block-cover__background has-background-dim-0 has-background-dim\"><\/span><div role=\"img\" class=\"wp-block-cover__image-background wp-image-24639 has-parallax\" style=\"background-position:50% 50%;background-image:url(http:\/\/www.deinadieu.ch\/wp-content\/uploads\/2020\/09\/hannah-bruckner-GlfXOy04DLk-unsplash-square3.jpg)\"><\/div><div class=\"wp-block-cover__inner-container is-layout-flow wp-block-cover-is-layout-flow\">\n<p class=\"has-black-color has-text-color\">Un grand c\u0153ur a cess\u00e9 de battre.<br\/>Apr\u00e8s une vie longue et bien remplie, notre ch\u00e8re Nani<\/p>\n\n\n\n<p class=\"title text-lg font-semibold has-black-color has-text-color\"><strong><strong><strong>Lina B\u00e4chler, 05.03.19129 \u2013 08.08.2013<\/strong><\/strong><\/strong><\/p>\n\n\n\n<p class=\"has-black-color has-text-color\">s&#8217;est endormie paisiblement.<\/p>\n\n\n\n<p class=\"has-black-color has-text-color\">Tu nous as tant appris et continueras \u00e0 vivre dans nos coeurs. Dans l&#8217;amour et le souvenir reconnaissant, nous te laissons partir.<\/p>\n\n\n\n<p class=\"has-black-color has-text-color\">Marianne et Paul B\u00e4chler-M\u00fcggler avec Simon, Anna et Lara Sepp ainsi que Annelies Eisenring, avec Florian et Samuel Bruno B\u00e4chler<\/p>\n\n\n\n<p class=\"has-black-color has-text-color\"><strong><strong>Adresse de la famille endeuill\u00e9e<br\/>Marianna B\u00e4chler-M\u00fcggler, 5 rue de la Croix-d\u2019or, 1204 Gen\u00e8ve<\/strong><\/strong><\/p>\n\n\n\n<p class=\"has-black-color has-text-color\">La c\u00e9r\u00e9monie fun\u00e9raire aura lieu le 15 ao\u00fbt 2013 \u00e0 14 heures \u00e0 l&#8217;\u00e9glise r\u00e9form\u00e9e des eaux-vives. L&#8217;enterrement de l&#8217;urne aura ensuite lieu uniquement en pr\u00e9sence du cercle familial imm\u00e9diat, \u00e0 la demande de la d\u00e9funte. Plut\u00f4t que d&#8217;offrir des fleurs, nous vous encourageons, des propres voeux de Nani, \u00e0 proc\u00e9der \u00e0 un don \u00e0 l&#8217;organisation suisse d&#8217;aide aux r\u00e9fugi\u00e9s (CP-801729), 3005 Bern.<\/p>\n<\/div><\/div>\n<\/div>\n<\/div>\n\n\n\n<div class=\"wp-block-column is-layout-flow wp-block-column-is-layout-flow\">\n<div class=\"wp-block-group is-layout-flow wp-block-group-is-layout-flow\">\n<h2 class=\"title text-4xl font-semibold mb-10 wp-block-heading\" id=\"h-todesfall-kind-nach-krankheit\">D\u00e9c\u00e8s d&#8217;un enfant suite \u00e0 une maladie<\/h2>\n\n\n\n<div class=\"wp-block-group is-layout-flow wp-block-group-is-layout-flow\">\n<div class=\"wp-block-cover aligncenter is-light has-parallax box_info p-10 rounded-lg\"><span aria-hidden=\"true\" class=\"wp-block-cover__background has-background-dim-0 has-background-dim\"><\/span><div role=\"img\" class=\"wp-block-cover__image-background wp-image-24639 has-parallax\" style=\"background-position:50% 50%;background-image:url(http:\/\/www.deinadieu.ch\/wp-content\/uploads\/2020\/09\/hannah-bruckner-GlfXOy04DLk-unsplash-square3.jpg)\"><\/div><div class=\"wp-block-cover__inner-container is-layout-flow wp-block-cover-is-layout-flow\">\n<p class=\"has-black-color has-text-color\">Tu t\u2019es battu jusqu\u2019au bout \u2013 mais tu as quand m\u00eame perdu.<br\/>Dans un sentiment de profonde tristesse et de douleur, nous devons laisser partir notre rayon de soleil.<\/p>\n\n\n\n<p class=\"title text-lg font-semibold has-black-color has-text-color\"><strong>Noah *19.12.2004 +6.02.2015<\/strong><br\/><\/p>\n\n\n\n<p class=\"has-black-color has-text-color\">Toutes ces ann\u00e9es, tu n&#8217;as jamais perdu ton rire et tu nous l&#8217;as communiqu\u00e9 \u00e0 nous tous. Tu as endur\u00e9 ta maladie avec patience et as m\u00eame men\u00e9 par le bout du nez l&#8217;\u00e9quipe de traitement. Ceci rend encore plus dur le fait de devoir te laisser partir \u00e0 jamais.<\/p>\n\n\n\n<p class=\"has-black-color has-text-color\">Tu continueras \u00e0 rayonner \u00e0 jamais \u00e0 travers nos coeurs<\/p>\n\n\n\n<p class=\"has-black-color has-text-color\">Maman &amp; Papa<br\/>Sarah &amp; Leah<br\/>Toute la famille Martin<br\/>Toutes les petites puces de la classe 5C<\/p>\n\n\n\n<p class=\"has-black-color has-text-color\"><strong>Adresse de la famille endeuill\u00e9e<br\/>Ir\u00e8ne Martin, 5 rue de la Croix-d\u2019or, 1204 Gen\u00e8ve<\/strong><\/p>\n\n\n\n<p class=\"has-black-color has-text-color\">La c\u00e9r\u00e9monie fun\u00e9raire aura lieu le 15 f\u00e9vrier 2015 \u00e0 15 heures \u00e0 l&#8217;\u00e9glise catholique St Paul. L&#8217;enterrement de l&#8217;urne aura ensuite lieu au cimeti\u00e8re adjacent. \u00c0 la demande de Noah, nous demandons \u00e0 tous les invit\u00e9s de se pr\u00e9senter dans des v\u00eatements color\u00e9s.<\/p>\n<\/div><\/div>\n<\/div>\n<\/div>\n<\/div>\n<\/div>\n\n<div style=\"height:100px\" aria-hidden=\"true\" class=\"wp-block-spacer\"><\/div>\n\n<div class=\"wp-block-columns is-layout-flex wp-container-core-columns-is-layout-28f84493 wp-block-columns-is-layout-flex\">\n<div class=\"wp-block-column is-layout-flow wp-block-column-is-layout-flow\">\n<h2 class=\"title text-4xl font-semibold mb-10 wp-block-heading\" id=\"h-todesfall-ehemann\">D\u00e9c\u00e8s du mari<\/h2>\n\n\n\n<div class=\"wp-block-group is-layout-flow wp-block-group-is-layout-flow\">\n<div class=\"wp-block-cover aligncenter is-light has-parallax box_info p-10 rounded-lg\"><span aria-hidden=\"true\" class=\"wp-block-cover__background has-background-dim-0 has-background-dim\"><\/span><div role=\"img\" class=\"wp-block-cover__image-background wp-image-24639 has-parallax\" style=\"background-position:50% 50%;background-image:url(http:\/\/www.deinadieu.ch\/wp-content\/uploads\/2020\/09\/hannah-bruckner-GlfXOy04DLk-unsplash-square3.jpg)\"><\/div><div class=\"wp-block-cover__inner-container is-layout-flow wp-block-cover-is-layout-flow\">\n<p class=\"has-black-color has-text-color\">Les gens que nous aimons vivent pour toujours, parce qu&#8217;ils laissent des traces dans nos c\u0153urs.<\/p>\n\n\n\n<p class=\"has-black-color has-text-color\">Mon mari bien-aim\u00e9 et le p\u00e8re de nos merveilleux enfants<\/p>\n\n\n\n<p class=\"title text-lg font-semibold has-black-color has-text-color\"><strong><strong><strong>Pius Cavegn *23.01. 1963 +18.09.2012<\/strong><\/strong><\/strong><\/p>\n\n\n\n<p class=\"has-black-color has-text-color\">nous a quitt\u00e9 beaucoup trop t\u00f4t.<\/p>\n\n\n\n<p class=\"has-black-color has-text-color\">Lors de l&#8217;une de ses excursions en montagne qu&#8217;il aimait tant, il a \u00e9t\u00e9 soudainement frapp\u00e9 par une crise cardiaque.<\/p>\n\n\n\n<p class=\"has-black-color has-text-color\">Nous sommes stup\u00e9faits et infiniment tristes. Tu continueras \u00e0 vivre en nous.<\/p>\n\n\n\n<p class=\"has-black-color has-text-color\">Dans une infinie tristesse<\/p>\n\n\n\n<p class=\"has-black-color has-text-color\">Ta Silvia<br\/>Daniela, St\u00e9phanie, Leandro &amp; Michele<br\/>Les proches et les amis<br\/>Association des amis de la montagne \u201eClimbers\u201c<\/p>\n\n\n\n<p class=\"has-black-color has-text-color\"><strong><strong>Adresse de la famille endeuill\u00e9e<br\/>Rue de la Blancherie 24, 1950 Sion<\/strong><\/strong><\/p>\n\n\n\n<p class=\"has-black-color has-text-color\">La c\u00e9r\u00e9monie fun\u00e9raire aura lieu le 27 septembre 2012 \u00e0 13 heures \u00e0 la Basilique de Val\u00e8re.<\/p>\n<\/div><\/div>\n<\/div>\n<\/div>\n\n\n\n<div class=\"wp-block-column is-layout-flow wp-block-column-is-layout-flow\">\n<div class=\"wp-block-group is-layout-flow wp-block-group-is-layout-flow\">\n<div class=\"wp-block-group is-layout-flow wp-block-group-is-layout-flow\"><\/div>\n<\/div>\n<\/div>\n<\/div>\n\n<div style=\"height:100px\" aria-hidden=\"true\" class=\"wp-block-spacer\"><\/div>\n","protected":false},"excerpt":{"rendered":"<p>Vous trouverez ici des exemples et mod\u00e8les pour la r\u00e9daction d&#8217;un faire-part de d\u00e9c\u00e8s Coll\u00e8gues de travail \u2013 accident Coll\u00e8gue de travail \u2013 maladie D\u00e9c\u00e8s d&#8217;une grand-m\u00e8re D\u00e9c\u00e8s d&#8217;un enfant suite \u00e0 une maladie D\u00e9c\u00e8s du mari<\/p>\n","protected":false},"author":6026,"featured_media":24698,"parent":0,"menu_order":0,"comment_status":"closed","ping_status":"closed","template":"","meta":{"_acf_changed":false,"footnotes":""},"class_list":["post-25768","page","type-page","status-publish","has-post-thumbnail","hentry"],"acf":[],"yoast_head":"<title>Faire-part de d\u00e9c\u00e8s : citations, exemples et mod\u00e8les | DeinAdieu<\/title>\n<meta name=\"description\" content=\"Vous trouvez ici divers faire-part de d\u00e9c\u00e8s pour des membres de la famille, des collaborateurs, des grands-parents ou un conjoint, qui peuvent servir d&#039;exemples pour la r\u00e9daction d&#039;un faire-part de d\u00e9c\u00e8s.\" \/>\n<meta name=\"robots\" content=\"index, follow, max-snippet:-1, max-image-preview:large, max-video-preview:-1\" \/>\n<link rel=\"canonical\" href=\"https:\/\/www.deinadieu.ch\/fr\/exemples-davis-de-deces\/\" \/>\n<meta property=\"og:locale\" content=\"fr_FR\" \/>\n<meta property=\"og:type\" content=\"article\" \/>\n<meta property=\"og:title\" content=\"Exemples d\u2019avis de d\u00e9c\u00e8s\" \/>\n<meta property=\"og:description\" content=\"Vous trouverez ici des exemples et mod\u00e8les pour la r\u00e9daction d&#039;un faire-part de d\u00e9c\u00e8s Coll\u00e8gues de travail \u2013 accident Nous avons la douloureuse t\u00e2che de\" \/>\n<meta property=\"og:url\" content=\"https:\/\/www.deinadieu.ch\/fr\/exemples-davis-de-deces\/\" \/>\n<meta property=\"og:site_name\" content=\"DeinAdieu.ch\" \/>\n<meta property=\"article:publisher\" content=\"https:\/\/www.facebook.com\/deinadieu\" \/>\n<meta property=\"article:modified_time\" content=\"2023-05-08T10:18:35+00:00\" \/>\n<meta property=\"og:image\" content=\"https:\/\/static.deinadieu.ch\/uploads\/2020\/09\/carolyn-v-PUjAEwV9PeQ-unsplash-scaled-e1601367437102.jpg\" \/>\n\t<meta property=\"og:image:width\" content=\"2560\" \/>\n\t<meta property=\"og:image:height\" content=\"1829\" \/>\n\t<meta property=\"og:image:type\" content=\"image\/jpeg\" \/>\n<meta name=\"twitter:card\" content=\"summary_large_image\" \/>\n<meta name=\"twitter:site\" content=\"@DeinAdieu\" \/>\n<meta name=\"twitter:label1\" content=\"Est. reading time\" \/>\n\t<meta name=\"twitter:data1\" content=\"3 minutes\" \/>\n<script type=\"application\/ld+json\" class=\"yoast-schema-graph\">{\"@context\":\"https:\\\/\\\/schema.org\",\"@graph\":[{\"@type\":\"WebPage\",\"@id\":\"https:\\\/\\\/www.deinadieu.ch\\\/fr\\\/exemples-davis-de-deces\\\/\",\"url\":\"https:\\\/\\\/www.deinadieu.ch\\\/fr\\\/exemples-davis-de-deces\\\/\",\"name\":\"Faire-part de d\u00e9c\u00e8s : citations, exemples et mod\u00e8les | DeinAdieu\",\"isPartOf\":{\"@id\":\"https:\\\/\\\/www.deinadieu.ch\\\/fr\\\/#website\"},\"primaryImageOfPage\":{\"@id\":\"https:\\\/\\\/www.deinadieu.ch\\\/fr\\\/exemples-davis-de-deces\\\/#primaryimage\"},\"image\":{\"@id\":\"https:\\\/\\\/www.deinadieu.ch\\\/fr\\\/exemples-davis-de-deces\\\/#primaryimage\"},\"thumbnailUrl\":\"https:\\\/\\\/www.deinadieu.ch\\\/wp-content\\\/uploads\\\/2020\\\/09\\\/carolyn-v-PUjAEwV9PeQ-unsplash-scaled-e1601367437102.jpg\",\"datePublished\":\"2020-09-28T16:19:28+00:00\",\"dateModified\":\"2023-05-08T10:18:35+00:00\",\"description\":\"Vous trouvez ici divers faire-part de d\u00e9c\u00e8s pour des membres de la famille, des collaborateurs, des grands-parents ou un conjoint, qui peuvent servir d'exemples pour la r\u00e9daction d'un faire-part de d\u00e9c\u00e8s.\",\"breadcrumb\":{\"@id\":\"https:\\\/\\\/www.deinadieu.ch\\\/fr\\\/exemples-davis-de-deces\\\/#breadcrumb\"},\"inLanguage\":\"fr-FR\",\"potentialAction\":[{\"@type\":\"ReadAction\",\"target\":[\"https:\\\/\\\/www.deinadieu.ch\\\/fr\\\/exemples-davis-de-deces\\\/\"]}]},{\"@type\":\"ImageObject\",\"inLanguage\":\"fr-FR\",\"@id\":\"https:\\\/\\\/www.deinadieu.ch\\\/fr\\\/exemples-davis-de-deces\\\/#primaryimage\",\"url\":\"https:\\\/\\\/www.deinadieu.ch\\\/wp-content\\\/uploads\\\/2020\\\/09\\\/carolyn-v-PUjAEwV9PeQ-unsplash-scaled-e1601367437102.jpg\",\"contentUrl\":\"https:\\\/\\\/www.deinadieu.ch\\\/wp-content\\\/uploads\\\/2020\\\/09\\\/carolyn-v-PUjAEwV9PeQ-unsplash-scaled-e1601367437102.jpg\",\"width\":2560,\"height\":1829},{\"@type\":\"BreadcrumbList\",\"@id\":\"https:\\\/\\\/www.deinadieu.ch\\\/fr\\\/exemples-davis-de-deces\\\/#breadcrumb\",\"itemListElement\":[{\"@type\":\"ListItem\",\"position\":1,\"name\":\"Home\",\"item\":\"https:\\\/\\\/www.deinadieu.ch\\\/fr\\\/deinadieu-dialog-und-serviceportal-zum-lebensende\\\/\"},{\"@type\":\"ListItem\",\"position\":2,\"name\":\"Exemples d\u2019avis de d\u00e9c\u00e8s\"}]},{\"@type\":\"WebSite\",\"@id\":\"https:\\\/\\\/www.deinadieu.ch\\\/fr\\\/#website\",\"url\":\"https:\\\/\\\/www.deinadieu.ch\\\/fr\\\/\",\"name\":\"DeinAdieu.ch\",\"description\":\"Testament, Patientenverf\u00fcgung und Vorsorgeauftrag\",\"publisher\":{\"@id\":\"https:\\\/\\\/www.deinadieu.ch\\\/fr\\\/#organization\"},\"potentialAction\":[{\"@type\":\"SearchAction\",\"target\":{\"@type\":\"EntryPoint\",\"urlTemplate\":\"https:\\\/\\\/www.deinadieu.ch\\\/fr\\\/?s={search_term_string}\"},\"query-input\":{\"@type\":\"PropertyValueSpecification\",\"valueRequired\":true,\"valueName\":\"search_term_string\"}}],\"inLanguage\":\"fr-FR\"},{\"@type\":\"Organization\",\"@id\":\"https:\\\/\\\/www.deinadieu.ch\\\/fr\\\/#organization\",\"name\":\"EMNA Web GmbH\",\"url\":\"https:\\\/\\\/www.deinadieu.ch\\\/fr\\\/\",\"logo\":{\"@type\":\"ImageObject\",\"inLanguage\":\"fr-FR\",\"@id\":\"https:\\\/\\\/www.deinadieu.ch\\\/fr\\\/#\\\/schema\\\/logo\\\/image\\\/\",\"url\":\"https:\\\/\\\/www.deinadieu.ch\\\/wp-content\\\/uploads\\\/2016\\\/01\\\/DeinAdieu_Logo.png\",\"contentUrl\":\"https:\\\/\\\/www.deinadieu.ch\\\/wp-content\\\/uploads\\\/2016\\\/01\\\/DeinAdieu_Logo.png\",\"width\":300,\"height\":117,\"caption\":\"EMNA Web GmbH\"},\"image\":{\"@id\":\"https:\\\/\\\/www.deinadieu.ch\\\/fr\\\/#\\\/schema\\\/logo\\\/image\\\/\"},\"sameAs\":[\"https:\\\/\\\/www.facebook.com\\\/deinadieu\",\"https:\\\/\\\/x.com\\\/DeinAdieu\",\"https:\\\/\\\/www.instagram.com\\\/deinadieu\\\/\",\"https:\\\/\\\/www.linkedin.com\\\/company\\\/deinadieu.ch\"]}]}<\/script>","yoast_head_json":{"title":"Faire-part de d\u00e9c\u00e8s : citations, exemples et mod\u00e8les | DeinAdieu","description":"Vous trouvez ici divers faire-part de d\u00e9c\u00e8s pour des membres de la famille, des collaborateurs, des grands-parents ou un conjoint, qui peuvent servir d'exemples pour la r\u00e9daction d'un faire-part de d\u00e9c\u00e8s.","robots":{"index":"index","follow":"follow","max-snippet":"max-snippet:-1","max-image-preview":"max-image-preview:large","max-video-preview":"max-video-preview:-1"},"canonical":"https:\/\/www.deinadieu.ch\/fr\/exemples-davis-de-deces\/","og_locale":"fr_FR","og_type":"article","og_title":"Exemples d\u2019avis de d\u00e9c\u00e8s","og_description":"Vous trouverez ici des exemples et mod\u00e8les pour la r\u00e9daction d'un faire-part de d\u00e9c\u00e8s Coll\u00e8gues de travail \u2013 accident Nous avons la douloureuse t\u00e2che de","og_url":"https:\/\/www.deinadieu.ch\/fr\/exemples-davis-de-deces\/","og_site_name":"DeinAdieu.ch","article_publisher":"https:\/\/www.facebook.com\/deinadieu","article_modified_time":"2023-05-08T10:18:35+00:00","og_image":[{"width":2560,"height":1829,"url":"https:\/\/static.deinadieu.ch\/uploads\/2020\/09\/carolyn-v-PUjAEwV9PeQ-unsplash-scaled-e1601367437102.jpg","type":"image\/jpeg"}],"twitter_card":"summary_large_image","twitter_site":"@DeinAdieu","twitter_misc":{"Est. reading time":"3 minutes"},"schema":{"@context":"https:\/\/schema.org","@graph":[{"@type":"WebPage","@id":"https:\/\/www.deinadieu.ch\/fr\/exemples-davis-de-deces\/","url":"https:\/\/www.deinadieu.ch\/fr\/exemples-davis-de-deces\/","name":"Faire-part de d\u00e9c\u00e8s : citations, exemples et mod\u00e8les | DeinAdieu","isPartOf":{"@id":"https:\/\/www.deinadieu.ch\/fr\/#website"},"primaryImageOfPage":{"@id":"https:\/\/www.deinadieu.ch\/fr\/exemples-davis-de-deces\/#primaryimage"},"image":{"@id":"https:\/\/www.deinadieu.ch\/fr\/exemples-davis-de-deces\/#primaryimage"},"thumbnailUrl":"https:\/\/www.deinadieu.ch\/wp-content\/uploads\/2020\/09\/carolyn-v-PUjAEwV9PeQ-unsplash-scaled-e1601367437102.jpg","datePublished":"2020-09-28T16:19:28+00:00","dateModified":"2023-05-08T10:18:35+00:00","description":"Vous trouvez ici divers faire-part de d\u00e9c\u00e8s pour des membres de la famille, des collaborateurs, des grands-parents ou un conjoint, qui peuvent servir d'exemples pour la r\u00e9daction d'un faire-part de d\u00e9c\u00e8s.","breadcrumb":{"@id":"https:\/\/www.deinadieu.ch\/fr\/exemples-davis-de-deces\/#breadcrumb"},"inLanguage":"fr-FR","potentialAction":[{"@type":"ReadAction","target":["https:\/\/www.deinadieu.ch\/fr\/exemples-davis-de-deces\/"]}]},{"@type":"ImageObject","inLanguage":"fr-FR","@id":"https:\/\/www.deinadieu.ch\/fr\/exemples-davis-de-deces\/#primaryimage","url":"https:\/\/www.deinadieu.ch\/wp-content\/uploads\/2020\/09\/carolyn-v-PUjAEwV9PeQ-unsplash-scaled-e1601367437102.jpg","contentUrl":"https:\/\/www.deinadieu.ch\/wp-content\/uploads\/2020\/09\/carolyn-v-PUjAEwV9PeQ-unsplash-scaled-e1601367437102.jpg","width":2560,"height":1829},{"@type":"BreadcrumbList","@id":"https:\/\/www.deinadieu.ch\/fr\/exemples-davis-de-deces\/#breadcrumb","itemListElement":[{"@type":"ListItem","position":1,"name":"Home","item":"https:\/\/www.deinadieu.ch\/fr\/deinadieu-dialog-und-serviceportal-zum-lebensende\/"},{"@type":"ListItem","position":2,"name":"Exemples d\u2019avis de d\u00e9c\u00e8s"}]},{"@type":"WebSite","@id":"https:\/\/www.deinadieu.ch\/fr\/#website","url":"https:\/\/www.deinadieu.ch\/fr\/","name":"DeinAdieu.ch","description":"Testament, Patientenverf\u00fcgung und Vorsorgeauftrag","publisher":{"@id":"https:\/\/www.deinadieu.ch\/fr\/#organization"},"potentialAction":[{"@type":"SearchAction","target":{"@type":"EntryPoint","urlTemplate":"https:\/\/www.deinadieu.ch\/fr\/?s={search_term_string}"},"query-input":{"@type":"PropertyValueSpecification","valueRequired":true,"valueName":"search_term_string"}}],"inLanguage":"fr-FR"},{"@type":"Organization","@id":"https:\/\/www.deinadieu.ch\/fr\/#organization","name":"EMNA Web GmbH","url":"https:\/\/www.deinadieu.ch\/fr\/","logo":{"@type":"ImageObject","inLanguage":"fr-FR","@id":"https:\/\/www.deinadieu.ch\/fr\/#\/schema\/logo\/image\/","url":"https:\/\/www.deinadieu.ch\/wp-content\/uploads\/2016\/01\/DeinAdieu_Logo.png","contentUrl":"https:\/\/www.deinadieu.ch\/wp-content\/uploads\/2016\/01\/DeinAdieu_Logo.png","width":300,"height":117,"caption":"EMNA Web GmbH"},"image":{"@id":"https:\/\/www.deinadieu.ch\/fr\/#\/schema\/logo\/image\/"},"sameAs":["https:\/\/www.facebook.com\/deinadieu","https:\/\/x.com\/DeinAdieu","https:\/\/www.instagram.com\/deinadieu\/","https:\/\/www.linkedin.com\/company\/deinadieu.ch"]}]}},"_links":{"self":[{"href":"https:\/\/www.deinadieu.ch\/fr\/wp-json\/wp\/v2\/pages\/25768","targetHints":{"allow":["GET"]}}],"collection":[{"href":"https:\/\/www.deinadieu.ch\/fr\/wp-json\/wp\/v2\/pages"}],"about":[{"href":"https:\/\/www.deinadieu.ch\/fr\/wp-json\/wp\/v2\/types\/page"}],"author":[{"embeddable":true,"href":"https:\/\/www.deinadieu.ch\/fr\/wp-json\/wp\/v2\/users\/6026"}],"replies":[{"embeddable":true,"href":"https:\/\/www.deinadieu.ch\/fr\/wp-json\/wp\/v2\/comments?post=25768"}],"version-history":[{"count":8,"href":"https:\/\/www.deinadieu.ch\/fr\/wp-json\/wp\/v2\/pages\/25768\/revisions"}],"predecessor-version":[{"id":63506,"href":"https:\/\/www.deinadieu.ch\/fr\/wp-json\/wp\/v2\/pages\/25768\/revisions\/63506"}],"wp:featuredmedia":[{"embeddable":true,"href":"https:\/\/www.deinadieu.ch\/fr\/wp-json\/wp\/v2\/media\/24698"}],"wp:attachment":[{"href":"https:\/\/www.deinadieu.ch\/fr\/wp-json\/wp\/v2\/media?parent=25768"}],"curies":[{"name":"wp","href":"https:\/\/api.w.org\/{rel}","templated":true}]}}