{"id":25743,"date":"2020-09-17T11:58:59","date_gmt":"2020-09-17T09:58:59","guid":{"rendered":"http:\/\/www.deinadieu.ch\/communiquer-lors-dun-deuil\/"},"modified":"2024-10-03T11:12:15","modified_gmt":"2024-10-03T09:12:15","slug":"communiquer-lors-dun-deuil","status":"publish","type":"page","link":"https:\/\/www.deinadieu.ch\/fr\/communiquer-lors-dun-deuil\/","title":{"rendered":"Communiquer lors d\u2019un deuil"},"content":{"rendered":"\n<p>DeinAdieu vous propose des mod\u00e8les et des exemples gratuits pour communiquer lors d&#8217;un deuil : laissez-vous inspirer par nos lettres de condol\u00e9ances, nos avis de d\u00e9c\u00e8s, nos \u00e9loges fun\u00e8bres, nos lettres de remerciements, nos po\u00e8mes et nos citations pour les condol\u00e9ances.<\/p>\n\n<div class=\"wp-block-columns is-layout-flex wp-container-core-columns-is-layout-28f84493 wp-block-columns-is-layout-flex\">\n<div class=\"wp-block-column is-layout-flow wp-block-column-is-layout-flow\">\n<div class=\"wp-block-group is-layout-flow wp-block-group-is-layout-flow\">\n<div style=\"height:20px\" aria-hidden=\"true\" class=\"wp-block-spacer\"><\/div>\n\n\n\n<div class=\"wp-block-group is-layout-flow wp-block-group-is-layout-flow\">\n<figure class=\"wp-block-image aligncenter size-full is-resized\"><img loading=\"lazy\" decoding=\"async\" src=\"https:\/\/www.deinadieu.ch\/wp-content\/uploads\/2020\/09\/Group-28.png\" alt=\"\" class=\"wp-image-24275\" width=\"500\" height=\"300\" srcset=\"https:\/\/www.deinadieu.ch\/wp-content\/uploads\/2020\/09\/Group-28.png 500w, https:\/\/www.deinadieu.ch\/wp-content\/uploads\/2020\/09\/Group-28-300x180.png 300w\" sizes=\"auto, (max-width: 500px) 100vw, 500px\" \/><\/figure>\n\n\n\n<p class=\"has-text-align-center title text-lg font-semibold has-white-background-color has-text-color has-background\" style=\"color:#4a5568\">Lettres de condol\u00e9ances<\/p>\n\n\n\n<p class=\"has-text-align-center has-white-background-color has-text-color has-background\" style=\"color:#4a5568\">Vous trouverez ici des textes pour vos cartes de condol\u00e9ances ou votre lettre de condol\u00e9ances. R\u00e9digez des textes de condol\u00e9ances individuels ou utilisez nos citations pour exprimer votre chagrin.<\/p>\n\n\n\n<div style=\"height:20px\" aria-hidden=\"true\" class=\"wp-block-spacer\"><\/div>\n\n\n\n<div class=\"wp-block-buttons is-horizontal is-content-justification-center is-layout-flex wp-container-core-buttons-is-layout-03627597 wp-block-buttons-is-layout-flex\">\n<div class=\"wp-block-button\"><a class=\"wp-block-button__link has-background wp-element-button\" href=\"https:\/\/www.deinadieu.ch\/fr\/exemple-de-lettres-de-condoleances\/\" style=\"border-radius:4px;background-color:#383046\">Plus<\/a><\/div>\n<\/div>\n\n\n\n<div style=\"height:40px\" aria-hidden=\"true\" class=\"wp-block-spacer\"><\/div>\n<\/div>\n<\/div>\n<\/div>\n\n\n\n<div class=\"wp-block-column is-layout-flow wp-block-column-is-layout-flow\">\n<div class=\"wp-block-group is-layout-flow wp-block-group-is-layout-flow\">\n<div style=\"height:20px\" aria-hidden=\"true\" class=\"wp-block-spacer\"><\/div>\n\n\n\n<div class=\"wp-block-group is-layout-flow wp-block-group-is-layout-flow\">\n<figure class=\"wp-block-image aligncenter size-full is-resized\"><img loading=\"lazy\" decoding=\"async\" src=\"https:\/\/www.deinadieu.ch\/wp-content\/uploads\/2020\/09\/Group-29.png\" alt=\"\" class=\"wp-image-24279\" width=\"500\" height=\"300\" srcset=\"https:\/\/www.deinadieu.ch\/wp-content\/uploads\/2020\/09\/Group-29.png 500w, https:\/\/www.deinadieu.ch\/wp-content\/uploads\/2020\/09\/Group-29-300x180.png 300w\" sizes=\"auto, (max-width: 500px) 100vw, 500px\" \/><\/figure>\n\n\n\n<p class=\"has-text-align-center title text-lg font-semibold has-white-background-color has-text-color has-background\" style=\"color:#4a5568\">de le faire.<\/p>\n\n\n\n<p class=\"has-text-align-center has-white-background-color has-text-color has-background\" style=\"color:#4a5568\">Nous vous proposons sur cette page des exemples d&#8217;avis de d\u00e9c\u00e8s. Utilisez les textes pour votre avis de d\u00e9c\u00e8s ou composez votre propre annonce en vous basant sur nos mod\u00e8les.<\/p>\n\n\n\n<div class=\"wp-block-buttons is-horizontal is-content-justification-center is-layout-flex wp-container-core-buttons-is-layout-03627597 wp-block-buttons-is-layout-flex\">\n<div class=\"wp-block-button\"><a class=\"wp-block-button__link has-background wp-element-button\" href=\"https:\/\/www.deinadieu.ch\/fr\/exemples-davis-de-deces\/\" style=\"border-radius:4px;background-color:#383046\">Plus<\/a><\/div>\n<\/div>\n\n\n\n<div style=\"height:40px\" aria-hidden=\"true\" class=\"wp-block-spacer\"><\/div>\n<\/div>\n<\/div>\n<\/div>\n\n\n\n<div class=\"wp-block-column is-layout-flow wp-block-column-is-layout-flow\">\n<div class=\"wp-block-group is-layout-flow wp-block-group-is-layout-flow\">\n<div style=\"height:20px\" aria-hidden=\"true\" class=\"wp-block-spacer\"><\/div>\n\n\n\n<figure class=\"wp-block-image aligncenter size-full is-resized\"><img loading=\"lazy\" decoding=\"async\" src=\"https:\/\/www.deinadieu.ch\/wp-content\/uploads\/2020\/09\/Group-26.png\" alt=\"\" class=\"wp-image-24283\" width=\"500\" height=\"300\" srcset=\"https:\/\/www.deinadieu.ch\/wp-content\/uploads\/2020\/09\/Group-26.png 500w, https:\/\/www.deinadieu.ch\/wp-content\/uploads\/2020\/09\/Group-26-300x180.png 300w\" sizes=\"auto, (max-width: 500px) 100vw, 500px\" \/><\/figure>\n\n\n\n<p class=\"has-text-align-center title text-lg font-semibold has-white-background-color has-text-color has-background\" style=\"color:#4a5568\">\u00c9loges fun\u00e8bres<\/p>\n\n\n\n<p class=\"has-text-align-center has-white-background-color has-text-color has-background\" style=\"color:#4a5568\">Trouver les mots juste pour dire au revoir est difficile pour beaucoup de personnes en deuil. Vous trouverez ici des mots d&#8217;adieu appropri\u00e9s et des exemples d&#8217;\u00e9loges fun\u00e8bres. Laissez les exemples vous inspirer.<\/p>\n\n\n\n<div style=\"height:20px\" aria-hidden=\"true\" class=\"wp-block-spacer\"><\/div>\n\n\n\n<div class=\"wp-block-buttons is-horizontal is-content-justification-center is-layout-flex wp-container-core-buttons-is-layout-03627597 wp-block-buttons-is-layout-flex\">\n<div class=\"wp-block-button\"><a class=\"wp-block-button__link has-background wp-element-button\" href=\"https:\/\/www.deinadieu.ch\/fr\/modeles-deloges-funebres\/\" style=\"border-radius:4px;background-color:#383046\">Plus<\/a><\/div>\n<\/div>\n\n\n\n<div style=\"height:40px\" aria-hidden=\"true\" class=\"wp-block-spacer\"><\/div>\n<\/div>\n<\/div>\n<\/div>\n\n<div style=\"height:70px\" aria-hidden=\"true\" class=\"wp-block-spacer\"><\/div>\n\n<div class=\"wp-block-columns is-layout-flex wp-container-core-columns-is-layout-28f84493 wp-block-columns-is-layout-flex\">\n<div class=\"wp-block-column is-layout-flow wp-block-column-is-layout-flow\">\n<div class=\"wp-block-group has-white-background-color has-background is-layout-flow wp-block-group-is-layout-flow\">\n<div class=\"wp-block-group is-layout-flow wp-block-group-is-layout-flow\">\n<div style=\"height:20px\" aria-hidden=\"true\" class=\"wp-block-spacer\"><\/div>\n\n\n\n<figure class=\"wp-block-image aligncenter size-full is-resized\"><img loading=\"lazy\" decoding=\"async\" src=\"https:\/\/www.deinadieu.ch\/wp-content\/uploads\/2020\/09\/Group-25.png\" alt=\"\" class=\"wp-image-24268\" width=\"500\" height=\"300\" srcset=\"https:\/\/www.deinadieu.ch\/wp-content\/uploads\/2020\/09\/Group-25.png 500w, https:\/\/www.deinadieu.ch\/wp-content\/uploads\/2020\/09\/Group-25-300x180.png 300w\" sizes=\"auto, (max-width: 500px) 100vw, 500px\" \/><\/figure>\n\n\n\n<p class=\"has-text-align-center title text-lg font-semibold has-white-background-color has-text-color has-background\" style=\"color:#4a5568\">Lettres de remerciement<\/p>\n\n\n\n<p class=\"has-text-align-center has-white-background-color has-text-color has-background\" style=\"color:#4a5568\">Dites merci pour la sympathie que vous avez re\u00e7ue dans le cadre de votre deuil. Nos lettres de remerciement sont des mod\u00e8les que vous pouvez personnaliser et envoyer par carte.<\/p>\n\n\n\n<div style=\"height:20px\" aria-hidden=\"true\" class=\"wp-block-spacer\"><\/div>\n\n\n\n<div class=\"wp-block-buttons is-horizontal is-content-justification-center is-layout-flex wp-container-core-buttons-is-layout-03627597 wp-block-buttons-is-layout-flex\">\n<div class=\"wp-block-button\"><a class=\"wp-block-button__link has-background wp-element-button\" href=\"https:\/\/www.deinadieu.ch\/fr\/exemples-de-lettres-de-remerciements\/\" style=\"border-radius:4px;background-color:#383046\">Plus<\/a><\/div>\n<\/div>\n\n\n\n<div style=\"height:40px\" aria-hidden=\"true\" class=\"wp-block-spacer\"><\/div>\n<\/div>\n<\/div>\n<\/div>\n\n\n\n<div class=\"wp-block-column is-layout-flow wp-block-column-is-layout-flow\">\n<div class=\"wp-block-group is-layout-flow wp-block-group-is-layout-flow\">\n<div style=\"height:20px\" aria-hidden=\"true\" class=\"wp-block-spacer\"><\/div>\n\n\n\n<figure class=\"wp-block-image aligncenter size-full is-resized\"><img loading=\"lazy\" decoding=\"async\" src=\"https:\/\/www.deinadieu.ch\/wp-content\/uploads\/2020\/09\/Frame-6.png\" alt=\"\" class=\"wp-image-24287\" width=\"500\" height=\"300\" srcset=\"https:\/\/www.deinadieu.ch\/wp-content\/uploads\/2020\/09\/Frame-6.png 500w, https:\/\/www.deinadieu.ch\/wp-content\/uploads\/2020\/09\/Frame-6-300x180.png 300w\" sizes=\"auto, (max-width: 500px) 100vw, 500px\" \/><\/figure>\n\n\n\n<p class=\"has-text-align-center title text-lg font-semibold has-white-background-color has-text-color has-background\" style=\"color:#4a5568\">Po\u00e8mes<\/p>\n\n\n\n<p class=\"has-text-align-center has-white-background-color has-text-color has-background\" style=\"color:#4a5568\">Les po\u00e8mes peuvent \u00eatre un r\u00e9confort dans le deuil. Imprimez <br\/>vos condol\u00e9ances avec un po\u00e8me d\u2019adieu. Les po\u00e8mes pr\u00e9sent\u00e9s ici sont aptes \u00e0 \u00eatre plac\u00e9s sur une carte fun\u00e9raire et peuvent \u00eatre individualis\u00e9s.<\/p>\n\n\n\n<div style=\"height:20px\" aria-hidden=\"true\" class=\"wp-block-spacer\"><\/div>\n\n\n\n<div class=\"wp-block-buttons is-horizontal is-content-justification-center is-layout-flex wp-container-core-buttons-is-layout-03627597 wp-block-buttons-is-layout-flex\">\n<div class=\"wp-block-button\"><a class=\"wp-block-button__link has-background wp-element-button\" href=\"https:\/\/www.deinadieu.ch\/fr\/poemes\/\" style=\"border-radius:4px;background-color:#383046\">Plus<\/a><\/div>\n<\/div>\n\n\n\n<div style=\"height:40px\" aria-hidden=\"true\" class=\"wp-block-spacer\"><\/div>\n<\/div>\n<\/div>\n\n\n\n<div class=\"wp-block-column is-layout-flow wp-block-column-is-layout-flow\">\n<div class=\"wp-block-group is-layout-flow wp-block-group-is-layout-flow\">\n<div style=\"height:20px\" aria-hidden=\"true\" class=\"wp-block-spacer\"><\/div>\n\n\n\n<figure class=\"wp-block-image aligncenter size-full is-resized\"><img loading=\"lazy\" decoding=\"async\" src=\"https:\/\/www.deinadieu.ch\/wp-content\/uploads\/2020\/09\/Group-27.png\" alt=\"\" class=\"wp-image-24291\" width=\"500\" height=\"300\" srcset=\"https:\/\/www.deinadieu.ch\/wp-content\/uploads\/2020\/09\/Group-27.png 500w, https:\/\/www.deinadieu.ch\/wp-content\/uploads\/2020\/09\/Group-27-300x180.png 300w\" sizes=\"auto, (max-width: 500px) 100vw, 500px\" \/><\/figure>\n\n\n\n<p class=\"has-text-align-center title text-lg font-semibold has-white-background-color has-text-color has-background\" style=\"color:#4a5568\">Citations &amp; Mots de condol\u00e9ances<\/p>\n\n\n\n<p class=\"has-text-align-center has-white-background-color has-text-color has-background\" style=\"color:#4a5568\">Des citations ou des mots de condol\u00e9ances de grands penseurs, philosophes et personnalit\u00e9s aident les personnes en deuil \u00e0 dire au revoir. Utilisez directement les citations ou formulez vos propres mots d\u2019adieu.<a href=\"https:\/\/www.deinadieu.ch\/zitate\" target=\"_blank\" rel=\"noreferrer noopener\">Plus.<\/a><\/p>\n\n\n\n<div style=\"height:20px\" aria-hidden=\"true\" class=\"wp-block-spacer\"><\/div>\n\n\n\n<div class=\"wp-block-buttons is-horizontal is-content-justification-center is-layout-flex wp-container-core-buttons-is-layout-03627597 wp-block-buttons-is-layout-flex\">\n<div class=\"wp-block-button\"><a class=\"wp-block-button__link has-background wp-element-button\" href=\"https:\/\/www.deinadieu.ch\/zitate\" style=\"border-radius:4px;background-color:#383046\">Plus<\/a><\/div>\n<\/div>\n\n\n\n<div style=\"height:40px\" aria-hidden=\"true\" class=\"wp-block-spacer\"><\/div>\n<\/div>\n<\/div>\n<\/div>\n\n<div style=\"height:100px\" aria-hidden=\"true\" class=\"wp-block-spacer\"><\/div>\n","protected":false},"excerpt":{"rendered":"<p>DeinAdieu vous propose des mod\u00e8les et des exemples gratuits pour communiquer lors d&#8217;un deuil : laissez-vous inspirer par nos lettres de condol\u00e9ances, nos avis de d\u00e9c\u00e8s, nos \u00e9loges fun\u00e8bres, nos lettres de remerciements, nos po\u00e8mes et nos citations pour les condol\u00e9ances. Lettres de condol\u00e9ances Vous trouverez ici des textes pour vos cartes de condol\u00e9ances ou [&hellip;]<\/p>\n","protected":false},"author":6026,"featured_media":24153,"parent":0,"menu_order":0,"comment_status":"closed","ping_status":"closed","template":"","meta":{"_acf_changed":false,"footnotes":""},"class_list":["post-25743","page","type-page","status-publish","has-post-thumbnail","hentry"],"acf":[],"yoast_head":"<title>Mod\u00e8les pour la communication lors d&#039;un deuil et faire-part de d\u00e9c\u00e8s | DeinAdieu<\/title>\n<meta name=\"description\" content=\"Sur DeinAdieu, vous trouvez des mod\u00e8les gratuits et des id\u00e9es pour des textes de condol\u00e9ances, des remerciements et de l&#039;inspiration pour d&#039;autres correspondances lors d&#039;un deuil.\" \/>\n<meta name=\"robots\" content=\"index, follow, max-snippet:-1, max-image-preview:large, max-video-preview:-1\" \/>\n<link rel=\"canonical\" href=\"https:\/\/www.deinadieu.ch\/fr\/communiquer-lors-dun-deuil\/\" \/>\n<meta property=\"og:locale\" content=\"fr_FR\" \/>\n<meta property=\"og:type\" content=\"article\" \/>\n<meta property=\"og:title\" content=\"Communiquer lors d\u2019un deuil\" \/>\n<meta property=\"og:description\" content=\"DeinAdieu vous propose des mod\u00e8les et des exemples gratuits pour communiquer lors d&#039;un deuil : laissez-vous inspirer par nos lettres de condol\u00e9ances, nos\" \/>\n<meta property=\"og:url\" content=\"https:\/\/www.deinadieu.ch\/fr\/communiquer-lors-dun-deuil\/\" \/>\n<meta property=\"og:site_name\" content=\"DeinAdieu.ch\" \/>\n<meta property=\"article:publisher\" content=\"https:\/\/www.facebook.com\/deinadieu\" \/>\n<meta property=\"article:modified_time\" content=\"2024-10-03T09:12:15+00:00\" \/>\n<meta property=\"og:image\" content=\"https:\/\/static.deinadieu.ch\/uploads\/2020\/09\/saad-chaudhry-YNM4KStg78I-unsplash-scaled.jpg\" \/>\n\t<meta property=\"og:image:width\" content=\"2560\" \/>\n\t<meta property=\"og:image:height\" content=\"1707\" \/>\n\t<meta property=\"og:image:type\" content=\"image\/jpeg\" \/>\n<meta name=\"twitter:card\" content=\"summary_large_image\" \/>\n<meta name=\"twitter:site\" content=\"@DeinAdieu\" \/>\n<meta name=\"twitter:label1\" content=\"Est. reading time\" \/>\n\t<meta name=\"twitter:data1\" content=\"1 minute\" \/>\n<script type=\"application\/ld+json\" class=\"yoast-schema-graph\">{\"@context\":\"https:\\\/\\\/schema.org\",\"@graph\":[{\"@type\":\"WebPage\",\"@id\":\"https:\\\/\\\/www.deinadieu.ch\\\/fr\\\/communiquer-lors-dun-deuil\\\/\",\"url\":\"https:\\\/\\\/www.deinadieu.ch\\\/fr\\\/communiquer-lors-dun-deuil\\\/\",\"name\":\"Mod\u00e8les pour la communication lors d'un deuil et faire-part de d\u00e9c\u00e8s | DeinAdieu\",\"isPartOf\":{\"@id\":\"https:\\\/\\\/www.deinadieu.ch\\\/fr\\\/#website\"},\"primaryImageOfPage\":{\"@id\":\"https:\\\/\\\/www.deinadieu.ch\\\/fr\\\/communiquer-lors-dun-deuil\\\/#primaryimage\"},\"image\":{\"@id\":\"https:\\\/\\\/www.deinadieu.ch\\\/fr\\\/communiquer-lors-dun-deuil\\\/#primaryimage\"},\"thumbnailUrl\":\"https:\\\/\\\/www.deinadieu.ch\\\/wp-content\\\/uploads\\\/2020\\\/09\\\/saad-chaudhry-YNM4KStg78I-unsplash-scaled.jpg\",\"datePublished\":\"2020-09-17T09:58:59+00:00\",\"dateModified\":\"2024-10-03T09:12:15+00:00\",\"description\":\"Sur DeinAdieu, vous trouvez des mod\u00e8les gratuits et des id\u00e9es pour des textes de condol\u00e9ances, des remerciements et de l'inspiration pour d'autres correspondances lors d'un deuil.\",\"breadcrumb\":{\"@id\":\"https:\\\/\\\/www.deinadieu.ch\\\/fr\\\/communiquer-lors-dun-deuil\\\/#breadcrumb\"},\"inLanguage\":\"fr-FR\",\"potentialAction\":[{\"@type\":\"ReadAction\",\"target\":[\"https:\\\/\\\/www.deinadieu.ch\\\/fr\\\/communiquer-lors-dun-deuil\\\/\"]}]},{\"@type\":\"ImageObject\",\"inLanguage\":\"fr-FR\",\"@id\":\"https:\\\/\\\/www.deinadieu.ch\\\/fr\\\/communiquer-lors-dun-deuil\\\/#primaryimage\",\"url\":\"https:\\\/\\\/www.deinadieu.ch\\\/wp-content\\\/uploads\\\/2020\\\/09\\\/saad-chaudhry-YNM4KStg78I-unsplash-scaled.jpg\",\"contentUrl\":\"https:\\\/\\\/www.deinadieu.ch\\\/wp-content\\\/uploads\\\/2020\\\/09\\\/saad-chaudhry-YNM4KStg78I-unsplash-scaled.jpg\",\"width\":2560,\"height\":1707},{\"@type\":\"BreadcrumbList\",\"@id\":\"https:\\\/\\\/www.deinadieu.ch\\\/fr\\\/communiquer-lors-dun-deuil\\\/#breadcrumb\",\"itemListElement\":[{\"@type\":\"ListItem\",\"position\":1,\"name\":\"Home\",\"item\":\"https:\\\/\\\/www.deinadieu.ch\\\/fr\\\/deinadieu-dialog-und-serviceportal-zum-lebensende\\\/\"},{\"@type\":\"ListItem\",\"position\":2,\"name\":\"Communiquer lors d\u2019un deuil\"}]},{\"@type\":\"WebSite\",\"@id\":\"https:\\\/\\\/www.deinadieu.ch\\\/fr\\\/#website\",\"url\":\"https:\\\/\\\/www.deinadieu.ch\\\/fr\\\/\",\"name\":\"DeinAdieu.ch\",\"description\":\"Testament, Patientenverf\u00fcgung und Vorsorgeauftrag\",\"publisher\":{\"@id\":\"https:\\\/\\\/www.deinadieu.ch\\\/fr\\\/#organization\"},\"potentialAction\":[{\"@type\":\"SearchAction\",\"target\":{\"@type\":\"EntryPoint\",\"urlTemplate\":\"https:\\\/\\\/www.deinadieu.ch\\\/fr\\\/?s={search_term_string}\"},\"query-input\":{\"@type\":\"PropertyValueSpecification\",\"valueRequired\":true,\"valueName\":\"search_term_string\"}}],\"inLanguage\":\"fr-FR\"},{\"@type\":\"Organization\",\"@id\":\"https:\\\/\\\/www.deinadieu.ch\\\/fr\\\/#organization\",\"name\":\"EMNA Web GmbH\",\"url\":\"https:\\\/\\\/www.deinadieu.ch\\\/fr\\\/\",\"logo\":{\"@type\":\"ImageObject\",\"inLanguage\":\"fr-FR\",\"@id\":\"https:\\\/\\\/www.deinadieu.ch\\\/fr\\\/#\\\/schema\\\/logo\\\/image\\\/\",\"url\":\"https:\\\/\\\/www.deinadieu.ch\\\/wp-content\\\/uploads\\\/2016\\\/01\\\/DeinAdieu_Logo.png\",\"contentUrl\":\"https:\\\/\\\/www.deinadieu.ch\\\/wp-content\\\/uploads\\\/2016\\\/01\\\/DeinAdieu_Logo.png\",\"width\":300,\"height\":117,\"caption\":\"EMNA Web GmbH\"},\"image\":{\"@id\":\"https:\\\/\\\/www.deinadieu.ch\\\/fr\\\/#\\\/schema\\\/logo\\\/image\\\/\"},\"sameAs\":[\"https:\\\/\\\/www.facebook.com\\\/deinadieu\",\"https:\\\/\\\/x.com\\\/DeinAdieu\",\"https:\\\/\\\/www.instagram.com\\\/deinadieu\\\/\",\"https:\\\/\\\/www.linkedin.com\\\/company\\\/deinadieu.ch\"]}]}<\/script>","yoast_head_json":{"title":"Mod\u00e8les pour la communication lors d'un deuil et faire-part de d\u00e9c\u00e8s | DeinAdieu","description":"Sur DeinAdieu, vous trouvez des mod\u00e8les gratuits et des id\u00e9es pour des textes de condol\u00e9ances, des remerciements et de l'inspiration pour d'autres correspondances lors d'un deuil.","robots":{"index":"index","follow":"follow","max-snippet":"max-snippet:-1","max-image-preview":"max-image-preview:large","max-video-preview":"max-video-preview:-1"},"canonical":"https:\/\/www.deinadieu.ch\/fr\/communiquer-lors-dun-deuil\/","og_locale":"fr_FR","og_type":"article","og_title":"Communiquer lors d\u2019un deuil","og_description":"DeinAdieu vous propose des mod\u00e8les et des exemples gratuits pour communiquer lors d'un deuil : laissez-vous inspirer par nos lettres de condol\u00e9ances, nos","og_url":"https:\/\/www.deinadieu.ch\/fr\/communiquer-lors-dun-deuil\/","og_site_name":"DeinAdieu.ch","article_publisher":"https:\/\/www.facebook.com\/deinadieu","article_modified_time":"2024-10-03T09:12:15+00:00","og_image":[{"width":2560,"height":1707,"url":"https:\/\/static.deinadieu.ch\/uploads\/2020\/09\/saad-chaudhry-YNM4KStg78I-unsplash-scaled.jpg","type":"image\/jpeg"}],"twitter_card":"summary_large_image","twitter_site":"@DeinAdieu","twitter_misc":{"Est. reading time":"1 minute"},"schema":{"@context":"https:\/\/schema.org","@graph":[{"@type":"WebPage","@id":"https:\/\/www.deinadieu.ch\/fr\/communiquer-lors-dun-deuil\/","url":"https:\/\/www.deinadieu.ch\/fr\/communiquer-lors-dun-deuil\/","name":"Mod\u00e8les pour la communication lors d'un deuil et faire-part de d\u00e9c\u00e8s | DeinAdieu","isPartOf":{"@id":"https:\/\/www.deinadieu.ch\/fr\/#website"},"primaryImageOfPage":{"@id":"https:\/\/www.deinadieu.ch\/fr\/communiquer-lors-dun-deuil\/#primaryimage"},"image":{"@id":"https:\/\/www.deinadieu.ch\/fr\/communiquer-lors-dun-deuil\/#primaryimage"},"thumbnailUrl":"https:\/\/www.deinadieu.ch\/wp-content\/uploads\/2020\/09\/saad-chaudhry-YNM4KStg78I-unsplash-scaled.jpg","datePublished":"2020-09-17T09:58:59+00:00","dateModified":"2024-10-03T09:12:15+00:00","description":"Sur DeinAdieu, vous trouvez des mod\u00e8les gratuits et des id\u00e9es pour des textes de condol\u00e9ances, des remerciements et de l'inspiration pour d'autres correspondances lors d'un deuil.","breadcrumb":{"@id":"https:\/\/www.deinadieu.ch\/fr\/communiquer-lors-dun-deuil\/#breadcrumb"},"inLanguage":"fr-FR","potentialAction":[{"@type":"ReadAction","target":["https:\/\/www.deinadieu.ch\/fr\/communiquer-lors-dun-deuil\/"]}]},{"@type":"ImageObject","inLanguage":"fr-FR","@id":"https:\/\/www.deinadieu.ch\/fr\/communiquer-lors-dun-deuil\/#primaryimage","url":"https:\/\/www.deinadieu.ch\/wp-content\/uploads\/2020\/09\/saad-chaudhry-YNM4KStg78I-unsplash-scaled.jpg","contentUrl":"https:\/\/www.deinadieu.ch\/wp-content\/uploads\/2020\/09\/saad-chaudhry-YNM4KStg78I-unsplash-scaled.jpg","width":2560,"height":1707},{"@type":"BreadcrumbList","@id":"https:\/\/www.deinadieu.ch\/fr\/communiquer-lors-dun-deuil\/#breadcrumb","itemListElement":[{"@type":"ListItem","position":1,"name":"Home","item":"https:\/\/www.deinadieu.ch\/fr\/deinadieu-dialog-und-serviceportal-zum-lebensende\/"},{"@type":"ListItem","position":2,"name":"Communiquer lors d\u2019un deuil"}]},{"@type":"WebSite","@id":"https:\/\/www.deinadieu.ch\/fr\/#website","url":"https:\/\/www.deinadieu.ch\/fr\/","name":"DeinAdieu.ch","description":"Testament, Patientenverf\u00fcgung und Vorsorgeauftrag","publisher":{"@id":"https:\/\/www.deinadieu.ch\/fr\/#organization"},"potentialAction":[{"@type":"SearchAction","target":{"@type":"EntryPoint","urlTemplate":"https:\/\/www.deinadieu.ch\/fr\/?s={search_term_string}"},"query-input":{"@type":"PropertyValueSpecification","valueRequired":true,"valueName":"search_term_string"}}],"inLanguage":"fr-FR"},{"@type":"Organization","@id":"https:\/\/www.deinadieu.ch\/fr\/#organization","name":"EMNA Web GmbH","url":"https:\/\/www.deinadieu.ch\/fr\/","logo":{"@type":"ImageObject","inLanguage":"fr-FR","@id":"https:\/\/www.deinadieu.ch\/fr\/#\/schema\/logo\/image\/","url":"https:\/\/www.deinadieu.ch\/wp-content\/uploads\/2016\/01\/DeinAdieu_Logo.png","contentUrl":"https:\/\/www.deinadieu.ch\/wp-content\/uploads\/2016\/01\/DeinAdieu_Logo.png","width":300,"height":117,"caption":"EMNA Web GmbH"},"image":{"@id":"https:\/\/www.deinadieu.ch\/fr\/#\/schema\/logo\/image\/"},"sameAs":["https:\/\/www.facebook.com\/deinadieu","https:\/\/x.com\/DeinAdieu","https:\/\/www.instagram.com\/deinadieu\/","https:\/\/www.linkedin.com\/company\/deinadieu.ch"]}]}},"_links":{"self":[{"href":"https:\/\/www.deinadieu.ch\/fr\/wp-json\/wp\/v2\/pages\/25743","targetHints":{"allow":["GET"]}}],"collection":[{"href":"https:\/\/www.deinadieu.ch\/fr\/wp-json\/wp\/v2\/pages"}],"about":[{"href":"https:\/\/www.deinadieu.ch\/fr\/wp-json\/wp\/v2\/types\/page"}],"author":[{"embeddable":true,"href":"https:\/\/www.deinadieu.ch\/fr\/wp-json\/wp\/v2\/users\/6026"}],"replies":[{"embeddable":true,"href":"https:\/\/www.deinadieu.ch\/fr\/wp-json\/wp\/v2\/comments?post=25743"}],"version-history":[{"count":13,"href":"https:\/\/www.deinadieu.ch\/fr\/wp-json\/wp\/v2\/pages\/25743\/revisions"}],"predecessor-version":[{"id":68553,"href":"https:\/\/www.deinadieu.ch\/fr\/wp-json\/wp\/v2\/pages\/25743\/revisions\/68553"}],"wp:featuredmedia":[{"embeddable":true,"href":"https:\/\/www.deinadieu.ch\/fr\/wp-json\/wp\/v2\/media\/24153"}],"wp:attachment":[{"href":"https:\/\/www.deinadieu.ch\/fr\/wp-json\/wp\/v2\/media?parent=25743"}],"curies":[{"name":"wp","href":"https:\/\/api.w.org\/{rel}","templated":true}]}}