{"id":25736,"date":"2020-09-14T16:45:47","date_gmt":"2020-09-14T14:45:47","guid":{"rendered":"http:\/\/www.deinadieu.ch\/organisations-a-but-non-lucratif\/"},"modified":"2023-10-06T16:53:50","modified_gmt":"2023-10-06T14:53:50","slug":"organisations-a-but-non-lucratif","status":"publish","type":"page","link":"https:\/\/www.deinadieu.ch\/fr\/organisations-a-but-non-lucratif\/","title":{"rendered":"Organisations \u00e0 but non lucratif"},"content":{"rendered":"\n<h2 class=\"wp-block-heading title text-4xl font-semibold mb-10 has-text-color\" id=\"h-erbschafts-legatefundraising\" style=\"color:#4a5568\"><strong><strong>Collecte de fonds successoraux et de legs<\/strong><\/strong><\/h2>\n\n<div style=\"height:25px\" aria-hidden=\"true\" class=\"wp-block-spacer\"><\/div>\n\n<div class=\"wp-block-columns is-layout-flex wp-container-core-columns-is-layout-28f84493 wp-block-columns-is-layout-flex\">\n<div class=\"wp-block-column is-layout-flow wp-block-column-is-layout-flow\" style=\"flex-basis:66.66%\">\n<p class=\"has-text-color\" style=\"color:#4a5568\">Dans toute la Suisse, environ <strong>95 milliards de francs sont transmis pour cause de mort chaque ann\u00e9e (2019, NZZ).<\/strong> Dans les ann\u00e9es \u00e0 venir, ce potentiel d\u00e9j\u00e0 \u00e9norme va encore s&#8217;accro\u00eetre.<\/p>\n\n\n\n<p class=\"has-text-color\" style=\"color:#4a5568\">Actuellement, les organisations \u00e0 but non lucratif re\u00e7oivent encore trop peu de donations testamentaires. On estime que <strong>3 \u00e0 4 pour mille<\/strong> de la masse successorale susmentionn\u00e9e sont vers\u00e9s \u00e0 des \u0153uvres d&#8217;entraide suisses.<\/p>\n\n\n\n<p class=\"has-text-color\" style=\"color:#4a5568\">DeinAdieu offre \u00e0 votre organisation \u00e0 but non lucratif une visibilit\u00e9 aupr\u00e8s du groupe cible ad\u00e9quat, propose chaque ann\u00e9e \u00e0 des milliers de testateurs potentiels d&#8217;inclure votre organisation dans leur testament et met \u00e0 votre disposition un choix d&#8217;outils de collecte de fonds innovants et \u00e9prouv\u00e9s.<\/p>\n\n\n\n<p class=\"has-text-color\" style=\"color:#4a5568\">En collaboration avec plus de <a href=\"https:\/\/www.deinadieu.ch\/hilfswerke\/\"><strong>200 organisations suisses \u00e0 but non lucratif<\/strong><\/a>, DeinAdieu augmente depuis 2016 de mani\u00e8re cons\u00e9quente le nombre de testaments r\u00e9dig\u00e9s qui incluent des organisations \u00e0 but non lucratif.<\/p>\n<\/div>\n\n\n\n<div class=\"wp-block-column is-layout-flow wp-block-column-is-layout-flow\" style=\"flex-basis:33.33%\">\n<div class=\"wp-block-group is-layout-flow wp-block-group-is-layout-flow\">\n<p class=\"box_info p-10 rounded-lg has-text-color has-background\" style=\"color:#4a5568;background-color:#e2e8f0\"><img loading=\"lazy\" decoding=\"async\" width=\"150\" height=\"183\" class=\"wp-image-22291\" style=\"width: 150px;\" src=\"http:\/\/www.deinadieu.ch\/wp-content\/uploads\/2020\/05\/NG.png\" alt=\"\" srcset=\"https:\/\/www.deinadieu.ch\/wp-content\/uploads\/2020\/05\/NG.png 174w, https:\/\/www.deinadieu.ch\/wp-content\/uploads\/2020\/05\/NG-148x180.png 148w, https:\/\/www.deinadieu.ch\/wp-content\/uploads\/2020\/05\/NG-144x175.png 144w\" sizes=\"auto, (max-width: 150px) 100vw, 150px\" \/><br\/><strong><strong>Nicolas Gehrig<\/strong> <br\/><\/strong>T\u00e9l. direct : +41 43 508 12 17<br\/>Courriel : <a href=\"mailto:support@deinadieu.ch\">support@deinadieu.ch<\/a><br\/><br\/><\/p>\n<\/div>\n\n\n\n<p><\/p>\n<\/div>\n<\/div>\n\n<h2 class=\"wp-block-heading\">Contact pour les organisations \u00e0 but non lucratif<\/h2>\n\n<p>Remplissez ce formulaire pour devenir une organisation partenaire de DeinAdieu. Apr\u00e8s un premier examen, nous vous inviterons volontiers \u00e0 une pr\u00e9sentation en ligne sans engagement, o\u00f9 nous vous expliquerons en d\u00e9tail l&#8217;ensemble de notre <a href=\"https:\/\/www.deinadieu.ch\/fr\/la-collecte-de-fonds-successoraux-en-toute-simplicite-avec-deinadieu\/\" target=\"_blank\" rel=\"noreferrer noopener\">offre<\/a>.<\/p>\n\n<iframe src=\"https:\/\/survey.deinadieu.ch\/zs\/O7B8ne\" style=\"height:1800px;width:100%;\" marginwidth=\"0\" marginheight=\"0\" scrolling=\"auto\" allow=\"geolocation\" frameborder=\"0\"><\/iframe>\n\n<h2 class=\"wp-block-heading title text-4xl font-semibold mb-10 has-text-color\" id=\"h-5-grunde-die-fur-deinadieu-sprechen\" style=\"color:#4a5568\"><strong>5 raisons de choisir DeinAdieu :<\/strong><\/h2>\n\n<div style=\"height:25px\" aria-hidden=\"true\" class=\"wp-block-spacer\"><\/div>\n\n<div class=\"wp-block-columns is-layout-flex wp-container-core-columns-is-layout-28f84493 wp-block-columns-is-layout-flex\">\n<div class=\"wp-block-column is-layout-flow wp-block-column-is-layout-flow\">\n<figure class=\"wp-block-image size-large is-resized\"><img loading=\"lazy\" decoding=\"async\" src=\"https:\/\/www.deinadieu.ch\/wp-content\/uploads\/2020\/11\/Zeichenfla\u0308che-1@4x-28.png\" alt=\"\" class=\"wp-image-23949\" style=\"width:480px;height:474px\" width=\"480\" height=\"474\"\/><\/figure>\n<\/div>\n\n\n\n<div class=\"wp-block-column is-layout-flow wp-block-column-is-layout-flow\">\n<figure class=\"wp-block-image size-large is-resized\"><img loading=\"lazy\" decoding=\"async\" src=\"https:\/\/www.deinadieu.ch\/wp-content\/uploads\/2020\/11\/Zeichenfla\u0308che-1@4x-12.png\" alt=\"\" class=\"wp-image-23945\" style=\"width:480px;height:474px\" width=\"480\" height=\"474\"\/><\/figure>\n<\/div>\n\n\n\n<div class=\"wp-block-column is-layout-flow wp-block-column-is-layout-flow\">\n<figure class=\"wp-block-image size-large is-resized\"><img loading=\"lazy\" decoding=\"async\" src=\"https:\/\/www.deinadieu.ch\/wp-content\/uploads\/2020\/11\/Zeichenfla\u0308che-1@4x-13.png\" alt=\"\" class=\"wp-image-23953\" style=\"width:480px;height:474px\" width=\"480\" height=\"474\"\/><\/figure>\n<\/div>\n\n\n\n<div class=\"wp-block-column is-layout-flow wp-block-column-is-layout-flow\">\n<figure class=\"wp-block-image size-large is-resized\"><img loading=\"lazy\" decoding=\"async\" src=\"https:\/\/www.deinadieu.ch\/wp-content\/uploads\/2020\/11\/Zeichenfla\u0308che-1@4x-14.png\" alt=\"\" class=\"wp-image-23957\" style=\"width:480px;height:474px\" width=\"480\" height=\"474\"\/><\/figure>\n<\/div>\n\n\n\n<div class=\"wp-block-column is-layout-flow wp-block-column-is-layout-flow\">\n<figure class=\"wp-block-image size-large is-resized\"><img loading=\"lazy\" decoding=\"async\" src=\"https:\/\/www.deinadieu.ch\/wp-content\/uploads\/2020\/11\/Zeichenfla\u0308che-1@4x-10.png\" alt=\"\" class=\"wp-image-23961\" style=\"width:480px;height:474px\" width=\"480\" height=\"474\"\/><\/figure>\n<\/div>\n<\/div>\n\n<div style=\"height:100px\" aria-hidden=\"true\" class=\"wp-block-spacer\"><\/div>\n","protected":false},"excerpt":{"rendered":"<p>Collecte de fonds successoraux et de legs Dans toute la Suisse, environ 95 milliards de francs sont transmis pour cause de mort chaque ann\u00e9e (2019, NZZ). Dans les ann\u00e9es \u00e0 venir, ce potentiel d\u00e9j\u00e0 \u00e9norme va encore s&#8217;accro\u00eetre. Actuellement, les organisations \u00e0 but non lucratif re\u00e7oivent encore trop peu de donations testamentaires. On estime que [&hellip;]<\/p>\n","protected":false},"author":6026,"featured_media":25586,"parent":0,"menu_order":0,"comment_status":"closed","ping_status":"closed","template":"","meta":{"_acf_changed":false,"footnotes":""},"class_list":["post-25736","page","type-page","status-publish","has-post-thumbnail","hentry"],"acf":[],"yoast_head":"<title>Les organisations \u00e0 but non lucratif : Collecte de fonds et legs | DeinAdieu<\/title>\n<meta name=\"description\" content=\"DeinAdieu aspire \u00e0 un \u00e9change constructif avec tous les acteurs concern\u00e9s et coordonne ainsi ses activit\u00e9s apr\u00e8s avoir consult\u00e9 ses partenaires.\" \/>\n<meta name=\"robots\" content=\"index, follow, max-snippet:-1, max-image-preview:large, max-video-preview:-1\" \/>\n<link rel=\"canonical\" href=\"https:\/\/www.deinadieu.ch\/fr\/organisations-a-but-non-lucratif\/\" \/>\n<meta property=\"og:locale\" content=\"fr_FR\" \/>\n<meta property=\"og:type\" content=\"article\" \/>\n<meta property=\"og:title\" content=\"Organisations \u00e0 but non lucratif\" \/>\n<meta property=\"og:description\" content=\"Collecte de fonds successoraux et de legs Dans toute la Suisse, environ 95 milliards de francs sont transmis pour cause de mort chaque ann\u00e9e (2019, NZZ).\" \/>\n<meta property=\"og:url\" content=\"https:\/\/www.deinadieu.ch\/fr\/organisations-a-but-non-lucratif\/\" \/>\n<meta property=\"og:site_name\" content=\"DeinAdieu.ch\" \/>\n<meta property=\"article:publisher\" content=\"https:\/\/www.facebook.com\/deinadieu\" \/>\n<meta property=\"article:modified_time\" content=\"2023-10-06T14:53:50+00:00\" \/>\n<meta property=\"og:image\" content=\"https:\/\/static.deinadieu.ch\/uploads\/2020\/07\/iStock-813460430-e1600435231398.jpg\" \/>\n\t<meta property=\"og:image:width\" content=\"1280\" \/>\n\t<meta property=\"og:image:height\" content=\"482\" \/>\n\t<meta property=\"og:image:type\" content=\"image\/jpeg\" \/>\n<meta name=\"twitter:card\" content=\"summary_large_image\" \/>\n<meta name=\"twitter:site\" content=\"@DeinAdieu\" \/>\n<meta name=\"twitter:label1\" content=\"Est. reading time\" \/>\n\t<meta name=\"twitter:data1\" content=\"1 minute\" \/>\n<script type=\"application\/ld+json\" class=\"yoast-schema-graph\">{\"@context\":\"https:\\\/\\\/schema.org\",\"@graph\":[{\"@type\":\"WebPage\",\"@id\":\"https:\\\/\\\/www.deinadieu.ch\\\/fr\\\/organisations-a-but-non-lucratif\\\/\",\"url\":\"https:\\\/\\\/www.deinadieu.ch\\\/fr\\\/organisations-a-but-non-lucratif\\\/\",\"name\":\"Les organisations \u00e0 but non lucratif : Collecte de fonds et legs | DeinAdieu\",\"isPartOf\":{\"@id\":\"https:\\\/\\\/www.deinadieu.ch\\\/fr\\\/#website\"},\"primaryImageOfPage\":{\"@id\":\"https:\\\/\\\/www.deinadieu.ch\\\/fr\\\/organisations-a-but-non-lucratif\\\/#primaryimage\"},\"image\":{\"@id\":\"https:\\\/\\\/www.deinadieu.ch\\\/fr\\\/organisations-a-but-non-lucratif\\\/#primaryimage\"},\"thumbnailUrl\":\"https:\\\/\\\/www.deinadieu.ch\\\/wp-content\\\/uploads\\\/2020\\\/07\\\/iStock-813460430-e1600435231398.jpg\",\"datePublished\":\"2020-09-14T14:45:47+00:00\",\"dateModified\":\"2023-10-06T14:53:50+00:00\",\"description\":\"DeinAdieu aspire \u00e0 un \u00e9change constructif avec tous les acteurs concern\u00e9s et coordonne ainsi ses activit\u00e9s apr\u00e8s avoir consult\u00e9 ses partenaires.\",\"breadcrumb\":{\"@id\":\"https:\\\/\\\/www.deinadieu.ch\\\/fr\\\/organisations-a-but-non-lucratif\\\/#breadcrumb\"},\"inLanguage\":\"fr-FR\",\"potentialAction\":[{\"@type\":\"ReadAction\",\"target\":[\"https:\\\/\\\/www.deinadieu.ch\\\/fr\\\/organisations-a-but-non-lucratif\\\/\"]}]},{\"@type\":\"ImageObject\",\"inLanguage\":\"fr-FR\",\"@id\":\"https:\\\/\\\/www.deinadieu.ch\\\/fr\\\/organisations-a-but-non-lucratif\\\/#primaryimage\",\"url\":\"https:\\\/\\\/www.deinadieu.ch\\\/wp-content\\\/uploads\\\/2020\\\/07\\\/iStock-813460430-e1600435231398.jpg\",\"contentUrl\":\"https:\\\/\\\/www.deinadieu.ch\\\/wp-content\\\/uploads\\\/2020\\\/07\\\/iStock-813460430-e1600435231398.jpg\",\"width\":1280,\"height\":482,\"caption\":\"Exon\u00e9ration fiscale d'une ONG - Qu'est-ce que cela signifie ? (Image : iStock)\"},{\"@type\":\"BreadcrumbList\",\"@id\":\"https:\\\/\\\/www.deinadieu.ch\\\/fr\\\/organisations-a-but-non-lucratif\\\/#breadcrumb\",\"itemListElement\":[{\"@type\":\"ListItem\",\"position\":1,\"name\":\"Home\",\"item\":\"https:\\\/\\\/www.deinadieu.ch\\\/fr\\\/deinadieu-dialog-und-serviceportal-zum-lebensende\\\/\"},{\"@type\":\"ListItem\",\"position\":2,\"name\":\"Organisations \u00e0 but non lucratif\"}]},{\"@type\":\"WebSite\",\"@id\":\"https:\\\/\\\/www.deinadieu.ch\\\/fr\\\/#website\",\"url\":\"https:\\\/\\\/www.deinadieu.ch\\\/fr\\\/\",\"name\":\"DeinAdieu.ch\",\"description\":\"Testament, Patientenverf\u00fcgung und Vorsorgeauftrag\",\"publisher\":{\"@id\":\"https:\\\/\\\/www.deinadieu.ch\\\/fr\\\/#organization\"},\"potentialAction\":[{\"@type\":\"SearchAction\",\"target\":{\"@type\":\"EntryPoint\",\"urlTemplate\":\"https:\\\/\\\/www.deinadieu.ch\\\/fr\\\/?s={search_term_string}\"},\"query-input\":{\"@type\":\"PropertyValueSpecification\",\"valueRequired\":true,\"valueName\":\"search_term_string\"}}],\"inLanguage\":\"fr-FR\"},{\"@type\":\"Organization\",\"@id\":\"https:\\\/\\\/www.deinadieu.ch\\\/fr\\\/#organization\",\"name\":\"EMNA Web GmbH\",\"url\":\"https:\\\/\\\/www.deinadieu.ch\\\/fr\\\/\",\"logo\":{\"@type\":\"ImageObject\",\"inLanguage\":\"fr-FR\",\"@id\":\"https:\\\/\\\/www.deinadieu.ch\\\/fr\\\/#\\\/schema\\\/logo\\\/image\\\/\",\"url\":\"https:\\\/\\\/www.deinadieu.ch\\\/wp-content\\\/uploads\\\/2016\\\/01\\\/DeinAdieu_Logo.png\",\"contentUrl\":\"https:\\\/\\\/www.deinadieu.ch\\\/wp-content\\\/uploads\\\/2016\\\/01\\\/DeinAdieu_Logo.png\",\"width\":300,\"height\":117,\"caption\":\"EMNA Web GmbH\"},\"image\":{\"@id\":\"https:\\\/\\\/www.deinadieu.ch\\\/fr\\\/#\\\/schema\\\/logo\\\/image\\\/\"},\"sameAs\":[\"https:\\\/\\\/www.facebook.com\\\/deinadieu\",\"https:\\\/\\\/x.com\\\/DeinAdieu\",\"https:\\\/\\\/www.instagram.com\\\/deinadieu\\\/\",\"https:\\\/\\\/www.linkedin.com\\\/company\\\/deinadieu.ch\"]}]}<\/script>","yoast_head_json":{"title":"Les organisations \u00e0 but non lucratif : Collecte de fonds et legs | DeinAdieu","description":"DeinAdieu aspire \u00e0 un \u00e9change constructif avec tous les acteurs concern\u00e9s et coordonne ainsi ses activit\u00e9s apr\u00e8s avoir consult\u00e9 ses partenaires.","robots":{"index":"index","follow":"follow","max-snippet":"max-snippet:-1","max-image-preview":"max-image-preview:large","max-video-preview":"max-video-preview:-1"},"canonical":"https:\/\/www.deinadieu.ch\/fr\/organisations-a-but-non-lucratif\/","og_locale":"fr_FR","og_type":"article","og_title":"Organisations \u00e0 but non lucratif","og_description":"Collecte de fonds successoraux et de legs Dans toute la Suisse, environ 95 milliards de francs sont transmis pour cause de mort chaque ann\u00e9e (2019, NZZ).","og_url":"https:\/\/www.deinadieu.ch\/fr\/organisations-a-but-non-lucratif\/","og_site_name":"DeinAdieu.ch","article_publisher":"https:\/\/www.facebook.com\/deinadieu","article_modified_time":"2023-10-06T14:53:50+00:00","og_image":[{"width":1280,"height":482,"url":"https:\/\/static.deinadieu.ch\/uploads\/2020\/07\/iStock-813460430-e1600435231398.jpg","type":"image\/jpeg"}],"twitter_card":"summary_large_image","twitter_site":"@DeinAdieu","twitter_misc":{"Est. reading time":"1 minute"},"schema":{"@context":"https:\/\/schema.org","@graph":[{"@type":"WebPage","@id":"https:\/\/www.deinadieu.ch\/fr\/organisations-a-but-non-lucratif\/","url":"https:\/\/www.deinadieu.ch\/fr\/organisations-a-but-non-lucratif\/","name":"Les organisations \u00e0 but non lucratif : Collecte de fonds et legs | DeinAdieu","isPartOf":{"@id":"https:\/\/www.deinadieu.ch\/fr\/#website"},"primaryImageOfPage":{"@id":"https:\/\/www.deinadieu.ch\/fr\/organisations-a-but-non-lucratif\/#primaryimage"},"image":{"@id":"https:\/\/www.deinadieu.ch\/fr\/organisations-a-but-non-lucratif\/#primaryimage"},"thumbnailUrl":"https:\/\/www.deinadieu.ch\/wp-content\/uploads\/2020\/07\/iStock-813460430-e1600435231398.jpg","datePublished":"2020-09-14T14:45:47+00:00","dateModified":"2023-10-06T14:53:50+00:00","description":"DeinAdieu aspire \u00e0 un \u00e9change constructif avec tous les acteurs concern\u00e9s et coordonne ainsi ses activit\u00e9s apr\u00e8s avoir consult\u00e9 ses partenaires.","breadcrumb":{"@id":"https:\/\/www.deinadieu.ch\/fr\/organisations-a-but-non-lucratif\/#breadcrumb"},"inLanguage":"fr-FR","potentialAction":[{"@type":"ReadAction","target":["https:\/\/www.deinadieu.ch\/fr\/organisations-a-but-non-lucratif\/"]}]},{"@type":"ImageObject","inLanguage":"fr-FR","@id":"https:\/\/www.deinadieu.ch\/fr\/organisations-a-but-non-lucratif\/#primaryimage","url":"https:\/\/www.deinadieu.ch\/wp-content\/uploads\/2020\/07\/iStock-813460430-e1600435231398.jpg","contentUrl":"https:\/\/www.deinadieu.ch\/wp-content\/uploads\/2020\/07\/iStock-813460430-e1600435231398.jpg","width":1280,"height":482,"caption":"Exon\u00e9ration fiscale d'une ONG - Qu'est-ce que cela signifie ? (Image : iStock)"},{"@type":"BreadcrumbList","@id":"https:\/\/www.deinadieu.ch\/fr\/organisations-a-but-non-lucratif\/#breadcrumb","itemListElement":[{"@type":"ListItem","position":1,"name":"Home","item":"https:\/\/www.deinadieu.ch\/fr\/deinadieu-dialog-und-serviceportal-zum-lebensende\/"},{"@type":"ListItem","position":2,"name":"Organisations \u00e0 but non lucratif"}]},{"@type":"WebSite","@id":"https:\/\/www.deinadieu.ch\/fr\/#website","url":"https:\/\/www.deinadieu.ch\/fr\/","name":"DeinAdieu.ch","description":"Testament, Patientenverf\u00fcgung und Vorsorgeauftrag","publisher":{"@id":"https:\/\/www.deinadieu.ch\/fr\/#organization"},"potentialAction":[{"@type":"SearchAction","target":{"@type":"EntryPoint","urlTemplate":"https:\/\/www.deinadieu.ch\/fr\/?s={search_term_string}"},"query-input":{"@type":"PropertyValueSpecification","valueRequired":true,"valueName":"search_term_string"}}],"inLanguage":"fr-FR"},{"@type":"Organization","@id":"https:\/\/www.deinadieu.ch\/fr\/#organization","name":"EMNA Web GmbH","url":"https:\/\/www.deinadieu.ch\/fr\/","logo":{"@type":"ImageObject","inLanguage":"fr-FR","@id":"https:\/\/www.deinadieu.ch\/fr\/#\/schema\/logo\/image\/","url":"https:\/\/www.deinadieu.ch\/wp-content\/uploads\/2016\/01\/DeinAdieu_Logo.png","contentUrl":"https:\/\/www.deinadieu.ch\/wp-content\/uploads\/2016\/01\/DeinAdieu_Logo.png","width":300,"height":117,"caption":"EMNA Web GmbH"},"image":{"@id":"https:\/\/www.deinadieu.ch\/fr\/#\/schema\/logo\/image\/"},"sameAs":["https:\/\/www.facebook.com\/deinadieu","https:\/\/x.com\/DeinAdieu","https:\/\/www.instagram.com\/deinadieu\/","https:\/\/www.linkedin.com\/company\/deinadieu.ch"]}]}},"_links":{"self":[{"href":"https:\/\/www.deinadieu.ch\/fr\/wp-json\/wp\/v2\/pages\/25736","targetHints":{"allow":["GET"]}}],"collection":[{"href":"https:\/\/www.deinadieu.ch\/fr\/wp-json\/wp\/v2\/pages"}],"about":[{"href":"https:\/\/www.deinadieu.ch\/fr\/wp-json\/wp\/v2\/types\/page"}],"author":[{"embeddable":true,"href":"https:\/\/www.deinadieu.ch\/fr\/wp-json\/wp\/v2\/users\/6026"}],"replies":[{"embeddable":true,"href":"https:\/\/www.deinadieu.ch\/fr\/wp-json\/wp\/v2\/comments?post=25736"}],"version-history":[{"count":21,"href":"https:\/\/www.deinadieu.ch\/fr\/wp-json\/wp\/v2\/pages\/25736\/revisions"}],"predecessor-version":[{"id":65591,"href":"https:\/\/www.deinadieu.ch\/fr\/wp-json\/wp\/v2\/pages\/25736\/revisions\/65591"}],"wp:featuredmedia":[{"embeddable":true,"href":"https:\/\/www.deinadieu.ch\/fr\/wp-json\/wp\/v2\/media\/25586"}],"wp:attachment":[{"href":"https:\/\/www.deinadieu.ch\/fr\/wp-json\/wp\/v2\/media?parent=25736"}],"curies":[{"name":"wp","href":"https:\/\/api.w.org\/{rel}","templated":true}]}}