{"id":25734,"date":"2020-09-29T11:31:44","date_gmt":"2020-09-29T09:31:44","guid":{"rendered":"http:\/\/www.deinadieu.ch\/modeles-deloges-funebres\/"},"modified":"2023-05-08T12:18:13","modified_gmt":"2023-05-08T10:18:13","slug":"modeles-deloges-funebres","status":"publish","type":"page","link":"https:\/\/www.deinadieu.ch\/fr\/modeles-deloges-funebres\/","title":{"rendered":"Mod\u00e8les d\u2019\u00e9loges fun\u00e8bres"},"content":{"rendered":"\n<p>DeinAdieu vous propose ici quelques exemples d&#8217;\u00e9loges fun\u00e8bres. Laissez-vous inspirer par les diff\u00e9rents exemples et r\u00e9digez votre texte personnel.<\/p>\n\n<div style=\"height:60px\" aria-hidden=\"true\" class=\"wp-block-spacer\"><\/div>\n\n<div class=\"wp-block-columns is-layout-flex wp-container-core-columns-is-layout-28f84493 wp-block-columns-is-layout-flex\">\n<div class=\"wp-block-column is-layout-flow wp-block-column-is-layout-flow\" style=\"flex-basis:75%\">\n<h2 class=\"wp-block-heading\" id=\"h-grabreden-der-patentante\"><strong>\u00c9loge fun\u00e8bre pour une marraine<\/strong><\/h2>\n\n\n\n<p class=\"has-white-color has-text-color\">  <\/p>\n\n\n\n<div class=\"wp-block-group is-layout-flow wp-block-group-is-layout-flow\">\n<div class=\"wp-block-cover aligncenter is-light has-parallax box_info p-10 rounded-lg\"><span aria-hidden=\"true\" class=\"wp-block-cover__background has-background-dim-0 has-background-dim\"><\/span><div role=\"img\" class=\"wp-block-cover__image-background wp-image-24670 has-parallax\" style=\"background-position:50% 50%;background-image:url(http:\/\/www.deinadieu.ch\/wp-content\/uploads\/2020\/09\/nikhil-kumar-JdPHvI7VF0o-unsplash-square-2.jpg)\"><\/div><div class=\"wp-block-cover__inner-container is-layout-flow wp-block-cover-is-layout-flow\">\n<p class=\"has-black-color has-text-color\">Chers invit\u00e9s,<\/p>\n\n\n\n<p class=\"has-black-color has-text-color\">notre ch\u00e8re tante et ma marraine Silvia nous a malheureusement quitt\u00e9 \u00e0 jamais. Il est inconcevable pour moi d\u2019imaginer qu\u2019il ne sera plus jamais possible d\u2019entendre r\u00e9sonner son rire joyeux. Je sais que cela lui aurait plu de voir comment les rayons du soleil percent le brouillard ce matin.<\/p>\n\n\n\n<p class=\"has-black-color has-text-color\">Silvia avait un c\u0153ur incroyablement grand et une joie de vivre communicative. Elle m&#8217;a accompagn\u00e9 depuis ma naissance et m&#8217;a pris par la main durant mon d\u00e9veloppement dans toutes les phases de la vie. Elle \u00e9tait une femme forte et ind\u00e9pendante et m&#8217;a appris \u00e0 avoir confiance en moi et \u00e0 me battre pour ce que je voulais obtenir. Comme elle n&#8217;avait elle-m\u00eame pas d&#8217;enfants, notre relation \u00e9tait sp\u00e9ciale et diff\u00e9rente de celle que j&#8217;avais avec mes parents. Bien s\u00fbr, elle n&#8217;avait pas la m\u00eame s\u00e9v\u00e9rit\u00e9, mais elle m&#8217;a enseign\u00e9 des valeurs et une vision de la vie que j&#8217;ai toujours admir\u00e9. Elle est rest\u00e9e une amie proche de mes parents pendant toutes ces ann\u00e9es.<\/p>\n\n\n\n<p class=\"has-black-color has-text-color\">Elle n&#8217;a pas laiss\u00e9 sa maladie occulter son quotidien et a continu\u00e9 \u00e0 profiter de la vie. Elle ne voulait pas \u00eatre trait\u00e9e de mani\u00e8re sp\u00e9cifique et s&#8217;est battue jusqu&#8217;au bout. M\u00eame si sa perte m&#8217;attriste profond\u00e9ment et laisse un grand vide, c&#8217;est un r\u00e9confort pour moi de savoir que la vie lui ait \u00e9pargn\u00e9e une longue souffrance. Ce que j&#8217;ai appris d&#8217;elle et les souvenirs que nous avons partag\u00e9s resteront \u00e0 jamais dans mon c\u0153ur.<\/p>\n\n\n\n<p class=\"has-black-color has-text-color\">Ch\u00e8re Silvia, j&#8217;esp\u00e8re que je pourrai suivre mon chemin de vie comme tu me l&#8217;as montr\u00e9.<\/p>\n<\/div><\/div>\n<\/div>\n<\/div>\n<\/div>\n\n<div class=\"wp-block-group is-layout-flow wp-block-group-is-layout-flow\">\n<div class=\"wp-block-group is-layout-flow wp-block-group-is-layout-flow\">\n<div class=\"wp-block-group is-layout-flow wp-block-group-is-layout-flow\">\n<div style=\"height:99px\" aria-hidden=\"true\" class=\"wp-block-spacer\"><\/div>\n\n\n\n        <div class=\"relative shadow-lg -mx-12 mb-4 overflow-hidden\" style=\"background-image: url('https:\/\/www.deinadieu.ch\/wp-content\/themes\/da-v4\/assets\/v4\/banner\/testament.jpg'); background-size: cover; background-position: center\">\n            <div class=\"banner-white-box md:w-3\/5 text-black -ml-16 pl-16\" style=\"background-color: rgba(255,255,255,0.75)\">\n                <div class=\"inner\">\n                    <div class=\"text-2xl p-12\"><strong>Vous n'avez pas encore r\u00e9dig\u00e9 de testament ?<\/strong> G\u00e9n\u00e9rez d\u00e8s maintenant un mod\u00e8le PDF gratuit pour<\/div>\n                    <div class=\"px-12 md:mr-16\">\n                        <a href=\"https:\/\/app.deinadieu.ch\/testament\" target=\"_blank\" class=\"btn btn-da btn-small btn-block\">moi<\/a>\n                        <a href=\"https:\/\/app.deinadieu.ch\/testament\" target=\"_blank\" class=\"mt-4 btn btn-da btn-small btn-block\">une autre personne<\/a>\n                    <\/div>\n                    <div class=\"px-12 py-8\">\n                        <img decoding=\"async\" src=\"https:\/\/www.deinadieu.ch\/wp-content\/themes\/da-v4\/assets\/v4\/deinadieu_logo_dark.svg\" class=\"h-12\">\n                    <\/div>\n                <\/div>\n            <\/div>\n        <\/div>\n        \n\n\n\n<div style=\"height:100px\" aria-hidden=\"true\" class=\"wp-block-spacer\"><\/div>\n<\/div>\n<\/div>\n<\/div>\n\n<div class=\"wp-block-columns is-layout-flex wp-container-core-columns-is-layout-28f84493 wp-block-columns-is-layout-flex\">\n<div class=\"wp-block-column is-layout-flow wp-block-column-is-layout-flow\" style=\"flex-basis:75%\">\n<h2 class=\"wp-block-heading\" id=\"h-trauerfeier-lehrerin\"><strong>Oraison fun\u00e8bre d\u2019une professeure <\/strong><\/h2>\n\n\n\n<p><em>Discours prononc\u00e9 par le directeur de l\u2019\u00e9cole<\/em><\/p>\n\n\n\n<div class=\"wp-block-group is-layout-flow wp-block-group-is-layout-flow\">\n<div class=\"wp-block-cover aligncenter is-light has-parallax box_info p-10 rounded-lg\"><span aria-hidden=\"true\" class=\"wp-block-cover__background has-background-dim-0 has-background-dim\"><\/span><div role=\"img\" class=\"wp-block-cover__image-background wp-image-24670 has-parallax\" style=\"background-position:50% 50%;background-image:url(http:\/\/www.deinadieu.ch\/wp-content\/uploads\/2020\/09\/nikhil-kumar-JdPHvI7VF0o-unsplash-square-2.jpg)\"><\/div><div class=\"wp-block-cover__inner-container is-layout-flow wp-block-cover-is-layout-flow\">\n<p class=\"has-black-color has-text-color\">Chers membres de la famille Gubser, chers invit\u00e9s,<\/p>\n\n\n\n<p class=\"has-black-color has-text-color\">Aujourd&#8217;hui, j&#8217;ai la difficile t\u00e2che de prononcer les derniers mots en l&#8217;honneur de notre estim\u00e9e coll\u00e8gue et amie Mme Angela Z\u00fcger. L&#8217;\u00e9quipe d&#8217;enseignants et les \u00e9l\u00e8ves de l&#8217;\u00e9cole Rothaus sont profond\u00e9ment choqu\u00e9s par la mort soudaine de Mme Z\u00fcger. Au nom de la famille Gubser et de toutes les personnes pr\u00e9sentes, je tiens \u00e0 exprimer nos plus sinc\u00e8res condol\u00e9ances. Nous nous associons \u00e0 votre deuil.<\/p>\n\n\n\n<p class=\"has-black-color has-text-color\">Avec Mme Z\u00fcger, notre \u00e9cole perd une p\u00e9dagogue extr\u00eamement comp\u00e9tente et passionn\u00e9e, qui exer\u00e7ait son m\u00e9tier avec passion depuis plus de 10 ans. Elle a toujours r\u00e9ussi \u00e0 \u00e9veiller l&#8217;int\u00e9r\u00eat des \u00e9tudiants et \u00e0 les enthousiasmer pour les choses. Elle a r\u00e9guli\u00e8rement partag\u00e9 son talent musical avec nous, que ce soit lors de f\u00eates scolaires, de cours de musique ou de camps de classe. Elle a ainsi m\u00eame \u00e9t\u00e9 capable d&#8217;inspirer des amateurs de musique \u00e0 apprendre un instrument.<\/p>\n\n\n\n<p class=\"has-black-color has-text-color\">En plus de son travail r\u00e9gulier d&#8217;enseignante, elle a \u00e9t\u00e9 tr\u00e8s active dans l&#8217;aide aux enfants d\u00e9favoris\u00e9s et a mis en place des projets pour soutenir ces enfants. Nous nous souvenons tous encore de ce samedi o\u00f9 il pleuvait des cordes et o\u00f9 Mme Z\u00fcger a organis\u00e9 une course de charit\u00e9. C&#8217;est sans aucun doute gr\u00e2ce \u00e0 sa motivation et \u00e0 sa joie de vivre que toute l&#8217;\u00e9cole a particip\u00e9.<\/p>\n\n\n\n<p class=\"has-black-color has-text-color\">Elle a influenc\u00e9 notre \u00e9cole et notre esprit d\u2019\u00e9quipe et nous nous souviendrons d\u2019elle longtemps encore. Nous t\u00e2cherons de terminer dignement les projets qu\u2019elle a initi\u00e9.<\/p>\n<\/div><\/div>\n<\/div>\n\n\n\n<div style=\"height:60px\" aria-hidden=\"true\" class=\"wp-block-spacer\"><\/div>\n<\/div>\n<\/div>\n\n<div class=\"wp-block-columns is-layout-flex wp-container-core-columns-is-layout-28f84493 wp-block-columns-is-layout-flex\">\n<div class=\"wp-block-column is-layout-flow wp-block-column-is-layout-flow\" style=\"flex-basis:75%\">\n<h2 class=\"wp-block-heading\" id=\"h-urnenbeisetzung-ehemann\"><strong>Mise en terre de l\u2019urne fun\u00e9raire du mari<\/strong><\/h2>\n\n\n\n<p><em>Seulement la famille<\/em><\/p>\n\n\n\n<div class=\"wp-block-group is-layout-flow wp-block-group-is-layout-flow\">\n<div class=\"wp-block-cover aligncenter is-light has-parallax box_info p-10 rounded-lg\"><span aria-hidden=\"true\" class=\"wp-block-cover__background has-background-dim-0 has-background-dim\"><\/span><div role=\"img\" class=\"wp-block-cover__image-background wp-image-24670 has-parallax\" style=\"background-position:50% 50%;background-image:url(http:\/\/www.deinadieu.ch\/wp-content\/uploads\/2020\/09\/nikhil-kumar-JdPHvI7VF0o-unsplash-square-2.jpg)\"><\/div><div class=\"wp-block-cover__inner-container is-layout-flow wp-block-cover-is-layout-flow\">\n<p class=\"has-black-color has-text-color\">Cher Fritz,<\/p>\n\n\n\n<p class=\"has-black-color has-text-color\">il m&#8217;est infiniment difficile de me tenir ici aujourd&#8217;hui et de trouver les mots justes. Je me sens incroyablement vide. Seule la douleur de ta perte me fait sentir que mon pouls bat encore.<\/p>\n\n\n\n<p class=\"has-black-color has-text-color\">Tu laisses un grand vide dans nos vies. Tu parachevais notre famille et donnais le sentiment \u00e0 chacun d\u2019\u00eatre n\u00e9cessaire. En tant que chef d\u2019une petite entreprise, tu dirigeais deux \u00e9quipes. Tu \u00e9tais toujours l\u00e0 pour tes employ\u00e9s et, le soir et le week-end, tu prenais le temps d\u2019aller \u00e0 la montagne avec nous ou jouais au \u00ab Uno \u00bb pendant des heures avec les enfants. Pour toutes les difficult\u00e9s et tous les probl\u00e8mes, tu avais une solution sous la main et tu restais toujours calme. Tant que nous le faisons ensemble, alors nous pouvions le faire \u2013 cela a toujours \u00e9t\u00e9 ton credo. Tu \u00e9tais mon roc dans la temp\u00eate. Je ne sais pas comment je serai capable d\u2019\u00e9loigner le torrent qui rugit sans toi.<\/p>\n\n\n\n<p class=\"has-black-color has-text-color\">Je te suis infiniment reconnaissante d\u2019avoir pu passer toutes ces ann\u00e9es \u00e0 tes c\u00f4t\u00e9s. Tu as \u00e9t\u00e9 un p\u00e8re aimant pour les enfants et mon \u00e2me soeur. Tu auras toujours une place dans mon c\u0153ur et tu resteras mon grand amour. Tu nous manques beaucoup, \u00e0 tous. Nous allons regarder chaque avion dans le ciel, comme tu l\u2019as toujours fait, et t\u2019imaginer en train de veiller sur nous.<\/p>\n<\/div><\/div>\n<\/div>\n\n\n\n<div style=\"height:70px\" aria-hidden=\"true\" class=\"wp-block-spacer\"><\/div>\n\n\n\n<p><\/p>\n<\/div>\n<\/div>\n","protected":false},"excerpt":{"rendered":"<p>DeinAdieu vous propose ici quelques exemples d&#8217;\u00e9loges fun\u00e8bres. Laissez-vous inspirer par les diff\u00e9rents exemples et r\u00e9digez votre texte personnel. \u00c9loge fun\u00e8bre pour une marraine Oraison fun\u00e8bre d\u2019une professeure Discours prononc\u00e9 par le directeur de l\u2019\u00e9cole Mise en terre de l\u2019urne fun\u00e9raire du mari Seulement la famille<\/p>\n","protected":false},"author":6026,"featured_media":24770,"parent":0,"menu_order":0,"comment_status":"closed","ping_status":"closed","template":"","meta":{"_acf_changed":false,"footnotes":""},"class_list":["post-25734","page","type-page","status-publish","has-post-thumbnail","hentry"],"acf":[],"yoast_head":"<title>Mod\u00e8les - \u00c9loges fun\u00e8bres et lettres de condol\u00e9ances | DeinAdieu<\/title>\n<meta name=\"description\" content=\"Devez-vous faire un \u00e9loge fun\u00e8bre ou envoyer une lettre de condol\u00e9ances ? Vous trouvez ici de l&#039;inspiration et des id\u00e9es pour un adieu digne.\" \/>\n<meta name=\"robots\" content=\"index, follow, max-snippet:-1, max-image-preview:large, max-video-preview:-1\" \/>\n<link rel=\"canonical\" href=\"https:\/\/www.deinadieu.ch\/fr\/modeles-deloges-funebres\/\" \/>\n<meta property=\"og:locale\" content=\"fr_FR\" \/>\n<meta property=\"og:type\" content=\"article\" \/>\n<meta property=\"og:title\" content=\"Mod\u00e8les d\u2019\u00e9loges fun\u00e8bres\" \/>\n<meta property=\"og:description\" content=\"DeinAdieu vous propose ici quelques exemples d&#039;\u00e9loges fun\u00e8bres. Laissez-vous inspirer par les diff\u00e9rents exemples et r\u00e9digez votre texte personnel. \u00c9loge\" \/>\n<meta property=\"og:url\" content=\"https:\/\/www.deinadieu.ch\/fr\/modeles-deloges-funebres\/\" \/>\n<meta property=\"og:site_name\" content=\"DeinAdieu.ch\" \/>\n<meta property=\"article:publisher\" content=\"https:\/\/www.facebook.com\/deinadieu\" \/>\n<meta property=\"article:modified_time\" content=\"2023-05-08T10:18:13+00:00\" \/>\n<meta property=\"og:image\" content=\"https:\/\/static.deinadieu.ch\/uploads\/2020\/09\/eder-pozo-perez-ymqeugh2Ns8-unsplash-scaled.jpg\" \/>\n\t<meta property=\"og:image:width\" content=\"2560\" \/>\n\t<meta property=\"og:image:height\" content=\"1700\" \/>\n\t<meta property=\"og:image:type\" content=\"image\/jpeg\" \/>\n<meta name=\"twitter:card\" content=\"summary_large_image\" \/>\n<meta name=\"twitter:site\" content=\"@DeinAdieu\" \/>\n<meta name=\"twitter:label1\" content=\"Est. reading time\" \/>\n\t<meta name=\"twitter:data1\" content=\"4 minutes\" \/>\n<script type=\"application\/ld+json\" class=\"yoast-schema-graph\">{\"@context\":\"https:\\\/\\\/schema.org\",\"@graph\":[{\"@type\":\"WebPage\",\"@id\":\"https:\\\/\\\/www.deinadieu.ch\\\/fr\\\/modeles-deloges-funebres\\\/\",\"url\":\"https:\\\/\\\/www.deinadieu.ch\\\/fr\\\/modeles-deloges-funebres\\\/\",\"name\":\"Mod\u00e8les - \u00c9loges fun\u00e8bres et lettres de condol\u00e9ances | DeinAdieu\",\"isPartOf\":{\"@id\":\"https:\\\/\\\/www.deinadieu.ch\\\/fr\\\/#website\"},\"primaryImageOfPage\":{\"@id\":\"https:\\\/\\\/www.deinadieu.ch\\\/fr\\\/modeles-deloges-funebres\\\/#primaryimage\"},\"image\":{\"@id\":\"https:\\\/\\\/www.deinadieu.ch\\\/fr\\\/modeles-deloges-funebres\\\/#primaryimage\"},\"thumbnailUrl\":\"https:\\\/\\\/www.deinadieu.ch\\\/wp-content\\\/uploads\\\/2020\\\/09\\\/eder-pozo-perez-ymqeugh2Ns8-unsplash-scaled.jpg\",\"datePublished\":\"2020-09-29T09:31:44+00:00\",\"dateModified\":\"2023-05-08T10:18:13+00:00\",\"description\":\"Devez-vous faire un \u00e9loge fun\u00e8bre ou envoyer une lettre de condol\u00e9ances ? Vous trouvez ici de l'inspiration et des id\u00e9es pour un adieu digne.\",\"breadcrumb\":{\"@id\":\"https:\\\/\\\/www.deinadieu.ch\\\/fr\\\/modeles-deloges-funebres\\\/#breadcrumb\"},\"inLanguage\":\"fr-FR\",\"potentialAction\":[{\"@type\":\"ReadAction\",\"target\":[\"https:\\\/\\\/www.deinadieu.ch\\\/fr\\\/modeles-deloges-funebres\\\/\"]}]},{\"@type\":\"ImageObject\",\"inLanguage\":\"fr-FR\",\"@id\":\"https:\\\/\\\/www.deinadieu.ch\\\/fr\\\/modeles-deloges-funebres\\\/#primaryimage\",\"url\":\"https:\\\/\\\/www.deinadieu.ch\\\/wp-content\\\/uploads\\\/2020\\\/09\\\/eder-pozo-perez-ymqeugh2Ns8-unsplash-scaled.jpg\",\"contentUrl\":\"https:\\\/\\\/www.deinadieu.ch\\\/wp-content\\\/uploads\\\/2020\\\/09\\\/eder-pozo-perez-ymqeugh2Ns8-unsplash-scaled.jpg\",\"width\":2560,\"height\":1700},{\"@type\":\"BreadcrumbList\",\"@id\":\"https:\\\/\\\/www.deinadieu.ch\\\/fr\\\/modeles-deloges-funebres\\\/#breadcrumb\",\"itemListElement\":[{\"@type\":\"ListItem\",\"position\":1,\"name\":\"Home\",\"item\":\"https:\\\/\\\/www.deinadieu.ch\\\/fr\\\/deinadieu-dialog-und-serviceportal-zum-lebensende\\\/\"},{\"@type\":\"ListItem\",\"position\":2,\"name\":\"Mod\u00e8les d\u2019\u00e9loges fun\u00e8bres\"}]},{\"@type\":\"WebSite\",\"@id\":\"https:\\\/\\\/www.deinadieu.ch\\\/fr\\\/#website\",\"url\":\"https:\\\/\\\/www.deinadieu.ch\\\/fr\\\/\",\"name\":\"DeinAdieu.ch\",\"description\":\"Testament, Patientenverf\u00fcgung und Vorsorgeauftrag\",\"publisher\":{\"@id\":\"https:\\\/\\\/www.deinadieu.ch\\\/fr\\\/#organization\"},\"potentialAction\":[{\"@type\":\"SearchAction\",\"target\":{\"@type\":\"EntryPoint\",\"urlTemplate\":\"https:\\\/\\\/www.deinadieu.ch\\\/fr\\\/?s={search_term_string}\"},\"query-input\":{\"@type\":\"PropertyValueSpecification\",\"valueRequired\":true,\"valueName\":\"search_term_string\"}}],\"inLanguage\":\"fr-FR\"},{\"@type\":\"Organization\",\"@id\":\"https:\\\/\\\/www.deinadieu.ch\\\/fr\\\/#organization\",\"name\":\"EMNA Web GmbH\",\"url\":\"https:\\\/\\\/www.deinadieu.ch\\\/fr\\\/\",\"logo\":{\"@type\":\"ImageObject\",\"inLanguage\":\"fr-FR\",\"@id\":\"https:\\\/\\\/www.deinadieu.ch\\\/fr\\\/#\\\/schema\\\/logo\\\/image\\\/\",\"url\":\"https:\\\/\\\/www.deinadieu.ch\\\/wp-content\\\/uploads\\\/2016\\\/01\\\/DeinAdieu_Logo.png\",\"contentUrl\":\"https:\\\/\\\/www.deinadieu.ch\\\/wp-content\\\/uploads\\\/2016\\\/01\\\/DeinAdieu_Logo.png\",\"width\":300,\"height\":117,\"caption\":\"EMNA Web GmbH\"},\"image\":{\"@id\":\"https:\\\/\\\/www.deinadieu.ch\\\/fr\\\/#\\\/schema\\\/logo\\\/image\\\/\"},\"sameAs\":[\"https:\\\/\\\/www.facebook.com\\\/deinadieu\",\"https:\\\/\\\/x.com\\\/DeinAdieu\",\"https:\\\/\\\/www.instagram.com\\\/deinadieu\\\/\",\"https:\\\/\\\/www.linkedin.com\\\/company\\\/deinadieu.ch\"]}]}<\/script>","yoast_head_json":{"title":"Mod\u00e8les - \u00c9loges fun\u00e8bres et lettres de condol\u00e9ances | DeinAdieu","description":"Devez-vous faire un \u00e9loge fun\u00e8bre ou envoyer une lettre de condol\u00e9ances ? Vous trouvez ici de l'inspiration et des id\u00e9es pour un adieu digne.","robots":{"index":"index","follow":"follow","max-snippet":"max-snippet:-1","max-image-preview":"max-image-preview:large","max-video-preview":"max-video-preview:-1"},"canonical":"https:\/\/www.deinadieu.ch\/fr\/modeles-deloges-funebres\/","og_locale":"fr_FR","og_type":"article","og_title":"Mod\u00e8les d\u2019\u00e9loges fun\u00e8bres","og_description":"DeinAdieu vous propose ici quelques exemples d'\u00e9loges fun\u00e8bres. Laissez-vous inspirer par les diff\u00e9rents exemples et r\u00e9digez votre texte personnel. \u00c9loge","og_url":"https:\/\/www.deinadieu.ch\/fr\/modeles-deloges-funebres\/","og_site_name":"DeinAdieu.ch","article_publisher":"https:\/\/www.facebook.com\/deinadieu","article_modified_time":"2023-05-08T10:18:13+00:00","og_image":[{"width":2560,"height":1700,"url":"https:\/\/static.deinadieu.ch\/uploads\/2020\/09\/eder-pozo-perez-ymqeugh2Ns8-unsplash-scaled.jpg","type":"image\/jpeg"}],"twitter_card":"summary_large_image","twitter_site":"@DeinAdieu","twitter_misc":{"Est. reading time":"4 minutes"},"schema":{"@context":"https:\/\/schema.org","@graph":[{"@type":"WebPage","@id":"https:\/\/www.deinadieu.ch\/fr\/modeles-deloges-funebres\/","url":"https:\/\/www.deinadieu.ch\/fr\/modeles-deloges-funebres\/","name":"Mod\u00e8les - \u00c9loges fun\u00e8bres et lettres de condol\u00e9ances | DeinAdieu","isPartOf":{"@id":"https:\/\/www.deinadieu.ch\/fr\/#website"},"primaryImageOfPage":{"@id":"https:\/\/www.deinadieu.ch\/fr\/modeles-deloges-funebres\/#primaryimage"},"image":{"@id":"https:\/\/www.deinadieu.ch\/fr\/modeles-deloges-funebres\/#primaryimage"},"thumbnailUrl":"https:\/\/www.deinadieu.ch\/wp-content\/uploads\/2020\/09\/eder-pozo-perez-ymqeugh2Ns8-unsplash-scaled.jpg","datePublished":"2020-09-29T09:31:44+00:00","dateModified":"2023-05-08T10:18:13+00:00","description":"Devez-vous faire un \u00e9loge fun\u00e8bre ou envoyer une lettre de condol\u00e9ances ? Vous trouvez ici de l'inspiration et des id\u00e9es pour un adieu digne.","breadcrumb":{"@id":"https:\/\/www.deinadieu.ch\/fr\/modeles-deloges-funebres\/#breadcrumb"},"inLanguage":"fr-FR","potentialAction":[{"@type":"ReadAction","target":["https:\/\/www.deinadieu.ch\/fr\/modeles-deloges-funebres\/"]}]},{"@type":"ImageObject","inLanguage":"fr-FR","@id":"https:\/\/www.deinadieu.ch\/fr\/modeles-deloges-funebres\/#primaryimage","url":"https:\/\/www.deinadieu.ch\/wp-content\/uploads\/2020\/09\/eder-pozo-perez-ymqeugh2Ns8-unsplash-scaled.jpg","contentUrl":"https:\/\/www.deinadieu.ch\/wp-content\/uploads\/2020\/09\/eder-pozo-perez-ymqeugh2Ns8-unsplash-scaled.jpg","width":2560,"height":1700},{"@type":"BreadcrumbList","@id":"https:\/\/www.deinadieu.ch\/fr\/modeles-deloges-funebres\/#breadcrumb","itemListElement":[{"@type":"ListItem","position":1,"name":"Home","item":"https:\/\/www.deinadieu.ch\/fr\/deinadieu-dialog-und-serviceportal-zum-lebensende\/"},{"@type":"ListItem","position":2,"name":"Mod\u00e8les d\u2019\u00e9loges fun\u00e8bres"}]},{"@type":"WebSite","@id":"https:\/\/www.deinadieu.ch\/fr\/#website","url":"https:\/\/www.deinadieu.ch\/fr\/","name":"DeinAdieu.ch","description":"Testament, Patientenverf\u00fcgung und Vorsorgeauftrag","publisher":{"@id":"https:\/\/www.deinadieu.ch\/fr\/#organization"},"potentialAction":[{"@type":"SearchAction","target":{"@type":"EntryPoint","urlTemplate":"https:\/\/www.deinadieu.ch\/fr\/?s={search_term_string}"},"query-input":{"@type":"PropertyValueSpecification","valueRequired":true,"valueName":"search_term_string"}}],"inLanguage":"fr-FR"},{"@type":"Organization","@id":"https:\/\/www.deinadieu.ch\/fr\/#organization","name":"EMNA Web GmbH","url":"https:\/\/www.deinadieu.ch\/fr\/","logo":{"@type":"ImageObject","inLanguage":"fr-FR","@id":"https:\/\/www.deinadieu.ch\/fr\/#\/schema\/logo\/image\/","url":"https:\/\/www.deinadieu.ch\/wp-content\/uploads\/2016\/01\/DeinAdieu_Logo.png","contentUrl":"https:\/\/www.deinadieu.ch\/wp-content\/uploads\/2016\/01\/DeinAdieu_Logo.png","width":300,"height":117,"caption":"EMNA Web GmbH"},"image":{"@id":"https:\/\/www.deinadieu.ch\/fr\/#\/schema\/logo\/image\/"},"sameAs":["https:\/\/www.facebook.com\/deinadieu","https:\/\/x.com\/DeinAdieu","https:\/\/www.instagram.com\/deinadieu\/","https:\/\/www.linkedin.com\/company\/deinadieu.ch"]}]}},"_links":{"self":[{"href":"https:\/\/www.deinadieu.ch\/fr\/wp-json\/wp\/v2\/pages\/25734","targetHints":{"allow":["GET"]}}],"collection":[{"href":"https:\/\/www.deinadieu.ch\/fr\/wp-json\/wp\/v2\/pages"}],"about":[{"href":"https:\/\/www.deinadieu.ch\/fr\/wp-json\/wp\/v2\/types\/page"}],"author":[{"embeddable":true,"href":"https:\/\/www.deinadieu.ch\/fr\/wp-json\/wp\/v2\/users\/6026"}],"replies":[{"embeddable":true,"href":"https:\/\/www.deinadieu.ch\/fr\/wp-json\/wp\/v2\/comments?post=25734"}],"version-history":[{"count":8,"href":"https:\/\/www.deinadieu.ch\/fr\/wp-json\/wp\/v2\/pages\/25734\/revisions"}],"predecessor-version":[{"id":63461,"href":"https:\/\/www.deinadieu.ch\/fr\/wp-json\/wp\/v2\/pages\/25734\/revisions\/63461"}],"wp:featuredmedia":[{"embeddable":true,"href":"https:\/\/www.deinadieu.ch\/fr\/wp-json\/wp\/v2\/media\/24770"}],"wp:attachment":[{"href":"https:\/\/www.deinadieu.ch\/fr\/wp-json\/wp\/v2\/media?parent=25734"}],"curies":[{"name":"wp","href":"https:\/\/api.w.org\/{rel}","templated":true}]}}