{"id":25719,"date":"2020-09-17T17:27:31","date_gmt":"2020-09-17T15:27:31","guid":{"rendered":"http:\/\/www.deinadieu.ch\/quest-ce-que-deinadieu\/"},"modified":"2023-05-23T13:33:25","modified_gmt":"2023-05-23T11:33:25","slug":"quest-ce-que-deinadieu","status":"publish","type":"page","link":"https:\/\/www.deinadieu.ch\/fr\/quest-ce-que-deinadieu\/","title":{"rendered":"Qu&#8217;est-ce que DeinAdieu?"},"content":{"rendered":"\n<p class=\"has-text-color\" style=\"color:#4a5568\">DeinAdieu est la premi\u00e8re plateforme suisse en ligne pour une fin de vie autod\u00e9termin\u00e9e. Avec d\u00e9vouement, nous vous soutenons de trois fa\u00e7ons :<\/p>\n\n<div style=\"height:4rem\" aria-hidden=\"true\" class=\"wp-block-spacer\"><\/div>\n\n<div class=\"wp-block-columns alignwide is-layout-flex wp-container-core-columns-is-layout-66fad18a wp-block-columns-is-layout-flex\">\n<div class=\"wp-block-column is-layout-flow wp-block-column-is-layout-flow\">\n<div class=\"wp-block-create-block-deinadieu-cta-block\"><div class=\"inner\"><div class=\"image-container\"><img decoding=\"async\" src=\"https:\/\/www.deinadieu.ch\/wp-content\/uploads\/2020\/08\/noun_tell_1790676.svg\" class=\"icon\"><\/div><p class=\"heading\"><span>Reportages &amp; Conseils<\/span><i><\/i><\/p><p class=\"text\"><span>Nous vous proposons des interviews et des r\u00e9cits \u00e0 propos de personnes ainsi que des conseils de nature juridique, m\u00e9dicale et organisationnelle. Tout cela autour de l&#8217;autod\u00e9termination en fin de vie.<\/span><i><\/i><\/p><a href=\"https:\/\/www.deinadieu.ch\/fr\/blog\/\" class=\"btn btn-da\">Plus<\/a><\/div><\/div>\n<\/div>\n\n\n\n<div class=\"wp-block-column is-layout-flow wp-block-column-is-layout-flow\">\n<div class=\"wp-block-create-block-deinadieu-cta-block\"><div class=\"inner\"><div class=\"image-container\"><img decoding=\"async\" src=\"https:\/\/www.deinadieu.ch\/wp-content\/uploads\/2020\/06\/178.svg\" class=\"icon\"><\/div><p class=\"heading\"><span>Aide en ligne<\/span><i><\/i><\/p><p class=\"text\"><span>Exercez votre droit \u00e0 l&#8217;autod\u00e9termination de mani\u00e8re professionnelle et gratuite sur DeinAdieu.ch : vous pouvez imm\u00e9diatement cr\u00e9er et g\u00e9rer votre testament, vos directives anticip\u00e9es du patient, votre mandat pour cause d&#8217;inaptitude ainsi que d&#8217;autres documents.<\/span><i><\/i><\/p><a href=\"https:\/\/app.deinadieu.ch\/testament\" class=\"btn btn-da\">Plus<\/a><\/div><\/div>\n<\/div>\n\n\n\n<div class=\"wp-block-column is-layout-flow wp-block-column-is-layout-flow\">\n<div class=\"wp-block-create-block-deinadieu-cta-block\"><div class=\"inner\"><div class=\"image-container\"><img decoding=\"async\" src=\"https:\/\/www.deinadieu.ch\/wp-content\/uploads\/2020\/06\/180-2.svg\" class=\"icon\"><\/div><p class=\"heading\"><span>Prestataires de services<\/span><i><\/i><\/p><p class=\"text\"><span>Nous travaillons en collaboration avec des prestataires s\u00e9lectionn\u00e9s afin de vous garantir un soutien de qualit\u00e9 en mati\u00e8re juridique, sociale ou organisationnelle.<\/span><i><\/i><\/p><a href=\"https:\/\/www.deinadieu.ch\/fr\/repertoire-des-prestataires-de-services\/\" class=\"btn btn-da\">Plus<\/a><\/div><\/div>\n<\/div>\n<\/div>\n\n<div style=\"height:35px\" aria-hidden=\"true\" class=\"wp-block-spacer\"><\/div>\n\n<p class=\"text-2xl mt-0 has-text-color\" style=\"color:#4a5568\">Afin d&#8217;accomplir cette t\u00e2che ambitieuse, DeinAdieu.ch travaille avec une \u00e9quipe solide et ouverte compos\u00e9e de diff\u00e9rents acteurs issus du secteur public, de prestataires de services priv\u00e9s et avec des b\u00e9n\u00e9voles.<\/p>\n\n<div style=\"height:35px\" aria-hidden=\"true\" class=\"wp-block-spacer\"><\/div>\n\n<p class=\"has-text-color\" style=\"color:#4a5568\">DeinAdieu.ch est une initiative d&#8217;entrepreneuriat social et aide les personnes en Suisse \u00e0 exercer leur droit \u00e0 l&#8217;autod\u00e9termination par le biais d&#8217;informations, de rapports de qualit\u00e9, d&#8217;aide en ligne et de prestataires de services s\u00e9lectionn\u00e9s. DeinAdieu.ch donne \u00e9galement la parole aux \u0153uvres de bienfaisance suisses certifi\u00e9es: la population suisse devrait \u00eatre largement inform\u00e9e de la possibilit\u00e9 de faire un testament.<\/p>\n\n<p class=\"has-text-color\" style=\"color:#4a5568\">L&#8217;organe responsable est l&#8217;association \u00e0 but non lucratif DeinAdieu, qui discute de questions \u00e9thiques, m\u00e9dicales et juridiques, \u00e9labore des prises de position et s&#8217;occupe \u00e9galement de la collecte de fonds. DeinAdieu.ch est soutenu dans le d\u00e9veloppement des secteurs mentionn\u00e9s ci-dessus par cinq <a href=\"https:\/\/www.deinadieu.ch\/fr\/quest-ce-que-deinadieu\/le-conseil-consultatif-benevole\/\">conseillers consultatifs b\u00e9n\u00e9vole<\/a> de haut niveau. EMNA Web GmbH est responsable de la gestion op\u00e9rationnelle de la plateforme en ligne.<\/p>\n\n<p class=\"has-text-color\" style=\"color:#4a5568\">DeinAdieu.ch est financ\u00e9 par les contributions des \u0153uvres de bienfaisance et des prestataires de services ainsi que par des dons. Avez-vous des suggestions ou souhaitez-vous participer ? Vous souhaitez signaler un service particulier ou pr\u00e9senter une personne sp\u00e9cifique?<\/p>\n\n<p class=\"has-text-color\" style=\"color:#4a5568\">Prenez <a href=\"https:\/\/www.deinadieu.ch\/fr\/contact\/\">contact<\/a> avec nous. En savoir plus sur <a href=\"https:\/\/www.deinadieu.ch\/fr\/quest-ce-que-deinadieu\/vision\/\">notre vision<\/a>. Nous nous r\u00e9jouissons.<br\/>Votre \u00e9quipe DeinAdieu<\/p>\n\n<div style=\"height:80px\" aria-hidden=\"true\" class=\"wp-block-spacer\"><\/div>\n\n<div class=\"wp-block-columns is-layout-flex wp-container-core-columns-is-layout-28f84493 wp-block-columns-is-layout-flex\">\n<div class=\"wp-block-column is-layout-flow wp-block-column-is-layout-flow\">\n<div class=\"wp-block-group box_info p-10 rounded-lg has-background is-layout-flow wp-block-group-is-layout-flow\" style=\"background-color:#e2e8f0\">\n<div style=\"height:20px\" aria-hidden=\"true\" class=\"wp-block-spacer\"><\/div>\n\n\n\n<p class=\"title text-4xl font-semibold mb-10\">Nos conseillers<\/p>\n\n\n\n<p class=\"has-text-color\" style=\"color:#4a5568\">La premi\u00e8re plate-forme suisse ind\u00e9pendante de dialogue et de services est soutenue par cinq personnalit\u00e9s connues dans les domaines de la m\u00e9decine, de l&#8217;\u00e9thique, du droit et des services fun\u00e9raires.<\/p>\n\n\n\n<div class=\"wp-block-buttons is-horizontal is-content-justification-left is-layout-flex wp-container-core-buttons-is-layout-20be11b6 wp-block-buttons-is-layout-flex\">\n<div class=\"wp-block-button\"><a class=\"wp-block-button__link has-background wp-element-button\" href=\"https:\/\/www.deinadieu.ch\/fr\/quest-ce-que-deinadieu\/le-conseil-consultatif-benevole\/\" style=\"border-radius:3px;background-color:#383046\">En savoir plus<\/a><\/div>\n<\/div>\n\n\n\n<div style=\"height:20px\" aria-hidden=\"true\" class=\"wp-block-spacer\"><\/div>\n<\/div>\n\n\n\n<div class=\"wp-block-group is-layout-flow wp-block-group-is-layout-flow\">\n<div class=\"wp-block-group is-layout-flow wp-block-group-is-layout-flow\"><\/div>\n<\/div>\n<\/div>\n\n\n\n<div class=\"wp-block-column is-layout-flow wp-block-column-is-layout-flow\">\n<div class=\"wp-block-group box_info p-10 rounded-lg has-background is-layout-flow wp-block-group-is-layout-flow\" style=\"background-color:#e2e8f0\">\n<div style=\"height:20px\" aria-hidden=\"true\" class=\"wp-block-spacer\"><\/div>\n\n\n\n<p class=\"title text-4xl font-semibold mb-10\">L&#8217;\u00e9quipe<\/p>\n\n\n\n<p class=\"has-text-color\" style=\"color:#4a5568\">L&#8217;\u00e9quipe-cl\u00e9 de DeinAdieu est compos\u00e9e de 9 personnes. DeinAdieu s&#8217;appuie dans son travail \u00e9galement sur un vaste r\u00e9seau de personnes aux comp\u00e9tences diverses et vari\u00e9es.<\/p>\n\n\n\n<div class=\"wp-block-buttons is-horizontal is-content-justification-left is-layout-flex wp-container-core-buttons-is-layout-20be11b6 wp-block-buttons-is-layout-flex\">\n<div class=\"wp-block-button\"><a class=\"wp-block-button__link has-background wp-element-button\" href=\"https:\/\/www.deinadieu.ch\/fr\/quest-ce-que-deinadieu\/lequipe-et-le-reseau\/\" style=\"border-radius:3px;background-color:#383046\">En savoir plus<\/a><\/div>\n<\/div>\n\n\n\n<div style=\"height:20px\" aria-hidden=\"true\" class=\"wp-block-spacer\"><\/div>\n<\/div>\n\n\n\n<div class=\"wp-block-group is-layout-flow wp-block-group-is-layout-flow\"><\/div>\n<\/div>\n<\/div>\n","protected":false},"excerpt":{"rendered":"<p>DeinAdieu est la premi\u00e8re plateforme suisse en ligne pour une fin de vie autod\u00e9termin\u00e9e. Avec d\u00e9vouement, nous vous soutenons de trois fa\u00e7ons : Afin d&#8217;accomplir cette t\u00e2che ambitieuse, DeinAdieu.ch travaille avec une \u00e9quipe solide et ouverte compos\u00e9e de diff\u00e9rents acteurs issus du secteur public, de prestataires de services priv\u00e9s et avec des b\u00e9n\u00e9voles. DeinAdieu.ch est [&hellip;]<\/p>\n","protected":false},"author":6026,"featured_media":25720,"parent":0,"menu_order":0,"comment_status":"closed","ping_status":"closed","template":"","meta":{"_acf_changed":false,"footnotes":""},"class_list":["post-25719","page","type-page","status-publish","has-post-thumbnail","hentry"],"acf":[],"yoast_head":"<title>Qu&#039;est-ce que DeinAdieu? Plateforme autour du &quot;dernier voyage&quot; | DeinAdieu<\/title>\n<meta name=\"description\" content=\"DeinAdieu est votre portail \u00e0 propos de th\u00e8mes tels que : les fun\u00e9railles, les soins palliatifs, les directives anticip\u00e9es du patient et les testaments.\" \/>\n<meta name=\"robots\" content=\"index, follow, max-snippet:-1, max-image-preview:large, max-video-preview:-1\" \/>\n<link rel=\"canonical\" href=\"https:\/\/www.deinadieu.ch\/fr\/quest-ce-que-deinadieu\/\" \/>\n<meta property=\"og:locale\" content=\"fr_FR\" \/>\n<meta property=\"og:type\" content=\"article\" \/>\n<meta property=\"og:title\" content=\"Qu&#039;est-ce que DeinAdieu?\" \/>\n<meta property=\"og:description\" content=\"DeinAdieu est la premi\u00e8re plateforme suisse en ligne pour une fin de vie autod\u00e9termin\u00e9e. Avec d\u00e9vouement, nous vous soutenons de trois fa\u00e7ons :\" \/>\n<meta property=\"og:url\" content=\"https:\/\/www.deinadieu.ch\/fr\/quest-ce-que-deinadieu\/\" \/>\n<meta property=\"og:site_name\" content=\"DeinAdieu.ch\" \/>\n<meta property=\"article:publisher\" content=\"https:\/\/www.facebook.com\/deinadieu\" \/>\n<meta property=\"article:modified_time\" content=\"2023-05-23T11:33:25+00:00\" \/>\n<meta property=\"og:image\" content=\"https:\/\/static.deinadieu.ch\/uploads\/2020\/05\/iStock-498173683-e1601389269355.jpg\" \/>\n\t<meta property=\"og:image:width\" content=\"1280\" \/>\n\t<meta property=\"og:image:height\" content=\"480\" \/>\n\t<meta property=\"og:image:type\" content=\"image\/jpeg\" \/>\n<meta name=\"twitter:card\" content=\"summary_large_image\" \/>\n<meta name=\"twitter:site\" content=\"@DeinAdieu\" \/>\n<meta name=\"twitter:label1\" content=\"Est. reading time\" \/>\n\t<meta name=\"twitter:data1\" content=\"2 minutes\" \/>\n<script type=\"application\/ld+json\" class=\"yoast-schema-graph\">{\"@context\":\"https:\\\/\\\/schema.org\",\"@graph\":[{\"@type\":\"WebPage\",\"@id\":\"https:\\\/\\\/www.deinadieu.ch\\\/fr\\\/quest-ce-que-deinadieu\\\/\",\"url\":\"https:\\\/\\\/www.deinadieu.ch\\\/fr\\\/quest-ce-que-deinadieu\\\/\",\"name\":\"Qu'est-ce que DeinAdieu? Plateforme autour du \\\"dernier voyage\\\" | DeinAdieu\",\"isPartOf\":{\"@id\":\"https:\\\/\\\/www.deinadieu.ch\\\/fr\\\/#website\"},\"primaryImageOfPage\":{\"@id\":\"https:\\\/\\\/www.deinadieu.ch\\\/fr\\\/quest-ce-que-deinadieu\\\/#primaryimage\"},\"image\":{\"@id\":\"https:\\\/\\\/www.deinadieu.ch\\\/fr\\\/quest-ce-que-deinadieu\\\/#primaryimage\"},\"thumbnailUrl\":\"https:\\\/\\\/www.deinadieu.ch\\\/wp-content\\\/uploads\\\/2020\\\/05\\\/iStock-498173683-e1601389269355.jpg\",\"datePublished\":\"2020-09-17T15:27:31+00:00\",\"dateModified\":\"2023-05-23T11:33:25+00:00\",\"description\":\"DeinAdieu est votre portail \u00e0 propos de th\u00e8mes tels que : les fun\u00e9railles, les soins palliatifs, les directives anticip\u00e9es du patient et les testaments.\",\"breadcrumb\":{\"@id\":\"https:\\\/\\\/www.deinadieu.ch\\\/fr\\\/quest-ce-que-deinadieu\\\/#breadcrumb\"},\"inLanguage\":\"fr-FR\",\"potentialAction\":[{\"@type\":\"ReadAction\",\"target\":[\"https:\\\/\\\/www.deinadieu.ch\\\/fr\\\/quest-ce-que-deinadieu\\\/\"]}]},{\"@type\":\"ImageObject\",\"inLanguage\":\"fr-FR\",\"@id\":\"https:\\\/\\\/www.deinadieu.ch\\\/fr\\\/quest-ce-que-deinadieu\\\/#primaryimage\",\"url\":\"https:\\\/\\\/www.deinadieu.ch\\\/wp-content\\\/uploads\\\/2020\\\/05\\\/iStock-498173683-e1601389269355.jpg\",\"contentUrl\":\"https:\\\/\\\/www.deinadieu.ch\\\/wp-content\\\/uploads\\\/2020\\\/05\\\/iStock-498173683-e1601389269355.jpg\",\"width\":1280,\"height\":480,\"caption\":\"Est-ce que je fais des \u00e9conomies d'imp\u00f4ts si je fais un don \u00e0 une ONG ? (Image: iStock)\"},{\"@type\":\"BreadcrumbList\",\"@id\":\"https:\\\/\\\/www.deinadieu.ch\\\/fr\\\/quest-ce-que-deinadieu\\\/#breadcrumb\",\"itemListElement\":[{\"@type\":\"ListItem\",\"position\":1,\"name\":\"Home\",\"item\":\"https:\\\/\\\/www.deinadieu.ch\\\/fr\\\/deinadieu-dialog-und-serviceportal-zum-lebensende\\\/\"},{\"@type\":\"ListItem\",\"position\":2,\"name\":\"Qu&#8217;est-ce que DeinAdieu?\"}]},{\"@type\":\"WebSite\",\"@id\":\"https:\\\/\\\/www.deinadieu.ch\\\/fr\\\/#website\",\"url\":\"https:\\\/\\\/www.deinadieu.ch\\\/fr\\\/\",\"name\":\"DeinAdieu.ch\",\"description\":\"Testament, Patientenverf\u00fcgung und Vorsorgeauftrag\",\"publisher\":{\"@id\":\"https:\\\/\\\/www.deinadieu.ch\\\/fr\\\/#organization\"},\"potentialAction\":[{\"@type\":\"SearchAction\",\"target\":{\"@type\":\"EntryPoint\",\"urlTemplate\":\"https:\\\/\\\/www.deinadieu.ch\\\/fr\\\/?s={search_term_string}\"},\"query-input\":{\"@type\":\"PropertyValueSpecification\",\"valueRequired\":true,\"valueName\":\"search_term_string\"}}],\"inLanguage\":\"fr-FR\"},{\"@type\":\"Organization\",\"@id\":\"https:\\\/\\\/www.deinadieu.ch\\\/fr\\\/#organization\",\"name\":\"EMNA Web GmbH\",\"url\":\"https:\\\/\\\/www.deinadieu.ch\\\/fr\\\/\",\"logo\":{\"@type\":\"ImageObject\",\"inLanguage\":\"fr-FR\",\"@id\":\"https:\\\/\\\/www.deinadieu.ch\\\/fr\\\/#\\\/schema\\\/logo\\\/image\\\/\",\"url\":\"https:\\\/\\\/www.deinadieu.ch\\\/wp-content\\\/uploads\\\/2016\\\/01\\\/DeinAdieu_Logo.png\",\"contentUrl\":\"https:\\\/\\\/www.deinadieu.ch\\\/wp-content\\\/uploads\\\/2016\\\/01\\\/DeinAdieu_Logo.png\",\"width\":300,\"height\":117,\"caption\":\"EMNA Web GmbH\"},\"image\":{\"@id\":\"https:\\\/\\\/www.deinadieu.ch\\\/fr\\\/#\\\/schema\\\/logo\\\/image\\\/\"},\"sameAs\":[\"https:\\\/\\\/www.facebook.com\\\/deinadieu\",\"https:\\\/\\\/x.com\\\/DeinAdieu\",\"https:\\\/\\\/www.instagram.com\\\/deinadieu\\\/\",\"https:\\\/\\\/www.linkedin.com\\\/company\\\/deinadieu.ch\"]}]}<\/script>","yoast_head_json":{"title":"Qu'est-ce que DeinAdieu? Plateforme autour du \"dernier voyage\" | DeinAdieu","description":"DeinAdieu est votre portail \u00e0 propos de th\u00e8mes tels que : les fun\u00e9railles, les soins palliatifs, les directives anticip\u00e9es du patient et les testaments.","robots":{"index":"index","follow":"follow","max-snippet":"max-snippet:-1","max-image-preview":"max-image-preview:large","max-video-preview":"max-video-preview:-1"},"canonical":"https:\/\/www.deinadieu.ch\/fr\/quest-ce-que-deinadieu\/","og_locale":"fr_FR","og_type":"article","og_title":"Qu'est-ce que DeinAdieu?","og_description":"DeinAdieu est la premi\u00e8re plateforme suisse en ligne pour une fin de vie autod\u00e9termin\u00e9e. Avec d\u00e9vouement, nous vous soutenons de trois fa\u00e7ons :","og_url":"https:\/\/www.deinadieu.ch\/fr\/quest-ce-que-deinadieu\/","og_site_name":"DeinAdieu.ch","article_publisher":"https:\/\/www.facebook.com\/deinadieu","article_modified_time":"2023-05-23T11:33:25+00:00","og_image":[{"width":1280,"height":480,"url":"https:\/\/static.deinadieu.ch\/uploads\/2020\/05\/iStock-498173683-e1601389269355.jpg","type":"image\/jpeg"}],"twitter_card":"summary_large_image","twitter_site":"@DeinAdieu","twitter_misc":{"Est. reading time":"2 minutes"},"schema":{"@context":"https:\/\/schema.org","@graph":[{"@type":"WebPage","@id":"https:\/\/www.deinadieu.ch\/fr\/quest-ce-que-deinadieu\/","url":"https:\/\/www.deinadieu.ch\/fr\/quest-ce-que-deinadieu\/","name":"Qu'est-ce que DeinAdieu? Plateforme autour du \"dernier voyage\" | DeinAdieu","isPartOf":{"@id":"https:\/\/www.deinadieu.ch\/fr\/#website"},"primaryImageOfPage":{"@id":"https:\/\/www.deinadieu.ch\/fr\/quest-ce-que-deinadieu\/#primaryimage"},"image":{"@id":"https:\/\/www.deinadieu.ch\/fr\/quest-ce-que-deinadieu\/#primaryimage"},"thumbnailUrl":"https:\/\/www.deinadieu.ch\/wp-content\/uploads\/2020\/05\/iStock-498173683-e1601389269355.jpg","datePublished":"2020-09-17T15:27:31+00:00","dateModified":"2023-05-23T11:33:25+00:00","description":"DeinAdieu est votre portail \u00e0 propos de th\u00e8mes tels que : les fun\u00e9railles, les soins palliatifs, les directives anticip\u00e9es du patient et les testaments.","breadcrumb":{"@id":"https:\/\/www.deinadieu.ch\/fr\/quest-ce-que-deinadieu\/#breadcrumb"},"inLanguage":"fr-FR","potentialAction":[{"@type":"ReadAction","target":["https:\/\/www.deinadieu.ch\/fr\/quest-ce-que-deinadieu\/"]}]},{"@type":"ImageObject","inLanguage":"fr-FR","@id":"https:\/\/www.deinadieu.ch\/fr\/quest-ce-que-deinadieu\/#primaryimage","url":"https:\/\/www.deinadieu.ch\/wp-content\/uploads\/2020\/05\/iStock-498173683-e1601389269355.jpg","contentUrl":"https:\/\/www.deinadieu.ch\/wp-content\/uploads\/2020\/05\/iStock-498173683-e1601389269355.jpg","width":1280,"height":480,"caption":"Est-ce que je fais des \u00e9conomies d'imp\u00f4ts si je fais un don \u00e0 une ONG ? (Image: iStock)"},{"@type":"BreadcrumbList","@id":"https:\/\/www.deinadieu.ch\/fr\/quest-ce-que-deinadieu\/#breadcrumb","itemListElement":[{"@type":"ListItem","position":1,"name":"Home","item":"https:\/\/www.deinadieu.ch\/fr\/deinadieu-dialog-und-serviceportal-zum-lebensende\/"},{"@type":"ListItem","position":2,"name":"Qu&#8217;est-ce que DeinAdieu?"}]},{"@type":"WebSite","@id":"https:\/\/www.deinadieu.ch\/fr\/#website","url":"https:\/\/www.deinadieu.ch\/fr\/","name":"DeinAdieu.ch","description":"Testament, Patientenverf\u00fcgung und Vorsorgeauftrag","publisher":{"@id":"https:\/\/www.deinadieu.ch\/fr\/#organization"},"potentialAction":[{"@type":"SearchAction","target":{"@type":"EntryPoint","urlTemplate":"https:\/\/www.deinadieu.ch\/fr\/?s={search_term_string}"},"query-input":{"@type":"PropertyValueSpecification","valueRequired":true,"valueName":"search_term_string"}}],"inLanguage":"fr-FR"},{"@type":"Organization","@id":"https:\/\/www.deinadieu.ch\/fr\/#organization","name":"EMNA Web GmbH","url":"https:\/\/www.deinadieu.ch\/fr\/","logo":{"@type":"ImageObject","inLanguage":"fr-FR","@id":"https:\/\/www.deinadieu.ch\/fr\/#\/schema\/logo\/image\/","url":"https:\/\/www.deinadieu.ch\/wp-content\/uploads\/2016\/01\/DeinAdieu_Logo.png","contentUrl":"https:\/\/www.deinadieu.ch\/wp-content\/uploads\/2016\/01\/DeinAdieu_Logo.png","width":300,"height":117,"caption":"EMNA Web GmbH"},"image":{"@id":"https:\/\/www.deinadieu.ch\/fr\/#\/schema\/logo\/image\/"},"sameAs":["https:\/\/www.facebook.com\/deinadieu","https:\/\/x.com\/DeinAdieu","https:\/\/www.instagram.com\/deinadieu\/","https:\/\/www.linkedin.com\/company\/deinadieu.ch"]}]}},"_links":{"self":[{"href":"https:\/\/www.deinadieu.ch\/fr\/wp-json\/wp\/v2\/pages\/25719","targetHints":{"allow":["GET"]}}],"collection":[{"href":"https:\/\/www.deinadieu.ch\/fr\/wp-json\/wp\/v2\/pages"}],"about":[{"href":"https:\/\/www.deinadieu.ch\/fr\/wp-json\/wp\/v2\/types\/page"}],"author":[{"embeddable":true,"href":"https:\/\/www.deinadieu.ch\/fr\/wp-json\/wp\/v2\/users\/6026"}],"replies":[{"embeddable":true,"href":"https:\/\/www.deinadieu.ch\/fr\/wp-json\/wp\/v2\/comments?post=25719"}],"version-history":[{"count":12,"href":"https:\/\/www.deinadieu.ch\/fr\/wp-json\/wp\/v2\/pages\/25719\/revisions"}],"predecessor-version":[{"id":63816,"href":"https:\/\/www.deinadieu.ch\/fr\/wp-json\/wp\/v2\/pages\/25719\/revisions\/63816"}],"wp:featuredmedia":[{"embeddable":true,"href":"https:\/\/www.deinadieu.ch\/fr\/wp-json\/wp\/v2\/media\/25720"}],"wp:attachment":[{"href":"https:\/\/www.deinadieu.ch\/fr\/wp-json\/wp\/v2\/media?parent=25719"}],"curies":[{"name":"wp","href":"https:\/\/api.w.org\/{rel}","templated":true}]}}