{"id":25717,"date":"2020-09-18T11:27:22","date_gmt":"2020-09-18T09:27:22","guid":{"rendered":"http:\/\/www.deinadieu.ch\/le-conseil-consultatif-benevole\/"},"modified":"2022-08-31T10:15:40","modified_gmt":"2022-08-31T08:15:40","slug":"le-conseil-consultatif-benevole","status":"publish","type":"page","link":"https:\/\/www.deinadieu.ch\/fr\/quest-ce-que-deinadieu\/le-conseil-consultatif-benevole\/","title":{"rendered":"Le comit\u00e9 consultatif"},"content":{"rendered":"\n<p class=\"has-text-color\" style=\"color:#2e2f30\">DeinAdieu est la premi\u00e8re plate-forme suisse ind\u00e9pendante de dialogue et de services pour la fin de vie autod\u00e9termin\u00e9e. DeinAdieu s&#8217;int\u00e9resse particuli\u00e8rement aux sujets suivants : testaments, soins palliatifs, directives anticip\u00e9es du patient, mandats pour cause d&#8217;inaptitude et fun\u00e9railles. Tout cela par le biais de contenus \u00e9ditoriaux ainsi que d&#8217;outils et de services en ligne. DeinAdieu respecte la dignit\u00e9 de toutes les personnalit\u00e9s repr\u00e9sent\u00e9es et d\u00e9fend une approche respectueuse de tous les sujets abord\u00e9s.<\/p>\n\n<div style=\"height:80px\" aria-hidden=\"true\" class=\"wp-block-spacer\"><\/div>\n\n<h2 class=\"wp-block-heading\" id=\"h-deinadieu-verpflichtet-sich-folgenden-grunds-tzen\">DeinAdieu s&#8217;engage \u00e0 respecter les principes suivants :<\/h2>\n\n<div style=\"height:35px\" aria-hidden=\"true\" class=\"wp-block-spacer\"><\/div>\n\n<div class=\"wp-block-columns is-layout-flex wp-container-core-columns-is-layout-28f84493 wp-block-columns-is-layout-flex\">\n<div class=\"wp-block-column is-layout-flow wp-block-column-is-layout-flow\">\n<p><strong>Autod\u00e9termination<\/strong><\/p>\n\n\n\n<p>DeinAdieu se porte garant d&#8217;une vieillesse autod\u00e9termin\u00e9e et de l&#8217;organisation autod\u00e9termin\u00e9e du dernier chapitre de la vie.<\/p>\n\n\n\n<p><\/p>\n\n\n\n<p><strong>Ind\u00e9pendance<\/strong><\/p>\n\n\n\n<p>DeinAdieu attire l&#8217;attention sur la possibilit\u00e9 de faire des dons testamentaires aux \u0153uvres de bienfaisance suisses contr\u00f4l\u00e9es, mais est par ailleurs ind\u00e9pendant des groupes d&#8217;int\u00e9r\u00eat, des groupes professionnels ou des institutions.<\/p>\n\n\n\n<p><\/p>\n\n\n\n<p><strong>Neutralit\u00e9<\/strong> <\/p>\n\n\n\n<p>DeinAdieu est politiquement neutre et ouvert \u00e0 toute vision philanthropique du monde.<\/p>\n<\/div>\n\n\n\n<div class=\"wp-block-column is-layout-flow wp-block-column-is-layout-flow\">\n<p><strong>Non confessionnel<\/strong> <\/p>\n\n\n\n<p>DeinAdieu n&#8217;est engag\u00e9 dans aucune religion ou confession, mais dispose toutefois d&#8217;une connaissance d&#8217;une grande vari\u00e9t\u00e9 de traditions de deuil et de rituels d&#8217;adieu.<\/p>\n\n\n\n<p><\/p>\n\n\n\n<p><strong>Solidarit\u00e9 avec les malades incurables<\/strong><\/p>\n\n\n\n<p>DeinAdieu s&#8217;engage \u00e0 assurer la meilleure qualit\u00e9 de vie possible et l&#8217;acc\u00e8s aux soins palliatifs pour toutes les personnes concern\u00e9es.<\/p>\n\n\n\n<p><\/p>\n<\/div>\n<\/div>\n\n<div style=\"height:80px\" aria-hidden=\"true\" class=\"wp-block-spacer\"><\/div>\n\n<h2 class=\"wp-block-heading\" id=\"h-unser-beirat\">Notre comit\u00e9 consultatif<\/h2>\n\n<p class=\"has-text-color\" style=\"color:#2e2f30\">Les conseillers consultatifs suivants soutiennent DeinAdieu dans ses principes et sa vision. Ils contribuent par ailleurs, avec leur exp\u00e9rience, leurs connaissances et leur r\u00e9seau, \u00e0 promouvoir le droit \u00e0 l&#8217;autod\u00e9termination en Suisse.<\/p>\n\n<div class=\"wp-block-columns is-layout-flex wp-container-core-columns-is-layout-28f84493 wp-block-columns-is-layout-flex\">\n<div class=\"wp-block-column is-layout-flow wp-block-column-is-layout-flow\">\n<div class=\"wp-block-group is-layout-flow wp-block-group-is-layout-flow\">\n<div style=\"height:20px\" aria-hidden=\"true\" class=\"wp-block-spacer\"><\/div>\n\n\n\n<figure class=\"wp-block-image aligncenter size-large is-style-default\"><img loading=\"lazy\" decoding=\"async\" width=\"731\" height=\"1024\" src=\"https:\/\/www.deinadieu.ch\/wp-content\/uploads\/2020\/09\/DSC8475-731x1024.png\" alt=\"\" class=\"wp-image-24186\" srcset=\"https:\/\/www.deinadieu.ch\/wp-content\/uploads\/2020\/09\/DSC8475-731x1024.png 731w, https:\/\/www.deinadieu.ch\/wp-content\/uploads\/2020\/09\/DSC8475-214x300.png 214w, https:\/\/www.deinadieu.ch\/wp-content\/uploads\/2020\/09\/DSC8475-1097x1536.png 1097w, https:\/\/www.deinadieu.ch\/wp-content\/uploads\/2020\/09\/DSC8475.png 1200w\" sizes=\"auto, (max-width: 731px) 100vw, 731px\" \/><\/figure>\n\n\n\n<h4 class=\"has-text-align-left has-text-color wp-block-heading\" id=\"h-dr-med-roland-kunz\" style=\"color:#2e2f30;font-size:24px\">Dr. med. Roland Kunz<\/h4>\n\n\n\n<p class=\"has-text-align-left has-text-color\" style=\"color:#2e2f30\"><br\/>Directeur m\u00e9dical du centre de soins palliatifs<br\/>\u2013<br\/>Ancien m\u00e9decin-chef \u00e0 la clinique universitaire de g\u00e9riatrie aigu\u00eb de<br\/>l&#8217;h\u00f4pital municipal de Waid<\/p>\n<\/div>\n\n\n\n<p class=\"has-text-color\" style=\"color:#765666\"><em>\u00ab La mort est une r\u00e9alit\u00e9 de la vie. Nous devons l&#8217;accepter. \u00bb<\/em><\/p>\n<\/div>\n\n\n\n<div class=\"wp-block-column is-layout-flow wp-block-column-is-layout-flow\">\n<div class=\"wp-block-group is-layout-flow wp-block-group-is-layout-flow\">\n<div style=\"height:20px\" aria-hidden=\"true\" class=\"wp-block-spacer\"><\/div>\n\n\n\n<figure class=\"wp-block-image aligncenter size-large\"><img loading=\"lazy\" decoding=\"async\" width=\"600\" height=\"840\" src=\"https:\/\/www.deinadieu.ch\/wp-content\/uploads\/2020\/09\/Frame-7-2.png\" alt=\"\" class=\"wp-image-24191\" srcset=\"https:\/\/www.deinadieu.ch\/wp-content\/uploads\/2020\/09\/Frame-7-2.png 600w, https:\/\/www.deinadieu.ch\/wp-content\/uploads\/2020\/09\/Frame-7-2-214x300.png 214w\" sizes=\"auto, (max-width: 600px) 100vw, 600px\" \/><\/figure>\n\n\n\n<h4 class=\"has-text-align-left has-text-color wp-block-heading\" id=\"h-prof-dr-regina-aebi-m-ller\" style=\"color:#2e2f30;font-size:24px\">Prof. Dr. Regina Aebi-M\u00fcller<\/h4>\n\n\n\n<p class=\"has-text-align-left has-text-color\" style=\"color:#2e2f30\"><br\/>Chaire de droit priv\u00e9 et droit priv\u00e9 compar\u00e9<br\/>de l&#8217;Universit\u00e9 de Lucerne<br\/>\u2013<br\/>Directrice du programme national de recherche<\/p>\n<\/div>\n\n\n\n<p class=\"has-text-color\" style=\"color:#765666\"><em>\u00ab Nous devons \u00eatre davantage conscients des besoins essentiels de la personne en fin de vie \u2013 et cela inclut bien s\u00fbr \u00e9galement la protection contre les influences ext\u00e9rieures. \u00bb<\/em><\/p>\n<\/div>\n\n\n\n<div class=\"wp-block-column is-layout-flow wp-block-column-is-layout-flow\">\n<div class=\"wp-block-group is-layout-flow wp-block-group-is-layout-flow\">\n<div style=\"height:20px\" aria-hidden=\"true\" class=\"wp-block-spacer\"><\/div>\n\n\n\n<figure class=\"wp-block-image aligncenter size-large\"><img loading=\"lazy\" decoding=\"async\" width=\"600\" height=\"840\" src=\"https:\/\/www.deinadieu.ch\/wp-content\/uploads\/2020\/09\/Frame-9.png\" alt=\"\" class=\"wp-image-24201\" srcset=\"https:\/\/www.deinadieu.ch\/wp-content\/uploads\/2020\/09\/Frame-9.png 600w, https:\/\/www.deinadieu.ch\/wp-content\/uploads\/2020\/09\/Frame-9-214x300.png 214w\" sizes=\"auto, (max-width: 600px) 100vw, 600px\" \/><\/figure>\n\n\n\n<h4 class=\"has-text-align-left has-text-color wp-block-heading\" id=\"h-dr-ruth-baumann-h-lzle\" style=\"color:#2e2f30;font-size:24px\">Dr. Ruth Baumann-H\u00f6lzle<\/h4>\n\n\n\n<p class=\"has-text-align-left has-text-color\" style=\"color:#2e2f30\"><br\/>Co-fondatrice et directrice de la Fondation Dialog Ethik, l&#8217;institut<br\/>pour l&#8217;\u00e9thique dans la sant\u00e9 publique<br\/>\u2013<br\/>Membre de la<br\/>commission cantonale d&#8217;\u00e9thique de Zurich<\/p>\n<\/div>\n\n\n\n<p class=\"has-text-color\" style=\"color:#765666\"><em>\u00ab Une directive anticip\u00e9e du patient d\u00e9taill\u00e9e encourage les gens \u00e0 r\u00e9f\u00e9chir \u00e0 leurs propres id\u00e9es sur la qualit\u00e9 de vie et la mort. \u00bb<\/em><\/p>\n<\/div>\n<\/div>\n\n<div class=\"wp-block-columns is-layout-flex wp-container-core-columns-is-layout-28f84493 wp-block-columns-is-layout-flex\">\n<div class=\"wp-block-column is-layout-flow wp-block-column-is-layout-flow\"><\/div>\n\n\n\n<div class=\"wp-block-column is-layout-flow wp-block-column-is-layout-flow\"><\/div>\n\n\n\n<div class=\"wp-block-column is-layout-flow wp-block-column-is-layout-flow\">\n<div class=\"wp-block-group is-layout-flow wp-block-group-is-layout-flow\">\n<div style=\"height:20px\" aria-hidden=\"true\" class=\"wp-block-spacer\"><\/div>\n<\/div>\n<\/div>\n<\/div>\n\n<div style=\"height:100px\" aria-hidden=\"true\" class=\"wp-block-spacer\"><\/div>\n","protected":false},"excerpt":{"rendered":"<p>DeinAdieu est la premi\u00e8re plate-forme suisse ind\u00e9pendante de dialogue et de services pour la fin de vie autod\u00e9termin\u00e9e. DeinAdieu s&#8217;int\u00e9resse particuli\u00e8rement aux sujets suivants : testaments, soins palliatifs, directives anticip\u00e9es du patient, mandats pour cause d&#8217;inaptitude et fun\u00e9railles. Tout cela par le biais de contenus \u00e9ditoriaux ainsi que d&#8217;outils et de services en ligne. DeinAdieu [&hellip;]<\/p>\n","protected":false},"author":6026,"featured_media":24169,"parent":25719,"menu_order":0,"comment_status":"closed","ping_status":"closed","template":"","meta":{"_acf_changed":false,"footnotes":""},"class_list":["post-25717","page","type-page","status-publish","has-post-thumbnail","hentry"],"acf":[],"yoast_head":"<title>Le comit\u00e9 consultatif | DeinAdieu.ch<\/title>\n<meta name=\"description\" content=\"D\u00e9couvrez les conseillers consultatifs de DeinAdieu. Ils nous aident \u00e0 promouvoir l&#039;autod\u00e9termination en Suisse.\" \/>\n<meta name=\"robots\" content=\"index, follow, max-snippet:-1, max-image-preview:large, max-video-preview:-1\" \/>\n<link rel=\"canonical\" href=\"https:\/\/www.deinadieu.ch\/fr\/quest-ce-que-deinadieu\/le-conseil-consultatif-benevole\/\" \/>\n<meta property=\"og:locale\" content=\"fr_FR\" \/>\n<meta property=\"og:type\" content=\"article\" \/>\n<meta property=\"og:title\" content=\"Le comit\u00e9 consultatif\" \/>\n<meta property=\"og:description\" content=\"DeinAdieu est la premi\u00e8re plate-forme suisse ind\u00e9pendante de dialogue et de services pour la fin de vie autod\u00e9termin\u00e9e. DeinAdieu s&#039;int\u00e9resse\" \/>\n<meta property=\"og:url\" content=\"https:\/\/www.deinadieu.ch\/fr\/quest-ce-que-deinadieu\/le-conseil-consultatif-benevole\/\" \/>\n<meta property=\"og:site_name\" content=\"DeinAdieu.ch\" \/>\n<meta property=\"article:publisher\" content=\"https:\/\/www.facebook.com\/deinadieu\" \/>\n<meta property=\"article:modified_time\" content=\"2022-08-31T08:15:40+00:00\" \/>\n<meta property=\"og:image\" content=\"https:\/\/static.deinadieu.ch\/uploads\/2020\/09\/headway-5QgIuuBxKwM-unsplash-scaled-e1600437346118.jpg\" \/>\n\t<meta property=\"og:image:width\" content=\"2560\" \/>\n\t<meta property=\"og:image:height\" content=\"1707\" \/>\n\t<meta property=\"og:image:type\" content=\"image\/jpeg\" \/>\n<meta name=\"twitter:card\" content=\"summary_large_image\" \/>\n<meta name=\"twitter:site\" content=\"@DeinAdieu\" \/>\n<meta name=\"twitter:label1\" content=\"Est. reading time\" \/>\n\t<meta name=\"twitter:data1\" content=\"2 minutes\" \/>\n<script type=\"application\/ld+json\" class=\"yoast-schema-graph\">{\"@context\":\"https:\\\/\\\/schema.org\",\"@graph\":[{\"@type\":\"WebPage\",\"@id\":\"https:\\\/\\\/www.deinadieu.ch\\\/fr\\\/quest-ce-que-deinadieu\\\/le-conseil-consultatif-benevole\\\/\",\"url\":\"https:\\\/\\\/www.deinadieu.ch\\\/fr\\\/quest-ce-que-deinadieu\\\/le-conseil-consultatif-benevole\\\/\",\"name\":\"Le comit\u00e9 consultatif | DeinAdieu.ch\",\"isPartOf\":{\"@id\":\"https:\\\/\\\/www.deinadieu.ch\\\/fr\\\/#website\"},\"primaryImageOfPage\":{\"@id\":\"https:\\\/\\\/www.deinadieu.ch\\\/fr\\\/quest-ce-que-deinadieu\\\/le-conseil-consultatif-benevole\\\/#primaryimage\"},\"image\":{\"@id\":\"https:\\\/\\\/www.deinadieu.ch\\\/fr\\\/quest-ce-que-deinadieu\\\/le-conseil-consultatif-benevole\\\/#primaryimage\"},\"thumbnailUrl\":\"https:\\\/\\\/www.deinadieu.ch\\\/wp-content\\\/uploads\\\/2020\\\/09\\\/headway-5QgIuuBxKwM-unsplash-scaled-e1600437346118.jpg\",\"datePublished\":\"2020-09-18T09:27:22+00:00\",\"dateModified\":\"2022-08-31T08:15:40+00:00\",\"description\":\"D\u00e9couvrez les conseillers consultatifs de DeinAdieu. Ils nous aident \u00e0 promouvoir l'autod\u00e9termination en Suisse.\",\"breadcrumb\":{\"@id\":\"https:\\\/\\\/www.deinadieu.ch\\\/fr\\\/quest-ce-que-deinadieu\\\/le-conseil-consultatif-benevole\\\/#breadcrumb\"},\"inLanguage\":\"fr-FR\",\"potentialAction\":[{\"@type\":\"ReadAction\",\"target\":[\"https:\\\/\\\/www.deinadieu.ch\\\/fr\\\/quest-ce-que-deinadieu\\\/le-conseil-consultatif-benevole\\\/\"]}]},{\"@type\":\"ImageObject\",\"inLanguage\":\"fr-FR\",\"@id\":\"https:\\\/\\\/www.deinadieu.ch\\\/fr\\\/quest-ce-que-deinadieu\\\/le-conseil-consultatif-benevole\\\/#primaryimage\",\"url\":\"https:\\\/\\\/www.deinadieu.ch\\\/wp-content\\\/uploads\\\/2020\\\/09\\\/headway-5QgIuuBxKwM-unsplash-scaled-e1600437346118.jpg\",\"contentUrl\":\"https:\\\/\\\/www.deinadieu.ch\\\/wp-content\\\/uploads\\\/2020\\\/09\\\/headway-5QgIuuBxKwM-unsplash-scaled-e1600437346118.jpg\",\"width\":2560,\"height\":1707},{\"@type\":\"BreadcrumbList\",\"@id\":\"https:\\\/\\\/www.deinadieu.ch\\\/fr\\\/quest-ce-que-deinadieu\\\/le-conseil-consultatif-benevole\\\/#breadcrumb\",\"itemListElement\":[{\"@type\":\"ListItem\",\"position\":1,\"name\":\"Home\",\"item\":\"https:\\\/\\\/www.deinadieu.ch\\\/fr\\\/deinadieu-dialog-und-serviceportal-zum-lebensende\\\/\"},{\"@type\":\"ListItem\",\"position\":2,\"name\":\"Qu&#8217;est-ce que DeinAdieu?\",\"item\":\"https:\\\/\\\/www.deinadieu.ch\\\/fr\\\/quest-ce-que-deinadieu\\\/\"},{\"@type\":\"ListItem\",\"position\":3,\"name\":\"Le comit\u00e9 consultatif\"}]},{\"@type\":\"WebSite\",\"@id\":\"https:\\\/\\\/www.deinadieu.ch\\\/fr\\\/#website\",\"url\":\"https:\\\/\\\/www.deinadieu.ch\\\/fr\\\/\",\"name\":\"DeinAdieu.ch\",\"description\":\"Testament, Patientenverf\u00fcgung und Vorsorgeauftrag\",\"publisher\":{\"@id\":\"https:\\\/\\\/www.deinadieu.ch\\\/fr\\\/#organization\"},\"potentialAction\":[{\"@type\":\"SearchAction\",\"target\":{\"@type\":\"EntryPoint\",\"urlTemplate\":\"https:\\\/\\\/www.deinadieu.ch\\\/fr\\\/?s={search_term_string}\"},\"query-input\":{\"@type\":\"PropertyValueSpecification\",\"valueRequired\":true,\"valueName\":\"search_term_string\"}}],\"inLanguage\":\"fr-FR\"},{\"@type\":\"Organization\",\"@id\":\"https:\\\/\\\/www.deinadieu.ch\\\/fr\\\/#organization\",\"name\":\"EMNA Web GmbH\",\"url\":\"https:\\\/\\\/www.deinadieu.ch\\\/fr\\\/\",\"logo\":{\"@type\":\"ImageObject\",\"inLanguage\":\"fr-FR\",\"@id\":\"https:\\\/\\\/www.deinadieu.ch\\\/fr\\\/#\\\/schema\\\/logo\\\/image\\\/\",\"url\":\"https:\\\/\\\/www.deinadieu.ch\\\/wp-content\\\/uploads\\\/2016\\\/01\\\/DeinAdieu_Logo.png\",\"contentUrl\":\"https:\\\/\\\/www.deinadieu.ch\\\/wp-content\\\/uploads\\\/2016\\\/01\\\/DeinAdieu_Logo.png\",\"width\":300,\"height\":117,\"caption\":\"EMNA Web GmbH\"},\"image\":{\"@id\":\"https:\\\/\\\/www.deinadieu.ch\\\/fr\\\/#\\\/schema\\\/logo\\\/image\\\/\"},\"sameAs\":[\"https:\\\/\\\/www.facebook.com\\\/deinadieu\",\"https:\\\/\\\/x.com\\\/DeinAdieu\",\"https:\\\/\\\/www.instagram.com\\\/deinadieu\\\/\",\"https:\\\/\\\/www.linkedin.com\\\/company\\\/deinadieu.ch\"]}]}<\/script>","yoast_head_json":{"title":"Le comit\u00e9 consultatif | DeinAdieu.ch","description":"D\u00e9couvrez les conseillers consultatifs de DeinAdieu. Ils nous aident \u00e0 promouvoir l'autod\u00e9termination en Suisse.","robots":{"index":"index","follow":"follow","max-snippet":"max-snippet:-1","max-image-preview":"max-image-preview:large","max-video-preview":"max-video-preview:-1"},"canonical":"https:\/\/www.deinadieu.ch\/fr\/quest-ce-que-deinadieu\/le-conseil-consultatif-benevole\/","og_locale":"fr_FR","og_type":"article","og_title":"Le comit\u00e9 consultatif","og_description":"DeinAdieu est la premi\u00e8re plate-forme suisse ind\u00e9pendante de dialogue et de services pour la fin de vie autod\u00e9termin\u00e9e. DeinAdieu s'int\u00e9resse","og_url":"https:\/\/www.deinadieu.ch\/fr\/quest-ce-que-deinadieu\/le-conseil-consultatif-benevole\/","og_site_name":"DeinAdieu.ch","article_publisher":"https:\/\/www.facebook.com\/deinadieu","article_modified_time":"2022-08-31T08:15:40+00:00","og_image":[{"width":2560,"height":1707,"url":"https:\/\/static.deinadieu.ch\/uploads\/2020\/09\/headway-5QgIuuBxKwM-unsplash-scaled-e1600437346118.jpg","type":"image\/jpeg"}],"twitter_card":"summary_large_image","twitter_site":"@DeinAdieu","twitter_misc":{"Est. reading time":"2 minutes"},"schema":{"@context":"https:\/\/schema.org","@graph":[{"@type":"WebPage","@id":"https:\/\/www.deinadieu.ch\/fr\/quest-ce-que-deinadieu\/le-conseil-consultatif-benevole\/","url":"https:\/\/www.deinadieu.ch\/fr\/quest-ce-que-deinadieu\/le-conseil-consultatif-benevole\/","name":"Le comit\u00e9 consultatif | DeinAdieu.ch","isPartOf":{"@id":"https:\/\/www.deinadieu.ch\/fr\/#website"},"primaryImageOfPage":{"@id":"https:\/\/www.deinadieu.ch\/fr\/quest-ce-que-deinadieu\/le-conseil-consultatif-benevole\/#primaryimage"},"image":{"@id":"https:\/\/www.deinadieu.ch\/fr\/quest-ce-que-deinadieu\/le-conseil-consultatif-benevole\/#primaryimage"},"thumbnailUrl":"https:\/\/www.deinadieu.ch\/wp-content\/uploads\/2020\/09\/headway-5QgIuuBxKwM-unsplash-scaled-e1600437346118.jpg","datePublished":"2020-09-18T09:27:22+00:00","dateModified":"2022-08-31T08:15:40+00:00","description":"D\u00e9couvrez les conseillers consultatifs de DeinAdieu. Ils nous aident \u00e0 promouvoir l'autod\u00e9termination en Suisse.","breadcrumb":{"@id":"https:\/\/www.deinadieu.ch\/fr\/quest-ce-que-deinadieu\/le-conseil-consultatif-benevole\/#breadcrumb"},"inLanguage":"fr-FR","potentialAction":[{"@type":"ReadAction","target":["https:\/\/www.deinadieu.ch\/fr\/quest-ce-que-deinadieu\/le-conseil-consultatif-benevole\/"]}]},{"@type":"ImageObject","inLanguage":"fr-FR","@id":"https:\/\/www.deinadieu.ch\/fr\/quest-ce-que-deinadieu\/le-conseil-consultatif-benevole\/#primaryimage","url":"https:\/\/www.deinadieu.ch\/wp-content\/uploads\/2020\/09\/headway-5QgIuuBxKwM-unsplash-scaled-e1600437346118.jpg","contentUrl":"https:\/\/www.deinadieu.ch\/wp-content\/uploads\/2020\/09\/headway-5QgIuuBxKwM-unsplash-scaled-e1600437346118.jpg","width":2560,"height":1707},{"@type":"BreadcrumbList","@id":"https:\/\/www.deinadieu.ch\/fr\/quest-ce-que-deinadieu\/le-conseil-consultatif-benevole\/#breadcrumb","itemListElement":[{"@type":"ListItem","position":1,"name":"Home","item":"https:\/\/www.deinadieu.ch\/fr\/deinadieu-dialog-und-serviceportal-zum-lebensende\/"},{"@type":"ListItem","position":2,"name":"Qu&#8217;est-ce que DeinAdieu?","item":"https:\/\/www.deinadieu.ch\/fr\/quest-ce-que-deinadieu\/"},{"@type":"ListItem","position":3,"name":"Le comit\u00e9 consultatif"}]},{"@type":"WebSite","@id":"https:\/\/www.deinadieu.ch\/fr\/#website","url":"https:\/\/www.deinadieu.ch\/fr\/","name":"DeinAdieu.ch","description":"Testament, Patientenverf\u00fcgung und Vorsorgeauftrag","publisher":{"@id":"https:\/\/www.deinadieu.ch\/fr\/#organization"},"potentialAction":[{"@type":"SearchAction","target":{"@type":"EntryPoint","urlTemplate":"https:\/\/www.deinadieu.ch\/fr\/?s={search_term_string}"},"query-input":{"@type":"PropertyValueSpecification","valueRequired":true,"valueName":"search_term_string"}}],"inLanguage":"fr-FR"},{"@type":"Organization","@id":"https:\/\/www.deinadieu.ch\/fr\/#organization","name":"EMNA Web GmbH","url":"https:\/\/www.deinadieu.ch\/fr\/","logo":{"@type":"ImageObject","inLanguage":"fr-FR","@id":"https:\/\/www.deinadieu.ch\/fr\/#\/schema\/logo\/image\/","url":"https:\/\/www.deinadieu.ch\/wp-content\/uploads\/2016\/01\/DeinAdieu_Logo.png","contentUrl":"https:\/\/www.deinadieu.ch\/wp-content\/uploads\/2016\/01\/DeinAdieu_Logo.png","width":300,"height":117,"caption":"EMNA Web GmbH"},"image":{"@id":"https:\/\/www.deinadieu.ch\/fr\/#\/schema\/logo\/image\/"},"sameAs":["https:\/\/www.facebook.com\/deinadieu","https:\/\/x.com\/DeinAdieu","https:\/\/www.instagram.com\/deinadieu\/","https:\/\/www.linkedin.com\/company\/deinadieu.ch"]}]}},"_links":{"self":[{"href":"https:\/\/www.deinadieu.ch\/fr\/wp-json\/wp\/v2\/pages\/25717","targetHints":{"allow":["GET"]}}],"collection":[{"href":"https:\/\/www.deinadieu.ch\/fr\/wp-json\/wp\/v2\/pages"}],"about":[{"href":"https:\/\/www.deinadieu.ch\/fr\/wp-json\/wp\/v2\/types\/page"}],"author":[{"embeddable":true,"href":"https:\/\/www.deinadieu.ch\/fr\/wp-json\/wp\/v2\/users\/6026"}],"replies":[{"embeddable":true,"href":"https:\/\/www.deinadieu.ch\/fr\/wp-json\/wp\/v2\/comments?post=25717"}],"version-history":[{"count":16,"href":"https:\/\/www.deinadieu.ch\/fr\/wp-json\/wp\/v2\/pages\/25717\/revisions"}],"predecessor-version":[{"id":59990,"href":"https:\/\/www.deinadieu.ch\/fr\/wp-json\/wp\/v2\/pages\/25717\/revisions\/59990"}],"up":[{"embeddable":true,"href":"https:\/\/www.deinadieu.ch\/fr\/wp-json\/wp\/v2\/pages\/25719"}],"wp:featuredmedia":[{"embeddable":true,"href":"https:\/\/www.deinadieu.ch\/fr\/wp-json\/wp\/v2\/media\/24169"}],"wp:attachment":[{"href":"https:\/\/www.deinadieu.ch\/fr\/wp-json\/wp\/v2\/media?parent=25717"}],"curies":[{"name":"wp","href":"https:\/\/api.w.org\/{rel}","templated":true}]}}