{"id":25711,"date":"2020-09-25T14:24:03","date_gmt":"2020-09-25T12:24:03","guid":{"rendered":"http:\/\/www.deinadieu.ch\/lequipe-et-le-reseau\/"},"modified":"2025-01-09T08:29:20","modified_gmt":"2025-01-09T07:29:20","slug":"lequipe-et-le-reseau","status":"publish","type":"page","link":"https:\/\/www.deinadieu.ch\/fr\/quest-ce-que-deinadieu\/lequipe-et-le-reseau\/","title":{"rendered":"L&#8217;\u00e9quipe et le r\u00e9seau"},"content":{"rendered":"\n<h2 class=\"wp-block-heading title text-4xl font-semibold mb-10\" id=\"h-unser-team\">Notre \u00e9quipe<\/h2>\n\n<div class=\"wp-block-group is-nowrap is-layout-flex wp-container-core-group-is-layout-f66f9956 wp-block-group-is-layout-flex\">\n<div class=\"wp-block-columns are-vertically-aligned-top wp-container-content-9cfa9a5a is-layout-flex wp-container-core-columns-is-layout-28f84493 wp-block-columns-is-layout-flex\">\n<div class=\"wp-block-column is-vertically-aligned-top is-layout-flow wp-block-column-is-layout-flow\">\n<div class=\"wp-block-create-block-deinadieu-team-user\"><div class=\"inner\"><div class=\"image-container\"><img decoding=\"async\" src=\"https:\/\/www.deinadieu.ch\/wp-content\/uploads\/2023\/04\/deinadieu_3226.jpg\" class=\"photo\"><img decoding=\"async\" src=\"https:\/\/www.deinadieu.ch\/wp-content\/uploads\/2022\/06\/team_gehrig_nicolas_b.jpg\" class=\"photo-hover\"><\/div><p class=\"name\">Nicolas Gehrig<\/p><p class=\"education\">M.A. HSG, dipl. en p\u00e9dagogie \u00e9conomique<\/p><p class=\"position\">Direction &amp; exploitation<\/p><\/div><\/div>\n<\/div>\n\n\n\n<div class=\"wp-block-column is-vertically-aligned-top is-layout-flow wp-block-column-is-layout-flow\">\n<div class=\"wp-block-create-block-deinadieu-team-user\"><div class=\"inner\"><div class=\"image-container\"><img decoding=\"async\" src=\"https:\/\/www.deinadieu.ch\/wp-content\/uploads\/2023\/09\/deinadieu_0917-1-scaled.jpg\" class=\"photo\"><img decoding=\"async\" src=\"https:\/\/www.deinadieu.ch\/wp-content\/uploads\/2023\/09\/0814b-scaled.jpg\" class=\"photo-hover\"><\/div><p class=\"name\">Sandra Donat<\/p><p class=\"education\">Executive MBA<\/p><p class=\"position\">Directeur de l&#8217;exploitation  <\/p><\/div><\/div>\n<\/div>\n\n\n\n<div class=\"wp-block-column is-vertically-aligned-top is-layout-flow wp-block-column-is-layout-flow\">\n<div class=\"wp-block-create-block-deinadieu-team-user\"><div class=\"inner\"><div class=\"image-container\"><img decoding=\"async\" src=\"https:\/\/www.deinadieu.ch\/wp-content\/uploads\/2023\/09\/deinadieu_9826.jpg\" class=\"photo\"><img decoding=\"async\" src=\"https:\/\/www.deinadieu.ch\/wp-content\/uploads\/2023\/09\/deinadieu_0758.jpg\" class=\"photo-hover\"><\/div><p class=\"name\">Stefan Lenz<\/p><p class=\"education\">Chef de projet<\/p><p class=\"position\">Service client\u00e8le<\/p><\/div><\/div>\n<\/div>\n<\/div>\n<\/div>\n\n<div class=\"wp-block-group is-nowrap is-layout-flex wp-container-core-group-is-layout-f66f9956 wp-block-group-is-layout-flex\">\n<div class=\"wp-block-columns are-vertically-aligned-top wp-container-content-9cfa9a5a is-layout-flex wp-container-core-columns-is-layout-28f84493 wp-block-columns-is-layout-flex\">\n<div class=\"wp-block-column is-vertically-aligned-top is-layout-flow wp-block-column-is-layout-flow\">\n<div class=\"wp-block-create-block-deinadieu-team-user\"><div class=\"inner\"><div class=\"image-container\"><img decoding=\"async\" src=\"https:\/\/www.deinadieu.ch\/wp-content\/uploads\/2024\/09\/final_roli02.jpg\" class=\"photo\"><img decoding=\"async\" src=\"https:\/\/www.deinadieu.ch\/wp-content\/uploads\/2024\/09\/roli_final01.jpg\" class=\"photo-hover\"><\/div><p class=\"name\">Roland Trabadelo<\/p><p class=\"position\">Directeur du marketing et de la communication<\/p><\/div><\/div>\n<\/div>\n\n\n\n<div class=\"wp-block-column is-vertically-aligned-top is-layout-flow wp-block-column-is-layout-flow\">\n<div class=\"wp-block-create-block-deinadieu-team-user\"><div class=\"inner\"><div class=\"image-container\"><img decoding=\"async\" src=\"https:\/\/www.deinadieu.ch\/wp-content\/uploads\/2022\/06\/team_eggnauer.jpg\" class=\"photo\"><img decoding=\"async\" src=\"https:\/\/www.deinadieu.ch\/wp-content\/uploads\/2022\/06\/team_eggnauer_b.jpg\" class=\"photo-hover\"><\/div><p class=\"name\">Benno Eggnauer<\/p><p class=\"education\">MAS Software Engineering<\/p><p class=\"position\">D\u00e9veloppement &amp; technologie<\/p><\/div><\/div>\n<\/div>\n\n\n\n<div class=\"wp-block-column is-vertically-aligned-top is-layout-flow wp-block-column-is-layout-flow\">\n<div class=\"wp-block-create-block-deinadieu-team-user\"><div class=\"inner\"><div class=\"image-container\"><img decoding=\"async\" src=\"https:\/\/www.deinadieu.ch\/wp-content\/uploads\/2024\/08\/03-scaled.jpg\" class=\"photo\"><img decoding=\"async\" src=\"https:\/\/www.deinadieu.ch\/wp-content\/uploads\/2024\/08\/deinadieu_ma_02634.jpg\" class=\"photo-hover\"><\/div><p class=\"name\">Frank Michel<\/p><p class=\"position\">D\u00e9veloppement de logiciels<\/p><\/div><\/div>\n<\/div>\n<\/div>\n<\/div>\n\n<div class=\"wp-block-group is-nowrap is-layout-flex wp-container-core-group-is-layout-f66f9956 wp-block-group-is-layout-flex\">\n<div class=\"wp-block-columns are-vertically-aligned-top wp-container-content-9cfa9a5a is-layout-flex wp-container-core-columns-is-layout-28f84493 wp-block-columns-is-layout-flex\">\n<div class=\"wp-block-column is-vertically-aligned-top is-layout-flow wp-block-column-is-layout-flow\">\n<div class=\"wp-block-create-block-deinadieu-team-user\"><div class=\"inner\"><div class=\"image-container\"><img decoding=\"async\" src=\"https:\/\/www.deinadieu.ch\/wp-content\/uploads\/2023\/10\/Leonhard_Business1.jpg\" class=\"photo\"><img decoding=\"async\" src=\"https:\/\/www.deinadieu.ch\/wp-content\/uploads\/2023\/10\/Leonhard_Casual.jpg\" class=\"photo-hover\"><\/div><p class=\"name\">Leonhard Gysel<\/p><p class=\"education\">B.A. phil. Hist (\u00e9tudiant)<\/p><p class=\"position\">Propri\u00e9taire de processus Contenu l\u00e9gal<\/p><\/div><\/div>\n<\/div>\n\n\n\n<div class=\"wp-block-column is-vertically-aligned-top is-layout-flow wp-block-column-is-layout-flow\">\n<div class=\"wp-block-create-block-deinadieu-team-user\"><div class=\"inner\"><div class=\"image-container\"><img decoding=\"async\" src=\"https:\/\/www.deinadieu.ch\/wp-content\/uploads\/2023\/01\/dAportraits_00081-scaled.jpg\" class=\"photo\"><img decoding=\"async\" src=\"https:\/\/www.deinadieu.ch\/wp-content\/uploads\/2023\/01\/dAportraits_0088-scaled.jpg\" class=\"photo-hover\"><\/div><p class=\"name\">Gianni Stiefel<\/p><p class=\"education\">Master of Law UZH<\/p><p class=\"position\">Traductions<\/p><\/div><\/div>\n<\/div>\n\n\n\n<div class=\"wp-block-column is-vertically-aligned-top is-layout-flow wp-block-column-is-layout-flow\">\n<div class=\"wp-block-create-block-deinadieu-team-user\"><div class=\"inner\"><div class=\"image-container\"><img decoding=\"async\" src=\"https:\/\/www.deinadieu.ch\/wp-content\/uploads\/2023\/10\/Gaetan_Business.jpg\" class=\"photo\"><img decoding=\"async\" src=\"https:\/\/www.deinadieu.ch\/wp-content\/uploads\/2023\/10\/Gaetan_Casual.jpg\" class=\"photo-hover\"><\/div><p class=\"name\">Ga\u00e9tan Girard<\/p><p class=\"education\">Master of Law Uni Fribourg<\/p><p class=\"position\">Traductions<\/p><\/div><\/div>\n<\/div>\n<\/div>\n<\/div>\n\n<div class=\"wp-block-group is-nowrap is-layout-flex wp-container-core-group-is-layout-f66f9956 wp-block-group-is-layout-flex\"><\/div>\n\n<h2 class=\"wp-block-heading\" id=\"h-unsere-freelancer-innen\">Nos free-lances:internes<\/h2>\n\n<div class=\"wp-block-group is-nowrap is-layout-flex wp-container-core-group-is-layout-6c531013 wp-block-group-is-layout-flex\">\n<div class=\"wp-block-columns are-vertically-aligned-top wp-container-content-9cfa9a5a is-layout-flex wp-container-core-columns-is-layout-28f84493 wp-block-columns-is-layout-flex\">\n<div class=\"wp-block-column is-vertically-aligned-top is-layout-flow wp-block-column-is-layout-flow\">\n<div class=\"wp-block-create-block-deinadieu-team-user\"><div class=\"inner\"><div class=\"image-container\"><img decoding=\"async\" src=\"https:\/\/www.deinadieu.ch\/wp-content\/uploads\/2022\/06\/team_bueheler.jpg\" class=\"photo\"><img decoding=\"async\" src=\"https:\/\/www.deinadieu.ch\/wp-content\/uploads\/2022\/06\/team_bueheler_b.jpg\" class=\"photo-hover\"><\/div><p class=\"name\">Philipp B\u00fchler<\/p><p class=\"education\">M.A. Universit\u00e9 de Zurich<\/p><p class=\"position\">Responsable marketing num\u00e9rique<\/p><\/div><\/div>\n<\/div>\n\n\n\n<div class=\"wp-block-column is-vertically-aligned-top is-layout-flow wp-block-column-is-layout-flow\">\n<div class=\"wp-block-create-block-deinadieu-team-user\"><div class=\"inner\"><div class=\"image-container\"><img decoding=\"async\" src=\"https:\/\/www.deinadieu.ch\/wp-content\/uploads\/2023\/01\/dAportraits_00084-scaled.jpg\" class=\"photo\"><img decoding=\"async\" src=\"https:\/\/www.deinadieu.ch\/wp-content\/uploads\/2023\/01\/dAportraits_0032-scaled.jpg\" class=\"photo-hover\"><\/div><p class=\"name\">Sabrina Rohner<\/p><p class=\"education\">MA Uni Bern<\/p><p class=\"position\">\u00c9diteur<\/p><\/div><\/div>\n<\/div>\n\n\n\n<div class=\"wp-block-column is-vertically-aligned-top is-layout-flow wp-block-column-is-layout-flow\">\n<div class=\"wp-block-create-block-deinadieu-team-user\"><div class=\"inner\"><div class=\"image-container\"><img decoding=\"async\" src=\"https:\/\/www.deinadieu.ch\/wp-content\/uploads\/2023\/01\/dAportraits_00089-scaled.jpg\" class=\"photo\"><img decoding=\"async\" src=\"https:\/\/www.deinadieu.ch\/wp-content\/uploads\/2023\/01\/dAportraits_0098-scaled.jpg\" class=\"photo-hover\"><\/div><p class=\"name\">Nora Gailer<\/p><p class=\"education\">BA Interaction Design<\/p><p class=\"position\">Graphique<\/p><\/div><\/div>\n<\/div>\n<\/div>\n<\/div>\n\n<div style=\"height:40px\" aria-hidden=\"true\" class=\"wp-block-spacer\"><\/div>\n\n<div class=\"wp-block-buttons is-layout-flex wp-block-buttons-is-layout-flex\">\n<div class=\"wp-block-button\"><a class=\"wp-block-button__link wp-element-button\" href=\"https:\/\/www.deinadieu.ch\/fr\/contact\/\">contact<\/a><\/div>\n<\/div>\n\n<div style=\"height:100px\" aria-hidden=\"true\" class=\"wp-block-spacer\"><\/div>\n\n<h2 class=\"wp-block-heading\" id=\"h-unser-netzwerk\">Notre r\u00e9seau<\/h2>\n\n<p>Afin de garantir \u00e0 nos organisations partenaires les meilleurs conseils possibles, nous travaillons avec des agences et des experts \u00e9tablis.<\/p>\n\n<div style=\"height:54px\" aria-hidden=\"true\" class=\"wp-block-spacer\"><\/div>\n\n<div class=\"wp-block-columns is-layout-flex wp-container-core-columns-is-layout-28f84493 wp-block-columns-is-layout-flex\">\n<div class=\"wp-block-column is-layout-flow wp-block-column-is-layout-flow\">\n<h3 class=\"wp-block-heading\" id=\"h-getunik\">getunik<\/h3>\n\n\n\n<p>Strat\u00e9gie de marketing num\u00e9rique, automatisation et campagnes<\/p>\n\n\n\n<figure class=\"wp-block-image size-full is-resized\"><a href=\"https:\/\/www.getunik.com\/\"><img decoding=\"async\" src=\"https:\/\/www.deinadieu.ch\/wp-content\/uploads\/2023\/04\/getunik_logo_schwarz.svg\" alt=\"get unik logo\" class=\"wp-image-63151\" style=\"width:150px;height:undefinedpx\"\/><\/a><\/figure>\n<\/div>\n\n\n\n<div class=\"wp-block-column is-layout-flow wp-block-column-is-layout-flow\">\n<h3 class=\"wp-block-heading\" id=\"h-fundtastic\">Fundtastic<\/h3>\n\n\n\n<p>Collecte de fonds, Campaigning, Design, Num\u00e9risation<\/p>\n\n\n\n<figure class=\"wp-block-image size-large is-resized\"><a href=\"https:\/\/www.fundtastic.ch\/\"><img loading=\"lazy\" decoding=\"async\" width=\"1024\" height=\"173\" src=\"https:\/\/www.deinadieu.ch\/wp-content\/uploads\/2023\/03\/Logo_Fundtastic-1024x173.jpg\" alt=\"\" class=\"wp-image-62787\" style=\"width:150px;height:undefinedpx\" srcset=\"https:\/\/www.deinadieu.ch\/wp-content\/uploads\/2023\/03\/Logo_Fundtastic-1024x173.jpg 1024w, https:\/\/www.deinadieu.ch\/wp-content\/uploads\/2023\/03\/Logo_Fundtastic-300x51.jpg 300w, https:\/\/www.deinadieu.ch\/wp-content\/uploads\/2023\/03\/Logo_Fundtastic-1536x259.jpg 1536w, https:\/\/www.deinadieu.ch\/wp-content\/uploads\/2023\/03\/Logo_Fundtastic-2048x345.jpg 2048w\" sizes=\"auto, (max-width: 1024px) 100vw, 1024px\" \/><\/a><\/figure>\n<\/div>\n\n\n\n<div class=\"wp-block-column is-layout-flow wp-block-column-is-layout-flow\">\n<h3 class=\"wp-block-heading\" id=\"h-dunekamp\">Dunekamp<\/h3>\n\n\n\n<p>Conseil en collecte de fonds et en organisation<\/p>\n\n\n\n<figure class=\"wp-block-image size-large is-resized\"><a href=\"https:\/\/www.dunekamp.ch\/\"><img loading=\"lazy\" decoding=\"async\" width=\"1024\" height=\"173\" src=\"https:\/\/www.deinadieu.ch\/wp-content\/uploads\/2023\/03\/Dunekamp_Logo_pink-1024x173.jpg\" alt=\"logo dunekamp\" class=\"wp-image-62818\" style=\"width:150px;height:undefinedpx\" srcset=\"https:\/\/www.deinadieu.ch\/wp-content\/uploads\/2023\/03\/Dunekamp_Logo_pink-1024x173.jpg 1024w, https:\/\/www.deinadieu.ch\/wp-content\/uploads\/2023\/03\/Dunekamp_Logo_pink-300x51.jpg 300w, https:\/\/www.deinadieu.ch\/wp-content\/uploads\/2023\/03\/Dunekamp_Logo_pink-1536x260.jpg 1536w, https:\/\/www.deinadieu.ch\/wp-content\/uploads\/2023\/03\/Dunekamp_Logo_pink-2048x347.jpg 2048w\" sizes=\"auto, (max-width: 1024px) 100vw, 1024px\" \/><\/a><\/figure>\n<\/div>\n<\/div>\n\n<div style=\"height:100px\" aria-hidden=\"true\" class=\"wp-block-spacer\"><\/div>\n","protected":false},"excerpt":{"rendered":"<p>Notre \u00e9quipe Nos free-lances:internes Notre r\u00e9seau Afin de garantir \u00e0 nos organisations partenaires les meilleurs conseils possibles, nous travaillons avec des agences et des experts \u00e9tablis. getunik Strat\u00e9gie de marketing num\u00e9rique, automatisation et campagnes Fundtastic Collecte de fonds, Campaigning, Design, Num\u00e9risation Dunekamp Conseil en collecte de fonds et en organisation<\/p>\n","protected":false},"author":6026,"featured_media":0,"parent":25719,"menu_order":0,"comment_status":"closed","ping_status":"closed","template":"","meta":{"_acf_changed":false,"footnotes":""},"class_list":["post-25711","page","type-page","status-publish","hentry"],"acf":[],"yoast_head":"<title>L&#039;\u00e9quipe et le r\u00e9seau - DeinAdieu<\/title>\n<meta name=\"description\" content=\"Dein Adieu est votre portail de dialogue et de services en lien avec la fin de vie. Ici, vous en apprendrez plus sur nous.\" \/>\n<meta name=\"robots\" content=\"index, follow, max-snippet:-1, max-image-preview:large, max-video-preview:-1\" \/>\n<link rel=\"canonical\" href=\"https:\/\/www.deinadieu.ch\/fr\/quest-ce-que-deinadieu\/lequipe-et-le-reseau\/\" \/>\n<meta property=\"og:locale\" content=\"fr_FR\" \/>\n<meta property=\"og:type\" content=\"article\" \/>\n<meta property=\"og:title\" content=\"L&#039;\u00e9quipe et le r\u00e9seau\" \/>\n<meta property=\"og:description\" content=\"Notre \u00e9quipe Nicolas GehrigM.A. HSG, dipl. en p\u00e9dagogie \u00e9conomiqueDirection &amp; exploitation Sandra DonatExecutive MBADirecteur de l&#039;exploitation Stefan\" \/>\n<meta property=\"og:url\" content=\"https:\/\/www.deinadieu.ch\/fr\/quest-ce-que-deinadieu\/lequipe-et-le-reseau\/\" \/>\n<meta property=\"og:site_name\" content=\"DeinAdieu.ch\" \/>\n<meta property=\"article:publisher\" content=\"https:\/\/www.facebook.com\/deinadieu\" \/>\n<meta property=\"article:modified_time\" content=\"2025-01-09T07:29:20+00:00\" \/>\n<meta property=\"og:image\" content=\"https:\/\/static.deinadieu.ch\/uploads\/2023\/04\/deinadieu_3226.jpg\" \/>\n<meta name=\"twitter:card\" content=\"summary_large_image\" \/>\n<meta name=\"twitter:site\" content=\"@DeinAdieu\" \/>\n<meta name=\"twitter:label1\" content=\"Est. reading time\" \/>\n\t<meta name=\"twitter:data1\" content=\"4 minutes\" \/>\n<script type=\"application\/ld+json\" class=\"yoast-schema-graph\">{\"@context\":\"https:\\\/\\\/schema.org\",\"@graph\":[{\"@type\":\"WebPage\",\"@id\":\"https:\\\/\\\/www.deinadieu.ch\\\/fr\\\/quest-ce-que-deinadieu\\\/lequipe-et-le-reseau\\\/\",\"url\":\"https:\\\/\\\/www.deinadieu.ch\\\/fr\\\/quest-ce-que-deinadieu\\\/lequipe-et-le-reseau\\\/\",\"name\":\"L'\u00e9quipe et le r\u00e9seau - DeinAdieu\",\"isPartOf\":{\"@id\":\"https:\\\/\\\/www.deinadieu.ch\\\/fr\\\/#website\"},\"primaryImageOfPage\":{\"@id\":\"https:\\\/\\\/www.deinadieu.ch\\\/fr\\\/quest-ce-que-deinadieu\\\/lequipe-et-le-reseau\\\/#primaryimage\"},\"image\":{\"@id\":\"https:\\\/\\\/www.deinadieu.ch\\\/fr\\\/quest-ce-que-deinadieu\\\/lequipe-et-le-reseau\\\/#primaryimage\"},\"thumbnailUrl\":\"https:\\\/\\\/www.deinadieu.ch\\\/wp-content\\\/uploads\\\/2023\\\/04\\\/deinadieu_3226.jpg\",\"datePublished\":\"2020-09-25T12:24:03+00:00\",\"dateModified\":\"2025-01-09T07:29:20+00:00\",\"description\":\"Dein Adieu est votre portail de dialogue et de services en lien avec la fin de vie. Ici, vous en apprendrez plus sur nous.\",\"breadcrumb\":{\"@id\":\"https:\\\/\\\/www.deinadieu.ch\\\/fr\\\/quest-ce-que-deinadieu\\\/lequipe-et-le-reseau\\\/#breadcrumb\"},\"inLanguage\":\"fr-FR\",\"potentialAction\":[{\"@type\":\"ReadAction\",\"target\":[\"https:\\\/\\\/www.deinadieu.ch\\\/fr\\\/quest-ce-que-deinadieu\\\/lequipe-et-le-reseau\\\/\"]}]},{\"@type\":\"ImageObject\",\"inLanguage\":\"fr-FR\",\"@id\":\"https:\\\/\\\/www.deinadieu.ch\\\/fr\\\/quest-ce-que-deinadieu\\\/lequipe-et-le-reseau\\\/#primaryimage\",\"url\":\"https:\\\/\\\/www.deinadieu.ch\\\/wp-content\\\/uploads\\\/2023\\\/04\\\/deinadieu_3226.jpg\",\"contentUrl\":\"https:\\\/\\\/www.deinadieu.ch\\\/wp-content\\\/uploads\\\/2023\\\/04\\\/deinadieu_3226.jpg\"},{\"@type\":\"BreadcrumbList\",\"@id\":\"https:\\\/\\\/www.deinadieu.ch\\\/fr\\\/quest-ce-que-deinadieu\\\/lequipe-et-le-reseau\\\/#breadcrumb\",\"itemListElement\":[{\"@type\":\"ListItem\",\"position\":1,\"name\":\"Home\",\"item\":\"https:\\\/\\\/www.deinadieu.ch\\\/fr\\\/deinadieu-dialog-und-serviceportal-zum-lebensende\\\/\"},{\"@type\":\"ListItem\",\"position\":2,\"name\":\"Qu&#8217;est-ce que DeinAdieu?\",\"item\":\"https:\\\/\\\/www.deinadieu.ch\\\/fr\\\/quest-ce-que-deinadieu\\\/\"},{\"@type\":\"ListItem\",\"position\":3,\"name\":\"L&#8217;\u00e9quipe et le r\u00e9seau\"}]},{\"@type\":\"WebSite\",\"@id\":\"https:\\\/\\\/www.deinadieu.ch\\\/fr\\\/#website\",\"url\":\"https:\\\/\\\/www.deinadieu.ch\\\/fr\\\/\",\"name\":\"DeinAdieu.ch\",\"description\":\"Testament, Patientenverf\u00fcgung und Vorsorgeauftrag\",\"publisher\":{\"@id\":\"https:\\\/\\\/www.deinadieu.ch\\\/fr\\\/#organization\"},\"potentialAction\":[{\"@type\":\"SearchAction\",\"target\":{\"@type\":\"EntryPoint\",\"urlTemplate\":\"https:\\\/\\\/www.deinadieu.ch\\\/fr\\\/?s={search_term_string}\"},\"query-input\":{\"@type\":\"PropertyValueSpecification\",\"valueRequired\":true,\"valueName\":\"search_term_string\"}}],\"inLanguage\":\"fr-FR\"},{\"@type\":\"Organization\",\"@id\":\"https:\\\/\\\/www.deinadieu.ch\\\/fr\\\/#organization\",\"name\":\"EMNA Web GmbH\",\"url\":\"https:\\\/\\\/www.deinadieu.ch\\\/fr\\\/\",\"logo\":{\"@type\":\"ImageObject\",\"inLanguage\":\"fr-FR\",\"@id\":\"https:\\\/\\\/www.deinadieu.ch\\\/fr\\\/#\\\/schema\\\/logo\\\/image\\\/\",\"url\":\"https:\\\/\\\/www.deinadieu.ch\\\/wp-content\\\/uploads\\\/2016\\\/01\\\/DeinAdieu_Logo.png\",\"contentUrl\":\"https:\\\/\\\/www.deinadieu.ch\\\/wp-content\\\/uploads\\\/2016\\\/01\\\/DeinAdieu_Logo.png\",\"width\":300,\"height\":117,\"caption\":\"EMNA Web GmbH\"},\"image\":{\"@id\":\"https:\\\/\\\/www.deinadieu.ch\\\/fr\\\/#\\\/schema\\\/logo\\\/image\\\/\"},\"sameAs\":[\"https:\\\/\\\/www.facebook.com\\\/deinadieu\",\"https:\\\/\\\/x.com\\\/DeinAdieu\",\"https:\\\/\\\/www.instagram.com\\\/deinadieu\\\/\",\"https:\\\/\\\/www.linkedin.com\\\/company\\\/deinadieu.ch\"]}]}<\/script>","yoast_head_json":{"title":"L'\u00e9quipe et le r\u00e9seau - DeinAdieu","description":"Dein Adieu est votre portail de dialogue et de services en lien avec la fin de vie. Ici, vous en apprendrez plus sur nous.","robots":{"index":"index","follow":"follow","max-snippet":"max-snippet:-1","max-image-preview":"max-image-preview:large","max-video-preview":"max-video-preview:-1"},"canonical":"https:\/\/www.deinadieu.ch\/fr\/quest-ce-que-deinadieu\/lequipe-et-le-reseau\/","og_locale":"fr_FR","og_type":"article","og_title":"L'\u00e9quipe et le r\u00e9seau","og_description":"Notre \u00e9quipe Nicolas GehrigM.A. HSG, dipl. en p\u00e9dagogie \u00e9conomiqueDirection &amp; exploitation Sandra DonatExecutive MBADirecteur de l'exploitation Stefan","og_url":"https:\/\/www.deinadieu.ch\/fr\/quest-ce-que-deinadieu\/lequipe-et-le-reseau\/","og_site_name":"DeinAdieu.ch","article_publisher":"https:\/\/www.facebook.com\/deinadieu","article_modified_time":"2025-01-09T07:29:20+00:00","og_image":[{"url":"https:\/\/static.deinadieu.ch\/uploads\/2023\/04\/deinadieu_3226.jpg","type":"","width":"","height":""}],"twitter_card":"summary_large_image","twitter_site":"@DeinAdieu","twitter_misc":{"Est. reading time":"4 minutes"},"schema":{"@context":"https:\/\/schema.org","@graph":[{"@type":"WebPage","@id":"https:\/\/www.deinadieu.ch\/fr\/quest-ce-que-deinadieu\/lequipe-et-le-reseau\/","url":"https:\/\/www.deinadieu.ch\/fr\/quest-ce-que-deinadieu\/lequipe-et-le-reseau\/","name":"L'\u00e9quipe et le r\u00e9seau - DeinAdieu","isPartOf":{"@id":"https:\/\/www.deinadieu.ch\/fr\/#website"},"primaryImageOfPage":{"@id":"https:\/\/www.deinadieu.ch\/fr\/quest-ce-que-deinadieu\/lequipe-et-le-reseau\/#primaryimage"},"image":{"@id":"https:\/\/www.deinadieu.ch\/fr\/quest-ce-que-deinadieu\/lequipe-et-le-reseau\/#primaryimage"},"thumbnailUrl":"https:\/\/www.deinadieu.ch\/wp-content\/uploads\/2023\/04\/deinadieu_3226.jpg","datePublished":"2020-09-25T12:24:03+00:00","dateModified":"2025-01-09T07:29:20+00:00","description":"Dein Adieu est votre portail de dialogue et de services en lien avec la fin de vie. Ici, vous en apprendrez plus sur nous.","breadcrumb":{"@id":"https:\/\/www.deinadieu.ch\/fr\/quest-ce-que-deinadieu\/lequipe-et-le-reseau\/#breadcrumb"},"inLanguage":"fr-FR","potentialAction":[{"@type":"ReadAction","target":["https:\/\/www.deinadieu.ch\/fr\/quest-ce-que-deinadieu\/lequipe-et-le-reseau\/"]}]},{"@type":"ImageObject","inLanguage":"fr-FR","@id":"https:\/\/www.deinadieu.ch\/fr\/quest-ce-que-deinadieu\/lequipe-et-le-reseau\/#primaryimage","url":"https:\/\/www.deinadieu.ch\/wp-content\/uploads\/2023\/04\/deinadieu_3226.jpg","contentUrl":"https:\/\/www.deinadieu.ch\/wp-content\/uploads\/2023\/04\/deinadieu_3226.jpg"},{"@type":"BreadcrumbList","@id":"https:\/\/www.deinadieu.ch\/fr\/quest-ce-que-deinadieu\/lequipe-et-le-reseau\/#breadcrumb","itemListElement":[{"@type":"ListItem","position":1,"name":"Home","item":"https:\/\/www.deinadieu.ch\/fr\/deinadieu-dialog-und-serviceportal-zum-lebensende\/"},{"@type":"ListItem","position":2,"name":"Qu&#8217;est-ce que DeinAdieu?","item":"https:\/\/www.deinadieu.ch\/fr\/quest-ce-que-deinadieu\/"},{"@type":"ListItem","position":3,"name":"L&#8217;\u00e9quipe et le r\u00e9seau"}]},{"@type":"WebSite","@id":"https:\/\/www.deinadieu.ch\/fr\/#website","url":"https:\/\/www.deinadieu.ch\/fr\/","name":"DeinAdieu.ch","description":"Testament, Patientenverf\u00fcgung und Vorsorgeauftrag","publisher":{"@id":"https:\/\/www.deinadieu.ch\/fr\/#organization"},"potentialAction":[{"@type":"SearchAction","target":{"@type":"EntryPoint","urlTemplate":"https:\/\/www.deinadieu.ch\/fr\/?s={search_term_string}"},"query-input":{"@type":"PropertyValueSpecification","valueRequired":true,"valueName":"search_term_string"}}],"inLanguage":"fr-FR"},{"@type":"Organization","@id":"https:\/\/www.deinadieu.ch\/fr\/#organization","name":"EMNA Web GmbH","url":"https:\/\/www.deinadieu.ch\/fr\/","logo":{"@type":"ImageObject","inLanguage":"fr-FR","@id":"https:\/\/www.deinadieu.ch\/fr\/#\/schema\/logo\/image\/","url":"https:\/\/www.deinadieu.ch\/wp-content\/uploads\/2016\/01\/DeinAdieu_Logo.png","contentUrl":"https:\/\/www.deinadieu.ch\/wp-content\/uploads\/2016\/01\/DeinAdieu_Logo.png","width":300,"height":117,"caption":"EMNA Web GmbH"},"image":{"@id":"https:\/\/www.deinadieu.ch\/fr\/#\/schema\/logo\/image\/"},"sameAs":["https:\/\/www.facebook.com\/deinadieu","https:\/\/x.com\/DeinAdieu","https:\/\/www.instagram.com\/deinadieu\/","https:\/\/www.linkedin.com\/company\/deinadieu.ch"]}]}},"_links":{"self":[{"href":"https:\/\/www.deinadieu.ch\/fr\/wp-json\/wp\/v2\/pages\/25711","targetHints":{"allow":["GET"]}}],"collection":[{"href":"https:\/\/www.deinadieu.ch\/fr\/wp-json\/wp\/v2\/pages"}],"about":[{"href":"https:\/\/www.deinadieu.ch\/fr\/wp-json\/wp\/v2\/types\/page"}],"author":[{"embeddable":true,"href":"https:\/\/www.deinadieu.ch\/fr\/wp-json\/wp\/v2\/users\/6026"}],"replies":[{"embeddable":true,"href":"https:\/\/www.deinadieu.ch\/fr\/wp-json\/wp\/v2\/comments?post=25711"}],"version-history":[{"count":43,"href":"https:\/\/www.deinadieu.ch\/fr\/wp-json\/wp\/v2\/pages\/25711\/revisions"}],"predecessor-version":[{"id":68897,"href":"https:\/\/www.deinadieu.ch\/fr\/wp-json\/wp\/v2\/pages\/25711\/revisions\/68897"}],"up":[{"embeddable":true,"href":"https:\/\/www.deinadieu.ch\/fr\/wp-json\/wp\/v2\/pages\/25719"}],"wp:attachment":[{"href":"https:\/\/www.deinadieu.ch\/fr\/wp-json\/wp\/v2\/media?parent=25711"}],"curies":[{"name":"wp","href":"https:\/\/api.w.org\/{rel}","templated":true}]}}