{"id":25705,"date":"2020-09-14T16:23:38","date_gmt":"2020-09-14T14:23:38","guid":{"rendered":"http:\/\/www.deinadieu.ch\/vision\/"},"modified":"2022-08-24T10:47:29","modified_gmt":"2022-08-24T08:47:29","slug":"vision","status":"publish","type":"page","link":"https:\/\/www.deinadieu.ch\/fr\/quest-ce-que-deinadieu\/vision\/","title":{"rendered":"Vision"},"content":{"rendered":"\n<h2 class=\"title text-4xl font-semibold mb-10 wp-block-heading\" id=\"h-selbstbestimmung-am-lebensende-moglichkeiten-der-testamentsspende\"><strong>Autod\u00e9termination en fin de vie \u2013 Possibilit\u00e9s de faire un testament<\/strong><\/h2>\n\n<p>Avant, tout \u00e9tait diff\u00e9rent. Les \u00e9glises et les normes sociales d\u00e9terminaient autrefois la fa\u00e7on dont les gens devaient vivre, mourir, faire leur deuil et selon quelles r\u00e8gles l\u2019h\u00e9ritage s\u2019effectuait afin de maintenir la s\u00e9curit\u00e9 sociale. De nos jours, nous avons rendu ces normes plus individuelles. Vers notre vision.<\/p>\n\n<h2 class=\"wp-block-heading\" id=\"h-selbstbestimmung-als-selbstverstandlichkeit\">L&#8217;autod\u00e9termination comme une \u00e9vidence<\/h2>\n\n<p>Aujourd&#8217;hui, nous concevons cela de mani\u00e8re plus individuelle &#8211; aujourd&#8217;hui, nous devons m\u00eame le faire en raison de la diversit\u00e9 de nos projets de vie : ce qui est m\u00e9dicalement possible n&#8217;est pas toujours souhaitable pour chaque individu. Les p\u00e9riodes de deuil sont le plus souvent organis\u00e9es librement. En outre, la prochaine r\u00e9vision du droit des successions ouvre davantage de possibilit\u00e9s aux h\u00e9ritiers d&#8217;affirmer leur propre conception de l&#8217;h\u00e9ritage en assouplissant l&#8217;obligation des quote-parts l\u00e9gales. Depuis longtemps, les assurances sociales ont remplac\u00e9 l&#8217;institution de l&#8217;h\u00e9ritage dans son r\u00f4le initial des quote-parts l\u00e9gales en reprenant sa fonction &#8211; \u00e0 savoir assurer la protection sociale des h\u00e9ritiers \u00e0 travers un droit minimal \u00e0 l&#8217;h\u00e9ritage.<\/p>\n\n<div style=\"height:25px\" aria-hidden=\"true\" class=\"wp-block-spacer\"><\/div>\n\n<figure class=\"wp-block-pullquote\"><blockquote><p>DeinAdieu encourage la population suisse \u00e0 s&#8217;arroger une vision large de l&#8217;autod\u00e9termination en ce qui concerne les questions m\u00e9dicales, organisationnelles, juridiques et \u00e9motionnelles en fin de vie.<\/p><\/blockquote><\/figure>\n\n<div style=\"height:25px\" aria-hidden=\"true\" class=\"wp-block-spacer\"><\/div>\n\n<h2 class=\"wp-block-heading\" id=\"h-eine-schweiz-in-der-drei-viertel-der-betagten-ihre-selbstbestimmung-geregelt-haben\">Une Suisse dans laquelle les trois quarts des personnes \u00e2g\u00e9es ont r\u00e9gl\u00e9 leur autod\u00e9termination<\/h2>\n\n<p>Seulement 20 % des personnes \u00e2g\u00e9es disposent d&#8217;un testament. DeinAdieu encourage la population suisse \u00e0 s&#8217;arroger une vision large de l&#8217;autod\u00e9termination en ce qui concerne les questions m\u00e9dicales, organisationnelles, juridiques et \u00e9motionnelles en fin de vie. Nous voulons faire na\u00eetre une Suisse dans laquelle les trois quarts de toutes les personnes \u00e2g\u00e9es consignent formellement leur droit \u00e0 l&#8217;autod\u00e9termination.<\/p>\n\n<h2 class=\"wp-block-heading\" id=\"h-bleibendes-uber-das-lebensende-weitergeben\">Transmettre au del\u00e0 de la fin de vie<\/h2>\n\n<p>En lien avec ce th\u00e8me, DeinAdieu donne la parole aux \u0153uvres de bienfaisance suisses qui ont \u00e9t\u00e9 contr\u00f4l\u00e9es: nous souhaitons informer la population de mani\u00e8re exhaustive sur la possibilit\u00e9 de faire un don testamentaire. Les personnes qui, lorsqu&#8217;elle font une r\u00e9trospective de leur vie se souviennent d&#8217;une vie heureuse et aimeraient ainsi transmettre quelque chose au del\u00e0 de la fin de vie, devraient \u00eatre soulag\u00e9es dans leur d\u00e9marche gr\u00e2ce \u00e0 cette \u00e9tape.<\/p>\n\n<h2 class=\"wp-block-heading\" id=\"h-jeder-zwanzigste-vererbte-franken-an-ein-schweizer-hilfswerk\">1 franc sur 20 l\u00e9gu\u00e9 \u00e0 une organisation de bienfaisance suisse<\/h2>\n\n<p>Seuls 3 \u00e0 4 pour mille &#8211; soit seulement un franc sur trois cents &#8211; de la masse successorale sont actuellement vers\u00e9s \u00e0 des \u0153uvres d&#8217;entraide suisses. DeinAdieu souhaite faire na\u00eetre une Suisse dans laquelle un franc sur vingt de la succession soit vers\u00e9 \u00e0 une \u0153uvre de bienfaisance contr\u00f4l\u00e9e.<\/p>\n\n<figure class=\"wp-block-pullquote\"><blockquote><p>DeinAdieu souhaite faire na\u00eetre une Suisse dans laquelle un franc sur vingt de la succession soit vers\u00e9 \u00e0 une \u0153uvre de bienfaisance.<\/p><\/blockquote><\/figure>\n\n<div style=\"height:100px\" aria-hidden=\"true\" class=\"wp-block-spacer\"><\/div>\n","protected":false},"excerpt":{"rendered":"<p>Autod\u00e9termination en fin de vie \u2013 Possibilit\u00e9s de faire un testament Avant, tout \u00e9tait diff\u00e9rent. Les \u00e9glises et les normes sociales d\u00e9terminaient autrefois la fa\u00e7on dont les gens devaient vivre, mourir, faire leur deuil et selon quelles r\u00e8gles l\u2019h\u00e9ritage s\u2019effectuait afin de maintenir la s\u00e9curit\u00e9 sociale. De nos jours, nous avons rendu ces normes plus [&hellip;]<\/p>\n","protected":false},"author":6026,"featured_media":23882,"parent":25719,"menu_order":0,"comment_status":"closed","ping_status":"closed","template":"","meta":{"_acf_changed":false,"footnotes":""},"class_list":["post-25705","page","type-page","status-publish","has-post-thumbnail","hentry"],"acf":[],"yoast_head":"<title>La vision de DeinAdieu | DeinAdieu<\/title>\n<meta name=\"description\" content=\"Outre l&#039;autod\u00e9termination en fin de vie, notre objectif est qu&#039;un franc sur vingt qui est transmis pour cause de mort revienne \u00e0 une \u0153uvre d&#039;utilit\u00e9 publique.\" \/>\n<meta name=\"robots\" content=\"index, follow, max-snippet:-1, max-image-preview:large, max-video-preview:-1\" \/>\n<link rel=\"canonical\" href=\"https:\/\/www.deinadieu.ch\/fr\/quest-ce-que-deinadieu\/vision\/\" \/>\n<meta property=\"og:locale\" content=\"fr_FR\" \/>\n<meta property=\"og:type\" content=\"article\" \/>\n<meta property=\"og:title\" content=\"Vision\" \/>\n<meta property=\"og:description\" content=\"Autod\u00e9termination en fin de vie \u2013 Possibilit\u00e9s de faire un testament Avant, tout \u00e9tait diff\u00e9rent. Les \u00e9glises et les normes sociales d\u00e9terminaient\" \/>\n<meta property=\"og:url\" content=\"https:\/\/www.deinadieu.ch\/fr\/quest-ce-que-deinadieu\/vision\/\" \/>\n<meta property=\"og:site_name\" content=\"DeinAdieu.ch\" \/>\n<meta property=\"article:publisher\" content=\"https:\/\/www.facebook.com\/deinadieu\" \/>\n<meta property=\"article:modified_time\" content=\"2022-08-24T08:47:29+00:00\" \/>\n<meta property=\"og:image\" content=\"https:\/\/static.deinadieu.ch\/uploads\/2020\/09\/nicolas-cool-SpNbLsJuuYQ-unsplash-scaled-e1600094619793.jpg\" \/>\n\t<meta property=\"og:image:width\" content=\"2560\" \/>\n\t<meta property=\"og:image:height\" content=\"1429\" \/>\n\t<meta property=\"og:image:type\" content=\"image\/jpeg\" \/>\n<meta name=\"twitter:card\" content=\"summary_large_image\" \/>\n<meta name=\"twitter:site\" content=\"@DeinAdieu\" \/>\n<meta name=\"twitter:label1\" content=\"Est. reading time\" \/>\n\t<meta name=\"twitter:data1\" content=\"3 minutes\" \/>\n<script type=\"application\/ld+json\" class=\"yoast-schema-graph\">{\"@context\":\"https:\\\/\\\/schema.org\",\"@graph\":[{\"@type\":\"WebPage\",\"@id\":\"https:\\\/\\\/www.deinadieu.ch\\\/fr\\\/quest-ce-que-deinadieu\\\/vision\\\/\",\"url\":\"https:\\\/\\\/www.deinadieu.ch\\\/fr\\\/quest-ce-que-deinadieu\\\/vision\\\/\",\"name\":\"La vision de DeinAdieu | DeinAdieu\",\"isPartOf\":{\"@id\":\"https:\\\/\\\/www.deinadieu.ch\\\/fr\\\/#website\"},\"primaryImageOfPage\":{\"@id\":\"https:\\\/\\\/www.deinadieu.ch\\\/fr\\\/quest-ce-que-deinadieu\\\/vision\\\/#primaryimage\"},\"image\":{\"@id\":\"https:\\\/\\\/www.deinadieu.ch\\\/fr\\\/quest-ce-que-deinadieu\\\/vision\\\/#primaryimage\"},\"thumbnailUrl\":\"https:\\\/\\\/www.deinadieu.ch\\\/wp-content\\\/uploads\\\/2020\\\/09\\\/nicolas-cool-SpNbLsJuuYQ-unsplash-scaled-e1600094619793.jpg\",\"datePublished\":\"2020-09-14T14:23:38+00:00\",\"dateModified\":\"2022-08-24T08:47:29+00:00\",\"description\":\"Outre l'autod\u00e9termination en fin de vie, notre objectif est qu'un franc sur vingt qui est transmis pour cause de mort revienne \u00e0 une \u0153uvre d'utilit\u00e9 publique.\",\"breadcrumb\":{\"@id\":\"https:\\\/\\\/www.deinadieu.ch\\\/fr\\\/quest-ce-que-deinadieu\\\/vision\\\/#breadcrumb\"},\"inLanguage\":\"fr-FR\",\"potentialAction\":[{\"@type\":\"ReadAction\",\"target\":[\"https:\\\/\\\/www.deinadieu.ch\\\/fr\\\/quest-ce-que-deinadieu\\\/vision\\\/\"]}]},{\"@type\":\"ImageObject\",\"inLanguage\":\"fr-FR\",\"@id\":\"https:\\\/\\\/www.deinadieu.ch\\\/fr\\\/quest-ce-que-deinadieu\\\/vision\\\/#primaryimage\",\"url\":\"https:\\\/\\\/www.deinadieu.ch\\\/wp-content\\\/uploads\\\/2020\\\/09\\\/nicolas-cool-SpNbLsJuuYQ-unsplash-scaled-e1600094619793.jpg\",\"contentUrl\":\"https:\\\/\\\/www.deinadieu.ch\\\/wp-content\\\/uploads\\\/2020\\\/09\\\/nicolas-cool-SpNbLsJuuYQ-unsplash-scaled-e1600094619793.jpg\",\"width\":2560,\"height\":1429},{\"@type\":\"BreadcrumbList\",\"@id\":\"https:\\\/\\\/www.deinadieu.ch\\\/fr\\\/quest-ce-que-deinadieu\\\/vision\\\/#breadcrumb\",\"itemListElement\":[{\"@type\":\"ListItem\",\"position\":1,\"name\":\"Home\",\"item\":\"https:\\\/\\\/www.deinadieu.ch\\\/fr\\\/deinadieu-dialog-und-serviceportal-zum-lebensende\\\/\"},{\"@type\":\"ListItem\",\"position\":2,\"name\":\"Qu&#8217;est-ce que DeinAdieu?\",\"item\":\"https:\\\/\\\/www.deinadieu.ch\\\/fr\\\/quest-ce-que-deinadieu\\\/\"},{\"@type\":\"ListItem\",\"position\":3,\"name\":\"Vision\"}]},{\"@type\":\"WebSite\",\"@id\":\"https:\\\/\\\/www.deinadieu.ch\\\/fr\\\/#website\",\"url\":\"https:\\\/\\\/www.deinadieu.ch\\\/fr\\\/\",\"name\":\"DeinAdieu.ch\",\"description\":\"Testament, Patientenverf\u00fcgung und Vorsorgeauftrag\",\"publisher\":{\"@id\":\"https:\\\/\\\/www.deinadieu.ch\\\/fr\\\/#organization\"},\"potentialAction\":[{\"@type\":\"SearchAction\",\"target\":{\"@type\":\"EntryPoint\",\"urlTemplate\":\"https:\\\/\\\/www.deinadieu.ch\\\/fr\\\/?s={search_term_string}\"},\"query-input\":{\"@type\":\"PropertyValueSpecification\",\"valueRequired\":true,\"valueName\":\"search_term_string\"}}],\"inLanguage\":\"fr-FR\"},{\"@type\":\"Organization\",\"@id\":\"https:\\\/\\\/www.deinadieu.ch\\\/fr\\\/#organization\",\"name\":\"EMNA Web GmbH\",\"url\":\"https:\\\/\\\/www.deinadieu.ch\\\/fr\\\/\",\"logo\":{\"@type\":\"ImageObject\",\"inLanguage\":\"fr-FR\",\"@id\":\"https:\\\/\\\/www.deinadieu.ch\\\/fr\\\/#\\\/schema\\\/logo\\\/image\\\/\",\"url\":\"https:\\\/\\\/www.deinadieu.ch\\\/wp-content\\\/uploads\\\/2016\\\/01\\\/DeinAdieu_Logo.png\",\"contentUrl\":\"https:\\\/\\\/www.deinadieu.ch\\\/wp-content\\\/uploads\\\/2016\\\/01\\\/DeinAdieu_Logo.png\",\"width\":300,\"height\":117,\"caption\":\"EMNA Web GmbH\"},\"image\":{\"@id\":\"https:\\\/\\\/www.deinadieu.ch\\\/fr\\\/#\\\/schema\\\/logo\\\/image\\\/\"},\"sameAs\":[\"https:\\\/\\\/www.facebook.com\\\/deinadieu\",\"https:\\\/\\\/x.com\\\/DeinAdieu\",\"https:\\\/\\\/www.instagram.com\\\/deinadieu\\\/\",\"https:\\\/\\\/www.linkedin.com\\\/company\\\/deinadieu.ch\"]}]}<\/script>","yoast_head_json":{"title":"La vision de DeinAdieu | DeinAdieu","description":"Outre l'autod\u00e9termination en fin de vie, notre objectif est qu'un franc sur vingt qui est transmis pour cause de mort revienne \u00e0 une \u0153uvre d'utilit\u00e9 publique.","robots":{"index":"index","follow":"follow","max-snippet":"max-snippet:-1","max-image-preview":"max-image-preview:large","max-video-preview":"max-video-preview:-1"},"canonical":"https:\/\/www.deinadieu.ch\/fr\/quest-ce-que-deinadieu\/vision\/","og_locale":"fr_FR","og_type":"article","og_title":"Vision","og_description":"Autod\u00e9termination en fin de vie \u2013 Possibilit\u00e9s de faire un testament Avant, tout \u00e9tait diff\u00e9rent. Les \u00e9glises et les normes sociales d\u00e9terminaient","og_url":"https:\/\/www.deinadieu.ch\/fr\/quest-ce-que-deinadieu\/vision\/","og_site_name":"DeinAdieu.ch","article_publisher":"https:\/\/www.facebook.com\/deinadieu","article_modified_time":"2022-08-24T08:47:29+00:00","og_image":[{"width":2560,"height":1429,"url":"https:\/\/static.deinadieu.ch\/uploads\/2020\/09\/nicolas-cool-SpNbLsJuuYQ-unsplash-scaled-e1600094619793.jpg","type":"image\/jpeg"}],"twitter_card":"summary_large_image","twitter_site":"@DeinAdieu","twitter_misc":{"Est. reading time":"3 minutes"},"schema":{"@context":"https:\/\/schema.org","@graph":[{"@type":"WebPage","@id":"https:\/\/www.deinadieu.ch\/fr\/quest-ce-que-deinadieu\/vision\/","url":"https:\/\/www.deinadieu.ch\/fr\/quest-ce-que-deinadieu\/vision\/","name":"La vision de DeinAdieu | DeinAdieu","isPartOf":{"@id":"https:\/\/www.deinadieu.ch\/fr\/#website"},"primaryImageOfPage":{"@id":"https:\/\/www.deinadieu.ch\/fr\/quest-ce-que-deinadieu\/vision\/#primaryimage"},"image":{"@id":"https:\/\/www.deinadieu.ch\/fr\/quest-ce-que-deinadieu\/vision\/#primaryimage"},"thumbnailUrl":"https:\/\/www.deinadieu.ch\/wp-content\/uploads\/2020\/09\/nicolas-cool-SpNbLsJuuYQ-unsplash-scaled-e1600094619793.jpg","datePublished":"2020-09-14T14:23:38+00:00","dateModified":"2022-08-24T08:47:29+00:00","description":"Outre l'autod\u00e9termination en fin de vie, notre objectif est qu'un franc sur vingt qui est transmis pour cause de mort revienne \u00e0 une \u0153uvre d'utilit\u00e9 publique.","breadcrumb":{"@id":"https:\/\/www.deinadieu.ch\/fr\/quest-ce-que-deinadieu\/vision\/#breadcrumb"},"inLanguage":"fr-FR","potentialAction":[{"@type":"ReadAction","target":["https:\/\/www.deinadieu.ch\/fr\/quest-ce-que-deinadieu\/vision\/"]}]},{"@type":"ImageObject","inLanguage":"fr-FR","@id":"https:\/\/www.deinadieu.ch\/fr\/quest-ce-que-deinadieu\/vision\/#primaryimage","url":"https:\/\/www.deinadieu.ch\/wp-content\/uploads\/2020\/09\/nicolas-cool-SpNbLsJuuYQ-unsplash-scaled-e1600094619793.jpg","contentUrl":"https:\/\/www.deinadieu.ch\/wp-content\/uploads\/2020\/09\/nicolas-cool-SpNbLsJuuYQ-unsplash-scaled-e1600094619793.jpg","width":2560,"height":1429},{"@type":"BreadcrumbList","@id":"https:\/\/www.deinadieu.ch\/fr\/quest-ce-que-deinadieu\/vision\/#breadcrumb","itemListElement":[{"@type":"ListItem","position":1,"name":"Home","item":"https:\/\/www.deinadieu.ch\/fr\/deinadieu-dialog-und-serviceportal-zum-lebensende\/"},{"@type":"ListItem","position":2,"name":"Qu&#8217;est-ce que DeinAdieu?","item":"https:\/\/www.deinadieu.ch\/fr\/quest-ce-que-deinadieu\/"},{"@type":"ListItem","position":3,"name":"Vision"}]},{"@type":"WebSite","@id":"https:\/\/www.deinadieu.ch\/fr\/#website","url":"https:\/\/www.deinadieu.ch\/fr\/","name":"DeinAdieu.ch","description":"Testament, Patientenverf\u00fcgung und Vorsorgeauftrag","publisher":{"@id":"https:\/\/www.deinadieu.ch\/fr\/#organization"},"potentialAction":[{"@type":"SearchAction","target":{"@type":"EntryPoint","urlTemplate":"https:\/\/www.deinadieu.ch\/fr\/?s={search_term_string}"},"query-input":{"@type":"PropertyValueSpecification","valueRequired":true,"valueName":"search_term_string"}}],"inLanguage":"fr-FR"},{"@type":"Organization","@id":"https:\/\/www.deinadieu.ch\/fr\/#organization","name":"EMNA Web GmbH","url":"https:\/\/www.deinadieu.ch\/fr\/","logo":{"@type":"ImageObject","inLanguage":"fr-FR","@id":"https:\/\/www.deinadieu.ch\/fr\/#\/schema\/logo\/image\/","url":"https:\/\/www.deinadieu.ch\/wp-content\/uploads\/2016\/01\/DeinAdieu_Logo.png","contentUrl":"https:\/\/www.deinadieu.ch\/wp-content\/uploads\/2016\/01\/DeinAdieu_Logo.png","width":300,"height":117,"caption":"EMNA Web GmbH"},"image":{"@id":"https:\/\/www.deinadieu.ch\/fr\/#\/schema\/logo\/image\/"},"sameAs":["https:\/\/www.facebook.com\/deinadieu","https:\/\/x.com\/DeinAdieu","https:\/\/www.instagram.com\/deinadieu\/","https:\/\/www.linkedin.com\/company\/deinadieu.ch"]}]}},"_links":{"self":[{"href":"https:\/\/www.deinadieu.ch\/fr\/wp-json\/wp\/v2\/pages\/25705","targetHints":{"allow":["GET"]}}],"collection":[{"href":"https:\/\/www.deinadieu.ch\/fr\/wp-json\/wp\/v2\/pages"}],"about":[{"href":"https:\/\/www.deinadieu.ch\/fr\/wp-json\/wp\/v2\/types\/page"}],"author":[{"embeddable":true,"href":"https:\/\/www.deinadieu.ch\/fr\/wp-json\/wp\/v2\/users\/6026"}],"replies":[{"embeddable":true,"href":"https:\/\/www.deinadieu.ch\/fr\/wp-json\/wp\/v2\/comments?post=25705"}],"version-history":[{"count":13,"href":"https:\/\/www.deinadieu.ch\/fr\/wp-json\/wp\/v2\/pages\/25705\/revisions"}],"predecessor-version":[{"id":59955,"href":"https:\/\/www.deinadieu.ch\/fr\/wp-json\/wp\/v2\/pages\/25705\/revisions\/59955"}],"up":[{"embeddable":true,"href":"https:\/\/www.deinadieu.ch\/fr\/wp-json\/wp\/v2\/pages\/25719"}],"wp:featuredmedia":[{"embeddable":true,"href":"https:\/\/www.deinadieu.ch\/fr\/wp-json\/wp\/v2\/media\/23882"}],"wp:attachment":[{"href":"https:\/\/www.deinadieu.ch\/fr\/wp-json\/wp\/v2\/media?parent=25705"}],"curies":[{"name":"wp","href":"https:\/\/api.w.org\/{rel}","templated":true}]}}