{"id":68342,"date":"2024-06-25T07:30:00","date_gmt":"2024-06-25T05:30:00","guid":{"rendered":"https:\/\/www.deinadieu.ch\/faq\/puis-je-transmettre-ma-plaque-dimmatriculation-pour-cause-de-mort\/"},"modified":"2024-09-17T15:36:53","modified_gmt":"2024-09-17T13:36:53","slug":"puis-je-transmettre-ma-plaque-dimmatriculation-pour-cause-de-mort","status":"publish","type":"da_faq","link":"https:\/\/www.deinadieu.ch\/fr\/faq\/puis-je-transmettre-ma-plaque-dimmatriculation-pour-cause-de-mort\/","title":{"rendered":"Puis-je transmettre ma plaque d&#8217;immatriculation pour cause de mort ?"},"content":{"rendered":"\n<p>Dans le canton de Saint-Gall, les plaques d&#8217;immatriculation de un \u00e0 quatre chiffres ne peuvent \u00eatre transmises pour cause de mort qu&#8217;en ligne directe. Par exemple, si la grand-m\u00e8re d\u00e9c\u00e8de, sa voiture est transf\u00e9r\u00e9e \u00e0 sa fille, puis \u00e0 son petit-enfant. Ainsi, la plaque d&#8217;immatriculation est transmise deux fois en ligne directe et le petit-enfant peut reprendre le num\u00e9ro. Qu&#8217;en est-il dans les autres cantons ?<\/p>\n\n<!--more-->\n\n<p>En droit suisse de la circulation routi\u00e8re, comme dans de nombreux autres domaines juridiques, il convient de distinguer les comp\u00e9tences f\u00e9d\u00e9rales des comp\u00e9tences cantonales : alors que la loi sur la circulation routi\u00e8re (LCR) prescrit de mani\u00e8re uniforme au niveau f\u00e9d\u00e9ral que tous les v\u00e9hicules \u00e0 moteur doivent \u00eatre munis d&#8217;une plaque d&#8217;immatriculation, les services cantonaux des automobiles sont comp\u00e9tents pour les d\u00e9livrer. Parfois, ces derniers r\u00e9alisent des recettes suppl\u00e9mentaires pour l&#8217;administration cantonale en mettant aux ench\u00e8res des num\u00e9ros bas ou des combinaisons de chiffres particuli\u00e8res. Une fois que l&#8217;on a acquis un tel num\u00e9ro d&#8217;immatriculation, on souhaite probablement le conserver et peut-\u00eatre m\u00eame le transmettre \u00e0 un tiers.<\/p>\n\n<p>Toutes les r\u00e9glementations cantonales ont en commun le fait que l&#8217;acqu\u00e9reur n&#8217;acquiert pas la propri\u00e9t\u00e9 de la plaque d&#8217;immatriculation, mais la \u00ab loue \u00bb au service des automobiles contre un \u00e9molument (g\u00e9n\u00e9ralement unique) et doit la restituer \u00e0 la fin de la dur\u00e9e d&#8217;utilisation. L&#8217;utilisation prend en principe fin avec l&#8217;annulation de l&#8217;immatriculation du v\u00e9hicule immatricul\u00e9, \u00e0 moins qu&#8217;un nouveau v\u00e9hicule ne soit enregistr\u00e9 \u00e0 la place sur la m\u00eame plaque d&#8217;immatriculation. Le d\u00e9c\u00e8s du d\u00e9tenteur du v\u00e9hicule peut toutefois \u00e9galement \u00eatre un motif de restitution, si la plaque d&#8217;immatriculation n&#8217;est pas c\u00e9d\u00e9e \u00e0 une autre personne.<\/p>\n\n<p>Par ailleurs, les r\u00e9glementations relatives \u00e0 la possibilit\u00e9 de c\u00e9der les plaques d&#8217;immatriculation et \u00e0 ce qu&#8217;il en advient en cas de d\u00e9c\u00e8s peuvent varier consid\u00e9rablement d&#8217;un canton \u00e0 l&#8217;autre. Quelques exemples :<\/p>\n\n<ul class=\"wp-block-list\">\n<li><em>Dans le canton de Zurich, il existe un <a href=\"https:\/\/www.zh.ch\/de\/mobilitaet\/fahrzeuge-kontrollschilder\/kontrollschild-abtretung.html\" target=\"_blank\" rel=\"noreferrer noopener\">formulaire <\/a>qui ne mentionne certes pas de base juridique, mais qui dispose : \u00ab La cession d\u2019une plaque d\u2019immatriculation est en principe autoris\u00e9e entre les personnes qui ont un lien de parent\u00e9 en ligne directe (grand-p\u00e8re \u2013 p\u00e8re \u2013 enfant), entre \u00e9poux ainsi qu\u2019entre les fr\u00e8res et s\u0153urs \u00bb.<\/em><\/li>\n\n\n\n<li><em>La situation est similaire dans le canton d&#8217;<a href=\"https:\/\/www.ag.ch\/app\/aem\/forms\/getForm?form=91984ce7bd0a7f5a976f0530ae0e300b&amp;mode=prod\" target=\"_blank\" rel=\"noreferrer noopener\">Argovie<\/a> ou \u00e0 <a href=\"https:\/\/www.ge.ch\/document\/5072\/telecharger\" target=\"_blank\" rel=\"noreferrer noopener\">Gen\u00e8ve<\/a>.<\/em><\/li>\n\n\n\n<li><em>L&#8217;<a href=\"https:\/\/www.lexfind.ch\/tolv\/71912\/de\" target=\"_blank\" rel=\"noreferrer noopener\">ordonnance cantonale saint-galloise d&#8217;application de la loi f\u00e9d\u00e9rale sur la circulation routi\u00e8re<\/a> pr\u00e9voit que le d\u00e9tenteur d&#8217;un v\u00e9hicule ne peut transmettre sa plaque d&#8217;immatriculation de un \u00e0 quatre chiffres qu&#8217;\u00e0 des parents en ligne directe, des fr\u00e8res et s\u0153urs, son\/sa conjoint.e ou son partenaire. Les autres plaques d&#8217;immatriculation peuvent \u00eatre c\u00e9d\u00e9es sans limite.<\/em><\/li>\n\n\n\n<li><em>L&#8217;<a href=\"https:\/\/srl.lu.ch\/app\/de\/texts_of_law\/777\" target=\"_blank\" rel=\"noreferrer noopener\">ordonnance cantonale lucernoise sur la circulation routi\u00e8re<\/a> interdit la cession, sauf entre fr\u00e8res et s\u0153urs, entre parents en ligne directe, entre conjoints et entre partenaires enregistr\u00e9s. Le service des automobiles du canton de Lucerne a en outre publi\u00e9 une \u00ab <a href=\"https:\/\/strassenverkehrsamt.lu.ch\/-\/media\/Strassenverkehrsamt\/Dokumente\/Strassenverkehr\/Fahrzeug\/I_13_09_Checkliste_bei_Todesfalldocx.pdf\" target=\"_blank\" rel=\"noreferrer noopener\">check-list pour la transmission ou le d\u00e9p\u00f4t des plaques d&#8217;immatriculation en cas de d\u00e9c\u00e8s<\/a> \u00bb qui contient de nombreuses indications utiles. Celles-ci devraient \u00eatre applicables de mani\u00e8re similaire dans d&#8217;autres cantons.<\/em><\/li>\n\n\n\n<li><em>Les <a href=\"https:\/\/www.sz.ch\/public\/upload\/assets\/31340\/Weisungen_ueber_die_Abgabe_von_Wunschschildern.pdf\" target=\"_blank\" rel=\"noreferrer noopener\">directives sur la remise des plaques choisies ainsi que sur la transmission des plaques d&#8217;immatriculation du canton de Schwyz<\/a> pr\u00e9voient \u00e9galement une transmission pour des raisons familiales.<\/em><\/li>\n\n\n\n<li><em>Dans le <a href=\"https:\/\/www.gl.ch\/verwaltung\/sicherheit-und-justiz\/justiz\/strassenverkehrsamt\/strassenverkehr\/kontrollschilder\/kontrollschild-abtretung.html\/449\" target=\"_blank\" rel=\"noreferrer noopener\">canton de Glaris<\/a>, la cession est autoris\u00e9e sans restriction.<\/em><\/li>\n<\/ul>\n\n<p>Si votre canton de domicile n&#8217;appara\u00eet pas dans cette liste, le mieux est de vous renseigner sur les r\u00e9glementations applicables aupr\u00e8s du service des automobiles comp\u00e9tent.<\/p>\n\n<p>Pour transmettre la plaque d&#8217;immatriculation, il faut normalement la signature de l&#8217;ancien d\u00e9tenteur sur un formulaire ad hoc. Vous pouvez remplir ce formulaire \u00e0 l&#8217;avance et, par exemple, le conserver avec le testament. Il sera ainsi disponible en cas de d\u00e9c\u00e8s et pourra \u00eatre remis au service des automobiles. S&#8217;il n&#8217;y a pas de formulaire pr\u00e9\u00e9tabli, en cas de d\u00e9c\u00e8s, toutes les personnes ayant droit \u00e0 la succession, conform\u00e9ment au livret de famille ou au registre des successions, doivent signer \u00e0 la place de la personne d\u00e9c\u00e9d\u00e9e. En outre, le service des automobiles peut demander des copies des documents relatifs \u00e0 la succession.<\/p>\n\n<p><strong>Ceci pourrait \u00e9galement vous int\u00e9resser :<\/strong><\/p>\n\n<ul class=\"wp-block-list\">\n<li><a href=\"https:\/\/www.deinadieu.ch\/faq\/wie-meldet-man-ein-auto-um-wenn-man-dieses-von-einer-verstorbenen-person-ubernimmt\/\">Comment changer l&#8217;immatriculation d&#8217;une voiture lorsqu&#8217;on la reprend d&#8217;une personne d\u00e9c\u00e9d\u00e9e ?<\/a><a><\/a><\/li>\n\n\n\n<li><a href=\"https:\/\/www.deinadieu.ch\/faq\/wie-wird-ein-geleastes-auto-vererbt\/\">Comment une voiture en leasing est-elle transmise pour cause de mort ?<\/a><a><\/a><\/li>\n\n\n\n<li><a href=\"https:\/\/www.deinadieu.ch\/ratgeber\/wo-erbt-man-und-welcher-kanton-ist-wofuer-massgeblich-2\/\">Quel canton est comp\u00e9tent pour quoi ?<\/a><a><\/a><\/li>\n<\/ul>\n\n<div style=\"height:40px\" aria-hidden=\"true\" class=\"wp-block-spacer\"><\/div>\n\n<div class=\"wp-block-buttons is-layout-flex wp-block-buttons-is-layout-flex\">\n<div class=\"wp-block-button\"><a class=\"wp-block-button__link wp-element-button\" href=\"https:\/\/app.deinadieu.ch\/testament\">\u00c9tablir un testament en ligne<\/a><\/div>\n<\/div>\n","protected":false},"author":4998,"parent":0,"comment_status":"open","ping_status":"closed","template":"","da_faq_categories":[1347],"class_list":["post-68342","da_faq","type-da_faq","status-publish","hentry","da_faq_categories-testament-erben"],"acf":[],"yoast_head":"<title>H\u00e9riter d&#039;une plaque d&#039;immatriculation : transmettre pour cause de mort une plaque d&#039;immatriculation en Suisse | DeinAdieu.ch<\/title>\n<meta name=\"description\" content=\"D\u00e9couvrez comment vous pouvez transmettre pour cause de mort votre plaque d&#039;immatriculation en Suisse conform\u00e9ment aux r\u00e9glementations cantonales.\" \/>\n<meta name=\"robots\" content=\"index, follow, max-snippet:-1, max-image-preview:large, max-video-preview:-1\" \/>\n<link rel=\"canonical\" href=\"https:\/\/www.deinadieu.ch\/fr\/faq\/puis-je-transmettre-ma-plaque-dimmatriculation-pour-cause-de-mort\/\" \/>\n<meta property=\"og:locale\" content=\"fr_FR\" \/>\n<meta property=\"og:type\" content=\"article\" \/>\n<meta property=\"og:title\" content=\"Puis-je transmettre ma plaque d&#039;immatriculation pour cause de mort ?\" \/>\n<meta property=\"og:description\" content=\"Dans le canton de Saint-Gall, les plaques d&#039;immatriculation de un \u00e0 quatre chiffres ne peuvent \u00eatre transmises pour cause de mort qu&#039;en ligne directe. Par\" \/>\n<meta property=\"og:url\" content=\"https:\/\/www.deinadieu.ch\/fr\/faq\/puis-je-transmettre-ma-plaque-dimmatriculation-pour-cause-de-mort\/\" \/>\n<meta property=\"og:site_name\" content=\"DeinAdieu.ch\" \/>\n<meta property=\"article:publisher\" content=\"https:\/\/www.facebook.com\/deinadieu\" \/>\n<meta property=\"article:modified_time\" content=\"2024-09-17T13:36:53+00:00\" \/>\n<meta name=\"twitter:card\" content=\"summary_large_image\" \/>\n<meta name=\"twitter:site\" content=\"@DeinAdieu\" \/>\n<meta name=\"twitter:label1\" content=\"Est. reading time\" \/>\n\t<meta name=\"twitter:data1\" content=\"4 minutes\" \/>\n<script type=\"application\/ld+json\" class=\"yoast-schema-graph\">{\"@context\":\"https:\\\/\\\/schema.org\",\"@graph\":[{\"@type\":\"WebPage\",\"@id\":\"https:\\\/\\\/www.deinadieu.ch\\\/fr\\\/faq\\\/puis-je-transmettre-ma-plaque-dimmatriculation-pour-cause-de-mort\\\/\",\"url\":\"https:\\\/\\\/www.deinadieu.ch\\\/fr\\\/faq\\\/puis-je-transmettre-ma-plaque-dimmatriculation-pour-cause-de-mort\\\/\",\"name\":\"H\u00e9riter d'une plaque d'immatriculation : transmettre pour cause de mort une plaque d'immatriculation en Suisse | DeinAdieu.ch\",\"isPartOf\":{\"@id\":\"https:\\\/\\\/www.deinadieu.ch\\\/fr\\\/#website\"},\"datePublished\":\"2024-06-25T05:30:00+00:00\",\"dateModified\":\"2024-09-17T13:36:53+00:00\",\"description\":\"D\u00e9couvrez comment vous pouvez transmettre pour cause de mort votre plaque d'immatriculation en Suisse conform\u00e9ment aux r\u00e9glementations cantonales.\",\"breadcrumb\":{\"@id\":\"https:\\\/\\\/www.deinadieu.ch\\\/fr\\\/faq\\\/puis-je-transmettre-ma-plaque-dimmatriculation-pour-cause-de-mort\\\/#breadcrumb\"},\"inLanguage\":\"fr-FR\",\"potentialAction\":[{\"@type\":\"ReadAction\",\"target\":[\"https:\\\/\\\/www.deinadieu.ch\\\/fr\\\/faq\\\/puis-je-transmettre-ma-plaque-dimmatriculation-pour-cause-de-mort\\\/\"]}]},{\"@type\":\"BreadcrumbList\",\"@id\":\"https:\\\/\\\/www.deinadieu.ch\\\/fr\\\/faq\\\/puis-je-transmettre-ma-plaque-dimmatriculation-pour-cause-de-mort\\\/#breadcrumb\",\"itemListElement\":[{\"@type\":\"ListItem\",\"position\":1,\"name\":\"Home\",\"item\":\"https:\\\/\\\/www.deinadieu.ch\\\/fr\\\/deinadieu-dialog-und-serviceportal-zum-lebensende\\\/\"},{\"@type\":\"ListItem\",\"position\":2,\"name\":\"FAQ's\",\"item\":\"https:\\\/\\\/www.deinadieu.ch\\\/fr\\\/faq\\\/\"},{\"@type\":\"ListItem\",\"position\":3,\"name\":\"Puis-je transmettre ma plaque d&#8217;immatriculation pour cause de mort ?\"}]},{\"@type\":\"WebSite\",\"@id\":\"https:\\\/\\\/www.deinadieu.ch\\\/fr\\\/#website\",\"url\":\"https:\\\/\\\/www.deinadieu.ch\\\/fr\\\/\",\"name\":\"DeinAdieu.ch\",\"description\":\"Testament, Patientenverf\u00fcgung und Vorsorgeauftrag\",\"publisher\":{\"@id\":\"https:\\\/\\\/www.deinadieu.ch\\\/fr\\\/#organization\"},\"potentialAction\":[{\"@type\":\"SearchAction\",\"target\":{\"@type\":\"EntryPoint\",\"urlTemplate\":\"https:\\\/\\\/www.deinadieu.ch\\\/fr\\\/?s={search_term_string}\"},\"query-input\":{\"@type\":\"PropertyValueSpecification\",\"valueRequired\":true,\"valueName\":\"search_term_string\"}}],\"inLanguage\":\"fr-FR\"},{\"@type\":\"Organization\",\"@id\":\"https:\\\/\\\/www.deinadieu.ch\\\/fr\\\/#organization\",\"name\":\"EMNA Web GmbH\",\"url\":\"https:\\\/\\\/www.deinadieu.ch\\\/fr\\\/\",\"logo\":{\"@type\":\"ImageObject\",\"inLanguage\":\"fr-FR\",\"@id\":\"https:\\\/\\\/www.deinadieu.ch\\\/fr\\\/#\\\/schema\\\/logo\\\/image\\\/\",\"url\":\"https:\\\/\\\/www.deinadieu.ch\\\/wp-content\\\/uploads\\\/2016\\\/01\\\/DeinAdieu_Logo.png\",\"contentUrl\":\"https:\\\/\\\/www.deinadieu.ch\\\/wp-content\\\/uploads\\\/2016\\\/01\\\/DeinAdieu_Logo.png\",\"width\":300,\"height\":117,\"caption\":\"EMNA Web GmbH\"},\"image\":{\"@id\":\"https:\\\/\\\/www.deinadieu.ch\\\/fr\\\/#\\\/schema\\\/logo\\\/image\\\/\"},\"sameAs\":[\"https:\\\/\\\/www.facebook.com\\\/deinadieu\",\"https:\\\/\\\/x.com\\\/DeinAdieu\",\"https:\\\/\\\/www.instagram.com\\\/deinadieu\\\/\",\"https:\\\/\\\/www.linkedin.com\\\/company\\\/deinadieu.ch\"]}]}<\/script>","yoast_head_json":{"title":"H\u00e9riter d'une plaque d'immatriculation : transmettre pour cause de mort une plaque d'immatriculation en Suisse | DeinAdieu.ch","description":"D\u00e9couvrez comment vous pouvez transmettre pour cause de mort votre plaque d'immatriculation en Suisse conform\u00e9ment aux r\u00e9glementations cantonales.","robots":{"index":"index","follow":"follow","max-snippet":"max-snippet:-1","max-image-preview":"max-image-preview:large","max-video-preview":"max-video-preview:-1"},"canonical":"https:\/\/www.deinadieu.ch\/fr\/faq\/puis-je-transmettre-ma-plaque-dimmatriculation-pour-cause-de-mort\/","og_locale":"fr_FR","og_type":"article","og_title":"Puis-je transmettre ma plaque d'immatriculation pour cause de mort ?","og_description":"Dans le canton de Saint-Gall, les plaques d'immatriculation de un \u00e0 quatre chiffres ne peuvent \u00eatre transmises pour cause de mort qu'en ligne directe. Par","og_url":"https:\/\/www.deinadieu.ch\/fr\/faq\/puis-je-transmettre-ma-plaque-dimmatriculation-pour-cause-de-mort\/","og_site_name":"DeinAdieu.ch","article_publisher":"https:\/\/www.facebook.com\/deinadieu","article_modified_time":"2024-09-17T13:36:53+00:00","twitter_card":"summary_large_image","twitter_site":"@DeinAdieu","twitter_misc":{"Est. reading time":"4 minutes"},"schema":{"@context":"https:\/\/schema.org","@graph":[{"@type":"WebPage","@id":"https:\/\/www.deinadieu.ch\/fr\/faq\/puis-je-transmettre-ma-plaque-dimmatriculation-pour-cause-de-mort\/","url":"https:\/\/www.deinadieu.ch\/fr\/faq\/puis-je-transmettre-ma-plaque-dimmatriculation-pour-cause-de-mort\/","name":"H\u00e9riter d'une plaque d'immatriculation : transmettre pour cause de mort une plaque d'immatriculation en Suisse | DeinAdieu.ch","isPartOf":{"@id":"https:\/\/www.deinadieu.ch\/fr\/#website"},"datePublished":"2024-06-25T05:30:00+00:00","dateModified":"2024-09-17T13:36:53+00:00","description":"D\u00e9couvrez comment vous pouvez transmettre pour cause de mort votre plaque d'immatriculation en Suisse conform\u00e9ment aux r\u00e9glementations cantonales.","breadcrumb":{"@id":"https:\/\/www.deinadieu.ch\/fr\/faq\/puis-je-transmettre-ma-plaque-dimmatriculation-pour-cause-de-mort\/#breadcrumb"},"inLanguage":"fr-FR","potentialAction":[{"@type":"ReadAction","target":["https:\/\/www.deinadieu.ch\/fr\/faq\/puis-je-transmettre-ma-plaque-dimmatriculation-pour-cause-de-mort\/"]}]},{"@type":"BreadcrumbList","@id":"https:\/\/www.deinadieu.ch\/fr\/faq\/puis-je-transmettre-ma-plaque-dimmatriculation-pour-cause-de-mort\/#breadcrumb","itemListElement":[{"@type":"ListItem","position":1,"name":"Home","item":"https:\/\/www.deinadieu.ch\/fr\/deinadieu-dialog-und-serviceportal-zum-lebensende\/"},{"@type":"ListItem","position":2,"name":"FAQ's","item":"https:\/\/www.deinadieu.ch\/fr\/faq\/"},{"@type":"ListItem","position":3,"name":"Puis-je transmettre ma plaque d&#8217;immatriculation pour cause de mort ?"}]},{"@type":"WebSite","@id":"https:\/\/www.deinadieu.ch\/fr\/#website","url":"https:\/\/www.deinadieu.ch\/fr\/","name":"DeinAdieu.ch","description":"Testament, Patientenverf\u00fcgung und Vorsorgeauftrag","publisher":{"@id":"https:\/\/www.deinadieu.ch\/fr\/#organization"},"potentialAction":[{"@type":"SearchAction","target":{"@type":"EntryPoint","urlTemplate":"https:\/\/www.deinadieu.ch\/fr\/?s={search_term_string}"},"query-input":{"@type":"PropertyValueSpecification","valueRequired":true,"valueName":"search_term_string"}}],"inLanguage":"fr-FR"},{"@type":"Organization","@id":"https:\/\/www.deinadieu.ch\/fr\/#organization","name":"EMNA Web GmbH","url":"https:\/\/www.deinadieu.ch\/fr\/","logo":{"@type":"ImageObject","inLanguage":"fr-FR","@id":"https:\/\/www.deinadieu.ch\/fr\/#\/schema\/logo\/image\/","url":"https:\/\/www.deinadieu.ch\/wp-content\/uploads\/2016\/01\/DeinAdieu_Logo.png","contentUrl":"https:\/\/www.deinadieu.ch\/wp-content\/uploads\/2016\/01\/DeinAdieu_Logo.png","width":300,"height":117,"caption":"EMNA Web GmbH"},"image":{"@id":"https:\/\/www.deinadieu.ch\/fr\/#\/schema\/logo\/image\/"},"sameAs":["https:\/\/www.facebook.com\/deinadieu","https:\/\/x.com\/DeinAdieu","https:\/\/www.instagram.com\/deinadieu\/","https:\/\/www.linkedin.com\/company\/deinadieu.ch"]}]}},"_links":{"self":[{"href":"https:\/\/www.deinadieu.ch\/fr\/wp-json\/wp\/v2\/da_faq\/68342","targetHints":{"allow":["GET"]}}],"collection":[{"href":"https:\/\/www.deinadieu.ch\/fr\/wp-json\/wp\/v2\/da_faq"}],"about":[{"href":"https:\/\/www.deinadieu.ch\/fr\/wp-json\/wp\/v2\/types\/da_faq"}],"author":[{"embeddable":true,"href":"https:\/\/www.deinadieu.ch\/fr\/wp-json\/wp\/v2\/users\/4998"}],"replies":[{"embeddable":true,"href":"https:\/\/www.deinadieu.ch\/fr\/wp-json\/wp\/v2\/comments?post=68342"}],"version-history":[{"count":4,"href":"https:\/\/www.deinadieu.ch\/fr\/wp-json\/wp\/v2\/da_faq\/68342\/revisions"}],"predecessor-version":[{"id":68469,"href":"https:\/\/www.deinadieu.ch\/fr\/wp-json\/wp\/v2\/da_faq\/68342\/revisions\/68469"}],"wp:attachment":[{"href":"https:\/\/www.deinadieu.ch\/fr\/wp-json\/wp\/v2\/media?parent=68342"}],"wp:term":[{"taxonomy":"da_faq_categories","embeddable":true,"href":"https:\/\/www.deinadieu.ch\/fr\/wp-json\/wp\/v2\/da_faq_categories?post=68342"}],"curies":[{"name":"wp","href":"https:\/\/api.w.org\/{rel}","templated":true}]}}