{"id":68028,"date":"2024-07-09T07:30:00","date_gmt":"2024-07-09T05:30:00","guid":{"rendered":"https:\/\/www.deinadieu.ch\/?post_type=da_faq&#038;p=68028"},"modified":"2024-08-14T14:17:22","modified_gmt":"2024-08-14T12:17:22","slug":"qui-paie-levacuation-du-logement-apres-un-deces","status":"publish","type":"da_faq","link":"https:\/\/www.deinadieu.ch\/fr\/faq\/qui-paie-levacuation-du-logement-apres-un-deces\/","title":{"rendered":"Qui paie l&#8217;\u00e9vacuation du logement apr\u00e8s un d\u00e9c\u00e8s ?"},"content":{"rendered":"\n<p>Les h\u00e9riti\u00e8res et les h\u00e9ritiers peuvent-ils vider eux-m\u00eames le logement d&#8217;une personne d\u00e9c\u00e9d\u00e9e en examinant ses documents et en faisant l&#8217;inventaire de ses biens ou ont-ils la possibilit\u00e9 de confier cette t\u00e2che \u00e0 des entreprises sp\u00e9cialis\u00e9es ou \u00e0 des professionnels ? Qui prend g\u00e9n\u00e9ralement en charge les co\u00fbts de ces services ? Dans cette FAQ, nous r\u00e9pondons \u00e0 ces questions ainsi qu&#8217;\u00e0 d&#8217;autres questions.<\/p>\n\n<!--more-->\n\n<p>Apr\u00e8s un d\u00e9c\u00e8s, il y a beaucoup \u00e0 faire pour les proches de la personne d\u00e9c\u00e9d\u00e9e : outre les d\u00e9marches administratives et les fun\u00e9railles, <strong><a href=\"https:\/\/www.deinadieu.ch\/ratgeber\/wohnungsaufloesung-im-todesfall-wohin-mit-den-sachen\/\">vider le logement<\/a><\/strong> est souvent un sujet important. Dans de nombreux cas, les h\u00e9riti\u00e8res et h\u00e9ritiers tiennent \u00e0 <strong>s&#8217;en occuper personnellement<\/strong>. Apr\u00e8s tout, il s&#8217;agit d&#8217;une plong\u00e9e profonde dans la vie priv\u00e9e et il n&#8217;est pas rare que cela repr\u00e9sente \u00e9galement une forme d&#8217;adieu.<\/p>\n\n<p>Les h\u00e9ritiers ne peuvent toutefois pas toujours s&#8217;occuper eux-m\u00eames de l&#8217;\u00e9vacuation du logement, surtout s&#8217;ils travaillent ou s&#8217;ils habitent loin. Lorsque la personne d\u00e9c\u00e9d\u00e9e a v\u00e9cu longtemps dans son dernier logement ou y a laiss\u00e9 de nombreux biens, la dissolution du m\u00e9nage et l&#8217;\u00e9vacuation du logement peuvent repr\u00e9senter une <strong>t\u00e2che<\/strong> ou une <strong>charge<\/strong> \u00e9motionnelle cons\u00e9quente.<\/p>\n\n<p>Dans de tels cas, il est judicieux de faire appel aux <strong>services d&#8217;entreprises<\/strong> sp\u00e9cialis\u00e9es dans l&#8217;\u00e9vacuation de logements. Elles aident \u00e0 \u00e9vacuer le mobilier et peuvent m\u00eame en reprendre une partie ; les vendeurs d&#8217;articles d&#8217;occasion se chargent m\u00eame parfois gratuitement de l&#8217;\u00e9vacuation pour revendre ensuite les objets. Il est souvent recommand\u00e9 de <strong>comparer les prestataires<\/strong> et de <strong>visiter le logement<\/strong> \u00e0 vider avec eux ainsi que de <strong>demander des offres<\/strong>. Dans le <a href=\"https:\/\/www.deinadieu.ch\/fr\/repertoire-des-prestataires-de-services\/?partner_type=16\">r\u00e9pertoire des services<\/a> de DeinAdieu.ch, vous trouverez diff\u00e9rentes offres concernant le d\u00e9m\u00e9nagement et le nettoyage des logements.<\/p>\n\n<p>Les frais de liquidation du logement apr\u00e8s un d\u00e9c\u00e8s sont des <strong>d\u00e9penses \u00e9troitement li\u00e9es \u00e0 la succession<\/strong>. Ces frais comprennent \u00e9galement les loyers impay\u00e9s, les frais d&#8217;\u00e9vacuation du logement et les \u00e9ventuelles pr\u00e9tentions du bailleur ou de la bailleresse \u00e0 des dommages-int\u00e9r\u00eats pour usure ou dommages. Ils sont <strong>en principe support\u00e9s solidairement par la <a href=\"https:\/\/www.deinadieu.ch\/ratgeber\/hinterlassenschaft-erbschaft-nachlass-was-ist-das\/\">succession<\/a> ou la <a href=\"https:\/\/www.deinadieu.ch\/fr\/conseiller\/comment-et-quand-puis-je-dissoudre-une-communaute-hereditaire\/\">communaut\u00e9 h\u00e9r\u00e9ditaire<\/a><\/strong>. Cela signifie que chaque h\u00e9riti\u00e8re et chaque h\u00e9ritier prend en charge la part des frais qui correspond \u00e0 sa part successorale. Si par exemple le fils d&#8217;une personne d\u00e9c\u00e9d\u00e9e h\u00e9rite de 1\/3 et la fille de 2\/3, le fils paierait 1\/3 des frais d&#8217;\u00e9vacuation du logement et la fille 2\/3 de ceux-ci.<\/p>\n\n<p>Il est possible de conclure des accords qui d\u00e9rogent \u00e0 ce principe : par exemple, si la fille emm\u00e9nage dans le logement du d\u00e9funt, il peut \u00eatre justifi\u00e9 qu&#8217;elle prenne en charge, dans les rapports internes, la majeure partie ou la totalit\u00e9 des frais li\u00e9s au logement. Cependant, cela ne change rien au fait que, vis-\u00e0-vis des tiers \u2013 c\u2019est-\u00e0-dire par exemple du bailleur ou de la bailleresse ou de l\u2019entreprise charg\u00e9e de l\u2019\u00e9vacuation \u2013, tous les h\u00e9ritiers et h\u00e9riti\u00e8res <strong><a href=\"https:\/\/www.deinadieu.ch\/ratgeber\/erbe-ausschlagen\/\">r\u00e9pondent conjointement<\/a><\/strong> et peuvent \u00eatre poursuivis <strong>individuellement pour la totalit\u00e9 du montant<\/strong>. Ils doivent alors <strong>se retourner<\/strong> \u00e0 l&#8217;interne contre leurs coh\u00e9ritiers pour les montants avanc\u00e9s.<\/p>\n\n<p>Les h\u00e9riti\u00e8res et h\u00e9ritiers peuvent non seulement faire valoir des sommes d&#8217;argent \u00e0 l&#8217;encontre de la communaut\u00e9 h\u00e9r\u00e9ditaire, mais <strong>\u00e9galement des prestations de travail<\/strong> qu&#8217;ils ont personnellement fournies en rapport avec la succession. Ainsi, si les h\u00e9ritiers qui ont particip\u00e9 \u00e0 l&#8217;\u00e9vacuation du logement peuvent documenter de mani\u00e8re cr\u00e9dible le temps qu&#8217;ils y ont consacr\u00e9 et prouver un salaire conforme aux usages locaux et professionnels (p. ex. sur la base d&#8217;offres demand\u00e9es ou de conventions collectives de travail), ils ont \u00e9galement droit \u00e0 une indemnit\u00e9 correspondante.<\/p>\n\n<p><strong>Ceci pourrait \u00e9galement vous int\u00e9resser :<\/strong><\/p>\n\n<ul class=\"wp-block-list\">\n<li><a href=\"https:\/\/www.deinadieu.ch\/fr\/conseiller\/liquider-le-logement-en-cas-de-deces\/\">Liquider le logement en cas de d\u00e9c\u00e8s<\/a><\/li>\n\n\n\n<li><a href=\"https:\/\/www.deinadieu.ch\/fr\/conseiller\/liquider-le-logement-en-cas-de-deces\/\">R\u00e9siliation du contrat de bail en cas de d\u00e9c\u00e8s<\/a><\/li>\n\n\n\n<li><a href=\"https:\/\/www.deinadieu.ch\/ratgeber\/wohnungsaufloesung-im-todesfall-wohin-mit-den-sachen\/\">Liquidation du logement \u2013 Que faire des affaires ?<\/a><\/li>\n\n\n\n<li><a href=\"https:\/\/www.deinadieu.ch\/faq\/wann-darf-man-die-wohnung-einer-verstorbenen-person-raeumen\/\">Quand puis-je vider le logement d&#8217;une personne d\u00e9c\u00e9d\u00e9e ?<\/a><\/li>\n\n\n\n<li><a href=\"https:\/\/www.deinadieu.ch\/faq\/wohnungsraeumung-vor-testamentseroeffnung\/\"><\/a><a href=\"https:\/\/www.deinadieu.ch\/faq\/wohnungsraeumung-vor-testamentseroeffnung\/\">Puis-je vider l&#8217;appartement avant l&#8217;ouverture du testament ?<\/a><\/li>\n<\/ul>\n\n<div style=\"height:40px\" aria-hidden=\"true\" class=\"wp-block-spacer\"><\/div>\n\n<div class=\"wp-block-buttons is-layout-flex wp-block-buttons-is-layout-flex\">\n<div class=\"wp-block-button\"><a class=\"wp-block-button__link wp-element-button\" href=\"https:\/\/app.deinadieu.ch\/testament\">\u00c9tablir un testament en ligne<\/a><\/div>\n<\/div>\n","protected":false},"author":4998,"parent":0,"comment_status":"open","ping_status":"closed","template":"","da_faq_categories":[1384],"class_list":["post-68028","da_faq","type-da_faq","status-publish","hentry","da_faq_categories-immobilien"],"acf":[],"yoast_head":"<title>Qui paie l&#039;\u00e9vacuation du logement apr\u00e8s un d\u00e9c\u00e8s ? | DeinAdieu.ch<\/title>\n<meta name=\"description\" content=\"D\u00e9couvrez qui prend en charge les frais d&#039;\u00e9vacuation du logement apr\u00e8s un d\u00e9c\u00e8s, y compris les options pour les h\u00e9ritiers de vider le logement personnellement ou de faire appel \u00e0 des services professionnels.\" \/>\n<meta name=\"robots\" content=\"index, follow, max-snippet:-1, max-image-preview:large, max-video-preview:-1\" \/>\n<link rel=\"canonical\" href=\"https:\/\/www.deinadieu.ch\/fr\/faq\/qui-paie-levacuation-du-logement-apres-un-deces\/\" \/>\n<meta property=\"og:locale\" content=\"fr_FR\" \/>\n<meta property=\"og:type\" content=\"article\" \/>\n<meta property=\"og:title\" content=\"Qui paie l&#039;\u00e9vacuation du logement apr\u00e8s un d\u00e9c\u00e8s ?\" \/>\n<meta property=\"og:description\" content=\"Les h\u00e9riti\u00e8res et les h\u00e9ritiers peuvent-ils vider eux-m\u00eames le logement d&#039;une personne d\u00e9c\u00e9d\u00e9e en examinant ses documents et en faisant l&#039;inventaire de\" \/>\n<meta property=\"og:url\" content=\"https:\/\/www.deinadieu.ch\/fr\/faq\/qui-paie-levacuation-du-logement-apres-un-deces\/\" \/>\n<meta property=\"og:site_name\" content=\"DeinAdieu.ch\" \/>\n<meta property=\"article:publisher\" content=\"https:\/\/www.facebook.com\/deinadieu\" \/>\n<meta property=\"article:modified_time\" content=\"2024-08-14T12:17:22+00:00\" \/>\n<meta name=\"twitter:card\" content=\"summary_large_image\" \/>\n<meta name=\"twitter:site\" content=\"@DeinAdieu\" \/>\n<meta name=\"twitter:label1\" content=\"Est. reading time\" \/>\n\t<meta name=\"twitter:data1\" content=\"4 minutes\" \/>\n<script type=\"application\/ld+json\" class=\"yoast-schema-graph\">{\"@context\":\"https:\\\/\\\/schema.org\",\"@graph\":[{\"@type\":\"WebPage\",\"@id\":\"https:\\\/\\\/www.deinadieu.ch\\\/fr\\\/faq\\\/qui-paie-levacuation-du-logement-apres-un-deces\\\/\",\"url\":\"https:\\\/\\\/www.deinadieu.ch\\\/fr\\\/faq\\\/qui-paie-levacuation-du-logement-apres-un-deces\\\/\",\"name\":\"Qui paie l'\u00e9vacuation du logement apr\u00e8s un d\u00e9c\u00e8s ? | DeinAdieu.ch\",\"isPartOf\":{\"@id\":\"https:\\\/\\\/www.deinadieu.ch\\\/fr\\\/#website\"},\"datePublished\":\"2024-07-09T05:30:00+00:00\",\"dateModified\":\"2024-08-14T12:17:22+00:00\",\"description\":\"D\u00e9couvrez qui prend en charge les frais d'\u00e9vacuation du logement apr\u00e8s un d\u00e9c\u00e8s, y compris les options pour les h\u00e9ritiers de vider le logement personnellement ou de faire appel \u00e0 des services professionnels.\",\"breadcrumb\":{\"@id\":\"https:\\\/\\\/www.deinadieu.ch\\\/fr\\\/faq\\\/qui-paie-levacuation-du-logement-apres-un-deces\\\/#breadcrumb\"},\"inLanguage\":\"fr-FR\",\"potentialAction\":[{\"@type\":\"ReadAction\",\"target\":[\"https:\\\/\\\/www.deinadieu.ch\\\/fr\\\/faq\\\/qui-paie-levacuation-du-logement-apres-un-deces\\\/\"]}]},{\"@type\":\"BreadcrumbList\",\"@id\":\"https:\\\/\\\/www.deinadieu.ch\\\/fr\\\/faq\\\/qui-paie-levacuation-du-logement-apres-un-deces\\\/#breadcrumb\",\"itemListElement\":[{\"@type\":\"ListItem\",\"position\":1,\"name\":\"Home\",\"item\":\"https:\\\/\\\/www.deinadieu.ch\\\/fr\\\/deinadieu-dialog-und-serviceportal-zum-lebensende\\\/\"},{\"@type\":\"ListItem\",\"position\":2,\"name\":\"FAQ's\",\"item\":\"https:\\\/\\\/www.deinadieu.ch\\\/fr\\\/faq\\\/\"},{\"@type\":\"ListItem\",\"position\":3,\"name\":\"Qui paie l&#8217;\u00e9vacuation du logement apr\u00e8s un d\u00e9c\u00e8s ?\"}]},{\"@type\":\"WebSite\",\"@id\":\"https:\\\/\\\/www.deinadieu.ch\\\/fr\\\/#website\",\"url\":\"https:\\\/\\\/www.deinadieu.ch\\\/fr\\\/\",\"name\":\"DeinAdieu.ch\",\"description\":\"Testament, Patientenverf\u00fcgung und Vorsorgeauftrag\",\"publisher\":{\"@id\":\"https:\\\/\\\/www.deinadieu.ch\\\/fr\\\/#organization\"},\"potentialAction\":[{\"@type\":\"SearchAction\",\"target\":{\"@type\":\"EntryPoint\",\"urlTemplate\":\"https:\\\/\\\/www.deinadieu.ch\\\/fr\\\/?s={search_term_string}\"},\"query-input\":{\"@type\":\"PropertyValueSpecification\",\"valueRequired\":true,\"valueName\":\"search_term_string\"}}],\"inLanguage\":\"fr-FR\"},{\"@type\":\"Organization\",\"@id\":\"https:\\\/\\\/www.deinadieu.ch\\\/fr\\\/#organization\",\"name\":\"EMNA Web GmbH\",\"url\":\"https:\\\/\\\/www.deinadieu.ch\\\/fr\\\/\",\"logo\":{\"@type\":\"ImageObject\",\"inLanguage\":\"fr-FR\",\"@id\":\"https:\\\/\\\/www.deinadieu.ch\\\/fr\\\/#\\\/schema\\\/logo\\\/image\\\/\",\"url\":\"https:\\\/\\\/www.deinadieu.ch\\\/wp-content\\\/uploads\\\/2016\\\/01\\\/DeinAdieu_Logo.png\",\"contentUrl\":\"https:\\\/\\\/www.deinadieu.ch\\\/wp-content\\\/uploads\\\/2016\\\/01\\\/DeinAdieu_Logo.png\",\"width\":300,\"height\":117,\"caption\":\"EMNA Web GmbH\"},\"image\":{\"@id\":\"https:\\\/\\\/www.deinadieu.ch\\\/fr\\\/#\\\/schema\\\/logo\\\/image\\\/\"},\"sameAs\":[\"https:\\\/\\\/www.facebook.com\\\/deinadieu\",\"https:\\\/\\\/x.com\\\/DeinAdieu\",\"https:\\\/\\\/www.instagram.com\\\/deinadieu\\\/\",\"https:\\\/\\\/www.linkedin.com\\\/company\\\/deinadieu.ch\"]}]}<\/script>","yoast_head_json":{"title":"Qui paie l'\u00e9vacuation du logement apr\u00e8s un d\u00e9c\u00e8s ? | DeinAdieu.ch","description":"D\u00e9couvrez qui prend en charge les frais d'\u00e9vacuation du logement apr\u00e8s un d\u00e9c\u00e8s, y compris les options pour les h\u00e9ritiers de vider le logement personnellement ou de faire appel \u00e0 des services professionnels.","robots":{"index":"index","follow":"follow","max-snippet":"max-snippet:-1","max-image-preview":"max-image-preview:large","max-video-preview":"max-video-preview:-1"},"canonical":"https:\/\/www.deinadieu.ch\/fr\/faq\/qui-paie-levacuation-du-logement-apres-un-deces\/","og_locale":"fr_FR","og_type":"article","og_title":"Qui paie l'\u00e9vacuation du logement apr\u00e8s un d\u00e9c\u00e8s ?","og_description":"Les h\u00e9riti\u00e8res et les h\u00e9ritiers peuvent-ils vider eux-m\u00eames le logement d'une personne d\u00e9c\u00e9d\u00e9e en examinant ses documents et en faisant l'inventaire de","og_url":"https:\/\/www.deinadieu.ch\/fr\/faq\/qui-paie-levacuation-du-logement-apres-un-deces\/","og_site_name":"DeinAdieu.ch","article_publisher":"https:\/\/www.facebook.com\/deinadieu","article_modified_time":"2024-08-14T12:17:22+00:00","twitter_card":"summary_large_image","twitter_site":"@DeinAdieu","twitter_misc":{"Est. reading time":"4 minutes"},"schema":{"@context":"https:\/\/schema.org","@graph":[{"@type":"WebPage","@id":"https:\/\/www.deinadieu.ch\/fr\/faq\/qui-paie-levacuation-du-logement-apres-un-deces\/","url":"https:\/\/www.deinadieu.ch\/fr\/faq\/qui-paie-levacuation-du-logement-apres-un-deces\/","name":"Qui paie l'\u00e9vacuation du logement apr\u00e8s un d\u00e9c\u00e8s ? | DeinAdieu.ch","isPartOf":{"@id":"https:\/\/www.deinadieu.ch\/fr\/#website"},"datePublished":"2024-07-09T05:30:00+00:00","dateModified":"2024-08-14T12:17:22+00:00","description":"D\u00e9couvrez qui prend en charge les frais d'\u00e9vacuation du logement apr\u00e8s un d\u00e9c\u00e8s, y compris les options pour les h\u00e9ritiers de vider le logement personnellement ou de faire appel \u00e0 des services professionnels.","breadcrumb":{"@id":"https:\/\/www.deinadieu.ch\/fr\/faq\/qui-paie-levacuation-du-logement-apres-un-deces\/#breadcrumb"},"inLanguage":"fr-FR","potentialAction":[{"@type":"ReadAction","target":["https:\/\/www.deinadieu.ch\/fr\/faq\/qui-paie-levacuation-du-logement-apres-un-deces\/"]}]},{"@type":"BreadcrumbList","@id":"https:\/\/www.deinadieu.ch\/fr\/faq\/qui-paie-levacuation-du-logement-apres-un-deces\/#breadcrumb","itemListElement":[{"@type":"ListItem","position":1,"name":"Home","item":"https:\/\/www.deinadieu.ch\/fr\/deinadieu-dialog-und-serviceportal-zum-lebensende\/"},{"@type":"ListItem","position":2,"name":"FAQ's","item":"https:\/\/www.deinadieu.ch\/fr\/faq\/"},{"@type":"ListItem","position":3,"name":"Qui paie l&#8217;\u00e9vacuation du logement apr\u00e8s un d\u00e9c\u00e8s ?"}]},{"@type":"WebSite","@id":"https:\/\/www.deinadieu.ch\/fr\/#website","url":"https:\/\/www.deinadieu.ch\/fr\/","name":"DeinAdieu.ch","description":"Testament, Patientenverf\u00fcgung und Vorsorgeauftrag","publisher":{"@id":"https:\/\/www.deinadieu.ch\/fr\/#organization"},"potentialAction":[{"@type":"SearchAction","target":{"@type":"EntryPoint","urlTemplate":"https:\/\/www.deinadieu.ch\/fr\/?s={search_term_string}"},"query-input":{"@type":"PropertyValueSpecification","valueRequired":true,"valueName":"search_term_string"}}],"inLanguage":"fr-FR"},{"@type":"Organization","@id":"https:\/\/www.deinadieu.ch\/fr\/#organization","name":"EMNA Web GmbH","url":"https:\/\/www.deinadieu.ch\/fr\/","logo":{"@type":"ImageObject","inLanguage":"fr-FR","@id":"https:\/\/www.deinadieu.ch\/fr\/#\/schema\/logo\/image\/","url":"https:\/\/www.deinadieu.ch\/wp-content\/uploads\/2016\/01\/DeinAdieu_Logo.png","contentUrl":"https:\/\/www.deinadieu.ch\/wp-content\/uploads\/2016\/01\/DeinAdieu_Logo.png","width":300,"height":117,"caption":"EMNA Web GmbH"},"image":{"@id":"https:\/\/www.deinadieu.ch\/fr\/#\/schema\/logo\/image\/"},"sameAs":["https:\/\/www.facebook.com\/deinadieu","https:\/\/x.com\/DeinAdieu","https:\/\/www.instagram.com\/deinadieu\/","https:\/\/www.linkedin.com\/company\/deinadieu.ch"]}]}},"_links":{"self":[{"href":"https:\/\/www.deinadieu.ch\/fr\/wp-json\/wp\/v2\/da_faq\/68028","targetHints":{"allow":["GET"]}}],"collection":[{"href":"https:\/\/www.deinadieu.ch\/fr\/wp-json\/wp\/v2\/da_faq"}],"about":[{"href":"https:\/\/www.deinadieu.ch\/fr\/wp-json\/wp\/v2\/types\/da_faq"}],"author":[{"embeddable":true,"href":"https:\/\/www.deinadieu.ch\/fr\/wp-json\/wp\/v2\/users\/4998"}],"replies":[{"embeddable":true,"href":"https:\/\/www.deinadieu.ch\/fr\/wp-json\/wp\/v2\/comments?post=68028"}],"version-history":[{"count":2,"href":"https:\/\/www.deinadieu.ch\/fr\/wp-json\/wp\/v2\/da_faq\/68028\/revisions"}],"predecessor-version":[{"id":68261,"href":"https:\/\/www.deinadieu.ch\/fr\/wp-json\/wp\/v2\/da_faq\/68028\/revisions\/68261"}],"wp:attachment":[{"href":"https:\/\/www.deinadieu.ch\/fr\/wp-json\/wp\/v2\/media?parent=68028"}],"wp:term":[{"taxonomy":"da_faq_categories","embeddable":true,"href":"https:\/\/www.deinadieu.ch\/fr\/wp-json\/wp\/v2\/da_faq_categories?post=68028"}],"curies":[{"name":"wp","href":"https:\/\/api.w.org\/{rel}","templated":true}]}}