{"id":67575,"date":"2020-12-16T15:12:23","date_gmt":"2020-12-16T14:12:23","guid":{"rendered":"https:\/\/www.deinadieu.ch\/faq\/mes-demi-freres-et-soeurs-ont-ils-droit-a-la-succession-parce-que-nous-avions-le-meme-pere\/"},"modified":"2024-04-21T20:34:13","modified_gmt":"2024-04-21T18:34:13","slug":"mes-demi-freres-et-soeurs-ont-ils-droit-a-la-succession-parce-que-nous-avions-le-meme-pere","status":"publish","type":"da_faq","link":"https:\/\/www.deinadieu.ch\/fr\/faq\/mes-demi-freres-et-soeurs-ont-ils-droit-a-la-succession-parce-que-nous-avions-le-meme-pere\/","title":{"rendered":"Mes demi-fr\u00e8res et s\u0153urs ont-ils droit \u00e0 la succession parce que nous avions le m\u00eame p\u00e8re ?"},"content":{"rendered":"\n<p>Mes parents ont divorc\u00e9 et moi et mes fr\u00e8res et s\u0153urs sommes rest\u00e9s avec ma m\u00e8re. Le p\u00e8re s&#8217;est remari\u00e9 et a eu trois enfants avec sa femme. Question : mes demi-fr\u00e8res et s\u0153urs ont-ils droit \u00e0 la succession parce que nous avions le m\u00eame p\u00e8re ?<br\/>J&#8217;ai d\u00e9pos\u00e9 le mandat pour cause d&#8217;inaptitude aupr\u00e8s de l&#8217;APEA et je souhaite y apporter des modifications. Comment dois-je proc\u00e9der ?<br\/>Je souhaite notamment instituer mes ni\u00e8ces h\u00e9riti\u00e8res. Qu&#8217;en est-il de l&#8217;imp\u00f4t sur les successions ? (ni\u00e8ces vs. fr\u00e8res)<br\/>Le testament est d\u00e9j\u00e0 d\u00e9pos\u00e9. Comment dois-je proc\u00e9der en cas d&#8217;avancement d&#8217;hoirie ? Une d\u00e9claration \u00e9crite suffit-elle ?<\/p>\n\n<!--more-->\n\n<p>Vos demi-fr\u00e8res et s\u0153urs sont \u00e9galement des h\u00e9ritiers r\u00e9servataires dans la succession de votre p\u00e8re. En revanche, les demi-fr\u00e8res et s\u0153urs n&#8217;ont pas droit \u00e0 la succession de votre m\u00e8re.<\/p>\n\n<p>Le mieux est de demander le mandat pour cause d&#8217;inaptitude \u00e0 l&#8217;APEA et d&#8217;en r\u00e9diger un nouveau (en r\u00e9voquant l&#8217;ancien) ou de formuler un avenant clair au mandat existant.<\/p>\n\n<p>Les imp\u00f4ts sur les successions sont r\u00e9glement\u00e9s au niveau cantonal. Le canton dans lequel vous avez votre domicile est d\u00e9terminant. Malheureusement, je ne le sais pas. Dans le canton de Zurich, les fr\u00e8res et s\u0153urs ont un montant exon\u00e9r\u00e9 de CHF 15&#8217;000.-. Les neveux et ni\u00e8ces ne b\u00e9n\u00e9ficient pas d&#8217;un montant exon\u00e9r\u00e9. Dans le canton de Zurich, les fr\u00e8res et s\u0153urs ont un taux d&#8217;imp\u00f4t sur les successions inf\u00e9rieur \u00e0 celui des neveux et ni\u00e8ces. Je vous recommande de faire une planification successorale et fiscale pour mettre cela en \u0153uvre de mani\u00e8re optimale.<\/p>\n\n<p>Pour le canton de Zurich, vous pouvez calculer les imp\u00f4ts sur les successions ici :<br\/><a href=\"https:\/\/www.zh.ch\/de\/steuern-finanzen\/steuern\/steuern-natuerliche-personen\/erbschafts-und-schenkungssteuer.html?calculatorId=inheritance\">https:\/\/www.zh.ch\/de\/steuern-finanzen\/steuern\/steuern-natuerliche-personen\/erbschafts-und-schenkungssteuer.html?calculatorId=inheritance<\/a><\/p>\n\n<p>Les avancements d&#8217;hoirie doivent \u00eatre rapport\u00e9s entre les h\u00e9ritiers l\u00e9gaux, \u00e0 moins que le contraire n&#8217;ait \u00e9t\u00e9 express\u00e9ment ordonn\u00e9 (dispense de rapport selon l&#8217;art. 626 al. 2 CC). Vous pouvez prendre des dispositions en ce sens dans la forme \u00e9crite simple, m\u00eame ult\u00e9rieurement, sans modifier le testament. Il est important que ces dispositions soient trouv\u00e9es plus tard par la bonne personne (p. ex. l&#8217;ex\u00e9cuteur testamentaire).<\/p>\n\n<p>En cas d&#8217;avancement d&#8217;hoirie, il faut toujours tenir compte au pr\u00e9alable de la probl\u00e9matique des r\u00e9serves h\u00e9r\u00e9ditaires. Si les avancements d&#8217;hoirie portent atteinte \u00e0 la r\u00e9serve h\u00e9r\u00e9ditaire, ils peuvent \u00eatre contest\u00e9s, en fonction des dispositions contractuelles (en particulier dans le cas de biens immobiliers ou de parts de soci\u00e9t\u00e9s), m\u00eame s&#8217;il y a une dispense de rapport.<\/p>\n\n<p><strong>Pour en savoir davantage sur le sujet<\/strong><br\/><a href=\"https:\/\/www.deinadieu.ch\/ratgeber\/ist-eine-ungleichbehandlung-von-geschwistern-erlaubt\/\" target=\"_blank\" rel=\"noreferrer noopener\">Est-il autoris\u00e9 de traiter des fr\u00e8res et s\u0153urs de mani\u00e8re in\u00e9gale ?<br\/><\/a><a href=\"https:\/\/www.deinadieu.ch\/fr\/conseiller\/transmettre-pour-cause-de-mort-correctement-dans-une-famille-recomposee\/\">Transmettre pour cause de mort et h\u00e9riter correctement dans une famille recompos\u00e9e<\/a><\/p>\n\n<div style=\"height:40px\" aria-hidden=\"true\" class=\"wp-block-spacer\"><\/div>\n\n<div class=\"wp-block-buttons is-layout-flex wp-block-buttons-is-layout-flex\">\n<div class=\"wp-block-button\"><a class=\"wp-block-button__link\" href=\"https:\/\/app.deinadieu.ch\/testamentgenerator\">R\u00e9digez votre testament ici<\/a><\/div>\n<\/div>\n","protected":false},"author":4998,"parent":0,"comment_status":"open","ping_status":"closed","template":"","da_faq_categories":[1314],"class_list":["post-67575","da_faq","type-da_faq","status-publish","hentry","da_faq_categories-erben"],"acf":[],"yoast_head":"<title>Droit des successions : les demi-fr\u00e8res et s\u0153urs ont-ils les m\u00eames droits ? | DeinAdieu<\/title>\n<meta name=\"description\" content=\"\u00ab Mes parents ont divorc\u00e9 et moi et mes fr\u00e8res et s\u0153urs sommes rest\u00e9s avec ma m\u00e8re. Le p\u00e8re s&#039;est remari\u00e9 et a eu trois enfants avec sa femme. Question : mes demi-fr\u00e8res et s\u0153urs ont-ils droit \u00e0 la succession parce que nous avions le m\u00eame p\u00e8re ? \u00bb\" \/>\n<meta name=\"robots\" content=\"index, follow, max-snippet:-1, max-image-preview:large, max-video-preview:-1\" \/>\n<link rel=\"canonical\" href=\"https:\/\/www.deinadieu.ch\/fr\/faq\/mes-demi-freres-et-soeurs-ont-ils-droit-a-la-succession-parce-que-nous-avions-le-meme-pere\/\" \/>\n<meta property=\"og:locale\" content=\"fr_FR\" \/>\n<meta property=\"og:type\" content=\"article\" \/>\n<meta property=\"og:title\" content=\"Mes demi-fr\u00e8res et s\u0153urs ont-ils droit \u00e0 la succession parce que nous avions le m\u00eame p\u00e8re ?\" \/>\n<meta property=\"og:description\" content=\"Mes parents ont divorc\u00e9 et moi et mes fr\u00e8res et s\u0153urs sommes rest\u00e9s avec ma m\u00e8re. Le p\u00e8re s&#039;est remari\u00e9 et a eu trois enfants avec sa femme. Question :\" \/>\n<meta property=\"og:url\" content=\"https:\/\/www.deinadieu.ch\/fr\/faq\/mes-demi-freres-et-soeurs-ont-ils-droit-a-la-succession-parce-que-nous-avions-le-meme-pere\/\" \/>\n<meta property=\"og:site_name\" content=\"DeinAdieu.ch\" \/>\n<meta property=\"article:publisher\" content=\"https:\/\/www.facebook.com\/deinadieu\" \/>\n<meta property=\"article:modified_time\" content=\"2024-04-21T18:34:13+00:00\" \/>\n<meta name=\"twitter:card\" content=\"summary_large_image\" \/>\n<meta name=\"twitter:site\" content=\"@DeinAdieu\" \/>\n<meta name=\"twitter:label1\" content=\"Est. reading time\" \/>\n\t<meta name=\"twitter:data1\" content=\"3 minutes\" \/>\n<script type=\"application\/ld+json\" class=\"yoast-schema-graph\">{\"@context\":\"https:\\\/\\\/schema.org\",\"@graph\":[{\"@type\":\"WebPage\",\"@id\":\"https:\\\/\\\/www.deinadieu.ch\\\/fr\\\/faq\\\/mes-demi-freres-et-soeurs-ont-ils-droit-a-la-succession-parce-que-nous-avions-le-meme-pere\\\/\",\"url\":\"https:\\\/\\\/www.deinadieu.ch\\\/fr\\\/faq\\\/mes-demi-freres-et-soeurs-ont-ils-droit-a-la-succession-parce-que-nous-avions-le-meme-pere\\\/\",\"name\":\"Droit des successions : les demi-fr\u00e8res et s\u0153urs ont-ils les m\u00eames droits ? | DeinAdieu\",\"isPartOf\":{\"@id\":\"https:\\\/\\\/www.deinadieu.ch\\\/fr\\\/#website\"},\"datePublished\":\"2020-12-16T14:12:23+00:00\",\"dateModified\":\"2024-04-21T18:34:13+00:00\",\"description\":\"\u00ab Mes parents ont divorc\u00e9 et moi et mes fr\u00e8res et s\u0153urs sommes rest\u00e9s avec ma m\u00e8re. Le p\u00e8re s'est remari\u00e9 et a eu trois enfants avec sa femme. Question : mes demi-fr\u00e8res et s\u0153urs ont-ils droit \u00e0 la succession parce que nous avions le m\u00eame p\u00e8re ? \u00bb\",\"breadcrumb\":{\"@id\":\"https:\\\/\\\/www.deinadieu.ch\\\/fr\\\/faq\\\/mes-demi-freres-et-soeurs-ont-ils-droit-a-la-succession-parce-que-nous-avions-le-meme-pere\\\/#breadcrumb\"},\"inLanguage\":\"fr-FR\",\"potentialAction\":[{\"@type\":\"ReadAction\",\"target\":[\"https:\\\/\\\/www.deinadieu.ch\\\/fr\\\/faq\\\/mes-demi-freres-et-soeurs-ont-ils-droit-a-la-succession-parce-que-nous-avions-le-meme-pere\\\/\"]}]},{\"@type\":\"BreadcrumbList\",\"@id\":\"https:\\\/\\\/www.deinadieu.ch\\\/fr\\\/faq\\\/mes-demi-freres-et-soeurs-ont-ils-droit-a-la-succession-parce-que-nous-avions-le-meme-pere\\\/#breadcrumb\",\"itemListElement\":[{\"@type\":\"ListItem\",\"position\":1,\"name\":\"Home\",\"item\":\"https:\\\/\\\/www.deinadieu.ch\\\/fr\\\/deinadieu-dialog-und-serviceportal-zum-lebensende\\\/\"},{\"@type\":\"ListItem\",\"position\":2,\"name\":\"FAQ's\",\"item\":\"https:\\\/\\\/www.deinadieu.ch\\\/fr\\\/faq\\\/\"},{\"@type\":\"ListItem\",\"position\":3,\"name\":\"Mes demi-fr\u00e8res et s\u0153urs ont-ils droit \u00e0 la succession parce que nous avions le m\u00eame p\u00e8re ?\"}]},{\"@type\":\"WebSite\",\"@id\":\"https:\\\/\\\/www.deinadieu.ch\\\/fr\\\/#website\",\"url\":\"https:\\\/\\\/www.deinadieu.ch\\\/fr\\\/\",\"name\":\"DeinAdieu.ch\",\"description\":\"Testament, Patientenverf\u00fcgung und Vorsorgeauftrag\",\"publisher\":{\"@id\":\"https:\\\/\\\/www.deinadieu.ch\\\/fr\\\/#organization\"},\"potentialAction\":[{\"@type\":\"SearchAction\",\"target\":{\"@type\":\"EntryPoint\",\"urlTemplate\":\"https:\\\/\\\/www.deinadieu.ch\\\/fr\\\/?s={search_term_string}\"},\"query-input\":{\"@type\":\"PropertyValueSpecification\",\"valueRequired\":true,\"valueName\":\"search_term_string\"}}],\"inLanguage\":\"fr-FR\"},{\"@type\":\"Organization\",\"@id\":\"https:\\\/\\\/www.deinadieu.ch\\\/fr\\\/#organization\",\"name\":\"EMNA Web GmbH\",\"url\":\"https:\\\/\\\/www.deinadieu.ch\\\/fr\\\/\",\"logo\":{\"@type\":\"ImageObject\",\"inLanguage\":\"fr-FR\",\"@id\":\"https:\\\/\\\/www.deinadieu.ch\\\/fr\\\/#\\\/schema\\\/logo\\\/image\\\/\",\"url\":\"https:\\\/\\\/www.deinadieu.ch\\\/wp-content\\\/uploads\\\/2016\\\/01\\\/DeinAdieu_Logo.png\",\"contentUrl\":\"https:\\\/\\\/www.deinadieu.ch\\\/wp-content\\\/uploads\\\/2016\\\/01\\\/DeinAdieu_Logo.png\",\"width\":300,\"height\":117,\"caption\":\"EMNA Web GmbH\"},\"image\":{\"@id\":\"https:\\\/\\\/www.deinadieu.ch\\\/fr\\\/#\\\/schema\\\/logo\\\/image\\\/\"},\"sameAs\":[\"https:\\\/\\\/www.facebook.com\\\/deinadieu\",\"https:\\\/\\\/x.com\\\/DeinAdieu\",\"https:\\\/\\\/www.instagram.com\\\/deinadieu\\\/\",\"https:\\\/\\\/www.linkedin.com\\\/company\\\/deinadieu.ch\"]}]}<\/script>","yoast_head_json":{"title":"Droit des successions : les demi-fr\u00e8res et s\u0153urs ont-ils les m\u00eames droits ? | DeinAdieu","description":"\u00ab Mes parents ont divorc\u00e9 et moi et mes fr\u00e8res et s\u0153urs sommes rest\u00e9s avec ma m\u00e8re. Le p\u00e8re s'est remari\u00e9 et a eu trois enfants avec sa femme. Question : mes demi-fr\u00e8res et s\u0153urs ont-ils droit \u00e0 la succession parce que nous avions le m\u00eame p\u00e8re ? \u00bb","robots":{"index":"index","follow":"follow","max-snippet":"max-snippet:-1","max-image-preview":"max-image-preview:large","max-video-preview":"max-video-preview:-1"},"canonical":"https:\/\/www.deinadieu.ch\/fr\/faq\/mes-demi-freres-et-soeurs-ont-ils-droit-a-la-succession-parce-que-nous-avions-le-meme-pere\/","og_locale":"fr_FR","og_type":"article","og_title":"Mes demi-fr\u00e8res et s\u0153urs ont-ils droit \u00e0 la succession parce que nous avions le m\u00eame p\u00e8re ?","og_description":"Mes parents ont divorc\u00e9 et moi et mes fr\u00e8res et s\u0153urs sommes rest\u00e9s avec ma m\u00e8re. Le p\u00e8re s'est remari\u00e9 et a eu trois enfants avec sa femme. Question :","og_url":"https:\/\/www.deinadieu.ch\/fr\/faq\/mes-demi-freres-et-soeurs-ont-ils-droit-a-la-succession-parce-que-nous-avions-le-meme-pere\/","og_site_name":"DeinAdieu.ch","article_publisher":"https:\/\/www.facebook.com\/deinadieu","article_modified_time":"2024-04-21T18:34:13+00:00","twitter_card":"summary_large_image","twitter_site":"@DeinAdieu","twitter_misc":{"Est. reading time":"3 minutes"},"schema":{"@context":"https:\/\/schema.org","@graph":[{"@type":"WebPage","@id":"https:\/\/www.deinadieu.ch\/fr\/faq\/mes-demi-freres-et-soeurs-ont-ils-droit-a-la-succession-parce-que-nous-avions-le-meme-pere\/","url":"https:\/\/www.deinadieu.ch\/fr\/faq\/mes-demi-freres-et-soeurs-ont-ils-droit-a-la-succession-parce-que-nous-avions-le-meme-pere\/","name":"Droit des successions : les demi-fr\u00e8res et s\u0153urs ont-ils les m\u00eames droits ? | DeinAdieu","isPartOf":{"@id":"https:\/\/www.deinadieu.ch\/fr\/#website"},"datePublished":"2020-12-16T14:12:23+00:00","dateModified":"2024-04-21T18:34:13+00:00","description":"\u00ab Mes parents ont divorc\u00e9 et moi et mes fr\u00e8res et s\u0153urs sommes rest\u00e9s avec ma m\u00e8re. Le p\u00e8re s'est remari\u00e9 et a eu trois enfants avec sa femme. Question : mes demi-fr\u00e8res et s\u0153urs ont-ils droit \u00e0 la succession parce que nous avions le m\u00eame p\u00e8re ? \u00bb","breadcrumb":{"@id":"https:\/\/www.deinadieu.ch\/fr\/faq\/mes-demi-freres-et-soeurs-ont-ils-droit-a-la-succession-parce-que-nous-avions-le-meme-pere\/#breadcrumb"},"inLanguage":"fr-FR","potentialAction":[{"@type":"ReadAction","target":["https:\/\/www.deinadieu.ch\/fr\/faq\/mes-demi-freres-et-soeurs-ont-ils-droit-a-la-succession-parce-que-nous-avions-le-meme-pere\/"]}]},{"@type":"BreadcrumbList","@id":"https:\/\/www.deinadieu.ch\/fr\/faq\/mes-demi-freres-et-soeurs-ont-ils-droit-a-la-succession-parce-que-nous-avions-le-meme-pere\/#breadcrumb","itemListElement":[{"@type":"ListItem","position":1,"name":"Home","item":"https:\/\/www.deinadieu.ch\/fr\/deinadieu-dialog-und-serviceportal-zum-lebensende\/"},{"@type":"ListItem","position":2,"name":"FAQ's","item":"https:\/\/www.deinadieu.ch\/fr\/faq\/"},{"@type":"ListItem","position":3,"name":"Mes demi-fr\u00e8res et s\u0153urs ont-ils droit \u00e0 la succession parce que nous avions le m\u00eame p\u00e8re ?"}]},{"@type":"WebSite","@id":"https:\/\/www.deinadieu.ch\/fr\/#website","url":"https:\/\/www.deinadieu.ch\/fr\/","name":"DeinAdieu.ch","description":"Testament, Patientenverf\u00fcgung und Vorsorgeauftrag","publisher":{"@id":"https:\/\/www.deinadieu.ch\/fr\/#organization"},"potentialAction":[{"@type":"SearchAction","target":{"@type":"EntryPoint","urlTemplate":"https:\/\/www.deinadieu.ch\/fr\/?s={search_term_string}"},"query-input":{"@type":"PropertyValueSpecification","valueRequired":true,"valueName":"search_term_string"}}],"inLanguage":"fr-FR"},{"@type":"Organization","@id":"https:\/\/www.deinadieu.ch\/fr\/#organization","name":"EMNA Web GmbH","url":"https:\/\/www.deinadieu.ch\/fr\/","logo":{"@type":"ImageObject","inLanguage":"fr-FR","@id":"https:\/\/www.deinadieu.ch\/fr\/#\/schema\/logo\/image\/","url":"https:\/\/www.deinadieu.ch\/wp-content\/uploads\/2016\/01\/DeinAdieu_Logo.png","contentUrl":"https:\/\/www.deinadieu.ch\/wp-content\/uploads\/2016\/01\/DeinAdieu_Logo.png","width":300,"height":117,"caption":"EMNA Web GmbH"},"image":{"@id":"https:\/\/www.deinadieu.ch\/fr\/#\/schema\/logo\/image\/"},"sameAs":["https:\/\/www.facebook.com\/deinadieu","https:\/\/x.com\/DeinAdieu","https:\/\/www.instagram.com\/deinadieu\/","https:\/\/www.linkedin.com\/company\/deinadieu.ch"]}]}},"_links":{"self":[{"href":"https:\/\/www.deinadieu.ch\/fr\/wp-json\/wp\/v2\/da_faq\/67575","targetHints":{"allow":["GET"]}}],"collection":[{"href":"https:\/\/www.deinadieu.ch\/fr\/wp-json\/wp\/v2\/da_faq"}],"about":[{"href":"https:\/\/www.deinadieu.ch\/fr\/wp-json\/wp\/v2\/types\/da_faq"}],"author":[{"embeddable":true,"href":"https:\/\/www.deinadieu.ch\/fr\/wp-json\/wp\/v2\/users\/4998"}],"replies":[{"embeddable":true,"href":"https:\/\/www.deinadieu.ch\/fr\/wp-json\/wp\/v2\/comments?post=67575"}],"version-history":[{"count":3,"href":"https:\/\/www.deinadieu.ch\/fr\/wp-json\/wp\/v2\/da_faq\/67575\/revisions"}],"predecessor-version":[{"id":67578,"href":"https:\/\/www.deinadieu.ch\/fr\/wp-json\/wp\/v2\/da_faq\/67575\/revisions\/67578"}],"wp:attachment":[{"href":"https:\/\/www.deinadieu.ch\/fr\/wp-json\/wp\/v2\/media?parent=67575"}],"wp:term":[{"taxonomy":"da_faq_categories","embeddable":true,"href":"https:\/\/www.deinadieu.ch\/fr\/wp-json\/wp\/v2\/da_faq_categories?post=67575"}],"curies":[{"name":"wp","href":"https:\/\/api.w.org\/{rel}","templated":true}]}}