{"id":67571,"date":"2019-10-31T07:50:38","date_gmt":"2019-10-31T06:50:38","guid":{"rendered":"https:\/\/www.deinadieu.ch\/faq\/que-se-passe-t-il-lorsquun-membre-dune-communaute-hereditaire-decede-qui-succede-juridiquement\/"},"modified":"2024-08-14T14:42:04","modified_gmt":"2024-08-14T12:42:04","slug":"que-se-passe-t-il-lorsquun-membre-dune-communaute-hereditaire-decede-qui-succede-juridiquement","status":"publish","type":"da_faq","link":"https:\/\/www.deinadieu.ch\/fr\/faq\/que-se-passe-t-il-lorsquun-membre-dune-communaute-hereditaire-decede-qui-succede-juridiquement\/","title":{"rendered":"Que se passe-t-il lorsqu&#8217;un membre d&#8217;une communaut\u00e9 h\u00e9r\u00e9ditaire d\u00e9c\u00e8de ? Qui succ\u00e8de juridiquement ?"},"content":{"rendered":"\n<p>Si un membre d&#8217;une communaut\u00e9 h\u00e9r\u00e9ditaire d\u00e9c\u00e8de, qui recueille la succession et succ\u00e8de juridiquement \u00e0 l&#8217;h\u00e9ritier ?<\/p>\n\n<!--more-->\n\n<p>Il peut arriver que l&#8217;un des h\u00e9ritiers d\u00e9c\u00e8de avant m\u00eame que le partage de la succession ne soit termin\u00e9. Dans ce cas, les h\u00e9riti\u00e8res et h\u00e9ritiers de l&#8217;h\u00e9ritier d\u00e9c\u00e9d\u00e9 le remplacent et reprennent ses droits et obligations en tant que membre de la <a href=\"https:\/\/www.deinadieu.ch\/fr\/conseiller\/la-communaute-hereditaire-quand-et-pourquoi\/\">communaut\u00e9 h\u00e9r\u00e9ditaire<\/a>. Il se cr\u00e9e en quelque sorte une \u00ab communaut\u00e9 h\u00e9r\u00e9ditaire dans la communaut\u00e9 h\u00e9r\u00e9ditaire \u00bb et tous les ayants droit l\u00e9gaux ou d\u00e9sign\u00e9s deviennent membres de la communaut\u00e9 h\u00e9r\u00e9ditaire initiale. La part successorale de l&#8217;h\u00e9ritier d\u00e9c\u00e9d\u00e9 est int\u00e9gr\u00e9e dans sa succession et doit \u00eatre partag\u00e9e en fonction de celle-ci. Le consentement de tous les h\u00e9ritiers demeure n\u00e9cessaire pour l&#8217;accomplissement d&#8217;actes juridiques.<\/p>\n\n<p><strong>En savoir plus<\/strong><br\/><a href=\"https:\/\/www.deinadieu.ch\/ratgeber\/erbenvertretung-fuer-erbengemeinschaften\/\">La repr\u00e9sentation des h\u00e9ritiers pour les communaut\u00e9s h\u00e9r\u00e9ditaires<\/a><br\/><a href=\"https:\/\/www.deinadieu.ch\/fr\/conseiller\/comment-se-deroule-une-succession\/\">Comment se d\u00e9roule une succession ?<\/a><br\/><a href=\"https:\/\/www.deinadieu.ch\/it\/faq\/wie-finde-ich-heraus-ob-es-eine-erbenvertretung-gibt\/\">Comment savoir s\u2019il existe une repr\u00e9sentation des h\u00e9ritiers ?<\/a><br\/><a href=\"https:\/\/www.deinadieu.ch\/faq\/muss-ich-alle-erbberechtigten-kontaktieren\/\">Qui dois-je contacter dans une communaut\u00e9 h\u00e9r\u00e9ditaire ?<\/a><br\/><\/p>\n\n<div style=\"height:40px\" aria-hidden=\"true\" class=\"wp-block-spacer\"><\/div>\n\n<div class=\"wp-block-buttons is-layout-flex wp-block-buttons-is-layout-flex\">\n<div class=\"wp-block-button\"><a class=\"wp-block-button__link wp-element-button\" href=\"https:\/\/app.deinadieu.ch\/testamentgenerator\">\u00c9tablir un testament en ligne<\/a><\/div>\n<\/div>\n","protected":false},"author":4998,"parent":0,"comment_status":"open","ping_status":"closed","template":"","da_faq_categories":[1314],"class_list":["post-67571","da_faq","type-da_faq","status-publish","hentry","da_faq_categories-erben"],"acf":[],"yoast_head":"<title>Que se passe-t-il lorsqu&#039;un membre de la communaut\u00e9 h\u00e9r\u00e9ditaire d\u00e9c\u00e8de ? | DeinAdieu<\/title>\n<meta name=\"description\" content=\"Que se passe-t-il en cas de d\u00e9c\u00e8s d&#039;un membre de la communaut\u00e9 h\u00e9r\u00e9ditaire ? Lisez ici qui recueille la succession et succ\u00e8de juridiquement \u00e0 l&#039;h\u00e9ritier.\" \/>\n<meta name=\"robots\" content=\"index, follow, max-snippet:-1, max-image-preview:large, max-video-preview:-1\" \/>\n<link rel=\"canonical\" href=\"https:\/\/www.deinadieu.ch\/fr\/faq\/que-se-passe-t-il-lorsquun-membre-dune-communaute-hereditaire-decede-qui-succede-juridiquement\/\" \/>\n<meta property=\"og:locale\" content=\"fr_FR\" \/>\n<meta property=\"og:type\" content=\"article\" \/>\n<meta property=\"og:title\" content=\"Que se passe-t-il lorsqu&#039;un membre d&#039;une communaut\u00e9 h\u00e9r\u00e9ditaire d\u00e9c\u00e8de ? Qui succ\u00e8de juridiquement ?\" \/>\n<meta property=\"og:description\" content=\"Si un membre d&#039;une communaut\u00e9 h\u00e9r\u00e9ditaire d\u00e9c\u00e8de, qui recueille la succession et succ\u00e8de juridiquement \u00e0 l&#039;h\u00e9ritier ? Il peut arriver que l&#039;un des\" \/>\n<meta property=\"og:url\" content=\"https:\/\/www.deinadieu.ch\/fr\/faq\/que-se-passe-t-il-lorsquun-membre-dune-communaute-hereditaire-decede-qui-succede-juridiquement\/\" \/>\n<meta property=\"og:site_name\" content=\"DeinAdieu.ch\" \/>\n<meta property=\"article:publisher\" content=\"https:\/\/www.facebook.com\/deinadieu\" \/>\n<meta property=\"article:modified_time\" content=\"2024-08-14T12:42:04+00:00\" \/>\n<meta name=\"twitter:card\" content=\"summary_large_image\" \/>\n<meta name=\"twitter:site\" content=\"@DeinAdieu\" \/>\n<meta name=\"twitter:label1\" content=\"Est. reading time\" \/>\n\t<meta name=\"twitter:data1\" content=\"1 minute\" \/>\n<script type=\"application\/ld+json\" class=\"yoast-schema-graph\">{\"@context\":\"https:\\\/\\\/schema.org\",\"@graph\":[{\"@type\":\"WebPage\",\"@id\":\"https:\\\/\\\/www.deinadieu.ch\\\/fr\\\/faq\\\/que-se-passe-t-il-lorsquun-membre-dune-communaute-hereditaire-decede-qui-succede-juridiquement\\\/\",\"url\":\"https:\\\/\\\/www.deinadieu.ch\\\/fr\\\/faq\\\/que-se-passe-t-il-lorsquun-membre-dune-communaute-hereditaire-decede-qui-succede-juridiquement\\\/\",\"name\":\"Que se passe-t-il lorsqu'un membre de la communaut\u00e9 h\u00e9r\u00e9ditaire d\u00e9c\u00e8de ? | DeinAdieu\",\"isPartOf\":{\"@id\":\"https:\\\/\\\/www.deinadieu.ch\\\/fr\\\/#website\"},\"datePublished\":\"2019-10-31T06:50:38+00:00\",\"dateModified\":\"2024-08-14T12:42:04+00:00\",\"description\":\"Que se passe-t-il en cas de d\u00e9c\u00e8s d'un membre de la communaut\u00e9 h\u00e9r\u00e9ditaire ? Lisez ici qui recueille la succession et succ\u00e8de juridiquement \u00e0 l'h\u00e9ritier.\",\"breadcrumb\":{\"@id\":\"https:\\\/\\\/www.deinadieu.ch\\\/fr\\\/faq\\\/que-se-passe-t-il-lorsquun-membre-dune-communaute-hereditaire-decede-qui-succede-juridiquement\\\/#breadcrumb\"},\"inLanguage\":\"fr-FR\",\"potentialAction\":[{\"@type\":\"ReadAction\",\"target\":[\"https:\\\/\\\/www.deinadieu.ch\\\/fr\\\/faq\\\/que-se-passe-t-il-lorsquun-membre-dune-communaute-hereditaire-decede-qui-succede-juridiquement\\\/\"]}]},{\"@type\":\"BreadcrumbList\",\"@id\":\"https:\\\/\\\/www.deinadieu.ch\\\/fr\\\/faq\\\/que-se-passe-t-il-lorsquun-membre-dune-communaute-hereditaire-decede-qui-succede-juridiquement\\\/#breadcrumb\",\"itemListElement\":[{\"@type\":\"ListItem\",\"position\":1,\"name\":\"Home\",\"item\":\"https:\\\/\\\/www.deinadieu.ch\\\/fr\\\/deinadieu-dialog-und-serviceportal-zum-lebensende\\\/\"},{\"@type\":\"ListItem\",\"position\":2,\"name\":\"FAQ's\",\"item\":\"https:\\\/\\\/www.deinadieu.ch\\\/fr\\\/faq\\\/\"},{\"@type\":\"ListItem\",\"position\":3,\"name\":\"Que se passe-t-il lorsqu&#8217;un membre d&#8217;une communaut\u00e9 h\u00e9r\u00e9ditaire d\u00e9c\u00e8de ? Qui succ\u00e8de juridiquement ?\"}]},{\"@type\":\"WebSite\",\"@id\":\"https:\\\/\\\/www.deinadieu.ch\\\/fr\\\/#website\",\"url\":\"https:\\\/\\\/www.deinadieu.ch\\\/fr\\\/\",\"name\":\"DeinAdieu.ch\",\"description\":\"Testament, Patientenverf\u00fcgung und Vorsorgeauftrag\",\"publisher\":{\"@id\":\"https:\\\/\\\/www.deinadieu.ch\\\/fr\\\/#organization\"},\"potentialAction\":[{\"@type\":\"SearchAction\",\"target\":{\"@type\":\"EntryPoint\",\"urlTemplate\":\"https:\\\/\\\/www.deinadieu.ch\\\/fr\\\/?s={search_term_string}\"},\"query-input\":{\"@type\":\"PropertyValueSpecification\",\"valueRequired\":true,\"valueName\":\"search_term_string\"}}],\"inLanguage\":\"fr-FR\"},{\"@type\":\"Organization\",\"@id\":\"https:\\\/\\\/www.deinadieu.ch\\\/fr\\\/#organization\",\"name\":\"EMNA Web GmbH\",\"url\":\"https:\\\/\\\/www.deinadieu.ch\\\/fr\\\/\",\"logo\":{\"@type\":\"ImageObject\",\"inLanguage\":\"fr-FR\",\"@id\":\"https:\\\/\\\/www.deinadieu.ch\\\/fr\\\/#\\\/schema\\\/logo\\\/image\\\/\",\"url\":\"https:\\\/\\\/www.deinadieu.ch\\\/wp-content\\\/uploads\\\/2016\\\/01\\\/DeinAdieu_Logo.png\",\"contentUrl\":\"https:\\\/\\\/www.deinadieu.ch\\\/wp-content\\\/uploads\\\/2016\\\/01\\\/DeinAdieu_Logo.png\",\"width\":300,\"height\":117,\"caption\":\"EMNA Web GmbH\"},\"image\":{\"@id\":\"https:\\\/\\\/www.deinadieu.ch\\\/fr\\\/#\\\/schema\\\/logo\\\/image\\\/\"},\"sameAs\":[\"https:\\\/\\\/www.facebook.com\\\/deinadieu\",\"https:\\\/\\\/x.com\\\/DeinAdieu\",\"https:\\\/\\\/www.instagram.com\\\/deinadieu\\\/\",\"https:\\\/\\\/www.linkedin.com\\\/company\\\/deinadieu.ch\"]}]}<\/script>","yoast_head_json":{"title":"Que se passe-t-il lorsqu'un membre de la communaut\u00e9 h\u00e9r\u00e9ditaire d\u00e9c\u00e8de ? | DeinAdieu","description":"Que se passe-t-il en cas de d\u00e9c\u00e8s d'un membre de la communaut\u00e9 h\u00e9r\u00e9ditaire ? Lisez ici qui recueille la succession et succ\u00e8de juridiquement \u00e0 l'h\u00e9ritier.","robots":{"index":"index","follow":"follow","max-snippet":"max-snippet:-1","max-image-preview":"max-image-preview:large","max-video-preview":"max-video-preview:-1"},"canonical":"https:\/\/www.deinadieu.ch\/fr\/faq\/que-se-passe-t-il-lorsquun-membre-dune-communaute-hereditaire-decede-qui-succede-juridiquement\/","og_locale":"fr_FR","og_type":"article","og_title":"Que se passe-t-il lorsqu'un membre d'une communaut\u00e9 h\u00e9r\u00e9ditaire d\u00e9c\u00e8de ? Qui succ\u00e8de juridiquement ?","og_description":"Si un membre d'une communaut\u00e9 h\u00e9r\u00e9ditaire d\u00e9c\u00e8de, qui recueille la succession et succ\u00e8de juridiquement \u00e0 l'h\u00e9ritier ? Il peut arriver que l'un des","og_url":"https:\/\/www.deinadieu.ch\/fr\/faq\/que-se-passe-t-il-lorsquun-membre-dune-communaute-hereditaire-decede-qui-succede-juridiquement\/","og_site_name":"DeinAdieu.ch","article_publisher":"https:\/\/www.facebook.com\/deinadieu","article_modified_time":"2024-08-14T12:42:04+00:00","twitter_card":"summary_large_image","twitter_site":"@DeinAdieu","twitter_misc":{"Est. reading time":"1 minute"},"schema":{"@context":"https:\/\/schema.org","@graph":[{"@type":"WebPage","@id":"https:\/\/www.deinadieu.ch\/fr\/faq\/que-se-passe-t-il-lorsquun-membre-dune-communaute-hereditaire-decede-qui-succede-juridiquement\/","url":"https:\/\/www.deinadieu.ch\/fr\/faq\/que-se-passe-t-il-lorsquun-membre-dune-communaute-hereditaire-decede-qui-succede-juridiquement\/","name":"Que se passe-t-il lorsqu'un membre de la communaut\u00e9 h\u00e9r\u00e9ditaire d\u00e9c\u00e8de ? | DeinAdieu","isPartOf":{"@id":"https:\/\/www.deinadieu.ch\/fr\/#website"},"datePublished":"2019-10-31T06:50:38+00:00","dateModified":"2024-08-14T12:42:04+00:00","description":"Que se passe-t-il en cas de d\u00e9c\u00e8s d'un membre de la communaut\u00e9 h\u00e9r\u00e9ditaire ? Lisez ici qui recueille la succession et succ\u00e8de juridiquement \u00e0 l'h\u00e9ritier.","breadcrumb":{"@id":"https:\/\/www.deinadieu.ch\/fr\/faq\/que-se-passe-t-il-lorsquun-membre-dune-communaute-hereditaire-decede-qui-succede-juridiquement\/#breadcrumb"},"inLanguage":"fr-FR","potentialAction":[{"@type":"ReadAction","target":["https:\/\/www.deinadieu.ch\/fr\/faq\/que-se-passe-t-il-lorsquun-membre-dune-communaute-hereditaire-decede-qui-succede-juridiquement\/"]}]},{"@type":"BreadcrumbList","@id":"https:\/\/www.deinadieu.ch\/fr\/faq\/que-se-passe-t-il-lorsquun-membre-dune-communaute-hereditaire-decede-qui-succede-juridiquement\/#breadcrumb","itemListElement":[{"@type":"ListItem","position":1,"name":"Home","item":"https:\/\/www.deinadieu.ch\/fr\/deinadieu-dialog-und-serviceportal-zum-lebensende\/"},{"@type":"ListItem","position":2,"name":"FAQ's","item":"https:\/\/www.deinadieu.ch\/fr\/faq\/"},{"@type":"ListItem","position":3,"name":"Que se passe-t-il lorsqu&#8217;un membre d&#8217;une communaut\u00e9 h\u00e9r\u00e9ditaire d\u00e9c\u00e8de ? Qui succ\u00e8de juridiquement ?"}]},{"@type":"WebSite","@id":"https:\/\/www.deinadieu.ch\/fr\/#website","url":"https:\/\/www.deinadieu.ch\/fr\/","name":"DeinAdieu.ch","description":"Testament, Patientenverf\u00fcgung und Vorsorgeauftrag","publisher":{"@id":"https:\/\/www.deinadieu.ch\/fr\/#organization"},"potentialAction":[{"@type":"SearchAction","target":{"@type":"EntryPoint","urlTemplate":"https:\/\/www.deinadieu.ch\/fr\/?s={search_term_string}"},"query-input":{"@type":"PropertyValueSpecification","valueRequired":true,"valueName":"search_term_string"}}],"inLanguage":"fr-FR"},{"@type":"Organization","@id":"https:\/\/www.deinadieu.ch\/fr\/#organization","name":"EMNA Web GmbH","url":"https:\/\/www.deinadieu.ch\/fr\/","logo":{"@type":"ImageObject","inLanguage":"fr-FR","@id":"https:\/\/www.deinadieu.ch\/fr\/#\/schema\/logo\/image\/","url":"https:\/\/www.deinadieu.ch\/wp-content\/uploads\/2016\/01\/DeinAdieu_Logo.png","contentUrl":"https:\/\/www.deinadieu.ch\/wp-content\/uploads\/2016\/01\/DeinAdieu_Logo.png","width":300,"height":117,"caption":"EMNA Web GmbH"},"image":{"@id":"https:\/\/www.deinadieu.ch\/fr\/#\/schema\/logo\/image\/"},"sameAs":["https:\/\/www.facebook.com\/deinadieu","https:\/\/x.com\/DeinAdieu","https:\/\/www.instagram.com\/deinadieu\/","https:\/\/www.linkedin.com\/company\/deinadieu.ch"]}]}},"_links":{"self":[{"href":"https:\/\/www.deinadieu.ch\/fr\/wp-json\/wp\/v2\/da_faq\/67571","targetHints":{"allow":["GET"]}}],"collection":[{"href":"https:\/\/www.deinadieu.ch\/fr\/wp-json\/wp\/v2\/da_faq"}],"about":[{"href":"https:\/\/www.deinadieu.ch\/fr\/wp-json\/wp\/v2\/types\/da_faq"}],"author":[{"embeddable":true,"href":"https:\/\/www.deinadieu.ch\/fr\/wp-json\/wp\/v2\/users\/4998"}],"replies":[{"embeddable":true,"href":"https:\/\/www.deinadieu.ch\/fr\/wp-json\/wp\/v2\/comments?post=67571"}],"version-history":[{"count":4,"href":"https:\/\/www.deinadieu.ch\/fr\/wp-json\/wp\/v2\/da_faq\/67571\/revisions"}],"predecessor-version":[{"id":68274,"href":"https:\/\/www.deinadieu.ch\/fr\/wp-json\/wp\/v2\/da_faq\/67571\/revisions\/68274"}],"wp:attachment":[{"href":"https:\/\/www.deinadieu.ch\/fr\/wp-json\/wp\/v2\/media?parent=67571"}],"wp:term":[{"taxonomy":"da_faq_categories","embeddable":true,"href":"https:\/\/www.deinadieu.ch\/fr\/wp-json\/wp\/v2\/da_faq_categories?post=67571"}],"curies":[{"name":"wp","href":"https:\/\/api.w.org\/{rel}","templated":true}]}}