{"id":67567,"date":"2019-10-30T16:08:03","date_gmt":"2019-10-30T15:08:03","guid":{"rendered":"https:\/\/www.deinadieu.ch\/faq\/lapea-intervient-elle-dans-chaque-cas-de-deces-ou-uniquement-en-presence-dun-mandat-pour-cause-dinaptitude\/"},"modified":"2024-06-24T08:29:35","modified_gmt":"2024-06-24T06:29:35","slug":"lapea-intervient-elle-dans-chaque-cas-de-deces-ou-uniquement-en-presence-dun-mandat-pour-cause-dinaptitude","status":"publish","type":"da_faq","link":"https:\/\/www.deinadieu.ch\/fr\/faq\/lapea-intervient-elle-dans-chaque-cas-de-deces-ou-uniquement-en-presence-dun-mandat-pour-cause-dinaptitude\/","title":{"rendered":"L&#8217;APEA intervient-elle dans chaque cas de d\u00e9c\u00e8s ou uniquement en pr\u00e9sence d&#8217;un mandat pour cause d&#8217;inaptitude ?"},"content":{"rendered":"\n<!--more-->\n\n<p>L&#8217;autorit\u00e9 de protection de l&#8217;enfant et de l&#8217;adulte (APEA) est une institution charg\u00e9e de prot\u00e9ger les personnes qui n&#8217;ont pas l&#8217;exercice des droits civils. Elle intervient sur saisine ou d&#8217;office lorsqu&#8217;on pr\u00e9sume l&#8217;incapacit\u00e9 de discernement d&#8217;une personne. Si cette personne a \u00e9tabli un mandat pour cause d&#8217;inaptitude, l&#8217;APEA l&#8217;examine et prend les dispositions qui y sont valablement pr\u00e9vues. <strong>En l&#8217;absence de mandat pour cause d&#8217;inaptitude, l&#8217;APEA peut n\u00e9anmoins agir dans l&#8217;int\u00e9r\u00eat et pour la protection de la personne.<\/strong> En tant qu&#8217;institution d&#8217;assistance sociale, l&#8217;APEA n&#8217;intervient en principe pas en cas de d\u00e9c\u00e8s, \u00e0 moins que la personne d\u00e9c\u00e9d\u00e9e ait d\u00e9j\u00e0 \u00e9t\u00e9 assist\u00e9e de son vivant. <\/p>\n\n<p><strong>Pour en savoir davantage sur le sujet<\/strong><br\/><a href=\"https:\/\/www.deinadieu.ch\/ratgeber\/vorsorgeauftrag-statt-kesb-massnahmen\/\">Un mandat pour cause d&#8217;inaptitude plut\u00f4t que des mesures de l&#8217;APEA ?<\/a><br\/><a href=\"https:\/\/www.deinadieu.ch\/fr\/conseiller\/quest-ce-que-lapea-peut-ou-ne-peut-pas-faire\/\">Qu&#8217;est-ce que l&#8217;APEA peut (ou ne peut pas) faire ?<\/a><\/p>\n\n<div style=\"height:40px\" aria-hidden=\"true\" class=\"wp-block-spacer\"><\/div>\n\n<div class=\"wp-block-buttons is-layout-flex wp-block-buttons-is-layout-flex\">\n<div class=\"wp-block-button\"><a class=\"wp-block-button__link wp-element-button\" href=\"https:\/\/app.deinadieu.ch\/vorsorgeauftrag\">Etablir un mandat pour cause d&#8217;inaptitude en ligne<\/a><\/div>\n<\/div>\n","protected":false},"author":4998,"parent":0,"comment_status":"open","ping_status":"closed","template":"","da_faq_categories":[1408,1316],"class_list":["post-67567","da_faq","type-da_faq","status-publish","hentry","da_faq_categories-kesb","da_faq_categories-vorsorgeauftrag"],"acf":[],"yoast_head":"<title>L&#039;APEA est-elle comp\u00e9tente pour chaque d\u00e9c\u00e8s ? Ou seulement lorsqu&#039;il y a un mandat pour cause d&#039;inaptitude ?<\/title>\n<meta name=\"description\" content=\"Pr\u00e9somption de l&#039;incapacit\u00e9 de discernement ? L&#039;autorit\u00e9 de protection de l&#039;enfant et de l&#039;adulte est une institution charg\u00e9e de prot\u00e9ger les personnes qui n&#039;ont pas l&#039;exercice des droits civils.\" \/>\n<meta name=\"robots\" content=\"index, follow, max-snippet:-1, max-image-preview:large, max-video-preview:-1\" \/>\n<link rel=\"canonical\" href=\"https:\/\/www.deinadieu.ch\/fr\/faq\/lapea-intervient-elle-dans-chaque-cas-de-deces-ou-uniquement-en-presence-dun-mandat-pour-cause-dinaptitude\/\" \/>\n<meta property=\"og:locale\" content=\"fr_FR\" \/>\n<meta property=\"og:type\" content=\"article\" \/>\n<meta property=\"og:title\" content=\"L&#039;APEA intervient-elle dans chaque cas de d\u00e9c\u00e8s ou uniquement en pr\u00e9sence d&#039;un mandat pour cause d&#039;inaptitude ?\" \/>\n<meta property=\"og:description\" content=\"L&#039;autorit\u00e9 de protection de l&#039;enfant et de l&#039;adulte (APEA) est une institution charg\u00e9e de prot\u00e9ger les personnes qui n&#039;ont pas l&#039;exercice des droits\" \/>\n<meta property=\"og:url\" content=\"https:\/\/www.deinadieu.ch\/fr\/faq\/lapea-intervient-elle-dans-chaque-cas-de-deces-ou-uniquement-en-presence-dun-mandat-pour-cause-dinaptitude\/\" \/>\n<meta property=\"og:site_name\" content=\"DeinAdieu.ch\" \/>\n<meta property=\"article:publisher\" content=\"https:\/\/www.facebook.com\/deinadieu\" \/>\n<meta property=\"article:modified_time\" content=\"2024-06-24T06:29:35+00:00\" \/>\n<meta name=\"twitter:card\" content=\"summary_large_image\" \/>\n<meta name=\"twitter:site\" content=\"@DeinAdieu\" \/>\n<meta name=\"twitter:label1\" content=\"Est. reading time\" \/>\n\t<meta name=\"twitter:data1\" content=\"1 minute\" \/>\n<script type=\"application\/ld+json\" class=\"yoast-schema-graph\">{\"@context\":\"https:\\\/\\\/schema.org\",\"@graph\":[{\"@type\":\"WebPage\",\"@id\":\"https:\\\/\\\/www.deinadieu.ch\\\/fr\\\/faq\\\/lapea-intervient-elle-dans-chaque-cas-de-deces-ou-uniquement-en-presence-dun-mandat-pour-cause-dinaptitude\\\/\",\"url\":\"https:\\\/\\\/www.deinadieu.ch\\\/fr\\\/faq\\\/lapea-intervient-elle-dans-chaque-cas-de-deces-ou-uniquement-en-presence-dun-mandat-pour-cause-dinaptitude\\\/\",\"name\":\"L'APEA est-elle comp\u00e9tente pour chaque d\u00e9c\u00e8s ? Ou seulement lorsqu'il y a un mandat pour cause d'inaptitude ?\",\"isPartOf\":{\"@id\":\"https:\\\/\\\/www.deinadieu.ch\\\/fr\\\/#website\"},\"datePublished\":\"2019-10-30T15:08:03+00:00\",\"dateModified\":\"2024-06-24T06:29:35+00:00\",\"description\":\"Pr\u00e9somption de l'incapacit\u00e9 de discernement ? L'autorit\u00e9 de protection de l'enfant et de l'adulte est une institution charg\u00e9e de prot\u00e9ger les personnes qui n'ont pas l'exercice des droits civils.\",\"breadcrumb\":{\"@id\":\"https:\\\/\\\/www.deinadieu.ch\\\/fr\\\/faq\\\/lapea-intervient-elle-dans-chaque-cas-de-deces-ou-uniquement-en-presence-dun-mandat-pour-cause-dinaptitude\\\/#breadcrumb\"},\"inLanguage\":\"fr-FR\",\"potentialAction\":[{\"@type\":\"ReadAction\",\"target\":[\"https:\\\/\\\/www.deinadieu.ch\\\/fr\\\/faq\\\/lapea-intervient-elle-dans-chaque-cas-de-deces-ou-uniquement-en-presence-dun-mandat-pour-cause-dinaptitude\\\/\"]}]},{\"@type\":\"BreadcrumbList\",\"@id\":\"https:\\\/\\\/www.deinadieu.ch\\\/fr\\\/faq\\\/lapea-intervient-elle-dans-chaque-cas-de-deces-ou-uniquement-en-presence-dun-mandat-pour-cause-dinaptitude\\\/#breadcrumb\",\"itemListElement\":[{\"@type\":\"ListItem\",\"position\":1,\"name\":\"Home\",\"item\":\"https:\\\/\\\/www.deinadieu.ch\\\/fr\\\/deinadieu-dialog-und-serviceportal-zum-lebensende\\\/\"},{\"@type\":\"ListItem\",\"position\":2,\"name\":\"FAQ's\",\"item\":\"https:\\\/\\\/www.deinadieu.ch\\\/fr\\\/faq\\\/\"},{\"@type\":\"ListItem\",\"position\":3,\"name\":\"L&#8217;APEA intervient-elle dans chaque cas de d\u00e9c\u00e8s ou uniquement en pr\u00e9sence d&#8217;un mandat pour cause d&#8217;inaptitude ?\"}]},{\"@type\":\"WebSite\",\"@id\":\"https:\\\/\\\/www.deinadieu.ch\\\/fr\\\/#website\",\"url\":\"https:\\\/\\\/www.deinadieu.ch\\\/fr\\\/\",\"name\":\"DeinAdieu.ch\",\"description\":\"Testament, Patientenverf\u00fcgung und Vorsorgeauftrag\",\"publisher\":{\"@id\":\"https:\\\/\\\/www.deinadieu.ch\\\/fr\\\/#organization\"},\"potentialAction\":[{\"@type\":\"SearchAction\",\"target\":{\"@type\":\"EntryPoint\",\"urlTemplate\":\"https:\\\/\\\/www.deinadieu.ch\\\/fr\\\/?s={search_term_string}\"},\"query-input\":{\"@type\":\"PropertyValueSpecification\",\"valueRequired\":true,\"valueName\":\"search_term_string\"}}],\"inLanguage\":\"fr-FR\"},{\"@type\":\"Organization\",\"@id\":\"https:\\\/\\\/www.deinadieu.ch\\\/fr\\\/#organization\",\"name\":\"EMNA Web GmbH\",\"url\":\"https:\\\/\\\/www.deinadieu.ch\\\/fr\\\/\",\"logo\":{\"@type\":\"ImageObject\",\"inLanguage\":\"fr-FR\",\"@id\":\"https:\\\/\\\/www.deinadieu.ch\\\/fr\\\/#\\\/schema\\\/logo\\\/image\\\/\",\"url\":\"https:\\\/\\\/www.deinadieu.ch\\\/wp-content\\\/uploads\\\/2016\\\/01\\\/DeinAdieu_Logo.png\",\"contentUrl\":\"https:\\\/\\\/www.deinadieu.ch\\\/wp-content\\\/uploads\\\/2016\\\/01\\\/DeinAdieu_Logo.png\",\"width\":300,\"height\":117,\"caption\":\"EMNA Web GmbH\"},\"image\":{\"@id\":\"https:\\\/\\\/www.deinadieu.ch\\\/fr\\\/#\\\/schema\\\/logo\\\/image\\\/\"},\"sameAs\":[\"https:\\\/\\\/www.facebook.com\\\/deinadieu\",\"https:\\\/\\\/x.com\\\/DeinAdieu\",\"https:\\\/\\\/www.instagram.com\\\/deinadieu\\\/\",\"https:\\\/\\\/www.linkedin.com\\\/company\\\/deinadieu.ch\"]}]}<\/script>","yoast_head_json":{"title":"L'APEA est-elle comp\u00e9tente pour chaque d\u00e9c\u00e8s ? Ou seulement lorsqu'il y a un mandat pour cause d'inaptitude ?","description":"Pr\u00e9somption de l'incapacit\u00e9 de discernement ? L'autorit\u00e9 de protection de l'enfant et de l'adulte est une institution charg\u00e9e de prot\u00e9ger les personnes qui n'ont pas l'exercice des droits civils.","robots":{"index":"index","follow":"follow","max-snippet":"max-snippet:-1","max-image-preview":"max-image-preview:large","max-video-preview":"max-video-preview:-1"},"canonical":"https:\/\/www.deinadieu.ch\/fr\/faq\/lapea-intervient-elle-dans-chaque-cas-de-deces-ou-uniquement-en-presence-dun-mandat-pour-cause-dinaptitude\/","og_locale":"fr_FR","og_type":"article","og_title":"L'APEA intervient-elle dans chaque cas de d\u00e9c\u00e8s ou uniquement en pr\u00e9sence d'un mandat pour cause d'inaptitude ?","og_description":"L'autorit\u00e9 de protection de l'enfant et de l'adulte (APEA) est une institution charg\u00e9e de prot\u00e9ger les personnes qui n'ont pas l'exercice des droits","og_url":"https:\/\/www.deinadieu.ch\/fr\/faq\/lapea-intervient-elle-dans-chaque-cas-de-deces-ou-uniquement-en-presence-dun-mandat-pour-cause-dinaptitude\/","og_site_name":"DeinAdieu.ch","article_publisher":"https:\/\/www.facebook.com\/deinadieu","article_modified_time":"2024-06-24T06:29:35+00:00","twitter_card":"summary_large_image","twitter_site":"@DeinAdieu","twitter_misc":{"Est. reading time":"1 minute"},"schema":{"@context":"https:\/\/schema.org","@graph":[{"@type":"WebPage","@id":"https:\/\/www.deinadieu.ch\/fr\/faq\/lapea-intervient-elle-dans-chaque-cas-de-deces-ou-uniquement-en-presence-dun-mandat-pour-cause-dinaptitude\/","url":"https:\/\/www.deinadieu.ch\/fr\/faq\/lapea-intervient-elle-dans-chaque-cas-de-deces-ou-uniquement-en-presence-dun-mandat-pour-cause-dinaptitude\/","name":"L'APEA est-elle comp\u00e9tente pour chaque d\u00e9c\u00e8s ? Ou seulement lorsqu'il y a un mandat pour cause d'inaptitude ?","isPartOf":{"@id":"https:\/\/www.deinadieu.ch\/fr\/#website"},"datePublished":"2019-10-30T15:08:03+00:00","dateModified":"2024-06-24T06:29:35+00:00","description":"Pr\u00e9somption de l'incapacit\u00e9 de discernement ? L'autorit\u00e9 de protection de l'enfant et de l'adulte est une institution charg\u00e9e de prot\u00e9ger les personnes qui n'ont pas l'exercice des droits civils.","breadcrumb":{"@id":"https:\/\/www.deinadieu.ch\/fr\/faq\/lapea-intervient-elle-dans-chaque-cas-de-deces-ou-uniquement-en-presence-dun-mandat-pour-cause-dinaptitude\/#breadcrumb"},"inLanguage":"fr-FR","potentialAction":[{"@type":"ReadAction","target":["https:\/\/www.deinadieu.ch\/fr\/faq\/lapea-intervient-elle-dans-chaque-cas-de-deces-ou-uniquement-en-presence-dun-mandat-pour-cause-dinaptitude\/"]}]},{"@type":"BreadcrumbList","@id":"https:\/\/www.deinadieu.ch\/fr\/faq\/lapea-intervient-elle-dans-chaque-cas-de-deces-ou-uniquement-en-presence-dun-mandat-pour-cause-dinaptitude\/#breadcrumb","itemListElement":[{"@type":"ListItem","position":1,"name":"Home","item":"https:\/\/www.deinadieu.ch\/fr\/deinadieu-dialog-und-serviceportal-zum-lebensende\/"},{"@type":"ListItem","position":2,"name":"FAQ's","item":"https:\/\/www.deinadieu.ch\/fr\/faq\/"},{"@type":"ListItem","position":3,"name":"L&#8217;APEA intervient-elle dans chaque cas de d\u00e9c\u00e8s ou uniquement en pr\u00e9sence d&#8217;un mandat pour cause d&#8217;inaptitude ?"}]},{"@type":"WebSite","@id":"https:\/\/www.deinadieu.ch\/fr\/#website","url":"https:\/\/www.deinadieu.ch\/fr\/","name":"DeinAdieu.ch","description":"Testament, Patientenverf\u00fcgung und Vorsorgeauftrag","publisher":{"@id":"https:\/\/www.deinadieu.ch\/fr\/#organization"},"potentialAction":[{"@type":"SearchAction","target":{"@type":"EntryPoint","urlTemplate":"https:\/\/www.deinadieu.ch\/fr\/?s={search_term_string}"},"query-input":{"@type":"PropertyValueSpecification","valueRequired":true,"valueName":"search_term_string"}}],"inLanguage":"fr-FR"},{"@type":"Organization","@id":"https:\/\/www.deinadieu.ch\/fr\/#organization","name":"EMNA Web GmbH","url":"https:\/\/www.deinadieu.ch\/fr\/","logo":{"@type":"ImageObject","inLanguage":"fr-FR","@id":"https:\/\/www.deinadieu.ch\/fr\/#\/schema\/logo\/image\/","url":"https:\/\/www.deinadieu.ch\/wp-content\/uploads\/2016\/01\/DeinAdieu_Logo.png","contentUrl":"https:\/\/www.deinadieu.ch\/wp-content\/uploads\/2016\/01\/DeinAdieu_Logo.png","width":300,"height":117,"caption":"EMNA Web GmbH"},"image":{"@id":"https:\/\/www.deinadieu.ch\/fr\/#\/schema\/logo\/image\/"},"sameAs":["https:\/\/www.facebook.com\/deinadieu","https:\/\/x.com\/DeinAdieu","https:\/\/www.instagram.com\/deinadieu\/","https:\/\/www.linkedin.com\/company\/deinadieu.ch"]}]}},"_links":{"self":[{"href":"https:\/\/www.deinadieu.ch\/fr\/wp-json\/wp\/v2\/da_faq\/67567","targetHints":{"allow":["GET"]}}],"collection":[{"href":"https:\/\/www.deinadieu.ch\/fr\/wp-json\/wp\/v2\/da_faq"}],"about":[{"href":"https:\/\/www.deinadieu.ch\/fr\/wp-json\/wp\/v2\/types\/da_faq"}],"author":[{"embeddable":true,"href":"https:\/\/www.deinadieu.ch\/fr\/wp-json\/wp\/v2\/users\/4998"}],"replies":[{"embeddable":true,"href":"https:\/\/www.deinadieu.ch\/fr\/wp-json\/wp\/v2\/comments?post=67567"}],"version-history":[{"count":4,"href":"https:\/\/www.deinadieu.ch\/fr\/wp-json\/wp\/v2\/da_faq\/67567\/revisions"}],"predecessor-version":[{"id":67979,"href":"https:\/\/www.deinadieu.ch\/fr\/wp-json\/wp\/v2\/da_faq\/67567\/revisions\/67979"}],"wp:attachment":[{"href":"https:\/\/www.deinadieu.ch\/fr\/wp-json\/wp\/v2\/media?parent=67567"}],"wp:term":[{"taxonomy":"da_faq_categories","embeddable":true,"href":"https:\/\/www.deinadieu.ch\/fr\/wp-json\/wp\/v2\/da_faq_categories?post=67567"}],"curies":[{"name":"wp","href":"https:\/\/api.w.org\/{rel}","templated":true}]}}