{"id":67542,"date":"2023-04-18T07:40:00","date_gmt":"2023-04-18T05:40:00","guid":{"rendered":"https:\/\/www.deinadieu.ch\/faq\/comment-puis-je-revoquer-une-procuration\/"},"modified":"2024-06-19T08:29:02","modified_gmt":"2024-06-19T06:29:02","slug":"comment-puis-je-revoquer-une-procuration","status":"publish","type":"da_faq","link":"https:\/\/www.deinadieu.ch\/fr\/faq\/comment-puis-je-revoquer-une-procuration\/","title":{"rendered":"Comment r\u00e9voquer une procuration ?"},"content":{"rendered":"\n<p>Je souhaite retirer une procuration d\u00e9j\u00e0 \u00e9tablie. Comment puis-je r\u00e9voquer une procuration ?<\/p>\n\n<!--more-->\n\n<p><strong>La r\u00e9vocation d&#8217;une procuration par la mandante ou le mandant est possible \u00e0 tout moment et ne doit pas \u00eatre motiv\u00e9e<\/strong>. La r\u00e9vocation n&#8217;est soumise \u00e0 aucune forme particuli\u00e8re et doit simplement \u00eatre port\u00e9e \u00e0 la connaissance du ou de la mandataire. Pour des raisons de preuve, il est toutefois conseill\u00e9 de r\u00e9diger la r\u00e9vocation par \u00e9crit. <\/p>\n\n<p>La r\u00e9vocation de la procuration peut \u00eatre <strong>totale ou partielle<\/strong>. Dans ce dernier cas, elle n&#8217;entra\u00eene qu&#8217;une limitation de la procuration. Lorsqu&#8217;une procuration a \u00e9t\u00e9 r\u00e9dig\u00e9e par \u00e9crit, le ou la mandataire est tenu.e de restituer l&#8217;acte de procuration ou de le d\u00e9poser en justice.<\/p>\n\n<p><meta charset=\"utf-8\"\/><strong>En savoir davantage sur le sujet<\/strong> :<br\/><a href=\"https:\/\/www.deinadieu.ch\/faq\/wie-kann-ich-mein-testament-widerrufen\/\">Comment puis-je r\u00e9voquer mon testament ?<\/a><br\/><a href=\"https:\/\/www.deinadieu.ch\/fr\/conseiller\/la-procuration-au-nom-et-pour-le-compte-de-tiers\/\">Qu&#8217;est-ce qu&#8217;une procuration ?<\/a><br\/><a href=\"https:\/\/www.deinadieu.ch\/ratgeber\/unterschied-vollmacht-patientenverfugung\/\">La diff\u00e9rence entre la procuration et les directives anticip\u00e9es<\/a><\/p>\n\n<div style=\"height:40px\" aria-hidden=\"true\" class=\"wp-block-spacer\"><\/div>\n\n<div class=\"wp-block-buttons is-layout-flex wp-block-buttons-is-layout-flex\">\n<div class=\"wp-block-button\"><a class=\"wp-block-button__link wp-element-button\" href=\"https:\/\/app.deinadieu.ch\/#\/patientenverfuegung\">\u00c9tablir des directives anticip\u00e9es<\/a><\/div>\n\n\n\n<div class=\"wp-block-button\"><a class=\"wp-block-button__link wp-element-button\" href=\"https:\/\/www.deinadieu.ch\/fr\/mandat-pour-cause-d-inaptitude\/\">Etablir un mandat pour cause d&#8217;inaptitude<\/a><\/div>\n<\/div>\n","protected":false},"author":4998,"parent":0,"comment_status":"open","ping_status":"closed","template":"","da_faq_categories":[1315,1316],"class_list":["post-67542","da_faq","type-da_faq","status-publish","hentry","da_faq_categories-patientenverfuegung","da_faq_categories-vorsorgeauftrag"],"acf":[],"yoast_head":"<title>Comment r\u00e9voquer une procuration ? | DeinAdieu.ch<\/title>\n<meta name=\"description\" content=\"FAQ sur le r\u00e8glement de la succession, le testament, les directives anticip\u00e9es, le mandat pour cause d&#039;inaptitude et la prise en compte d&#039;une \u0153uvre d&#039;entraide dans le testament.\" \/>\n<meta name=\"robots\" content=\"index, follow, max-snippet:-1, max-image-preview:large, max-video-preview:-1\" \/>\n<link rel=\"canonical\" href=\"https:\/\/www.deinadieu.ch\/fr\/faq\/comment-puis-je-revoquer-une-procuration\/\" \/>\n<meta property=\"og:locale\" content=\"fr_FR\" \/>\n<meta property=\"og:type\" content=\"article\" \/>\n<meta property=\"og:title\" content=\"Comment r\u00e9voquer une procuration ?\" \/>\n<meta property=\"og:description\" content=\"Je souhaite retirer une procuration d\u00e9j\u00e0 \u00e9tablie. Comment puis-je r\u00e9voquer une procuration ? La r\u00e9vocation d&#039;une procuration par la mandante ou le mandant\" \/>\n<meta property=\"og:url\" content=\"https:\/\/www.deinadieu.ch\/fr\/faq\/comment-puis-je-revoquer-une-procuration\/\" \/>\n<meta property=\"og:site_name\" content=\"DeinAdieu.ch\" \/>\n<meta property=\"article:publisher\" content=\"https:\/\/www.facebook.com\/deinadieu\" \/>\n<meta property=\"article:modified_time\" content=\"2024-06-19T06:29:02+00:00\" \/>\n<meta name=\"twitter:card\" content=\"summary_large_image\" \/>\n<meta name=\"twitter:site\" content=\"@DeinAdieu\" \/>\n<meta name=\"twitter:label1\" content=\"Est. reading time\" \/>\n\t<meta name=\"twitter:data1\" content=\"1 minute\" \/>\n<script type=\"application\/ld+json\" class=\"yoast-schema-graph\">{\"@context\":\"https:\\\/\\\/schema.org\",\"@graph\":[{\"@type\":\"WebPage\",\"@id\":\"https:\\\/\\\/www.deinadieu.ch\\\/fr\\\/faq\\\/comment-puis-je-revoquer-une-procuration\\\/\",\"url\":\"https:\\\/\\\/www.deinadieu.ch\\\/fr\\\/faq\\\/comment-puis-je-revoquer-une-procuration\\\/\",\"name\":\"Comment r\u00e9voquer une procuration ? | DeinAdieu.ch\",\"isPartOf\":{\"@id\":\"https:\\\/\\\/www.deinadieu.ch\\\/fr\\\/#website\"},\"datePublished\":\"2023-04-18T05:40:00+00:00\",\"dateModified\":\"2024-06-19T06:29:02+00:00\",\"description\":\"FAQ sur le r\u00e8glement de la succession, le testament, les directives anticip\u00e9es, le mandat pour cause d'inaptitude et la prise en compte d'une \u0153uvre d'entraide dans le testament.\",\"breadcrumb\":{\"@id\":\"https:\\\/\\\/www.deinadieu.ch\\\/fr\\\/faq\\\/comment-puis-je-revoquer-une-procuration\\\/#breadcrumb\"},\"inLanguage\":\"fr-FR\",\"potentialAction\":[{\"@type\":\"ReadAction\",\"target\":[\"https:\\\/\\\/www.deinadieu.ch\\\/fr\\\/faq\\\/comment-puis-je-revoquer-une-procuration\\\/\"]}]},{\"@type\":\"BreadcrumbList\",\"@id\":\"https:\\\/\\\/www.deinadieu.ch\\\/fr\\\/faq\\\/comment-puis-je-revoquer-une-procuration\\\/#breadcrumb\",\"itemListElement\":[{\"@type\":\"ListItem\",\"position\":1,\"name\":\"Home\",\"item\":\"https:\\\/\\\/www.deinadieu.ch\\\/fr\\\/deinadieu-dialog-und-serviceportal-zum-lebensende\\\/\"},{\"@type\":\"ListItem\",\"position\":2,\"name\":\"FAQ's\",\"item\":\"https:\\\/\\\/www.deinadieu.ch\\\/fr\\\/faq\\\/\"},{\"@type\":\"ListItem\",\"position\":3,\"name\":\"Comment r\u00e9voquer une procuration ?\"}]},{\"@type\":\"WebSite\",\"@id\":\"https:\\\/\\\/www.deinadieu.ch\\\/fr\\\/#website\",\"url\":\"https:\\\/\\\/www.deinadieu.ch\\\/fr\\\/\",\"name\":\"DeinAdieu.ch\",\"description\":\"Testament, Patientenverf\u00fcgung und Vorsorgeauftrag\",\"publisher\":{\"@id\":\"https:\\\/\\\/www.deinadieu.ch\\\/fr\\\/#organization\"},\"potentialAction\":[{\"@type\":\"SearchAction\",\"target\":{\"@type\":\"EntryPoint\",\"urlTemplate\":\"https:\\\/\\\/www.deinadieu.ch\\\/fr\\\/?s={search_term_string}\"},\"query-input\":{\"@type\":\"PropertyValueSpecification\",\"valueRequired\":true,\"valueName\":\"search_term_string\"}}],\"inLanguage\":\"fr-FR\"},{\"@type\":\"Organization\",\"@id\":\"https:\\\/\\\/www.deinadieu.ch\\\/fr\\\/#organization\",\"name\":\"EMNA Web GmbH\",\"url\":\"https:\\\/\\\/www.deinadieu.ch\\\/fr\\\/\",\"logo\":{\"@type\":\"ImageObject\",\"inLanguage\":\"fr-FR\",\"@id\":\"https:\\\/\\\/www.deinadieu.ch\\\/fr\\\/#\\\/schema\\\/logo\\\/image\\\/\",\"url\":\"https:\\\/\\\/www.deinadieu.ch\\\/wp-content\\\/uploads\\\/2016\\\/01\\\/DeinAdieu_Logo.png\",\"contentUrl\":\"https:\\\/\\\/www.deinadieu.ch\\\/wp-content\\\/uploads\\\/2016\\\/01\\\/DeinAdieu_Logo.png\",\"width\":300,\"height\":117,\"caption\":\"EMNA Web GmbH\"},\"image\":{\"@id\":\"https:\\\/\\\/www.deinadieu.ch\\\/fr\\\/#\\\/schema\\\/logo\\\/image\\\/\"},\"sameAs\":[\"https:\\\/\\\/www.facebook.com\\\/deinadieu\",\"https:\\\/\\\/x.com\\\/DeinAdieu\",\"https:\\\/\\\/www.instagram.com\\\/deinadieu\\\/\",\"https:\\\/\\\/www.linkedin.com\\\/company\\\/deinadieu.ch\"]}]}<\/script>","yoast_head_json":{"title":"Comment r\u00e9voquer une procuration ? | DeinAdieu.ch","description":"FAQ sur le r\u00e8glement de la succession, le testament, les directives anticip\u00e9es, le mandat pour cause d'inaptitude et la prise en compte d'une \u0153uvre d'entraide dans le testament.","robots":{"index":"index","follow":"follow","max-snippet":"max-snippet:-1","max-image-preview":"max-image-preview:large","max-video-preview":"max-video-preview:-1"},"canonical":"https:\/\/www.deinadieu.ch\/fr\/faq\/comment-puis-je-revoquer-une-procuration\/","og_locale":"fr_FR","og_type":"article","og_title":"Comment r\u00e9voquer une procuration ?","og_description":"Je souhaite retirer une procuration d\u00e9j\u00e0 \u00e9tablie. Comment puis-je r\u00e9voquer une procuration ? La r\u00e9vocation d'une procuration par la mandante ou le mandant","og_url":"https:\/\/www.deinadieu.ch\/fr\/faq\/comment-puis-je-revoquer-une-procuration\/","og_site_name":"DeinAdieu.ch","article_publisher":"https:\/\/www.facebook.com\/deinadieu","article_modified_time":"2024-06-19T06:29:02+00:00","twitter_card":"summary_large_image","twitter_site":"@DeinAdieu","twitter_misc":{"Est. reading time":"1 minute"},"schema":{"@context":"https:\/\/schema.org","@graph":[{"@type":"WebPage","@id":"https:\/\/www.deinadieu.ch\/fr\/faq\/comment-puis-je-revoquer-une-procuration\/","url":"https:\/\/www.deinadieu.ch\/fr\/faq\/comment-puis-je-revoquer-une-procuration\/","name":"Comment r\u00e9voquer une procuration ? | DeinAdieu.ch","isPartOf":{"@id":"https:\/\/www.deinadieu.ch\/fr\/#website"},"datePublished":"2023-04-18T05:40:00+00:00","dateModified":"2024-06-19T06:29:02+00:00","description":"FAQ sur le r\u00e8glement de la succession, le testament, les directives anticip\u00e9es, le mandat pour cause d'inaptitude et la prise en compte d'une \u0153uvre d'entraide dans le testament.","breadcrumb":{"@id":"https:\/\/www.deinadieu.ch\/fr\/faq\/comment-puis-je-revoquer-une-procuration\/#breadcrumb"},"inLanguage":"fr-FR","potentialAction":[{"@type":"ReadAction","target":["https:\/\/www.deinadieu.ch\/fr\/faq\/comment-puis-je-revoquer-une-procuration\/"]}]},{"@type":"BreadcrumbList","@id":"https:\/\/www.deinadieu.ch\/fr\/faq\/comment-puis-je-revoquer-une-procuration\/#breadcrumb","itemListElement":[{"@type":"ListItem","position":1,"name":"Home","item":"https:\/\/www.deinadieu.ch\/fr\/deinadieu-dialog-und-serviceportal-zum-lebensende\/"},{"@type":"ListItem","position":2,"name":"FAQ's","item":"https:\/\/www.deinadieu.ch\/fr\/faq\/"},{"@type":"ListItem","position":3,"name":"Comment r\u00e9voquer une procuration ?"}]},{"@type":"WebSite","@id":"https:\/\/www.deinadieu.ch\/fr\/#website","url":"https:\/\/www.deinadieu.ch\/fr\/","name":"DeinAdieu.ch","description":"Testament, Patientenverf\u00fcgung und Vorsorgeauftrag","publisher":{"@id":"https:\/\/www.deinadieu.ch\/fr\/#organization"},"potentialAction":[{"@type":"SearchAction","target":{"@type":"EntryPoint","urlTemplate":"https:\/\/www.deinadieu.ch\/fr\/?s={search_term_string}"},"query-input":{"@type":"PropertyValueSpecification","valueRequired":true,"valueName":"search_term_string"}}],"inLanguage":"fr-FR"},{"@type":"Organization","@id":"https:\/\/www.deinadieu.ch\/fr\/#organization","name":"EMNA Web GmbH","url":"https:\/\/www.deinadieu.ch\/fr\/","logo":{"@type":"ImageObject","inLanguage":"fr-FR","@id":"https:\/\/www.deinadieu.ch\/fr\/#\/schema\/logo\/image\/","url":"https:\/\/www.deinadieu.ch\/wp-content\/uploads\/2016\/01\/DeinAdieu_Logo.png","contentUrl":"https:\/\/www.deinadieu.ch\/wp-content\/uploads\/2016\/01\/DeinAdieu_Logo.png","width":300,"height":117,"caption":"EMNA Web GmbH"},"image":{"@id":"https:\/\/www.deinadieu.ch\/fr\/#\/schema\/logo\/image\/"},"sameAs":["https:\/\/www.facebook.com\/deinadieu","https:\/\/x.com\/DeinAdieu","https:\/\/www.instagram.com\/deinadieu\/","https:\/\/www.linkedin.com\/company\/deinadieu.ch"]}]}},"_links":{"self":[{"href":"https:\/\/www.deinadieu.ch\/fr\/wp-json\/wp\/v2\/da_faq\/67542","targetHints":{"allow":["GET"]}}],"collection":[{"href":"https:\/\/www.deinadieu.ch\/fr\/wp-json\/wp\/v2\/da_faq"}],"about":[{"href":"https:\/\/www.deinadieu.ch\/fr\/wp-json\/wp\/v2\/types\/da_faq"}],"author":[{"embeddable":true,"href":"https:\/\/www.deinadieu.ch\/fr\/wp-json\/wp\/v2\/users\/4998"}],"replies":[{"embeddable":true,"href":"https:\/\/www.deinadieu.ch\/fr\/wp-json\/wp\/v2\/comments?post=67542"}],"version-history":[{"count":5,"href":"https:\/\/www.deinadieu.ch\/fr\/wp-json\/wp\/v2\/da_faq\/67542\/revisions"}],"predecessor-version":[{"id":67941,"href":"https:\/\/www.deinadieu.ch\/fr\/wp-json\/wp\/v2\/da_faq\/67542\/revisions\/67941"}],"wp:attachment":[{"href":"https:\/\/www.deinadieu.ch\/fr\/wp-json\/wp\/v2\/media?parent=67542"}],"wp:term":[{"taxonomy":"da_faq_categories","embeddable":true,"href":"https:\/\/www.deinadieu.ch\/fr\/wp-json\/wp\/v2\/da_faq_categories?post=67542"}],"curies":[{"name":"wp","href":"https:\/\/api.w.org\/{rel}","templated":true}]}}