{"id":55818,"date":"2017-07-22T10:06:53","date_gmt":"2017-07-22T08:06:53","guid":{"rendered":"https:\/\/www.deinadieu.ch\/ratgeber\/emergency-will-prerequisites-and-formation\/"},"modified":"2022-03-10T10:14:19","modified_gmt":"2022-03-10T09:14:19","slug":"emergency-will-prerequisites-and-formation","status":"publish","type":"ratgeber","link":"https:\/\/www.deinadieu.ch\/en\/advisor\/emergency-will-prerequisites-and-formation\/","title":{"rendered":"Emergency will: prerequisites and formation"},"content":{"rendered":"\n<p>An emergency will can be created in exceptional cases. It is delivered orally to two witnesses and is valid only for a limited term.<\/p>\n\n<!--more-->\n\n<p>When someone dies, their will (also called the \u2018testamentary disposition\u2019) is often the most important surviving document<\/p>\n\n<p>Since the will is so important, its formation is subject to strict formal requirements. An emergency will can also be drawn up in a few exceptional cases. It is delivered orally to two witnesses and is valid only for a limited term.<\/p>\n\n<p>Das Nottestament ist in den Art. 506\u2013508 ZGB geregelt. Dort wird festgehalten, dass <strong>ein Nottestament nur bei ausserordentlichen Umst\u00e4nden errichtet werden darf<\/strong>. Als beispielhafte Umst\u00e4nde wird die nahe Todesgefahr, Verkehrssperre, Epidemien oder Kriegsereignisse genannt. In der Realit\u00e4t ist die nahe Todesgefahr der wohl am h\u00e4ufigsten anzutreffende ausserordentliche Umstand.<\/p>\n\n<h2 class=\"wp-block-heading\" id=\"h-voraussetzungen-fur-ein-nottestament\">Prerequisites for an emergency will<\/h2>\n\n<p>Furthermore, the person wishing to draw up a will must be unable to deliver their testamentary disposition in another form. Specifically, they must <strong>no longer be able to write down their will with their own hand<\/strong>.<\/p>\n\n<h2 class=\"wp-block-heading\" id=\"h-errichtung-des-nottestament\">Drawing up the emergency will<\/h2>\n\n<p>Damit ein Nottestament g\u00fcltig errichtet wird, muss der Erblasser <strong>zwei Zeugen<\/strong> gleichzeitig seinen letzten Willen kundtun und sie auch beauftragen (mind. konkludent), die Schritte zu t\u00e4tigen, welche zur Beurkundung n\u00f6tig sind. An die Zeugen werden dabei dieselben Anforderungen gestellt, wie dies bei der Errichtung der \u00f6ffentlichen Verf\u00fcgung der Fall ist. Dies heisst, dass sie handlungsf\u00e4hig sein sowie lesen und schreiben k\u00f6nnen m\u00fcssen. Zudem d\u00fcrfen sie nicht mit dem Erblasser in gerader Linie verwandt, oder seine Geschwister sein. Die Ehepartner dieser Personen sind als Zeugen ebenfalls ausgeschlossen, wie auch der Ehegatte des Erblassers.<\/p>\n\n<h2 class=\"wp-block-heading\" id=\"h-handel-der-zeugen\">Actions of the witnesses<\/h2>\n\n<p>After receiving the testator\u2019s final wishes, the witnesses have two options: <strong>Either<\/strong> they can set forth those wishes <strong>in a written document<\/strong> while indicating the place, year, month, and day on which the document was drawn up, then immediately bring it to the judicial authority together after both of them have signed it. There they must indicate that the testator was in a competent state and describe the circumstances under which they received the emergency will. <strong>Alternatively, both witnesses may go to the competent judicial authority directly <\/strong>and state the disposals and explanations directly for the record. It is important that the witnesses act as quickly as possible.<\/p>\n\n<h2 class=\"wp-block-heading\" id=\"h-zeitlich-beschrankte-gultigkeit\">Temporary validity<\/h2>\n\n<p>If the circumstances change and it becomes possible once more for the testator to deliver their final wishes in a form other than an emergency will, <strong>the emergency will will become invalid 14 days after another type of disposal becomes possible<\/strong>.<\/p>\n\n<div style=\"height:40px\" aria-hidden=\"true\" class=\"wp-block-spacer\"><\/div>\n\n<div class=\"wp-block-buttons is-layout-flex wp-block-buttons-is-layout-flex\">\n<div class=\"wp-block-button\"><a class=\"wp-block-button__link\" href=\"https:\/\/app.deinadieu.ch\/testamentgenerator\">Create your last will and testament here<\/a><\/div>\n<\/div>\n","protected":false},"excerpt":{"rendered":"<p>An emergency will can be created in exceptional cases. It is delivered orally to two witnesses and is valid only for a limited term.<\/p>\n","protected":false},"author":2384,"featured_media":34483,"menu_order":0,"comment_status":"open","ping_status":"closed","template":"","tags":[3174],"ratgeber-category":[1995],"class_list":["post-55818","ratgeber","type-ratgeber","status-publish","has-post-thumbnail","hentry","tag-emergency-will","ratgeber-category-testament-en"],"acf":[],"yoast_head":"<title>The emergency will: prerequisites and formation<\/title>\n<meta name=\"description\" content=\"An emergency will can be created in exceptional cases. It is delivered orally to two witnesses and is valid only for a limited term.\" \/>\n<meta name=\"robots\" content=\"index, follow, max-snippet:-1, max-image-preview:large, max-video-preview:-1\" \/>\n<link rel=\"canonical\" href=\"https:\/\/www.deinadieu.ch\/en\/advisor\/emergency-will-prerequisites-and-formation\/\" \/>\n<meta property=\"og:locale\" content=\"en_US\" \/>\n<meta property=\"og:type\" content=\"article\" \/>\n<meta property=\"og:title\" content=\"Emergency will: prerequisites and formation\" \/>\n<meta property=\"og:description\" content=\"An emergency will can be created in exceptional cases. It is delivered orally to two witnesses and is valid only for a limited term. When someone dies,\" \/>\n<meta property=\"og:url\" content=\"https:\/\/www.deinadieu.ch\/en\/advisor\/emergency-will-prerequisites-and-formation\/\" \/>\n<meta property=\"og:site_name\" content=\"DeinAdieu.ch\" \/>\n<meta property=\"article:publisher\" content=\"https:\/\/www.facebook.com\/deinadieu\" \/>\n<meta property=\"article:modified_time\" content=\"2022-03-10T09:14:19+00:00\" \/>\n<meta property=\"og:image\" content=\"https:\/\/static.deinadieu.ch\/uploads\/2017\/08\/Blog_Jus_Nottestament.jpg\" \/>\n\t<meta property=\"og:image:width\" content=\"1330\" \/>\n\t<meta property=\"og:image:height\" content=\"719\" \/>\n\t<meta property=\"og:image:type\" content=\"image\/jpeg\" \/>\n<meta name=\"twitter:card\" content=\"summary_large_image\" \/>\n<meta name=\"twitter:site\" content=\"@DeinAdieu\" \/>\n<meta name=\"twitter:label1\" content=\"Est. reading time\" \/>\n\t<meta name=\"twitter:data1\" content=\"2 minutes\" \/>\n<script type=\"application\/ld+json\" class=\"yoast-schema-graph\">{\"@context\":\"https:\\\/\\\/schema.org\",\"@graph\":[{\"@type\":\"WebPage\",\"@id\":\"https:\\\/\\\/www.deinadieu.ch\\\/en\\\/advisor\\\/emergency-will-prerequisites-and-formation\\\/\",\"url\":\"https:\\\/\\\/www.deinadieu.ch\\\/en\\\/advisor\\\/emergency-will-prerequisites-and-formation\\\/\",\"name\":\"The emergency will: prerequisites and formation\",\"isPartOf\":{\"@id\":\"https:\\\/\\\/www.deinadieu.ch\\\/en\\\/#website\"},\"primaryImageOfPage\":{\"@id\":\"https:\\\/\\\/www.deinadieu.ch\\\/en\\\/advisor\\\/emergency-will-prerequisites-and-formation\\\/#primaryimage\"},\"image\":{\"@id\":\"https:\\\/\\\/www.deinadieu.ch\\\/en\\\/advisor\\\/emergency-will-prerequisites-and-formation\\\/#primaryimage\"},\"thumbnailUrl\":\"https:\\\/\\\/www.deinadieu.ch\\\/wp-content\\\/uploads\\\/2017\\\/08\\\/Blog_Jus_Nottestament.jpg\",\"datePublished\":\"2017-07-22T08:06:53+00:00\",\"dateModified\":\"2022-03-10T09:14:19+00:00\",\"description\":\"An emergency will can be created in exceptional cases. It is delivered orally to two witnesses and is valid only for a limited term.\",\"breadcrumb\":{\"@id\":\"https:\\\/\\\/www.deinadieu.ch\\\/en\\\/advisor\\\/emergency-will-prerequisites-and-formation\\\/#breadcrumb\"},\"inLanguage\":\"en-US\",\"potentialAction\":[{\"@type\":\"ReadAction\",\"target\":[\"https:\\\/\\\/www.deinadieu.ch\\\/en\\\/advisor\\\/emergency-will-prerequisites-and-formation\\\/\"]}]},{\"@type\":\"ImageObject\",\"inLanguage\":\"en-US\",\"@id\":\"https:\\\/\\\/www.deinadieu.ch\\\/en\\\/advisor\\\/emergency-will-prerequisites-and-formation\\\/#primaryimage\",\"url\":\"https:\\\/\\\/www.deinadieu.ch\\\/wp-content\\\/uploads\\\/2017\\\/08\\\/Blog_Jus_Nottestament.jpg\",\"contentUrl\":\"https:\\\/\\\/www.deinadieu.ch\\\/wp-content\\\/uploads\\\/2017\\\/08\\\/Blog_Jus_Nottestament.jpg\",\"width\":1330,\"height\":719,\"caption\":\"Emergency will is necessary. Severely ill woman in a hospital bed.\"},{\"@type\":\"BreadcrumbList\",\"@id\":\"https:\\\/\\\/www.deinadieu.ch\\\/en\\\/advisor\\\/emergency-will-prerequisites-and-formation\\\/#breadcrumb\",\"itemListElement\":[{\"@type\":\"ListItem\",\"position\":1,\"name\":\"Home\",\"item\":\"https:\\\/\\\/www.deinadieu.ch\\\/en\\\/deinadieu-dialog-und-serviceportal-zum-lebensende\\\/\"},{\"@type\":\"ListItem\",\"position\":2,\"name\":\"Ratgeber\",\"item\":\"https:\\\/\\\/www.deinadieu.ch\\\/en\\\/advisor\\\/\"},{\"@type\":\"ListItem\",\"position\":3,\"name\":\"Emergency will: prerequisites and formation\"}]},{\"@type\":\"WebSite\",\"@id\":\"https:\\\/\\\/www.deinadieu.ch\\\/en\\\/#website\",\"url\":\"https:\\\/\\\/www.deinadieu.ch\\\/en\\\/\",\"name\":\"DeinAdieu.ch\",\"description\":\"Testament, Patientenverf\u00fcgung und Vorsorgeauftrag\",\"publisher\":{\"@id\":\"https:\\\/\\\/www.deinadieu.ch\\\/en\\\/#organization\"},\"potentialAction\":[{\"@type\":\"SearchAction\",\"target\":{\"@type\":\"EntryPoint\",\"urlTemplate\":\"https:\\\/\\\/www.deinadieu.ch\\\/en\\\/?s={search_term_string}\"},\"query-input\":{\"@type\":\"PropertyValueSpecification\",\"valueRequired\":true,\"valueName\":\"search_term_string\"}}],\"inLanguage\":\"en-US\"},{\"@type\":\"Organization\",\"@id\":\"https:\\\/\\\/www.deinadieu.ch\\\/en\\\/#organization\",\"name\":\"EMNA Web GmbH\",\"url\":\"https:\\\/\\\/www.deinadieu.ch\\\/en\\\/\",\"logo\":{\"@type\":\"ImageObject\",\"inLanguage\":\"en-US\",\"@id\":\"https:\\\/\\\/www.deinadieu.ch\\\/en\\\/#\\\/schema\\\/logo\\\/image\\\/\",\"url\":\"https:\\\/\\\/www.deinadieu.ch\\\/wp-content\\\/uploads\\\/2016\\\/01\\\/DeinAdieu_Logo.png\",\"contentUrl\":\"https:\\\/\\\/www.deinadieu.ch\\\/wp-content\\\/uploads\\\/2016\\\/01\\\/DeinAdieu_Logo.png\",\"width\":300,\"height\":117,\"caption\":\"EMNA Web GmbH\"},\"image\":{\"@id\":\"https:\\\/\\\/www.deinadieu.ch\\\/en\\\/#\\\/schema\\\/logo\\\/image\\\/\"},\"sameAs\":[\"https:\\\/\\\/www.facebook.com\\\/deinadieu\",\"https:\\\/\\\/x.com\\\/DeinAdieu\",\"https:\\\/\\\/www.instagram.com\\\/deinadieu\\\/\",\"https:\\\/\\\/www.linkedin.com\\\/company\\\/deinadieu.ch\"]}]}<\/script>","yoast_head_json":{"title":"The emergency will: prerequisites and formation","description":"An emergency will can be created in exceptional cases. It is delivered orally to two witnesses and is valid only for a limited term.","robots":{"index":"index","follow":"follow","max-snippet":"max-snippet:-1","max-image-preview":"max-image-preview:large","max-video-preview":"max-video-preview:-1"},"canonical":"https:\/\/www.deinadieu.ch\/en\/advisor\/emergency-will-prerequisites-and-formation\/","og_locale":"en_US","og_type":"article","og_title":"Emergency will: prerequisites and formation","og_description":"An emergency will can be created in exceptional cases. It is delivered orally to two witnesses and is valid only for a limited term. When someone dies,","og_url":"https:\/\/www.deinadieu.ch\/en\/advisor\/emergency-will-prerequisites-and-formation\/","og_site_name":"DeinAdieu.ch","article_publisher":"https:\/\/www.facebook.com\/deinadieu","article_modified_time":"2022-03-10T09:14:19+00:00","og_image":[{"width":1330,"height":719,"url":"https:\/\/static.deinadieu.ch\/uploads\/2017\/08\/Blog_Jus_Nottestament.jpg","type":"image\/jpeg"}],"twitter_card":"summary_large_image","twitter_site":"@DeinAdieu","twitter_misc":{"Est. reading time":"2 minutes"},"schema":{"@context":"https:\/\/schema.org","@graph":[{"@type":"WebPage","@id":"https:\/\/www.deinadieu.ch\/en\/advisor\/emergency-will-prerequisites-and-formation\/","url":"https:\/\/www.deinadieu.ch\/en\/advisor\/emergency-will-prerequisites-and-formation\/","name":"The emergency will: prerequisites and formation","isPartOf":{"@id":"https:\/\/www.deinadieu.ch\/en\/#website"},"primaryImageOfPage":{"@id":"https:\/\/www.deinadieu.ch\/en\/advisor\/emergency-will-prerequisites-and-formation\/#primaryimage"},"image":{"@id":"https:\/\/www.deinadieu.ch\/en\/advisor\/emergency-will-prerequisites-and-formation\/#primaryimage"},"thumbnailUrl":"https:\/\/www.deinadieu.ch\/wp-content\/uploads\/2017\/08\/Blog_Jus_Nottestament.jpg","datePublished":"2017-07-22T08:06:53+00:00","dateModified":"2022-03-10T09:14:19+00:00","description":"An emergency will can be created in exceptional cases. It is delivered orally to two witnesses and is valid only for a limited term.","breadcrumb":{"@id":"https:\/\/www.deinadieu.ch\/en\/advisor\/emergency-will-prerequisites-and-formation\/#breadcrumb"},"inLanguage":"en-US","potentialAction":[{"@type":"ReadAction","target":["https:\/\/www.deinadieu.ch\/en\/advisor\/emergency-will-prerequisites-and-formation\/"]}]},{"@type":"ImageObject","inLanguage":"en-US","@id":"https:\/\/www.deinadieu.ch\/en\/advisor\/emergency-will-prerequisites-and-formation\/#primaryimage","url":"https:\/\/www.deinadieu.ch\/wp-content\/uploads\/2017\/08\/Blog_Jus_Nottestament.jpg","contentUrl":"https:\/\/www.deinadieu.ch\/wp-content\/uploads\/2017\/08\/Blog_Jus_Nottestament.jpg","width":1330,"height":719,"caption":"Emergency will is necessary. Severely ill woman in a hospital bed."},{"@type":"BreadcrumbList","@id":"https:\/\/www.deinadieu.ch\/en\/advisor\/emergency-will-prerequisites-and-formation\/#breadcrumb","itemListElement":[{"@type":"ListItem","position":1,"name":"Home","item":"https:\/\/www.deinadieu.ch\/en\/deinadieu-dialog-und-serviceportal-zum-lebensende\/"},{"@type":"ListItem","position":2,"name":"Ratgeber","item":"https:\/\/www.deinadieu.ch\/en\/advisor\/"},{"@type":"ListItem","position":3,"name":"Emergency will: prerequisites and formation"}]},{"@type":"WebSite","@id":"https:\/\/www.deinadieu.ch\/en\/#website","url":"https:\/\/www.deinadieu.ch\/en\/","name":"DeinAdieu.ch","description":"Testament, Patientenverf\u00fcgung und Vorsorgeauftrag","publisher":{"@id":"https:\/\/www.deinadieu.ch\/en\/#organization"},"potentialAction":[{"@type":"SearchAction","target":{"@type":"EntryPoint","urlTemplate":"https:\/\/www.deinadieu.ch\/en\/?s={search_term_string}"},"query-input":{"@type":"PropertyValueSpecification","valueRequired":true,"valueName":"search_term_string"}}],"inLanguage":"en-US"},{"@type":"Organization","@id":"https:\/\/www.deinadieu.ch\/en\/#organization","name":"EMNA Web GmbH","url":"https:\/\/www.deinadieu.ch\/en\/","logo":{"@type":"ImageObject","inLanguage":"en-US","@id":"https:\/\/www.deinadieu.ch\/en\/#\/schema\/logo\/image\/","url":"https:\/\/www.deinadieu.ch\/wp-content\/uploads\/2016\/01\/DeinAdieu_Logo.png","contentUrl":"https:\/\/www.deinadieu.ch\/wp-content\/uploads\/2016\/01\/DeinAdieu_Logo.png","width":300,"height":117,"caption":"EMNA Web GmbH"},"image":{"@id":"https:\/\/www.deinadieu.ch\/en\/#\/schema\/logo\/image\/"},"sameAs":["https:\/\/www.facebook.com\/deinadieu","https:\/\/x.com\/DeinAdieu","https:\/\/www.instagram.com\/deinadieu\/","https:\/\/www.linkedin.com\/company\/deinadieu.ch"]}]}},"_links":{"self":[{"href":"https:\/\/www.deinadieu.ch\/en\/wp-json\/wp\/v2\/ratgeber\/55818","targetHints":{"allow":["GET"]}}],"collection":[{"href":"https:\/\/www.deinadieu.ch\/en\/wp-json\/wp\/v2\/ratgeber"}],"about":[{"href":"https:\/\/www.deinadieu.ch\/en\/wp-json\/wp\/v2\/types\/ratgeber"}],"author":[{"embeddable":true,"href":"https:\/\/www.deinadieu.ch\/en\/wp-json\/wp\/v2\/users\/2384"}],"replies":[{"embeddable":true,"href":"https:\/\/www.deinadieu.ch\/en\/wp-json\/wp\/v2\/comments?post=55818"}],"version-history":[{"count":1,"href":"https:\/\/www.deinadieu.ch\/en\/wp-json\/wp\/v2\/ratgeber\/55818\/revisions"}],"predecessor-version":[{"id":55819,"href":"https:\/\/www.deinadieu.ch\/en\/wp-json\/wp\/v2\/ratgeber\/55818\/revisions\/55819"}],"wp:featuredmedia":[{"embeddable":true,"href":"https:\/\/www.deinadieu.ch\/en\/wp-json\/wp\/v2\/media\/34483"}],"wp:attachment":[{"href":"https:\/\/www.deinadieu.ch\/en\/wp-json\/wp\/v2\/media?parent=55818"}],"wp:term":[{"taxonomy":"post_tag","embeddable":true,"href":"https:\/\/www.deinadieu.ch\/en\/wp-json\/wp\/v2\/tags?post=55818"},{"taxonomy":"ratgeber-category","embeddable":true,"href":"https:\/\/www.deinadieu.ch\/en\/wp-json\/wp\/v2\/ratgeber-category?post=55818"}],"curies":[{"name":"wp","href":"https:\/\/api.w.org\/{rel}","templated":true}]}}