{"id":26192,"date":"2020-09-28T18:19:28","date_gmt":"2020-09-28T16:19:28","guid":{"rendered":"https:\/\/www.deinadieu.ch\/template-obituary-notice\/"},"modified":"2021-01-18T16:15:01","modified_gmt":"2021-01-18T15:15:01","slug":"template-obituary-notice","status":"publish","type":"page","link":"https:\/\/www.deinadieu.ch\/en\/template-obituary-notice\/","title":{"rendered":"Template obituary notice"},"content":{"rendered":"\n<p>Find here examples and templates for obituaries.<\/p>\n\n<div class=\"wp-block-columns is-layout-flex wp-container-core-columns-is-layout-28f84493 wp-block-columns-is-layout-flex\">\n<div class=\"wp-block-column is-layout-flow wp-block-column-is-layout-flow\">\n<h2 class=\"title text-4xl font-semibold mb-10 wp-block-heading\">Accident of a work colleague<\/h2>\n\n\n\n<div class=\"wp-block-group\"><div class=\"wp-block-group__inner-container is-layout-flow wp-block-group-is-layout-flow\">\n<div class=\"wp-block-cover aligncenter has-parallax box_info p-10 rounded-lg\" style=\"background-image:url(http:\/\/www.deinadieu.ch\/wp-content\/uploads\/2020\/09\/hannah-bruckner-GlfXOy04DLk-unsplash-square3.jpg)\"><div class=\"wp-block-cover__inner-container is-layout-flow wp-block-cover-is-layout-flow\">\n<p class=\"has-black-color has-text-color\">It is with great sadness we are informing you that our cherished colleague Mrs\/Ms<\/p>\n\n\n\n<p class=\"title text-lg font-semibold has-black-color has-text-color\"><span style=\"color: #000000;\"><strong>Anja M\u00fcller, 15.10.1970 \u2013\u00a013. April 2014<\/strong><\/span><\/p>\n\n\n\n<p class=\"has-black-color has-text-color\">has died as a result of a tragic accident.<\/p>\n\n\n\n<p class=\"has-black-color has-text-color\">We would like to sincerely thank Mrs\/Ms M\u00fcller for her always extremely good and precise work in our graphics company.<\/p>\n\n\n\n<p class=\"has-black-color has-text-color\">With Mrs\/Ms M\u00fcller we are losing a valuable employee and a good colleague. Her warm nature will remain in our memory.<\/p>\n\n\n\n<p class=\"has-black-color has-text-color\">We would like to express our deepest sympathy to her relatives<\/p>\n\n\n\n<p class=\"has-black-color has-text-color\"><strong>ArtDeco Graphic Designs&#13;\nIvo Eggenberger (manager) &amp; personnel<\/strong><\/p>\n<\/div><\/div>\n<\/div><\/div>\n<\/div>\n\n\n\n<div class=\"wp-block-column is-layout-flow wp-block-column-is-layout-flow\">\n<div class=\"wp-block-group\"><div class=\"wp-block-group__inner-container is-layout-flow wp-block-group-is-layout-flow\">\n<h2 class=\"title text-4xl font-semibold mb-10 wp-block-heading\">Illness of a colleague<\/h2>\n\n\n\n<div class=\"wp-block-group\"><div class=\"wp-block-group__inner-container is-layout-flow wp-block-group-is-layout-flow\">\n<div class=\"wp-block-cover aligncenter has-parallax box_info p-10 rounded-lg\" style=\"background-image:url(http:\/\/www.deinadieu.ch\/wp-content\/uploads\/2020\/09\/hannah-bruckner-GlfXOy04DLk-unsplash-square3.jpg)\"><div class=\"wp-block-cover__inner-container is-layout-flow wp-block-cover-is-layout-flow\">\n<p class=\"has-black-color has-text-color\">On May 7th, 2015 our long time employee Mr<\/p>\n\n\n\n<p class=\"title text-lg font-semibold has-black-color has-text-color\"><strong><strong><strong>Stefan Oberholzer, 26.11.1965<\/strong><\/strong><\/strong><\/p>\n\n\n\n<p class=\"has-black-color has-text-color\">passed away after many years of illness.<\/p>\n\n\n\n<p class=\"has-black-color has-text-color\">We would like to thank Mr Oberholzer for his consistently good and hard work in our business. Mr Oberholzer was a passionate painter and loved his apprentices.<\/p>\n\n\n\n<p class=\"has-black-color has-text-color\">With Mr Oberholzer we lose a valued employee and a good colleague.<\/p>\n\n\n\n<p class=\"has-black-color has-text-color\">We express our sincere condolences to the relatives.<\/p>\n\n\n\n<p class=\"has-black-color has-text-color\"><strong><strong>Schubiger &amp; Co. Master painter&#13;\nUrs Schubiger (manager) and team<\/strong><\/strong><\/p>\n<\/div><\/div>\n<\/div><\/div>\n<\/div><\/div>\n<\/div>\n<\/div>\n\n<div style=\"height:70px\" aria-hidden=\"true\" class=\"wp-block-spacer\"><\/div>\n\n<div style=\"height:70px\" aria-hidden=\"true\" class=\"wp-block-spacer\"><\/div>\n\n<div class=\"wp-block-columns is-layout-flex wp-container-core-columns-is-layout-28f84493 wp-block-columns-is-layout-flex\">\n<div class=\"wp-block-column is-layout-flow wp-block-column-is-layout-flow\">\n<h2 class=\"title text-4xl font-semibold mb-10 wp-block-heading\">Death grandmother<\/h2>\n\n\n\n<div class=\"wp-block-group\"><div class=\"wp-block-group__inner-container is-layout-flow wp-block-group-is-layout-flow\">\n<div class=\"wp-block-cover aligncenter has-parallax box_info p-10 rounded-lg\" style=\"background-image:url(http:\/\/www.deinadieu.ch\/wp-content\/uploads\/2020\/09\/hannah-bruckner-GlfXOy04DLk-unsplash-square3.jpg)\"><div class=\"wp-block-cover__inner-container is-layout-flow wp-block-cover-is-layout-flow\">\n<p class=\"has-black-color has-text-color\">A big heart has stopped beating.&#13;\nAfter a long and fulfilled life, our dear Nani<\/p>\n\n\n\n<p class=\"title text-lg font-semibold has-black-color has-text-color\"><strong><strong><strong>Lina B\u00e4chler, 05.03.19129 \u2013 08.08.2013<\/strong><\/strong><\/strong><\/p>\n\n\n\n<p class=\"has-black-color has-text-color\">has fallen asleep peacefully.<\/p>\n\n\n\n<p class=\"has-black-color has-text-color\">You have taught us so much and will live on in our hearts. We say goodbye in love and gratitude for having known you.<\/p>\n\n\n\n<p class=\"has-black-color has-text-color\">Marianne and Paul B\u00e4chler-M\u00fcggler with Simon, Anna &amp; Lara Sepp and Annelies Eisenring, with Florian &amp; Samuel Bruno B\u00e4chler<\/p>\n\n\n\n<p class=\"has-black-color has-text-color\"><strong><strong>Address for condolences&#13;\n<\/strong><\/strong><strong><strong>Marianne B\u00e4chler-M\u00fcggler,&#13;\nim First 17, 8515 Goldbrunnen<\/strong><\/strong><\/p>\n\n\n\n<p class=\"has-black-color has-text-color\">The memorial service will take place on August 15th, 2013 at 14.00h in the St. Paul&#8217;s Evangelical Church in Goldbrunnen. At the request of Nani, the urn burial will then take place with only the most intimate family members present. She also asked that instead of flowers, you please kindly donate to Fl\u00fcchtlingshilfe Schweiz (PC-801729), 3005 Bern.<\/p>\n<\/div><\/div>\n<\/div><\/div>\n<\/div>\n\n\n\n<div class=\"wp-block-column is-layout-flow wp-block-column-is-layout-flow\">\n<div class=\"wp-block-group\"><div class=\"wp-block-group__inner-container is-layout-flow wp-block-group-is-layout-flow\">\n<h2 class=\"title text-4xl font-semibold mb-10 wp-block-heading\">Death of child after illness<\/h2>\n\n\n\n<div class=\"wp-block-group\"><div class=\"wp-block-group__inner-container is-layout-flow wp-block-group-is-layout-flow\">\n<div class=\"wp-block-cover aligncenter has-parallax box_info p-10 rounded-lg\" style=\"background-image:url(http:\/\/www.deinadieu.ch\/wp-content\/uploads\/2020\/09\/hannah-bruckner-GlfXOy04DLk-unsplash-square3.jpg)\"><div class=\"wp-block-cover__inner-container is-layout-flow wp-block-cover-is-layout-flow\">\n<p class=\"has-black-color has-text-color\">You fought to the end \u2013 and still lost.&#13;\nDeeply saddened, we have to say a painful goodbye to our sunshine<\/p>\n\n\n\n<p class=\"title text-lg font-semibold has-black-color has-text-color\"><strong>Noah *19.12.2004 +6.02.2015<\/strong><\/p>\n\n\n\n<p class=\"has-black-color has-text-color\">Over all these years you never lost your jolly nature and you infected us all with your smile. You endured your illness with patience and always kept the care team on their toes. It is with great saddness we say goodbye.<\/p>\n\n\n\n<p class=\"has-black-color has-text-color\">In our heart you continue to shine.<\/p>\n\n\n\n<p class=\"has-black-color has-text-color\">Mom &amp; Dad&#13;\nSarah &amp; Leah&#13;\nThe whole family Sch\u00f6nenberger&#13;\nAll classmates of class 5c<\/p>\n\n\n\n<p class=\"has-black-color has-text-color\"><strong>Address for condolences&#13;\nIrene Sch\u00f6nenberger,&#13;\nHeiligkreuzstrasse 33, 9017 Oberwil<\/strong><\/p>\n\n\n\n<p class=\"has-black-color has-text-color\">The funeral service will take place on February 13th, 2015 at 15.00h in the Catholic Church in Oberwil. The urn burial will then take place at the nearby cemetery. At Noah&#8217;s request, we ask all mourners to appear dressed in colourful clothing.<\/p>\n<\/div><\/div>\n<\/div><\/div>\n<\/div><\/div>\n<\/div>\n<\/div>\n\n<div style=\"height:100px\" aria-hidden=\"true\" class=\"wp-block-spacer\"><\/div>\n\n<div class=\"wp-block-columns is-layout-flex wp-container-core-columns-is-layout-28f84493 wp-block-columns-is-layout-flex\">\n<div class=\"wp-block-column is-layout-flow wp-block-column-is-layout-flow\">\n<h2 class=\"title text-4xl font-semibold mb-10 wp-block-heading\">Death husband<\/h2>\n\n\n\n<div class=\"wp-block-group\"><div class=\"wp-block-group__inner-container is-layout-flow wp-block-group-is-layout-flow\">\n<div class=\"wp-block-cover aligncenter has-parallax box_info p-10 rounded-lg\" style=\"background-image:url(http:\/\/www.deinadieu.ch\/wp-content\/uploads\/2020\/09\/hannah-bruckner-GlfXOy04DLk-unsplash-square3.jpg)\"><div class=\"wp-block-cover__inner-container is-layout-flow wp-block-cover-is-layout-flow\">\n<p class=\"has-black-color has-text-color\">People we love live forever, because a part of them stays in our hearts.<\/p>\n\n\n\n<p class=\"has-black-color has-text-color\">My beloved husband and the father of our wonderful children<\/p>\n\n\n\n<p class=\"title text-lg font-semibold has-black-color has-text-color\"><strong><strong><strong>Pius Cavegn *23.01. 1963 +18.09.2012<\/strong><\/strong><\/strong><\/p>\n\n\n\n<p class=\"has-black-color has-text-color\">left us too soon.<\/p>\n\n\n\n<p class=\"has-black-color has-text-color\">On one of his beloved mountain tours he suddenly suffered a heart attack.<\/p>\n\n\n\n<p class=\"has-black-color has-text-color\">We are stunned and endlessly sad. You will live on in our hearts.<\/p>\n\n\n\n<p class=\"has-black-color has-text-color\">In infinite grief<\/p>\n\n\n\n<p class=\"has-black-color has-text-color\">Your Silvia&#13;\nDaniela, Stefanie, Leandro &amp; Michele&#13;\nRelatives and friends&#13;\nHiking Association \u201eClimbers\u201c<\/p>\n\n\n\n<p class=\"has-black-color has-text-color\"><strong><strong>Address for condolences&#13;\nSilvia Cavegn,&#13;\nBurgd\u00f6rfli 57, <\/strong><\/strong><strong><strong>4726 Sch\u00fcpfen<\/strong><\/strong><\/p>\n\n\n\n<p class=\"has-black-color has-text-color\">The funeral service will take place on September 27th, 2012 at 13.00h at the cemetery in Sch\u00fcpfen.<\/p>\n<\/div><\/div>\n<\/div><\/div>\n<\/div>\n\n\n\n<div class=\"wp-block-column is-layout-flow wp-block-column-is-layout-flow\">\n<div class=\"wp-block-group\"><div class=\"wp-block-group__inner-container is-layout-flow wp-block-group-is-layout-flow\"><div class=\"wp-block-group is-layout-flow wp-block-group-is-layout-flow\">\r\n<div class=\"wp-block-group__inner-container\"><\/div>\r\n<\/div><\/div><\/div>\n<\/div>\n<\/div>\n\n<div style=\"height:100px\" aria-hidden=\"true\" class=\"wp-block-spacer\"><\/div>\n","protected":false},"excerpt":{"rendered":"<p>Find here examples and templates for obituaries. Accident of a work colleague Illness of a colleague Death grandmother Death of child after illness Death husband<\/p>\n","protected":false},"author":6026,"featured_media":24697,"parent":0,"menu_order":0,"comment_status":"closed","ping_status":"closed","template":"","meta":{"_acf_changed":false,"footnotes":""},"class_list":["post-26192","page","type-page","status-publish","has-post-thumbnail","hentry"],"acf":[],"yoast_head":"<title>Obituary notices: texts, examples &amp; templates | DeinAdieu<\/title>\n<meta name=\"description\" content=\"Here you will find various examples of obituaries for the death of family members, employees, grandparents or spouses to help you draft a notice.\" \/>\n<meta name=\"robots\" content=\"index, follow, max-snippet:-1, max-image-preview:large, max-video-preview:-1\" \/>\n<link rel=\"canonical\" href=\"https:\/\/www.deinadieu.ch\/en\/template-obituary-notice\/\" \/>\n<meta property=\"og:locale\" content=\"en_US\" \/>\n<meta property=\"og:type\" content=\"article\" \/>\n<meta property=\"og:title\" content=\"Template obituary notice\" \/>\n<meta property=\"og:description\" content=\"Find here examples and templates for obituaries. Accident of a work colleague It is with great sadness we are informing you that our cherished colleague\" \/>\n<meta property=\"og:url\" content=\"https:\/\/www.deinadieu.ch\/en\/template-obituary-notice\/\" \/>\n<meta property=\"og:site_name\" content=\"DeinAdieu.ch\" \/>\n<meta property=\"article:publisher\" content=\"https:\/\/www.facebook.com\/deinadieu\" \/>\n<meta property=\"article:modified_time\" content=\"2021-01-18T15:15:01+00:00\" \/>\n<meta property=\"og:image\" content=\"https:\/\/static.deinadieu.ch\/uploads\/2020\/09\/carolyn-v-PUjAEwV9PeQ-unsplash-scaled-e1601367437102.jpg\" \/>\n\t<meta property=\"og:image:width\" content=\"2560\" \/>\n\t<meta property=\"og:image:height\" content=\"1829\" \/>\n\t<meta property=\"og:image:type\" content=\"image\/jpeg\" \/>\n<meta name=\"twitter:card\" content=\"summary_large_image\" \/>\n<meta name=\"twitter:site\" content=\"@DeinAdieu\" \/>\n<meta name=\"twitter:label1\" content=\"Est. reading time\" \/>\n\t<meta name=\"twitter:data1\" content=\"3 minutes\" \/>\n<script type=\"application\/ld+json\" class=\"yoast-schema-graph\">{\"@context\":\"https:\\\/\\\/schema.org\",\"@graph\":[{\"@type\":\"WebPage\",\"@id\":\"https:\\\/\\\/www.deinadieu.ch\\\/en\\\/template-obituary-notice\\\/\",\"url\":\"https:\\\/\\\/www.deinadieu.ch\\\/en\\\/template-obituary-notice\\\/\",\"name\":\"Obituary notices: texts, examples & templates | DeinAdieu\",\"isPartOf\":{\"@id\":\"https:\\\/\\\/www.deinadieu.ch\\\/en\\\/#website\"},\"primaryImageOfPage\":{\"@id\":\"https:\\\/\\\/www.deinadieu.ch\\\/en\\\/template-obituary-notice\\\/#primaryimage\"},\"image\":{\"@id\":\"https:\\\/\\\/www.deinadieu.ch\\\/en\\\/template-obituary-notice\\\/#primaryimage\"},\"thumbnailUrl\":\"https:\\\/\\\/www.deinadieu.ch\\\/wp-content\\\/uploads\\\/2020\\\/09\\\/carolyn-v-PUjAEwV9PeQ-unsplash-scaled-e1601367437102.jpg\",\"datePublished\":\"2020-09-28T16:19:28+00:00\",\"dateModified\":\"2021-01-18T15:15:01+00:00\",\"description\":\"Here you will find various examples of obituaries for the death of family members, employees, grandparents or spouses to help you draft a notice.\",\"breadcrumb\":{\"@id\":\"https:\\\/\\\/www.deinadieu.ch\\\/en\\\/template-obituary-notice\\\/#breadcrumb\"},\"inLanguage\":\"en-US\",\"potentialAction\":[{\"@type\":\"ReadAction\",\"target\":[\"https:\\\/\\\/www.deinadieu.ch\\\/en\\\/template-obituary-notice\\\/\"]}]},{\"@type\":\"ImageObject\",\"inLanguage\":\"en-US\",\"@id\":\"https:\\\/\\\/www.deinadieu.ch\\\/en\\\/template-obituary-notice\\\/#primaryimage\",\"url\":\"https:\\\/\\\/www.deinadieu.ch\\\/wp-content\\\/uploads\\\/2020\\\/09\\\/carolyn-v-PUjAEwV9PeQ-unsplash-scaled-e1601367437102.jpg\",\"contentUrl\":\"https:\\\/\\\/www.deinadieu.ch\\\/wp-content\\\/uploads\\\/2020\\\/09\\\/carolyn-v-PUjAEwV9PeQ-unsplash-scaled-e1601367437102.jpg\",\"width\":2560,\"height\":1829},{\"@type\":\"BreadcrumbList\",\"@id\":\"https:\\\/\\\/www.deinadieu.ch\\\/en\\\/template-obituary-notice\\\/#breadcrumb\",\"itemListElement\":[{\"@type\":\"ListItem\",\"position\":1,\"name\":\"Home\",\"item\":\"https:\\\/\\\/www.deinadieu.ch\\\/en\\\/deinadieu-dialog-und-serviceportal-zum-lebensende\\\/\"},{\"@type\":\"ListItem\",\"position\":2,\"name\":\"Template obituary notice\"}]},{\"@type\":\"WebSite\",\"@id\":\"https:\\\/\\\/www.deinadieu.ch\\\/en\\\/#website\",\"url\":\"https:\\\/\\\/www.deinadieu.ch\\\/en\\\/\",\"name\":\"DeinAdieu.ch\",\"description\":\"Testament, Patientenverf\u00fcgung und Vorsorgeauftrag\",\"publisher\":{\"@id\":\"https:\\\/\\\/www.deinadieu.ch\\\/en\\\/#organization\"},\"potentialAction\":[{\"@type\":\"SearchAction\",\"target\":{\"@type\":\"EntryPoint\",\"urlTemplate\":\"https:\\\/\\\/www.deinadieu.ch\\\/en\\\/?s={search_term_string}\"},\"query-input\":{\"@type\":\"PropertyValueSpecification\",\"valueRequired\":true,\"valueName\":\"search_term_string\"}}],\"inLanguage\":\"en-US\"},{\"@type\":\"Organization\",\"@id\":\"https:\\\/\\\/www.deinadieu.ch\\\/en\\\/#organization\",\"name\":\"EMNA Web GmbH\",\"url\":\"https:\\\/\\\/www.deinadieu.ch\\\/en\\\/\",\"logo\":{\"@type\":\"ImageObject\",\"inLanguage\":\"en-US\",\"@id\":\"https:\\\/\\\/www.deinadieu.ch\\\/en\\\/#\\\/schema\\\/logo\\\/image\\\/\",\"url\":\"https:\\\/\\\/www.deinadieu.ch\\\/wp-content\\\/uploads\\\/2016\\\/01\\\/DeinAdieu_Logo.png\",\"contentUrl\":\"https:\\\/\\\/www.deinadieu.ch\\\/wp-content\\\/uploads\\\/2016\\\/01\\\/DeinAdieu_Logo.png\",\"width\":300,\"height\":117,\"caption\":\"EMNA Web GmbH\"},\"image\":{\"@id\":\"https:\\\/\\\/www.deinadieu.ch\\\/en\\\/#\\\/schema\\\/logo\\\/image\\\/\"},\"sameAs\":[\"https:\\\/\\\/www.facebook.com\\\/deinadieu\",\"https:\\\/\\\/x.com\\\/DeinAdieu\",\"https:\\\/\\\/www.instagram.com\\\/deinadieu\\\/\",\"https:\\\/\\\/www.linkedin.com\\\/company\\\/deinadieu.ch\"]}]}<\/script>","yoast_head_json":{"title":"Obituary notices: texts, examples & templates | DeinAdieu","description":"Here you will find various examples of obituaries for the death of family members, employees, grandparents or spouses to help you draft a notice.","robots":{"index":"index","follow":"follow","max-snippet":"max-snippet:-1","max-image-preview":"max-image-preview:large","max-video-preview":"max-video-preview:-1"},"canonical":"https:\/\/www.deinadieu.ch\/en\/template-obituary-notice\/","og_locale":"en_US","og_type":"article","og_title":"Template obituary notice","og_description":"Find here examples and templates for obituaries. Accident of a work colleague It is with great sadness we are informing you that our cherished colleague","og_url":"https:\/\/www.deinadieu.ch\/en\/template-obituary-notice\/","og_site_name":"DeinAdieu.ch","article_publisher":"https:\/\/www.facebook.com\/deinadieu","article_modified_time":"2021-01-18T15:15:01+00:00","og_image":[{"width":2560,"height":1829,"url":"https:\/\/static.deinadieu.ch\/uploads\/2020\/09\/carolyn-v-PUjAEwV9PeQ-unsplash-scaled-e1601367437102.jpg","type":"image\/jpeg"}],"twitter_card":"summary_large_image","twitter_site":"@DeinAdieu","twitter_misc":{"Est. reading time":"3 minutes"},"schema":{"@context":"https:\/\/schema.org","@graph":[{"@type":"WebPage","@id":"https:\/\/www.deinadieu.ch\/en\/template-obituary-notice\/","url":"https:\/\/www.deinadieu.ch\/en\/template-obituary-notice\/","name":"Obituary notices: texts, examples & templates | DeinAdieu","isPartOf":{"@id":"https:\/\/www.deinadieu.ch\/en\/#website"},"primaryImageOfPage":{"@id":"https:\/\/www.deinadieu.ch\/en\/template-obituary-notice\/#primaryimage"},"image":{"@id":"https:\/\/www.deinadieu.ch\/en\/template-obituary-notice\/#primaryimage"},"thumbnailUrl":"https:\/\/www.deinadieu.ch\/wp-content\/uploads\/2020\/09\/carolyn-v-PUjAEwV9PeQ-unsplash-scaled-e1601367437102.jpg","datePublished":"2020-09-28T16:19:28+00:00","dateModified":"2021-01-18T15:15:01+00:00","description":"Here you will find various examples of obituaries for the death of family members, employees, grandparents or spouses to help you draft a notice.","breadcrumb":{"@id":"https:\/\/www.deinadieu.ch\/en\/template-obituary-notice\/#breadcrumb"},"inLanguage":"en-US","potentialAction":[{"@type":"ReadAction","target":["https:\/\/www.deinadieu.ch\/en\/template-obituary-notice\/"]}]},{"@type":"ImageObject","inLanguage":"en-US","@id":"https:\/\/www.deinadieu.ch\/en\/template-obituary-notice\/#primaryimage","url":"https:\/\/www.deinadieu.ch\/wp-content\/uploads\/2020\/09\/carolyn-v-PUjAEwV9PeQ-unsplash-scaled-e1601367437102.jpg","contentUrl":"https:\/\/www.deinadieu.ch\/wp-content\/uploads\/2020\/09\/carolyn-v-PUjAEwV9PeQ-unsplash-scaled-e1601367437102.jpg","width":2560,"height":1829},{"@type":"BreadcrumbList","@id":"https:\/\/www.deinadieu.ch\/en\/template-obituary-notice\/#breadcrumb","itemListElement":[{"@type":"ListItem","position":1,"name":"Home","item":"https:\/\/www.deinadieu.ch\/en\/deinadieu-dialog-und-serviceportal-zum-lebensende\/"},{"@type":"ListItem","position":2,"name":"Template obituary notice"}]},{"@type":"WebSite","@id":"https:\/\/www.deinadieu.ch\/en\/#website","url":"https:\/\/www.deinadieu.ch\/en\/","name":"DeinAdieu.ch","description":"Testament, Patientenverf\u00fcgung und Vorsorgeauftrag","publisher":{"@id":"https:\/\/www.deinadieu.ch\/en\/#organization"},"potentialAction":[{"@type":"SearchAction","target":{"@type":"EntryPoint","urlTemplate":"https:\/\/www.deinadieu.ch\/en\/?s={search_term_string}"},"query-input":{"@type":"PropertyValueSpecification","valueRequired":true,"valueName":"search_term_string"}}],"inLanguage":"en-US"},{"@type":"Organization","@id":"https:\/\/www.deinadieu.ch\/en\/#organization","name":"EMNA Web GmbH","url":"https:\/\/www.deinadieu.ch\/en\/","logo":{"@type":"ImageObject","inLanguage":"en-US","@id":"https:\/\/www.deinadieu.ch\/en\/#\/schema\/logo\/image\/","url":"https:\/\/www.deinadieu.ch\/wp-content\/uploads\/2016\/01\/DeinAdieu_Logo.png","contentUrl":"https:\/\/www.deinadieu.ch\/wp-content\/uploads\/2016\/01\/DeinAdieu_Logo.png","width":300,"height":117,"caption":"EMNA Web GmbH"},"image":{"@id":"https:\/\/www.deinadieu.ch\/en\/#\/schema\/logo\/image\/"},"sameAs":["https:\/\/www.facebook.com\/deinadieu","https:\/\/x.com\/DeinAdieu","https:\/\/www.instagram.com\/deinadieu\/","https:\/\/www.linkedin.com\/company\/deinadieu.ch"]}]}},"_links":{"self":[{"href":"https:\/\/www.deinadieu.ch\/en\/wp-json\/wp\/v2\/pages\/26192","targetHints":{"allow":["GET"]}}],"collection":[{"href":"https:\/\/www.deinadieu.ch\/en\/wp-json\/wp\/v2\/pages"}],"about":[{"href":"https:\/\/www.deinadieu.ch\/en\/wp-json\/wp\/v2\/types\/page"}],"author":[{"embeddable":true,"href":"https:\/\/www.deinadieu.ch\/en\/wp-json\/wp\/v2\/users\/6026"}],"replies":[{"embeddable":true,"href":"https:\/\/www.deinadieu.ch\/en\/wp-json\/wp\/v2\/comments?post=26192"}],"version-history":[{"count":31,"href":"https:\/\/www.deinadieu.ch\/en\/wp-json\/wp\/v2\/pages\/26192\/revisions"}],"predecessor-version":[{"id":28696,"href":"https:\/\/www.deinadieu.ch\/en\/wp-json\/wp\/v2\/pages\/26192\/revisions\/28696"}],"wp:featuredmedia":[{"embeddable":true,"href":"https:\/\/www.deinadieu.ch\/en\/wp-json\/wp\/v2\/media\/24697"}],"wp:attachment":[{"href":"https:\/\/www.deinadieu.ch\/en\/wp-json\/wp\/v2\/media?parent=26192"}],"curies":[{"name":"wp","href":"https:\/\/api.w.org\/{rel}","templated":true}]}}